{"id":4151,"date":"2023-07-26T09:31:05","date_gmt":"2023-07-26T07:31:05","guid":{"rendered":"https:\/\/agenda.poscosecha.com\/?page_id=4151"},"modified":"2023-08-04T09:12:50","modified_gmt":"2023-08-04T07:12:50","slug":"congresos-forums-jornadas","status":"publish","type":"page","link":"https:\/\/agenda.poscosecha.com\/en\/congresos-forums-jornadas\/","title":{"rendered":"Congresos, F\u00f3rums, Jornadas, &#8230;"},"content":{"rendered":"<p>[et_pb_section fb_built=\u00bb1&#8243; _builder_version=\u00bb4.21.0&#8243; _module_preset=\u00bbdefault\u00bb custom_padding=\u00bb0px||0px||true|false\u00bb global_colors_info=\u00bb{}\u00bb][et_pb_row _builder_version=\u00bb4.16&#8243; background_size=\u00bbinitial\u00bb background_position=\u00bbtop_left\u00bb background_repeat=\u00bbrepeat\u00bb global_colors_info=\u00bb{}\u00bb][et_pb_column type=\u00bb4_4&#8243; _builder_version=\u00bb4.16&#8243; custom_padding=\u00bb|||\u00bb global_colors_info=\u00bb{}\u00bb custom_padding__hover=\u00bb|||\u00bb][et_pb_text _builder_version=\u00bb4.21.0&#8243; _dynamic_attributes=\u00bbcontent\u00bb background_size=\u00bbinitial\u00bb background_position=\u00bbtop_left\u00bb background_repeat=\u00bbrepeat\u00bb custom_margin=\u00bb||0px||false|false\u00bb global_colors_info=\u00bb{}\u00bb]@ET-DC@eyJkeW5hbWljIjp0cnVlLCJjb250ZW50IjoicG9zdF90aXRsZSIsInNldHRpbmdzIjp7ImJlZm9yZSI6IjxoMT4iLCJhZnRlciI6IjwvaDE+In19@[\/et_pb_text][et_pb_divider color=\u00bb#f38919&#8243; divider_weight=\u00bb4px\u00bb _builder_version=\u00bb4.21.0&#8243; _module_preset=\u00bbdefault\u00bb max_width=\u00bb20%\u00bb locked=\u00bboff\u00bb global_colors_info=\u00bb{}\u00bb][\/et_pb_divider][\/et_pb_column][\/et_pb_row][\/et_pb_section][et_pb_section fb_built=\u00bb1&#8243; _builder_version=\u00bb4.21.0&#8243; _module_preset=\u00bbdefault\u00bb custom_margin=\u00bb||||false\u00bb custom_padding=\u00bb0px||0px||true|false\u00bb global_colors_info=\u00bb{}\u00bb][et_pb_row _builder_version=\u00bb4.21.0&#8243; _module_preset=\u00bbdefault\u00bb global_colors_info=\u00bb{}\u00bb][et_pb_column type=\u00bb4_4&#8243; _builder_version=\u00bb4.21.0&#8243; _module_preset=\u00bbdefault\u00bb global_colors_info=\u00bb{}\u00bb][et_pb_image src=\u00bbhttps:\/\/agenda.poscosecha.com\/wp-content\/uploads\/2023\/07\/MassoAgro-BannerWebHorticultura.gif\u00bb title_text=\u00bbMassoAgro-BannerWebHorticultura\u00bb url=\u00bbhttps:\/\/www.massoagro.com\/es\/\u00bb url_new_window=\u00bbon\u00bb align=\u00bbcenter\u00bb force_fullwidth=\u00bbon\u00bb _builder_version=\u00bb4.21.0&#8243; _module_preset=\u00bbdefault\u00bb global_colors_info=\u00bb{}\u00bb][\/et_pb_image][\/et_pb_column][\/et_pb_row][\/et_pb_section][et_pb_section fb_built=\u00bb1&#8243; _builder_version=\u00bb4.21.0&#8243; custom_padding=\u00bb0px||0px||true|false\u00bb global_colors_info=\u00bb{}\u00bb][et_pb_row column_structure=\u00bb3_5,1_5,1_5&#8243; use_custom_gutter=\u00bbon\u00bb gutter_width=\u00bb2&#8243; _builder_version=\u00bb4.21.0&#8243; _module_preset=\u00bbdefault\u00bb global_colors_info=\u00bb{}\u00bb][et_pb_column type=\u00bb3_5&#8243; _builder_version=\u00bb4.21.0&#8243; _module_preset=\u00bbdefault\u00bb global_colors_info=\u00bb{}\u00bb][mecdivi_MECShortcodes shortcode_id=\u00bb4173&#8243; _builder_version=\u00bb4.21.0&#8243; _module_preset=\u00bbdefault\u00bb global_colors_info=\u00bb{}\u00bb][\/mecdivi_MECShortcodes][\/et_pb_column][et_pb_column type=\u00bb1_5&#8243; _builder_version=\u00bb4.21.0&#8243; _module_preset=\u00bbdefault\u00bb global_colors_info=\u00bb{}\u00bb][et_pb_sidebar orientation=\u00bbright\u00bb area=\u00bbet_pb_widget_area_1&#8243; _builder_version=\u00bb4.21.0&#8243; _module_preset=\u00bbdefault\u00bb global_colors_info=\u00bb{}\u00bb][\/et_pb_sidebar][\/et_pb_column][et_pb_column type=\u00bb1_5&#8243; _builder_version=\u00bb4.21.0&#8243; _module_preset=\u00bbdefault\u00bb global_colors_info=\u00bb{}\u00bb][et_pb_text _builder_version=\u00bb4.21.0&#8243; _module_preset=\u00bbdefault\u00bb global_colors_info=\u00bb{}\u00bb]<\/p>\n<h3>IR A &#8230;<\/h3>\n<p><a href=\"http:\/\/poscosecha.com\/\" target=\"_blank\" rel=\"noopener\">Poscosecha.com<\/a><\/p>\n<p><a href=\"https:\/\/postharvest.biz\/\" target=\"_blank\" rel=\"noopener\">Postharvest.biz<\/a><\/p>\n<p><a href=\"https:\/\/www.tecnologiahorticola.com\/\" target=\"_blank\" rel=\"noopener\">Tecnolog\u00edaHort\u00edcola.com<\/a><\/p>\n<p><a href=\"https:\/\/actualfruveg.com\/\" target=\"_blank\" rel=\"noopener\">ActualFruVeg.com<\/a><\/p>\n<p><a href=\"https:\/\/www.bibliotecahorticultura.com\/\">Biblioteca<\/a><\/p>\n<p>&nbsp;<\/p>\n<h5><a href=\"https:\/\/actualfruveg.com\/participar\/\">Porqu\u00e9 PARTICIPAR en estos weblog&#8217;s?<\/a><\/h5>\n<p>[\/et_pb_text][et_pb_image src=\u00bbdata:image\/svg+xml;base64,PHN2ZyB3aWR0aD0iMTA4MCIgaGVpZ2h0PSI1NDAiIHZpZXdCb3g9IjAgMCAxMDgwIDU0MCIgeG1sbnM9Imh0dHA6Ly93d3cudzMub3JnLzIwMDAvc3ZnIj4KICAgIDxnIGZpbGw9Im5vbmUiIGZpbGwtcnVsZT0iZXZlbm9kZCI+CiAgICAgICAgPHBhdGggZmlsbD0iI0VCRUJFQiIgZD0iTTAgMGgxMDgwdjU0MEgweiIvPgogICAgICAgIDxwYXRoIGQ9Ik00NDUuNjQ5IDU0MGgtOTguOTk1TDE0NC42NDkgMzM3Ljk5NSAwIDQ4Mi42NDR2LTk4Ljk5NWwxMTYuMzY1LTExNi4zNjVjMTUuNjItMTUuNjIgNDAuOTQ3LTE1LjYyIDU2LjU2OCAwTDQ0NS42NSA1NDB6IiBmaWxsLW9wYWNpdHk9Ii4xIiBmaWxsPSIjMDAwIiBmaWxsLXJ1bGU9Im5vbnplcm8iLz4KICAgICAgICA8Y2lyY2xlIGZpbGwtb3BhY2l0eT0iLjA1IiBmaWxsPSIjMDAwIiBjeD0iMzMxIiBjeT0iMTQ4IiByPSI3MCIvPgogICAgICAgIDxwYXRoIGQ9Ik0xMDgwIDM3OXYxMTMuMTM3TDcyOC4xNjIgMTQwLjMgMzI4LjQ2MiA1NDBIMjE1LjMyNEw2OTkuODc4IDU1LjQ0NmMxNS42Mi0xNS42MiA0MC45NDgtMTUuNjIgNTYuNTY4IDBMMTA4MCAzNzl6IiBmaWxsLW9wYWNpdHk9Ii4yIiBmaWxsPSIjMDAwIiBmaWxsLXJ1bGU9Im5vbnplcm8iLz4KICAgIDwvZz4KPC9zdmc+Cg==\u00bb _builder_version=\u00bb4.21.0&#8243; _module_preset=\u00bbdefault\u00bb global_colors_info=\u00bb{}\u00bb admin_label=\u00bbImagen\u00bb][\/et_pb_image][et_pb_code _builder_version=\u00bb4.21.2&#8243; _module_preset=\u00bbdefault\u00bb hover_enabled=\u00bb0&#8243; locked=\u00bboff\u00bb global_colors_info=\u00bb{}\u00bb sticky_enabled=\u00bb0&#8243;]<\/p>\n<style><!-- [et_pb_line_break_holder] -->h4.widgettitle{<!-- [et_pb_line_break_holder] -->  font-weight: 600;<!-- [et_pb_line_break_holder] -->  color: #0855a3;<!-- [et_pb_line_break_holder] -->}<!-- [et_pb_line_break_holder] --><!-- [et_pb_line_break_holder] -->.widget_search #searchsubmit{<!-- [et_pb_line_break_holder] -->  bottom: 0!important;<!-- [et_pb_line_break_holder] -->  top: auto;<!-- [et_pb_line_break_holder] -->}<!-- [et_pb_line_break_holder] --><!-- [et_pb_line_break_holder] -->.widget_mec_mec_widget h4.mec-event-title a{<!-- [et_pb_line_break_holder] -->  font-size: 12px!important;<!-- [et_pb_line_break_holder] -->}<!-- [et_pb_line_break_holder] -->  <!-- [et_pb_line_break_holder] -->  .widget_mec_mec_widget h4.mec-event-title {<!-- [et_pb_line_break_holder] -->    margin: 0 0 1em 0;<!-- [et_pb_line_break_holder] -->    padding: 0;<!-- [et_pb_line_break_holder] -->  }<!-- [et_pb_line_break_holder] --><\/style>\n<p>[\/et_pb_code][\/et_pb_column][\/et_pb_row][et_pb_row _builder_version=\u00bb4.21.0&#8243; _module_preset=\u00bbdefault\u00bb global_colors_info=\u00bb{}\u00bb][et_pb_column type=\u00bb4_4&#8243; _builder_version=\u00bb4.21.0&#8243; _module_preset=\u00bbdefault\u00bb global_colors_info=\u00bb{}\u00bb][et_pb_image src=\u00bbhttps:\/\/agenda.poscosecha.com\/wp-content\/uploads\/2023\/07\/1280&#215;100.png\u00bb title_text=\u00bb1280&#215;100&#8243; align=\u00bbcenter\u00bb _builder_version=\u00bb4.21.0&#8243; _module_preset=\u00bbdefault\u00bb global_colors_info=\u00bb{}\u00bb][\/et_pb_image][\/et_pb_column][\/et_pb_row][\/et_pb_section][et_pb_section fb_built=\u00bb1&#8243; _builder_version=\u00bb4.16&#8243; custom_padding=\u00bb24px|||||\u00bb global_colors_info=\u00bb{}\u00bb][et_pb_row _builder_version=\u00bb4.16&#8243; background_size=\u00bbinitial\u00bb background_position=\u00bbtop_left\u00bb background_repeat=\u00bbrepeat\u00bb custom_padding=\u00bb20px||10px|||\u00bb global_colors_info=\u00bb{}\u00bb][et_pb_column type=\u00bb4_4&#8243; _builder_version=\u00bb4.16&#8243; custom_padding=\u00bb|||\u00bb global_colors_info=\u00bb{}\u00bb custom_padding__hover=\u00bb|||\u00bb][et_pb_text _builder_version=\u00bb4.21.0&#8243; background_size=\u00bbinitial\u00bb background_position=\u00bbtop_left\u00bb background_repeat=\u00bbrepeat\u00bb custom_margin=\u00bb||0px||false|false\u00bb custom_padding=\u00bb||||false|false\u00bb global_colors_info=\u00bb{}\u00bb]<\/p>\n<h2>Calendario este MES<\/h2>\n<p>[\/et_pb_text][et_pb_divider color=\u00bb#f38919&#8243; divider_weight=\u00bb4px\u00bb _builder_version=\u00bb4.21.0&#8243; _module_preset=\u00bbdefault\u00bb max_width=\u00bb20%\u00bb locked=\u00bboff\u00bb global_colors_info=\u00bb{}\u00bb][\/et_pb_divider][\/et_pb_column][\/et_pb_row][et_pb_row _builder_version=\u00bb4.21.0&#8243; _module_preset=\u00bbdefault\u00bb global_colors_info=\u00bb{}\u00bb][et_pb_column type=\u00bb4_4&#8243; _builder_version=\u00bb4.21.0&#8243; _module_preset=\u00bbdefault\u00bb global_colors_info=\u00bb{}\u00bb][mecdivi_MECShortcodes shortcode_id=\u00bb4174&#8243; _builder_version=\u00bb4.21.0&#8243; _module_preset=\u00bbdefault\u00bb global_colors_info=\u00bb{}\u00bb][\/mecdivi_MECShortcodes][\/et_pb_column][\/et_pb_row][\/et_pb_section]<\/p>\n","protected":false},"excerpt":{"rendered":"<p><div class=\"et_pb_module mecdivi_MECShortcodes mecdivi_MECShortcodes_0\">\n\t\t\t\t\n\t\t\t\t\n\t\t\t\t\n\t\t\t\t\n\t\t\t\t\n\t\t\t\t\n\t\t\t\t<div class=\"et_pb_module_inner\">\n\t\t\t\t\t<div class=\"mec-wrap mec-skin-grid-container\" id=\"mec_skin_mec1\">\r\n\r\n    \r\n            <div class=\"mec-skin-grid-events-container\" id=\"mec_skin_events_mec1\">\r\n        <div class=\"mec-wrap colorskin-custom\">\r\n    <div class=\"mec-event-grid-clean\" data-widget-autoplay=\"1\" data-widget-loop=\"1\" data-widget-autoplay-time=\"3000\">\r\n        <div class=\"row\"><div class=\"col-md-4 col-sm-4\"><article class=\"mec-event-article mec-clear\">                    <div class=\"event-grid-t2-head mec-bg-color clearfix\">\r\n                                    <div class=\"mec-event-month\"><span class=\"mec-start-date-label\">09 - 10 September<\/span><\/div>\r\n                                                                                            <div class=\"mec-event-detail\">\r\n                    <div class=\"mec-event-loc-place\"><i class=\"mec-sl-location-pin\"><\/i>Granada<\/div>                                                                                                <\/div>\r\n            <\/div>\r\n                        <div class=\"mec-event-image\"><a data-event-id=\"5811\" href=\"https:\/\/agenda.poscosecha.com\/en\/eventos\/oxygen-and-nitrogen-species-in-plants\/\" target=\"_self\" rel=\"noopener\"><img decoding=\"async\" width=\"300\" height=\"160\" src=\"https:\/\/agenda.poscosecha.com\/wp-content\/uploads\/2024\/10\/Conference-Olant-Oxygen-2-300x160.jpg\" class=\"attachment-medium size-medium wp-post-image\" alt=\"\" data-mec-postid=\"5811\" loading=\"lazy\" \/><\/a><\/div>\r\n            <div class=\"mec-event-content\">\r\n                                                                <h4 class=\"mec-event-title\"><a class=\"mec-color-hover\" data-event-id=\"5811\" href=\"https:\/\/agenda.poscosecha.com\/en\/eventos\/oxygen-and-nitrogen-species-in-plants\/\" target=\"_self\" rel=\"noopener\">16th International Conference on Reactive Oxygen and Nitrogen Species in Plants<\/a><\/h4>\r\n                <p class=\"mec-grid-event-location\"><\/p>\r\n            <\/div>\r\n            <div class=\"mec-event-footer mec-color\">\r\n                                <ul class=\"mec-event-sharing-wrap\">\r\n                    <li class=\"mec-event-share\">\r\n                        <a href=\"#\" class=\"mec-event-share-icon\">\r\n                            <i class=\"mec-sl-share\" title=\"Share\"><\/i>\r\n                        <\/a>\r\n                    <\/li>\r\n                    <li>\r\n                        <ul class=\"mec-event-sharing\">\r\n                                                    <\/ul>\r\n                    <\/li>\r\n                <\/ul>\r\n                                                                <a class=\"mec-booking-button\" data-event-id=\"5811\" href=\"https:\/\/agenda.poscosecha.com\/en\/eventos\/oxygen-and-nitrogen-species-in-plants\/\" target=\"_self\" rel=\"noopener\">View Detail<\/a>            <\/div>\r\n        <\/article><\/div>                <div class=\"col-md-4 col-sm-4\"><article class=\"mec-event-article mec-clear\">                    <div class=\"event-grid-t2-head mec-bg-color clearfix\">\r\n                                    <div class=\"mec-event-month\"><span class=\"mec-start-date-label\">10 September<\/span><\/div>\r\n                                                                                            <div class=\"mec-event-detail\">\r\n                    <div class=\"mec-event-loc-place\"><i class=\"mec-sl-location-pin\"><\/i>Nombre del lugar<\/div>                                                                                                <\/div>\r\n            <\/div>\r\n                        <div class=\"mec-event-image\"><a data-event-id=\"7270\" href=\"https:\/\/agenda.poscosecha.com\/en\/eventos\/aguacate-congreso-garanada\/\" target=\"_self\" rel=\"noopener\"><img decoding=\"async\" width=\"300\" height=\"169\" src=\"https:\/\/agenda.poscosecha.com\/wp-content\/uploads\/2026\/06\/Congreso-Aguacate-300x169.jpg\" class=\"attachment-medium size-medium wp-post-image\" alt=\"\" data-mec-postid=\"7270\" loading=\"lazy\" \/><\/a><\/div>\r\n            <div class=\"mec-event-content\">\r\n                                                                <h4 class=\"mec-event-title\"><a class=\"mec-color-hover\" data-event-id=\"7270\" href=\"https:\/\/agenda.poscosecha.com\/en\/eventos\/aguacate-congreso-garanada\/\" target=\"_self\" rel=\"noopener\">I Congreso del Aguacate<\/a><\/h4>\r\n                <p class=\"mec-grid-event-location\"><\/p>\r\n            <\/div>\r\n            <div class=\"mec-event-footer mec-color\">\r\n                                <ul class=\"mec-event-sharing-wrap\">\r\n                    <li class=\"mec-event-share\">\r\n                        <a href=\"#\" class=\"mec-event-share-icon\">\r\n                            <i class=\"mec-sl-share\" title=\"Share\"><\/i>\r\n                        <\/a>\r\n                    <\/li>\r\n                    <li>\r\n                        <ul class=\"mec-event-sharing\">\r\n                                                    <\/ul>\r\n                    <\/li>\r\n                <\/ul>\r\n                                                                <a class=\"mec-booking-button\" data-event-id=\"7270\" href=\"https:\/\/agenda.poscosecha.com\/en\/eventos\/aguacate-congreso-garanada\/\" target=\"_self\" rel=\"noopener\">View Detail<\/a>            <\/div>\r\n        <\/article><\/div>                <div class=\"col-md-4 col-sm-4\"><article class=\"mec-event-article mec-clear\">                    <div class=\"event-grid-t2-head mec-bg-color clearfix\">\r\n                                    <div class=\"mec-event-month\"><span class=\"mec-start-date-label\">14 - 15 September<\/span><\/div>\r\n                                                                                            <div class=\"mec-event-detail\">\r\n                    <div class=\"mec-event-loc-place\"><i class=\"mec-sl-location-pin\"><\/i>FIBES, Sevilla<\/div>                                                                                                <\/div>\r\n            <\/div>\r\n                        <div class=\"mec-event-image\"><a data-event-id=\"5544\" href=\"https:\/\/www.autenticafoodfest.com\/\" target=\"_self\" rel=\"noopener\"><img decoding=\"async\" width=\"300\" height=\"169\" src=\"https:\/\/agenda.poscosecha.com\/wp-content\/uploads\/2024\/07\/Autentica-2026-300x169.jpg\" class=\"attachment-medium size-medium wp-post-image\" alt=\"\" data-mec-postid=\"5544\" loading=\"lazy\" \/><\/a><\/div>\r\n            <div class=\"mec-event-content\">\r\n                                                                <h4 class=\"mec-event-title\"><a class=\"mec-color-hover\" data-event-id=\"5544\" href=\"https:\/\/www.autenticafoodfest.com\/\" target=\"_self\" rel=\"noopener\">AUT\u00c9NTICA, Premium Food Fest<\/a><\/h4>\r\n                <p class=\"mec-grid-event-location\">Avda Alcalde Luis Uru\u00f1uela, 1 - 41020 Sevilla<\/p>\r\n            <\/div>\r\n            <div class=\"mec-event-footer mec-color\">\r\n                                <ul class=\"mec-event-sharing-wrap\">\r\n                    <li class=\"mec-event-share\">\r\n                        <a href=\"#\" class=\"mec-event-share-icon\">\r\n                            <i class=\"mec-sl-share\" title=\"Share\"><\/i>\r\n                        <\/a>\r\n                    <\/li>\r\n                    <li>\r\n                        <ul class=\"mec-event-sharing\">\r\n                                                    <\/ul>\r\n                    <\/li>\r\n                <\/ul>\r\n                                                                <a class=\"mec-booking-button\" data-event-id=\"5544\" href=\"https:\/\/www.autenticafoodfest.com\/\" target=\"_self\" rel=\"noopener\">View Detail<\/a>            <\/div>\r\n        <\/article><\/div><\/div>                <div class=\"row\"><div class=\"col-md-4 col-sm-4\"><article class=\"mec-event-article mec-clear\">                    <div class=\"event-grid-t2-head mec-bg-color clearfix\">\r\n                                    <div class=\"mec-event-month\"><span class=\"mec-start-date-label\">15 - 18 September<\/span><\/div>\r\n                                                                                            <div class=\"mec-event-detail\">\r\n                    <div class=\"mec-event-loc-place\"><i class=\"mec-sl-location-pin\"><\/i>N\u00fcrnberg, Exhibition Centre<\/div>                                                                                                <\/div>\r\n            <\/div>\r\n                        <div class=\"mec-event-image\"><a data-event-id=\"2910\" href=\"https:\/\/agenda.poscosecha.com\/en\/eventos\/galabau-espacios-verdes-urbanos\/\" target=\"_self\" rel=\"noopener\"><img decoding=\"async\" width=\"300\" height=\"169\" src=\"https:\/\/agenda.poscosecha.com\/wp-content\/uploads\/2023\/05\/GaLaBau-16x9-1-300x169.jpg\" class=\"attachment-medium size-medium wp-post-image\" alt=\"\" data-mec-postid=\"2910\" loading=\"lazy\" \/><\/a><\/div>\r\n            <div class=\"mec-event-content\">\r\n                                                                <h4 class=\"mec-event-title\"><a class=\"mec-color-hover\" data-event-id=\"2910\" href=\"https:\/\/agenda.poscosecha.com\/en\/eventos\/galabau-espacios-verdes-urbanos\/\" target=\"_self\" rel=\"noopener\">GaLaBau<\/a><\/h4>\r\n                <p class=\"mec-grid-event-location\"><\/p>\r\n            <\/div>\r\n            <div class=\"mec-event-footer mec-color\">\r\n                                <ul class=\"mec-event-sharing-wrap\">\r\n                    <li class=\"mec-event-share\">\r\n                        <a href=\"#\" class=\"mec-event-share-icon\">\r\n                            <i class=\"mec-sl-share\" title=\"Share\"><\/i>\r\n                        <\/a>\r\n                    <\/li>\r\n                    <li>\r\n                        <ul class=\"mec-event-sharing\">\r\n                                                    <\/ul>\r\n                    <\/li>\r\n                <\/ul>\r\n                                                                <a class=\"mec-booking-button\" data-event-id=\"2910\" href=\"https:\/\/agenda.poscosecha.com\/en\/eventos\/galabau-espacios-verdes-urbanos\/\" target=\"_self\" rel=\"noopener\">View Detail<\/a>            <\/div>\r\n        <\/article><\/div>        <div class=\"col-md-4 col-sm-4\"><article class=\"mec-event-article mec-clear\">                    <div class=\"event-grid-t2-head mec-bg-color clearfix\">\r\n                                    <div class=\"mec-event-month\"><span class=\"mec-start-date-label\">15 - 18 September<\/span><\/div>\r\n                                                                                            <div class=\"mec-event-detail\">\r\n                    <div class=\"mec-event-loc-place\"><i class=\"mec-sl-location-pin\"><\/i>MENDOZA<\/div>                                                                                                <\/div>\r\n            <\/div>\r\n                        <div class=\"mec-event-image\"><a data-event-id=\"2708\" href=\"https:\/\/agenda.poscosecha.com\/en\/eventos\/congreso-argentino-de-horticultura\/\" target=\"_self\" rel=\"noopener\"><img decoding=\"async\" width=\"300\" height=\"169\" src=\"https:\/\/agenda.poscosecha.com\/wp-content\/uploads\/2023\/05\/Argentino-Horti-300x169.jpg\" class=\"attachment-medium size-medium wp-post-image\" alt=\"\" data-mec-postid=\"2708\" loading=\"lazy\" \/><\/a><\/div>\r\n            <div class=\"mec-event-content\">\r\n                                                                <h4 class=\"mec-event-title\"><a class=\"mec-color-hover\" data-event-id=\"2708\" href=\"https:\/\/agenda.poscosecha.com\/en\/eventos\/congreso-argentino-de-horticultura\/\" target=\"_self\" rel=\"noopener\">43\u00ba Congreso Argentino de Horticultura<\/a><\/h4>\r\n                <p class=\"mec-grid-event-location\">Universidad de Ciencias Agrarias<\/p>\r\n            <\/div>\r\n            <div class=\"mec-event-footer mec-color\">\r\n                                <ul class=\"mec-event-sharing-wrap\">\r\n                    <li class=\"mec-event-share\">\r\n                        <a href=\"#\" class=\"mec-event-share-icon\">\r\n                            <i class=\"mec-sl-share\" title=\"Share\"><\/i>\r\n                        <\/a>\r\n                    <\/li>\r\n                    <li>\r\n                        <ul class=\"mec-event-sharing\">\r\n                                                    <\/ul>\r\n                    <\/li>\r\n                <\/ul>\r\n                                                                <a class=\"mec-booking-button\" data-event-id=\"2708\" href=\"https:\/\/agenda.poscosecha.com\/en\/eventos\/congreso-argentino-de-horticultura\/\" target=\"_self\" rel=\"noopener\">View Detail<\/a>            <\/div>\r\n        <\/article><\/div>                <div class=\"col-md-4 col-sm-4\"><article class=\"mec-event-article mec-clear\">                    <div class=\"event-grid-t2-head mec-bg-color clearfix\">\r\n                                    <div class=\"mec-event-month\"><span class=\"mec-start-date-label\">16 September<\/span><\/div>\r\n                                                                                            <div class=\"mec-event-detail\">\r\n                    <div class=\"mec-event-loc-place\"><i class=\"mec-sl-location-pin\"><\/i>Hotel Royal Tulip City Center<\/div>                                                                                                <\/div>\r\n            <\/div>\r\n                        <div class=\"mec-event-image\"><a data-event-id=\"2872\" href=\"https:\/\/agenda.poscosecha.com\/en\/eventos\/xxi-seminario-internacional-blueberries-marruecos-2022\/\" target=\"_self\" rel=\"noopener\"><img decoding=\"async\" width=\"300\" height=\"164\" src=\"https:\/\/agenda.poscosecha.com\/wp-content\/uploads\/2023\/05\/XLIII-Seminario-Internacional-Blueberries-Marruecos-2026-1-300x164.jpg\" class=\"attachment-medium size-medium wp-post-image\" alt=\"\" data-mec-postid=\"2872\" loading=\"lazy\" \/><\/a><\/div>\r\n            <div class=\"mec-event-content\">\r\n                                                                <h4 class=\"mec-event-title\"><a class=\"mec-color-hover\" data-event-id=\"2872\" href=\"https:\/\/agenda.poscosecha.com\/en\/eventos\/xxi-seminario-internacional-blueberries-marruecos-2022\/\" target=\"_self\" rel=\"noopener\">XXIII Seminario Internacional Blueberries Marruecos 2026<\/a><\/h4>\r\n                <p class=\"mec-grid-event-location\">T\u00e1nger<\/p>\r\n            <\/div>\r\n            <div class=\"mec-event-footer mec-color\">\r\n                                <ul class=\"mec-event-sharing-wrap\">\r\n                    <li class=\"mec-event-share\">\r\n                        <a href=\"#\" class=\"mec-event-share-icon\">\r\n                            <i class=\"mec-sl-share\" title=\"Share\"><\/i>\r\n                        <\/a>\r\n                    <\/li>\r\n                    <li>\r\n                        <ul class=\"mec-event-sharing\">\r\n                                                    <\/ul>\r\n                    <\/li>\r\n                <\/ul>\r\n                                                                <a class=\"mec-booking-button\" data-event-id=\"2872\" href=\"https:\/\/agenda.poscosecha.com\/en\/eventos\/xxi-seminario-internacional-blueberries-marruecos-2022\/\" target=\"_self\" rel=\"noopener\">View Detail<\/a>            <\/div>\r\n        <\/article><\/div><\/div>        <div class=\"row\"><div class=\"col-md-4 col-sm-4\"><article class=\"mec-event-article mec-clear\">                    <div class=\"event-grid-t2-head mec-bg-color clearfix\">\r\n                                    <div class=\"mec-event-month\"><span class=\"mec-start-date-label\">16 - 17 September<\/span><\/div>\r\n                                                                                            <div class=\"mec-event-detail\">\r\n                    <div class=\"mec-event-loc-place\"><i class=\"mec-sl-location-pin\"><\/i>Messe Zurich<\/div>                                                                                                <\/div>\r\n            <\/div>\r\n                        <div class=\"mec-event-image\"><a data-event-id=\"7239\" href=\"https:\/\/agenda.poscosecha.com\/en\/eventos\/solar-storage\/\" target=\"_self\" rel=\"noopener\"><img decoding=\"async\" width=\"300\" height=\"169\" src=\"https:\/\/agenda.poscosecha.com\/wp-content\/uploads\/2026\/06\/Solar-satorage-300x169.jpg\" class=\"attachment-medium size-medium wp-post-image\" alt=\"\" data-mec-postid=\"7239\" loading=\"lazy\" \/><\/a><\/div>\r\n            <div class=\"mec-event-content\">\r\n                                                                <h4 class=\"mec-event-title\"><a class=\"mec-color-hover\" data-event-id=\"7239\" href=\"https:\/\/agenda.poscosecha.com\/en\/eventos\/solar-storage\/\" target=\"_self\" rel=\"noopener\">SOLAR &#038; Storage<\/a><\/h4>\r\n                <p class=\"mec-grid-event-location\"><\/p>\r\n            <\/div>\r\n            <div class=\"mec-event-footer mec-color\">\r\n                                <ul class=\"mec-event-sharing-wrap\">\r\n                    <li class=\"mec-event-share\">\r\n                        <a href=\"#\" class=\"mec-event-share-icon\">\r\n                            <i class=\"mec-sl-share\" title=\"Share\"><\/i>\r\n                        <\/a>\r\n                    <\/li>\r\n                    <li>\r\n                        <ul class=\"mec-event-sharing\">\r\n                                                    <\/ul>\r\n                    <\/li>\r\n                <\/ul>\r\n                                                                <a class=\"mec-booking-button\" data-event-id=\"7239\" href=\"https:\/\/agenda.poscosecha.com\/en\/eventos\/solar-storage\/\" target=\"_self\" rel=\"noopener\">View Detail<\/a>            <\/div>\r\n        <\/article><\/div>        <div class=\"col-md-4 col-sm-4\"><article class=\"mec-event-article mec-clear\">                    <div class=\"event-grid-t2-head mec-bg-color clearfix\">\r\n                                    <div class=\"mec-event-month\"><span class=\"mec-start-date-label\">16 September<\/span><\/div>\r\n                                                                                            <div class=\"mec-event-detail\">\r\n                    <div class=\"mec-event-loc-place\"><i class=\"mec-sl-location-pin\"><\/i>Las Naves. Val\u00e8ncia<\/div>                                                                                                <\/div>\r\n            <\/div>\r\n                        <div class=\"mec-event-image\"><a data-event-id=\"7373\" href=\"https:\/\/agenda.poscosecha.com\/en\/eventos\/salud-longevidad-y-nuevos-habitos\/\" target=\"_self\" rel=\"noopener\"><img decoding=\"async\" width=\"300\" height=\"169\" src=\"https:\/\/agenda.poscosecha.com\/wp-content\/uploads\/2026\/07\/ftalks23-863-copia-copia-300x169.jpg\" class=\"attachment-medium size-medium wp-post-image\" alt=\"\" data-mec-postid=\"7373\" loading=\"lazy\" \/><\/a><\/div>\r\n            <div class=\"mec-event-content\">\r\n                                                                <h4 class=\"mec-event-title\"><a class=\"mec-color-hover\" data-event-id=\"7373\" href=\"https:\/\/agenda.poscosecha.com\/en\/eventos\/salud-longevidad-y-nuevos-habitos\/\" target=\"_self\" rel=\"noopener\">Salud, Longevidad y Nuevos H\u00e1bitos<\/a><\/h4>\r\n                <p class=\"mec-grid-event-location\">Val\u00e8ncia<\/p>\r\n            <\/div>\r\n            <div class=\"mec-event-footer mec-color\">\r\n                                <ul class=\"mec-event-sharing-wrap\">\r\n                    <li class=\"mec-event-share\">\r\n                        <a href=\"#\" class=\"mec-event-share-icon\">\r\n                            <i class=\"mec-sl-share\" title=\"Share\"><\/i>\r\n                        <\/a>\r\n                    <\/li>\r\n                    <li>\r\n                        <ul class=\"mec-event-sharing\">\r\n                                                    <\/ul>\r\n                    <\/li>\r\n                <\/ul>\r\n                                                                <a class=\"mec-booking-button\" data-event-id=\"7373\" href=\"https:\/\/agenda.poscosecha.com\/en\/eventos\/salud-longevidad-y-nuevos-habitos\/\" target=\"_self\" rel=\"noopener\">View Detail<\/a>            <\/div>\r\n        <\/article><\/div>                <div class=\"col-md-4 col-sm-4\"><article class=\"mec-event-article mec-clear\">                    <div class=\"event-grid-t2-head mec-bg-color clearfix\">\r\n                                    <div class=\"mec-event-month\"><span class=\"mec-start-date-label\">17 September<\/span><\/div>\r\n                                                                                            <div class=\"mec-event-detail\">\r\n                    <div class=\"mec-event-loc-place\"><i class=\"mec-sl-location-pin\"><\/i>AINIA<\/div>                                                                                                <\/div>\r\n            <\/div>\r\n                        <div class=\"mec-event-image\"><a data-event-id=\"4915\" href=\"https:\/\/agenda.poscosecha.com\/en\/eventos\/starbec-ainia-valencia\/\" target=\"_self\" rel=\"noopener\"><img decoding=\"async\" width=\"300\" height=\"169\" src=\"https:\/\/agenda.poscosecha.com\/wp-content\/uploads\/2023\/11\/StarBec-300x169.jpg\" class=\"attachment-medium size-medium wp-post-image\" alt=\"\" data-mec-postid=\"4915\" loading=\"lazy\" \/><\/a><\/div>\r\n            <div class=\"mec-event-content\">\r\n                                                                <h4 class=\"mec-event-title\"><a class=\"mec-color-hover\" data-event-id=\"4915\" href=\"https:\/\/agenda.poscosecha.com\/en\/eventos\/starbec-ainia-valencia\/\" target=\"_self\" rel=\"noopener\">StarBEC de AINIA<\/a><\/h4>\r\n                <p class=\"mec-grid-event-location\">Val\u00e8ncia<\/p>\r\n            <\/div>\r\n            <div class=\"mec-event-footer mec-color\">\r\n                                <ul class=\"mec-event-sharing-wrap\">\r\n                    <li class=\"mec-event-share\">\r\n                        <a href=\"#\" class=\"mec-event-share-icon\">\r\n                            <i class=\"mec-sl-share\" title=\"Share\"><\/i>\r\n                        <\/a>\r\n                    <\/li>\r\n                    <li>\r\n                        <ul class=\"mec-event-sharing\">\r\n                                                    <\/ul>\r\n                    <\/li>\r\n                <\/ul>\r\n                                                                <a class=\"mec-booking-button\" data-event-id=\"4915\" href=\"https:\/\/agenda.poscosecha.com\/en\/eventos\/starbec-ainia-valencia\/\" target=\"_self\" rel=\"noopener\">View Detail<\/a>            <\/div>\r\n        <\/article><\/div><\/div>        <div class=\"row\"><div class=\"col-md-4 col-sm-4\"><article class=\"mec-event-article mec-clear\">                    <div class=\"event-grid-t2-head mec-bg-color clearfix\">\r\n                                    <div class=\"mec-event-month\"><span class=\"mec-start-date-label\">17 September<\/span><\/div>\r\n                                                                                            <div class=\"mec-event-detail\">\r\n                    <div class=\"mec-event-loc-place\"><i class=\"mec-sl-location-pin\"><\/i>Caixabank Banca Privada<\/div>                                                                                                <\/div>\r\n            <\/div>\r\n                        <div class=\"mec-event-image\"><a data-event-id=\"2912\" href=\"https:\/\/agenda.poscosecha.com\/en\/eventos\/poscosecha-de-citricos-ivia-jornada\/\" target=\"_self\" rel=\"noopener\"><img decoding=\"async\" width=\"300\" height=\"169\" src=\"https:\/\/agenda.poscosecha.com\/wp-content\/uploads\/2023\/05\/citricos-jornada-poscosecha-2026-2-300x169.jpg\" class=\"attachment-medium size-medium wp-post-image\" alt=\"\" data-mec-postid=\"2912\" loading=\"lazy\" \/><\/a><\/div>\r\n            <div class=\"mec-event-content\">\r\n                                                                <h4 class=\"mec-event-title\"><a class=\"mec-color-hover\" data-event-id=\"2912\" href=\"https:\/\/agenda.poscosecha.com\/en\/eventos\/poscosecha-de-citricos-ivia-jornada\/\" target=\"_self\" rel=\"noopener\">V\u00aa  Jornada Poscosecha de C\u00edtricos del IVIA, AgroBank y el portal Poscosecha.com<\/a><\/h4>\r\n                <p class=\"mec-grid-event-location\">C. del Pintor Sorolla, 8, Ciutat Vella, 46002 Val\u00e8ncia<\/p>\r\n            <\/div>\r\n            <div class=\"mec-event-footer mec-color\">\r\n                                <ul class=\"mec-event-sharing-wrap\">\r\n                    <li class=\"mec-event-share\">\r\n                        <a href=\"#\" class=\"mec-event-share-icon\">\r\n                            <i class=\"mec-sl-share\" title=\"Share\"><\/i>\r\n                        <\/a>\r\n                    <\/li>\r\n                    <li>\r\n                        <ul class=\"mec-event-sharing\">\r\n                                                    <\/ul>\r\n                    <\/li>\r\n                <\/ul>\r\n                                                                <a class=\"mec-booking-button\" data-event-id=\"2912\" href=\"https:\/\/agenda.poscosecha.com\/en\/eventos\/poscosecha-de-citricos-ivia-jornada\/\" target=\"_self\" rel=\"noopener\">View Detail<\/a>            <\/div>\r\n        <\/article><\/div>                <div class=\"col-md-4 col-sm-4\"><article class=\"mec-event-article mec-clear\">                    <div class=\"event-grid-t2-head mec-bg-color clearfix\">\r\n                                    <div class=\"mec-event-month\"><span class=\"mec-start-date-label\">21 - 26 September<\/span><\/div>\r\n                                                                                            <div class=\"mec-event-detail\">\r\n                                                                                                                    <\/div>\r\n            <\/div>\r\n                        <div class=\"mec-event-image\"><a data-event-id=\"2427\" href=\"https:\/\/agenda.poscosecha.com\/en\/eventos\/seed-meets-technology\/\" target=\"_self\" rel=\"noopener\"><img decoding=\"async\" width=\"300\" height=\"169\" src=\"https:\/\/agenda.poscosecha.com\/wp-content\/uploads\/2023\/04\/semillas-WRnnyt.tmp_-300x169.jpg\" class=\"attachment-medium size-medium wp-post-image\" alt=\"\" data-mec-postid=\"2427\" loading=\"lazy\" \/><\/a><\/div>\r\n            <div class=\"mec-event-content\">\r\n                                                                <h4 class=\"mec-event-title\"><a class=\"mec-color-hover\" data-event-id=\"2427\" href=\"https:\/\/agenda.poscosecha.com\/en\/eventos\/seed-meets-technology\/\" target=\"_self\" rel=\"noopener\">Seed Meets Technology<\/a><\/h4>\r\n                <p class=\"mec-grid-event-location\"><\/p>\r\n            <\/div>\r\n            <div class=\"mec-event-footer mec-color\">\r\n                                <ul class=\"mec-event-sharing-wrap\">\r\n                    <li class=\"mec-event-share\">\r\n                        <a href=\"#\" class=\"mec-event-share-icon\">\r\n                            <i class=\"mec-sl-share\" title=\"Share\"><\/i>\r\n                        <\/a>\r\n                    <\/li>\r\n                    <li>\r\n                        <ul class=\"mec-event-sharing\">\r\n                                                    <\/ul>\r\n                    <\/li>\r\n                <\/ul>\r\n                                                                <a class=\"mec-booking-button\" data-event-id=\"2427\" href=\"https:\/\/agenda.poscosecha.com\/en\/eventos\/seed-meets-technology\/\" target=\"_self\" rel=\"noopener\">View Detail<\/a>            <\/div>\r\n        <\/article><\/div>                <div class=\"col-md-4 col-sm-4\"><article class=\"mec-event-article mec-clear\">                    <div class=\"event-grid-t2-head mec-bg-color clearfix\">\r\n                                    <div class=\"mec-event-month\"><span class=\"mec-start-date-label\">28 September<\/span><span class=\"mec-end-date-label\" itemprop=\"endDate\"> - 02 October<\/span><\/div>\r\n                                                                                            <div class=\"mec-event-detail\">\r\n                    <div class=\"mec-event-loc-place\"><i class=\"mec-sl-location-pin\"><\/i>Hotel Nelva - Murcia<\/div>                                                                                                <\/div>\r\n            <\/div>\r\n                        <div class=\"mec-event-image\"><a data-event-id=\"6972\" href=\"https:\/\/agenda.poscosecha.com\/en\/eventos\/the-art-of-producing-grapes-itgs\/\" target=\"_self\" rel=\"noopener\"><img decoding=\"async\" width=\"300\" height=\"169\" src=\"https:\/\/agenda.poscosecha.com\/wp-content\/uploads\/2026\/02\/uvas-23-300x169.jpg\" class=\"attachment-medium size-medium wp-post-image\" alt=\"\" data-mec-postid=\"6972\" loading=\"lazy\" \/><\/a><\/div>\r\n            <div class=\"mec-event-content\">\r\n                                                                <h4 class=\"mec-event-title\"><a class=\"mec-color-hover\" data-event-id=\"6972\" href=\"https:\/\/agenda.poscosecha.com\/en\/eventos\/the-art-of-producing-grapes-itgs\/\" target=\"_self\" rel=\"noopener\">The ART of producing GRAPES<\/a><\/h4>\r\n                <p class=\"mec-grid-event-location\">Murcia<\/p>\r\n            <\/div>\r\n            <div class=\"mec-event-footer mec-color\">\r\n                                <ul class=\"mec-event-sharing-wrap\">\r\n                    <li class=\"mec-event-share\">\r\n                        <a href=\"#\" class=\"mec-event-share-icon\">\r\n                            <i class=\"mec-sl-share\" title=\"Share\"><\/i>\r\n                        <\/a>\r\n                    <\/li>\r\n                    <li>\r\n                        <ul class=\"mec-event-sharing\">\r\n                                                    <\/ul>\r\n                    <\/li>\r\n                <\/ul>\r\n                                                                <a class=\"mec-booking-button\" data-event-id=\"6972\" href=\"https:\/\/agenda.poscosecha.com\/en\/eventos\/the-art-of-producing-grapes-itgs\/\" target=\"_self\" rel=\"noopener\">View Detail<\/a>            <\/div>\r\n        <\/article><\/div><\/div>                        \t<\/div>\r\n<\/div>\r\n\r\n    <\/div>\r\n    <div class=\"mec-skin-grid-no-events-container mec-util-hidden\" id=\"mec_skin_no_events_mec1\">\r\n        No event found!    <\/div>\r\n    \r\n    \r\n            <div class=\"mec-nextprev-wrap\" id=\"mec-nextprev-wrap-mec1\">\r\n                <span class=\"mec-nextprev-prev-button\">\r\n                    <svg xmlns=\"http:\/\/www.w3.org\/2000\/svg\" width=\"13\" height=\"10\" viewbox=\"0 0 13 10\">\r\n                        <path id=\"next-icon\" d=\"M92.034,76.719l-.657.675,3.832,3.857H84v.937H95.208l-3.832,3.857.657.675,4.967-5Z\" transform=\"translate(-84.001 -76.719)\" fill=\"#07bbe9\"\/>\r\n                    <\/svg>\r\n                    Prev\r\n                <\/span>\r\n                <a class=\"mec-nextprev-next-button\" href=\"https:\/\/agenda.poscosecha.com\/en\/wp-json\/wp\/v2\/pages\/4151?mec_next_page=\">\r\n                    Next\r\n                    <svg xmlns=\"http:\/\/www.w3.org\/2000\/svg\" width=\"13\" height=\"10\" viewbox=\"0 0 13 10\">\r\n                        <path id=\"next-icon\" d=\"M92.034,76.719l-.657.675,3.832,3.857H84v.937H95.208l-3.832,3.857.657.675,4.967-5Z\" transform=\"translate(-84.001 -76.719)\" fill=\"#07bbe9\"\/>\r\n                    <\/svg>\r\n                <\/a>\r\n            <\/div>\r\n            <div class=\"mec-total-events\">\r\n                Total Events: 1433\r\n            <\/div>\r\n<\/div>\r\n\n\t\t\t\t<\/div>\n\t\t\t<\/div>IR A &#8230; Poscosecha.com Postharvest.biz Tecnolog\u00edaHort\u00edcola.com ActualFruVeg.com Biblioteca &nbsp; Porqu\u00e9 PARTICIPAR en estos weblog&#8217;s?Calendario este MES<div class=\"et_pb_module mecdivi_MECShortcodes mecdivi_MECShortcodes_1\">\n\t\t\t\t\n\t\t\t\t\n\t\t\t\t\n\t\t\t\t\n\t\t\t\t\n\t\t\t\t\n\t\t\t\t<div class=\"et_pb_module_inner\">\n\t\t\t\t\t<div id=\"mec_skin_mec2\" class=\"mec-wrap colorskin-custom\">\r\n\r\n    \r\n    <div class=\"mec-calendar mec-box-calendar mec-event-calendar-classic mec-event-container-simple\" id=\"mec_skin_events_mec2_full\">\r\n                <div class=\"mec-calendar-side mec-clear\">\r\n                        <div class=\"mec-calendar-header\"><h2>2026 September<\/h2><\/div>\r\n            \r\n            <div class=\"mec-calendar-table\" id=\"mec_skin_events_mec2\">\r\n                <div class=\"mec-month-container mec-month-container-selected\" id=\"mec_monthly_view_month_mec2_202609\" data-month-id=\"202609\"><div class=\"mec-calendar-table-head\"><div class=\"mec-calendar-day-head\">MO<\/div><div class=\"mec-calendar-day-head\">TU<\/div><div class=\"mec-calendar-day-head\">WE<\/div><div class=\"mec-calendar-day-head\">TH<\/div><div class=\"mec-calendar-day-head\">FR<\/div><div class=\"mec-calendar-day-head\">SA<\/div><div class=\"mec-calendar-day-head\">SU<\/div><\/div><dl class=\"mec-calendar-row\">\r\n    <dt class=\"mec-table-nullday\">31<\/dt><dt class=\"mec-calendar-day\" data-mec-cell=\"20260901\" data-day=\"1\" data-month=\"202609\">1<\/dt><\/dt><dt class=\"mec-calendar-day\" data-mec-cell=\"20260902\" data-day=\"2\" data-month=\"202609\">2<\/dt><\/dt><dt class=\"mec-calendar-day\" data-mec-cell=\"20260903\" data-day=\"3\" data-month=\"202609\">3<\/dt><\/dt><dt class=\"mec-calendar-day\" data-mec-cell=\"20260904\" data-day=\"4\" data-month=\"202609\">4<\/dt><\/dt><dt class=\"mec-calendar-day  mec-selected-day\" data-mec-cell=\"20260905\" data-day=\"5\" data-month=\"202609\">5<\/dt><\/dt><dt class=\"mec-calendar-day\" data-mec-cell=\"20260906\" data-day=\"6\" data-month=\"202609\">6<\/dt><\/dt><\/dl><dl class=\"mec-calendar-row\"><dt class=\"mec-calendar-day\" data-mec-cell=\"20260907\" data-day=\"7\" data-month=\"202609\">7<\/dt><\/dt><dt class=\"mec-calendar-day\" data-mec-cell=\"20260908\" data-day=\"8\" data-month=\"202609\">8<\/dt><\/dt><dt class=\"mec-calendar-day\" data-mec-cell=\"20260909\" data-day=\"9\" data-month=\"202609\"><div class=\"\">9<\/div><div class=\"ended-relative simple-skin-ended\"><a class=\"mec-monthly-tooltip event-single-link-simple\" data-tooltip-content=\"#mec-tooltip-58111788940800-20260909\" data-event-id=\"5811\" href=\"https:\/\/agenda.poscosecha.com\/en\/eventos\/oxygen-and-nitrogen-species-in-plants\/\"><h4 class=\"mec-event-title\">16th International Conference on Reactive Oxygen and Nitrogen Species in Plants<\/h4><\/a><\/div><div class=\"tooltip_templates event-single-content-simple\">\r\n                        <div id=\"mec-tooltip-58111788940800-20260909\">\r\n                            <div class=\"mec-tooltip-event-title\">16th International Conference on Reactive Oxygen and Nitrogen Species in Plants<\/div><div class=\"mec-tooltip-event-time\"><i class=\"mec-sl-clock-o\"><\/i> All Day<\/div><div class=\"mec-event-detail\">\r\n                        \r\n                    <\/div><div class=\"mec-tooltip-event-content\"><div class=\"mec-tooltip-event-featured\"><img decoding=\"async\" width=\"150\" height=\"150\" src=\"https:\/\/agenda.poscosecha.com\/wp-content\/uploads\/2024\/10\/Conference-Olant-Oxygen-2-150x150.jpg\" class=\"attachment-thumbnail size-thumbnail wp-post-image\" alt=\"\" data-mec-postid=\"5811\" loading=\"lazy\" \/><\/div><div class=\"mec-tooltip-event-desc\">Granada, Espa\u00f1a\r\n\r\nEsta conferencia tiene como objetivo compartir en un ambiente informal y amistoso los \u00faltimos avances en el campo de la biolog\u00eda redox, incluyendo la se\u00f1alizaci\u00f3n vegetal, el metabolismo celular, el crecimiento y desarrollo de las plantas, los efectos del estr\u00e9s abi\u00f3tico y bi\u00f3tico y la defensa antiox , ...<\/div><\/div><span class=\"mec-wrap\"><span id=\"mec_skin_events_mec2_monthly_simple_5811\"><\/span><\/span>\r\n                        <\/div>\r\n                    <\/div><\/dt><dt class=\"mec-calendar-day\" data-mec-cell=\"20260910\" data-day=\"10\" data-month=\"202609\"><div class=\"\">10<\/div><div class=\"ended-relative simple-skin-ended\"><a class=\"mec-monthly-tooltip event-single-link-simple\" data-tooltip-content=\"#mec-tooltip-58111789027200-20260910\" data-event-id=\"5811\" href=\"https:\/\/agenda.poscosecha.com\/en\/eventos\/oxygen-and-nitrogen-species-in-plants\/\"><h4 class=\"mec-event-title\">16th International Conference on Reactive Oxygen and Nitrogen Species in Plants<\/h4><\/a><\/div><div class=\"tooltip_templates event-single-content-simple\">\r\n                        <div id=\"mec-tooltip-58111789027200-20260910\">\r\n                            <div class=\"mec-tooltip-event-title\">16th International Conference on Reactive Oxygen and Nitrogen Species in Plants<\/div><div class=\"mec-tooltip-event-time\"><i class=\"mec-sl-clock-o\"><\/i> All Day<\/div><div class=\"mec-event-detail\">\r\n                        \r\n                    <\/div><div class=\"mec-tooltip-event-content\"><div class=\"mec-tooltip-event-featured\"><img decoding=\"async\" width=\"150\" height=\"150\" src=\"https:\/\/agenda.poscosecha.com\/wp-content\/uploads\/2024\/10\/Conference-Olant-Oxygen-2-150x150.jpg\" class=\"attachment-thumbnail size-thumbnail wp-post-image\" alt=\"\" data-mec-postid=\"5811\" loading=\"lazy\" \/><\/div><div class=\"mec-tooltip-event-desc\">Granada, Espa\u00f1a\r\n\r\nEsta conferencia tiene como objetivo compartir en un ambiente informal y amistoso los \u00faltimos avances en el campo de la biolog\u00eda redox, incluyendo la se\u00f1alizaci\u00f3n vegetal, el metabolismo celular, el crecimiento y desarrollo de las plantas, los efectos del estr\u00e9s abi\u00f3tico y bi\u00f3tico y la defensa antiox , ...<\/div><\/div><span class=\"mec-wrap\"><span id=\"mec_skin_events_mec2_monthly_simple_5811\"><\/span><\/span>\r\n                        <\/div>\r\n                    <\/div><div class=\"ended-relative simple-skin-ended\"><a class=\"mec-monthly-tooltip event-single-link-simple\" data-tooltip-content=\"#mec-tooltip-72701789027200-20260910\" data-event-id=\"7270\" href=\"https:\/\/agenda.poscosecha.com\/en\/eventos\/aguacate-congreso-garanada\/\"><h4 class=\"mec-event-title\">I Congreso del Aguacate<\/h4><\/a><\/div><div class=\"tooltip_templates event-single-content-simple\">\r\n                        <div id=\"mec-tooltip-72701789027200-20260910\">\r\n                            <div class=\"mec-tooltip-event-title\">I Congreso del Aguacate<\/div><div class=\"mec-tooltip-event-time\"><i class=\"mec-sl-clock-o\"><\/i> All Day<\/div><div class=\"mec-event-detail\">\r\n                        \r\n                    <\/div><div class=\"mec-tooltip-event-content\"><div class=\"mec-tooltip-event-featured\"><img decoding=\"async\" width=\"150\" height=\"150\" src=\"https:\/\/agenda.poscosecha.com\/wp-content\/uploads\/2026\/06\/Congreso-Aguacate-150x150.jpg\" class=\"attachment-thumbnail size-thumbnail wp-post-image\" alt=\"\" data-mec-postid=\"7270\" loading=\"lazy\" \/><\/div><div class=\"mec-tooltip-event-desc\">Una cita para reunir a investigadores, t\u00e9cnicos, productores, empresas y profesionales para analizar los principales desaf\u00edos y oportunidades del sector del aguacate.\r\n\r\nUna jornada centrada en la transferencia de conocimiento, la innovaci\u00f3n, la sostenibilidad y el futuro de una fruta con gran demanda\r\n\r\nEvento anual e , ...<\/div><\/div><span class=\"mec-wrap\"><span id=\"mec_skin_events_mec2_monthly_simple_7270\"><\/span><\/span>\r\n                        <\/div>\r\n                    <\/div><\/dt><dt class=\"mec-calendar-day\" data-mec-cell=\"20260911\" data-day=\"11\" data-month=\"202609\">11<\/dt><\/dt><dt class=\"mec-calendar-day\" data-mec-cell=\"20260912\" data-day=\"12\" data-month=\"202609\">12<\/dt><\/dt><dt class=\"mec-calendar-day\" data-mec-cell=\"20260913\" data-day=\"13\" data-month=\"202609\">13<\/dt><\/dt><\/dl><dl class=\"mec-calendar-row\"><dt class=\"mec-calendar-day\" data-mec-cell=\"20260914\" data-day=\"14\" data-month=\"202609\"><div class=\"\">14<\/div><div class=\"ended-relative simple-skin-ended\"><a class=\"mec-monthly-tooltip event-single-link-simple\" data-tooltip-content=\"#mec-tooltip-55441789372800-20260914\" data-event-id=\"5544\" href=\"https:\/\/www.autenticafoodfest.com\/\"><h4 class=\"mec-event-title\">AUT\u00c9NTICA, Premium Food Fest<\/h4><\/a><\/div><div class=\"tooltip_templates event-single-content-simple\">\r\n                        <div id=\"mec-tooltip-55441789372800-20260914\">\r\n                            <div class=\"mec-tooltip-event-title\">AUT\u00c9NTICA, Premium Food Fest<\/div><div class=\"mec-tooltip-event-time\"><i class=\"mec-sl-clock-o\"><\/i> All Day<\/div><div class=\"mec-event-detail\">\r\n                        \r\n                    <\/div><div class=\"mec-tooltip-event-content\"><div class=\"mec-tooltip-event-featured\"><img decoding=\"async\" width=\"150\" height=\"150\" src=\"https:\/\/agenda.poscosecha.com\/wp-content\/uploads\/2024\/07\/Autentica-2026-150x150.jpg\" class=\"attachment-thumbnail size-thumbnail wp-post-image\" alt=\"\" data-mec-postid=\"5544\" loading=\"lazy\" \/><\/div><div class=\"mec-tooltip-event-desc\">AUT\u00c9NTICA 2026\u00a0es la plataforma de negocios de la industria alimentaria para el sector retail y de la gran distribuci\u00f3n que reunir\u00e1 el 15 y 16 de septiembre a\u00a0 7.000 directivos de la gran distribuci\u00f3n, retail, tiendas especializadas, alta gastronom\u00eda y hosteler\u00eda.\r\n\r\nOrigen, producto de calidad, salud, sostenibilidad\u00a0s , ...<\/div><\/div><span class=\"mec-wrap\"><span id=\"mec_skin_events_mec2_monthly_simple_5544\"><\/span><\/span>\r\n                        <\/div>\r\n                    <\/div><\/dt><dt class=\"mec-calendar-day\" data-mec-cell=\"20260915\" data-day=\"15\" data-month=\"202609\"><div class=\"\">15<\/div><div class=\"ended-relative simple-skin-ended\"><a class=\"mec-monthly-tooltip event-single-link-simple\" data-tooltip-content=\"#mec-tooltip-29101789430400-20260915\" data-event-id=\"2910\" href=\"https:\/\/agenda.poscosecha.com\/en\/eventos\/galabau-espacios-verdes-urbanos\/\"><h4 class=\"mec-event-title\">GaLaBau<\/h4><\/a><\/div><div class=\"tooltip_templates event-single-content-simple\">\r\n                        <div id=\"mec-tooltip-29101789430400-20260915\">\r\n                            <div class=\"mec-tooltip-event-title\">GaLaBau<\/div><div class=\"mec-tooltip-event-time\"><i class=\"mec-sl-clock-o\"><\/i> 00:00 - 00:00<\/div><div class=\"mec-event-detail\">\r\n                        \r\n                    <\/div><div class=\"mec-tooltip-event-content\"><div class=\"mec-tooltip-event-featured\"><img decoding=\"async\" width=\"150\" height=\"150\" src=\"https:\/\/agenda.poscosecha.com\/wp-content\/uploads\/2023\/05\/GaLaBau-16x9-1-150x150.jpg\" class=\"attachment-thumbnail size-thumbnail wp-post-image\" alt=\"\" data-mec-postid=\"2910\" loading=\"lazy\" \/><\/div><div class=\"mec-tooltip-event-desc\">GaLaBau\u00a0 - International Leading Trade Fair for Urban Green and Open Spaces\r\nPlanificaci\u00f3n, construcci\u00f3n y mantenimiento de espacios verdes y urbanos\r\nJardiner\u00eda. Paisajismo. Dise\u00f1o verde\r\nLa feria internacional l\u00edder ofrece todo lo relacionado con la jardiner\u00eda y el paisajismo, as\u00ed como el mantenimiento y la construcc , ...<\/div><\/div><span class=\"mec-wrap\"><span id=\"mec_skin_events_mec2_monthly_simple_2910\"><\/span><\/span>\r\n                        <\/div>\r\n                    <\/div><div class=\"ended-relative simple-skin-ended\"><a class=\"mec-monthly-tooltip event-single-link-simple\" data-tooltip-content=\"#mec-tooltip-27081789459200-20260915\" data-event-id=\"2708\" href=\"https:\/\/agenda.poscosecha.com\/en\/eventos\/congreso-argentino-de-horticultura\/\"><h4 class=\"mec-event-title\">43\u00ba Congreso Argentino de Horticultura<\/h4><\/a><\/div><div class=\"tooltip_templates event-single-content-simple\">\r\n                        <div id=\"mec-tooltip-27081789459200-20260915\">\r\n                            <div class=\"mec-tooltip-event-title\">43\u00ba Congreso Argentino de Horticultura<\/div><div class=\"mec-tooltip-event-time\"><i class=\"mec-sl-clock-o\"><\/i> All Day<\/div><div class=\"mec-event-detail\">\r\n                        \r\n                    <\/div><div class=\"mec-tooltip-event-content\"><div class=\"mec-tooltip-event-featured\"><img decoding=\"async\" width=\"150\" height=\"150\" src=\"https:\/\/agenda.poscosecha.com\/wp-content\/uploads\/2023\/05\/Argentino-Horti-150x150.jpg\" class=\"attachment-thumbnail size-thumbnail wp-post-image\" alt=\"\" data-mec-postid=\"2708\" loading=\"lazy\" \/><\/div><div class=\"mec-tooltip-event-desc\">Hacia una horticultura sostenible, preservando la biodiversidad\u200b\r\n\u201cAfrontando los desaf\u00edos de la era digital y el cambio clim\u00e1tico\u201d\r\nFECHAS: 15 al 18 de Setiembre\r\nOrganiza ASAHO\r\nLugar: \u00a0Facultad, de Ciencias Agrarias de la Universidad Nacional de Cuyo\u00a0 ubicadas en Almirante Brown 500, Chacras de Coria (CP 5528), Luj\u00e1 , ...<\/div><\/div><span class=\"mec-wrap\"><span id=\"mec_skin_events_mec2_monthly_simple_2708\"><\/span><\/span>\r\n                        <\/div>\r\n                    <\/div><div class=\"ended-relative simple-skin-ended\"><a class=\"mec-monthly-tooltip event-single-link-simple\" data-tooltip-content=\"#mec-tooltip-55441789459200-20260915\" data-event-id=\"5544\" href=\"https:\/\/www.autenticafoodfest.com\/\"><h4 class=\"mec-event-title\">AUT\u00c9NTICA, Premium Food Fest<\/h4><\/a><\/div><div class=\"tooltip_templates event-single-content-simple\">\r\n                        <div id=\"mec-tooltip-55441789459200-20260915\">\r\n                            <div class=\"mec-tooltip-event-title\">AUT\u00c9NTICA, Premium Food Fest<\/div><div class=\"mec-tooltip-event-time\"><i class=\"mec-sl-clock-o\"><\/i> All Day<\/div><div class=\"mec-event-detail\">\r\n                        \r\n                    <\/div><div class=\"mec-tooltip-event-content\"><div class=\"mec-tooltip-event-featured\"><img decoding=\"async\" width=\"150\" height=\"150\" src=\"https:\/\/agenda.poscosecha.com\/wp-content\/uploads\/2024\/07\/Autentica-2026-150x150.jpg\" class=\"attachment-thumbnail size-thumbnail wp-post-image\" alt=\"\" data-mec-postid=\"5544\" loading=\"lazy\" \/><\/div><div class=\"mec-tooltip-event-desc\">AUT\u00c9NTICA 2026\u00a0es la plataforma de negocios de la industria alimentaria para el sector retail y de la gran distribuci\u00f3n que reunir\u00e1 el 15 y 16 de septiembre a\u00a0 7.000 directivos de la gran distribuci\u00f3n, retail, tiendas especializadas, alta gastronom\u00eda y hosteler\u00eda.\r\n\r\nOrigen, producto de calidad, salud, sostenibilidad\u00a0s , ...<\/div><\/div><span class=\"mec-wrap\"><span id=\"mec_skin_events_mec2_monthly_simple_5544\"><\/span><\/span>\r\n                        <\/div>\r\n                    <\/div><\/dt><dt class=\"mec-calendar-day\" data-mec-cell=\"20260916\" data-day=\"16\" data-month=\"202609\"><div class=\"\">16<\/div><div class=\"ended-relative simple-skin-ended\"><a class=\"mec-monthly-tooltip event-single-link-simple\" data-tooltip-content=\"#mec-tooltip-29101789516800-20260916\" data-event-id=\"2910\" href=\"https:\/\/agenda.poscosecha.com\/en\/eventos\/galabau-espacios-verdes-urbanos\/\"><h4 class=\"mec-event-title\">GaLaBau<\/h4><\/a><\/div><div class=\"tooltip_templates event-single-content-simple\">\r\n                        <div id=\"mec-tooltip-29101789516800-20260916\">\r\n                            <div class=\"mec-tooltip-event-title\">GaLaBau<\/div><div class=\"mec-tooltip-event-time\"><i class=\"mec-sl-clock-o\"><\/i> All Day<\/div><div class=\"mec-event-detail\">\r\n                        \r\n                    <\/div><div class=\"mec-tooltip-event-content\"><div class=\"mec-tooltip-event-featured\"><img decoding=\"async\" width=\"150\" height=\"150\" src=\"https:\/\/agenda.poscosecha.com\/wp-content\/uploads\/2023\/05\/GaLaBau-16x9-1-150x150.jpg\" class=\"attachment-thumbnail size-thumbnail wp-post-image\" alt=\"\" data-mec-postid=\"2910\" loading=\"lazy\" \/><\/div><div class=\"mec-tooltip-event-desc\">GaLaBau\u00a0 - International Leading Trade Fair for Urban Green and Open Spaces\r\nPlanificaci\u00f3n, construcci\u00f3n y mantenimiento de espacios verdes y urbanos\r\nJardiner\u00eda. Paisajismo. Dise\u00f1o verde\r\nLa feria internacional l\u00edder ofrece todo lo relacionado con la jardiner\u00eda y el paisajismo, as\u00ed como el mantenimiento y la construcc , ...<\/div><\/div><span class=\"mec-wrap\"><span id=\"mec_skin_events_mec2_monthly_simple_2910\"><\/span><\/span>\r\n                        <\/div>\r\n                    <\/div><div class=\"ended-relative simple-skin-ended\"><a class=\"mec-monthly-tooltip event-single-link-simple\" data-tooltip-content=\"#mec-tooltip-27081789545600-20260916\" data-event-id=\"2708\" href=\"https:\/\/agenda.poscosecha.com\/en\/eventos\/congreso-argentino-de-horticultura\/\"><h4 class=\"mec-event-title\">43\u00ba Congreso Argentino de Horticultura<\/h4><\/a><\/div><div class=\"tooltip_templates event-single-content-simple\">\r\n                        <div id=\"mec-tooltip-27081789545600-20260916\">\r\n                            <div class=\"mec-tooltip-event-title\">43\u00ba Congreso Argentino de Horticultura<\/div><div class=\"mec-tooltip-event-time\"><i class=\"mec-sl-clock-o\"><\/i> All Day<\/div><div class=\"mec-event-detail\">\r\n                        \r\n                    <\/div><div class=\"mec-tooltip-event-content\"><div class=\"mec-tooltip-event-featured\"><img decoding=\"async\" width=\"150\" height=\"150\" src=\"https:\/\/agenda.poscosecha.com\/wp-content\/uploads\/2023\/05\/Argentino-Horti-150x150.jpg\" class=\"attachment-thumbnail size-thumbnail wp-post-image\" alt=\"\" data-mec-postid=\"2708\" loading=\"lazy\" \/><\/div><div class=\"mec-tooltip-event-desc\">Hacia una horticultura sostenible, preservando la biodiversidad\u200b\r\n\u201cAfrontando los desaf\u00edos de la era digital y el cambio clim\u00e1tico\u201d\r\nFECHAS: 15 al 18 de Setiembre\r\nOrganiza ASAHO\r\nLugar: \u00a0Facultad, de Ciencias Agrarias de la Universidad Nacional de Cuyo\u00a0 ubicadas en Almirante Brown 500, Chacras de Coria (CP 5528), Luj\u00e1 , ...<\/div><\/div><span class=\"mec-wrap\"><span id=\"mec_skin_events_mec2_monthly_simple_2708\"><\/span><\/span>\r\n                        <\/div>\r\n                    <\/div><div class=\"ended-relative simple-skin-ended\"><a class=\"mec-monthly-tooltip event-single-link-simple\" data-tooltip-content=\"#mec-tooltip-28721789545600-20260916\" data-event-id=\"2872\" href=\"https:\/\/agenda.poscosecha.com\/en\/eventos\/xxi-seminario-internacional-blueberries-marruecos-2022\/\"><h4 class=\"mec-event-title\">XXIII Seminario Internacional Blueberries Marruecos 2026<\/h4><\/a><\/div><div class=\"tooltip_templates event-single-content-simple\">\r\n                        <div id=\"mec-tooltip-28721789545600-20260916\">\r\n                            <div class=\"mec-tooltip-event-title\">XXIII Seminario Internacional Blueberries Marruecos 2026<\/div><div class=\"mec-tooltip-event-time\"><i class=\"mec-sl-clock-o\"><\/i> 08:00 - 18:00<\/div><div class=\"mec-event-detail\">\r\n                        \r\n                    <\/div><div class=\"mec-tooltip-event-content\"><div class=\"mec-tooltip-event-featured\"><img decoding=\"async\" width=\"150\" height=\"150\" src=\"https:\/\/agenda.poscosecha.com\/wp-content\/uploads\/2023\/05\/XLIII-Seminario-Internacional-Blueberries-Marruecos-2026-1-150x150.jpg\" class=\"attachment-thumbnail size-thumbnail wp-post-image\" alt=\"\" data-mec-postid=\"2872\" loading=\"lazy\" \/><\/div><div class=\"mec-tooltip-event-desc\">- XXXIII\u00a0 Seminario I Blueberries Marruecos, 16 Septiembre\r\nCon el objetivo de promover el desarrollo y competitividad de la industria del ar\u00e1ndano, el XXIII Seminario Internacional Blueberries Marruecos 2026\u00a0se llevar\u00e1 a cabo en el hotel Royal Tulip City Center de T\u00e1nger\r\nEl PROGRAMA AQU\u00cd\r\n.\r\nBlueberries Consulting in , ...<\/div><\/div><span class=\"mec-wrap\"><span id=\"mec_skin_events_mec2_monthly_simple_2872\"><\/span><\/span>\r\n                        <\/div>\r\n                    <\/div><div class=\"ended-relative simple-skin-ended\"><a class=\"mec-monthly-tooltip event-single-link-simple\" data-tooltip-content=\"#mec-tooltip-72391789545600-20260916\" data-event-id=\"7239\" href=\"https:\/\/agenda.poscosecha.com\/en\/eventos\/solar-storage\/\"><h4 class=\"mec-event-title\">SOLAR &#038; Storage<\/h4><\/a><\/div><div class=\"tooltip_templates event-single-content-simple\">\r\n                        <div id=\"mec-tooltip-72391789545600-20260916\">\r\n                            <div class=\"mec-tooltip-event-title\">SOLAR &#038; Storage<\/div><div class=\"mec-tooltip-event-time\"><i class=\"mec-sl-clock-o\"><\/i> 08:00 - 00:00<\/div><div class=\"mec-event-detail\">\r\n                        \r\n                    <\/div><div class=\"mec-tooltip-event-content\"><div class=\"mec-tooltip-event-featured\"><img decoding=\"async\" width=\"150\" height=\"150\" src=\"https:\/\/agenda.poscosecha.com\/wp-content\/uploads\/2026\/06\/Solar-satorage-150x150.jpg\" class=\"attachment-thumbnail size-thumbnail wp-post-image\" alt=\"\" data-mec-postid=\"7239\" loading=\"lazy\" \/><\/div><div class=\"mec-tooltip-event-desc\">Proyectos solares y de almacenamiento para viviendas, comercios, industrias y servicios p\u00fablicos\r\nDise\u00f1o. Construcci\u00f3n. Operaci\u00f3n.\r\nUn mercado global para soluciones solares y de almacenamiento.\r\n\u00a1\u00danete a nosotros en Solar &amp; Storage\u00a0 -\u00a0 VER Todos los eventos AQU\u00cd!\r\n\r\n\r\nNuestra misi\u00f3n es acelerar la adopci\u00f3n de la e , ...<\/div><\/div><span class=\"mec-wrap\"><span id=\"mec_skin_events_mec2_monthly_simple_7239\"><\/span><\/span>\r\n                        <\/div>\r\n                    <\/div><div class=\"ended-relative simple-skin-ended\"><a class=\"mec-monthly-tooltip event-single-link-simple\" data-tooltip-content=\"#mec-tooltip-73731789545600-20260916\" data-event-id=\"7373\" href=\"https:\/\/agenda.poscosecha.com\/en\/eventos\/salud-longevidad-y-nuevos-habitos\/\"><h4 class=\"mec-event-title\">Salud, Longevidad y Nuevos H\u00e1bitos<\/h4><\/a><\/div><div class=\"tooltip_templates event-single-content-simple\">\r\n                        <div id=\"mec-tooltip-73731789545600-20260916\">\r\n                            <div class=\"mec-tooltip-event-title\">Salud, Longevidad y Nuevos H\u00e1bitos<\/div><div class=\"mec-tooltip-event-time\"><i class=\"mec-sl-clock-o\"><\/i> 08:00 - 18:00<\/div><div class=\"mec-event-detail\">\r\n                        \r\n                    <\/div><div class=\"mec-tooltip-event-content\"><div class=\"mec-tooltip-event-featured\"><img decoding=\"async\" width=\"150\" height=\"150\" src=\"https:\/\/agenda.poscosecha.com\/wp-content\/uploads\/2026\/07\/ftalks23-863-copia-copia-150x150.jpg\" class=\"attachment-thumbnail size-thumbnail wp-post-image\" alt=\"\" data-mec-postid=\"7373\" loading=\"lazy\" \/><\/div><div class=\"mec-tooltip-event-desc\">En Val\u00e8ncia 16 de setiembre\r\n\r\nEn Ciudad de M\u00e9xico 29 de setiembre\r\nEn \u00a0Ftalks Food Summit convergen emprendedores, inversores, corporates y entidades p\u00fablicas para dar forma al futuro de la alimentaci\u00f3n\r\nEl auge de los f\u00e1rmacos\u00a0GLP-1\u00a0est\u00e1 ganando protagonismo dentro del sector alimentario. Desde la reformulaci\u00f3n de pr , ...<\/div><\/div><span class=\"mec-wrap\"><span id=\"mec_skin_events_mec2_monthly_simple_7373\"><\/span><\/span>\r\n                        <\/div>\r\n                    <\/div><\/dt><dt class=\"mec-calendar-day\" data-mec-cell=\"20260917\" data-day=\"17\" data-month=\"202609\"><div class=\"\">17<\/div><div class=\"ended-relative simple-skin-ended\"><a class=\"mec-monthly-tooltip event-single-link-simple\" data-tooltip-content=\"#mec-tooltip-29101789603200-20260917\" data-event-id=\"2910\" href=\"https:\/\/agenda.poscosecha.com\/en\/eventos\/galabau-espacios-verdes-urbanos\/\"><h4 class=\"mec-event-title\">GaLaBau<\/h4><\/a><\/div><div class=\"tooltip_templates event-single-content-simple\">\r\n                        <div id=\"mec-tooltip-29101789603200-20260917\">\r\n                            <div class=\"mec-tooltip-event-title\">GaLaBau<\/div><div class=\"mec-tooltip-event-time\"><i class=\"mec-sl-clock-o\"><\/i> All Day<\/div><div class=\"mec-event-detail\">\r\n                        \r\n                    <\/div><div class=\"mec-tooltip-event-content\"><div class=\"mec-tooltip-event-featured\"><img decoding=\"async\" width=\"150\" height=\"150\" src=\"https:\/\/agenda.poscosecha.com\/wp-content\/uploads\/2023\/05\/GaLaBau-16x9-1-150x150.jpg\" class=\"attachment-thumbnail size-thumbnail wp-post-image\" alt=\"\" data-mec-postid=\"2910\" loading=\"lazy\" \/><\/div><div class=\"mec-tooltip-event-desc\">GaLaBau\u00a0 - International Leading Trade Fair for Urban Green and Open Spaces\r\nPlanificaci\u00f3n, construcci\u00f3n y mantenimiento de espacios verdes y urbanos\r\nJardiner\u00eda. Paisajismo. Dise\u00f1o verde\r\nLa feria internacional l\u00edder ofrece todo lo relacionado con la jardiner\u00eda y el paisajismo, as\u00ed como el mantenimiento y la construcc , ...<\/div><\/div><span class=\"mec-wrap\"><span id=\"mec_skin_events_mec2_monthly_simple_2910\"><\/span><\/span>\r\n                        <\/div>\r\n                    <\/div><div class=\"ended-relative simple-skin-ended\"><a class=\"mec-monthly-tooltip event-single-link-simple\" data-tooltip-content=\"#mec-tooltip-27081789632000-20260917\" data-event-id=\"2708\" href=\"https:\/\/agenda.poscosecha.com\/en\/eventos\/congreso-argentino-de-horticultura\/\"><h4 class=\"mec-event-title\">43\u00ba Congreso Argentino de Horticultura<\/h4><\/a><\/div><div class=\"tooltip_templates event-single-content-simple\">\r\n                        <div id=\"mec-tooltip-27081789632000-20260917\">\r\n                            <div class=\"mec-tooltip-event-title\">43\u00ba Congreso Argentino de Horticultura<\/div><div class=\"mec-tooltip-event-time\"><i class=\"mec-sl-clock-o\"><\/i> All Day<\/div><div class=\"mec-event-detail\">\r\n                        \r\n                    <\/div><div class=\"mec-tooltip-event-content\"><div class=\"mec-tooltip-event-featured\"><img decoding=\"async\" width=\"150\" height=\"150\" src=\"https:\/\/agenda.poscosecha.com\/wp-content\/uploads\/2023\/05\/Argentino-Horti-150x150.jpg\" class=\"attachment-thumbnail size-thumbnail wp-post-image\" alt=\"\" data-mec-postid=\"2708\" loading=\"lazy\" \/><\/div><div class=\"mec-tooltip-event-desc\">Hacia una horticultura sostenible, preservando la biodiversidad\u200b\r\n\u201cAfrontando los desaf\u00edos de la era digital y el cambio clim\u00e1tico\u201d\r\nFECHAS: 15 al 18 de Setiembre\r\nOrganiza ASAHO\r\nLugar: \u00a0Facultad, de Ciencias Agrarias de la Universidad Nacional de Cuyo\u00a0 ubicadas en Almirante Brown 500, Chacras de Coria (CP 5528), Luj\u00e1 , ...<\/div><\/div><span class=\"mec-wrap\"><span id=\"mec_skin_events_mec2_monthly_simple_2708\"><\/span><\/span>\r\n                        <\/div>\r\n                    <\/div><div class=\"ended-relative simple-skin-ended\"><a class=\"mec-monthly-tooltip event-single-link-simple\" data-tooltip-content=\"#mec-tooltip-72391789632000-20260917\" data-event-id=\"7239\" href=\"https:\/\/agenda.poscosecha.com\/en\/eventos\/solar-storage\/\"><h4 class=\"mec-event-title\">SOLAR &#038; Storage<\/h4><\/a><\/div><div class=\"tooltip_templates event-single-content-simple\">\r\n                        <div id=\"mec-tooltip-72391789632000-20260917\">\r\n                            <div class=\"mec-tooltip-event-title\">SOLAR &#038; Storage<\/div><div class=\"mec-tooltip-event-time\"><i class=\"mec-sl-clock-o\"><\/i> 00:00 - 18:00<\/div><div class=\"mec-event-detail\">\r\n                        \r\n                    <\/div><div class=\"mec-tooltip-event-content\"><div class=\"mec-tooltip-event-featured\"><img decoding=\"async\" width=\"150\" height=\"150\" src=\"https:\/\/agenda.poscosecha.com\/wp-content\/uploads\/2026\/06\/Solar-satorage-150x150.jpg\" class=\"attachment-thumbnail size-thumbnail wp-post-image\" alt=\"\" data-mec-postid=\"7239\" loading=\"lazy\" \/><\/div><div class=\"mec-tooltip-event-desc\">Proyectos solares y de almacenamiento para viviendas, comercios, industrias y servicios p\u00fablicos\r\nDise\u00f1o. Construcci\u00f3n. Operaci\u00f3n.\r\nUn mercado global para soluciones solares y de almacenamiento.\r\n\u00a1\u00danete a nosotros en Solar &amp; Storage\u00a0 -\u00a0 VER Todos los eventos AQU\u00cd!\r\n\r\n\r\nNuestra misi\u00f3n es acelerar la adopci\u00f3n de la e , ...<\/div><\/div><span class=\"mec-wrap\"><span id=\"mec_skin_events_mec2_monthly_simple_7239\"><\/span><\/span>\r\n                        <\/div>\r\n                    <\/div><div class=\"ended-relative simple-skin-ended\"><a class=\"mec-monthly-tooltip event-single-link-simple\" data-tooltip-content=\"#mec-tooltip-49151789635600-20260917\" data-event-id=\"4915\" href=\"https:\/\/agenda.poscosecha.com\/en\/eventos\/starbec-ainia-valencia\/\"><h4 class=\"mec-event-title\">StarBEC de AINIA<\/h4><\/a><\/div><div class=\"tooltip_templates event-single-content-simple\">\r\n                        <div id=\"mec-tooltip-49151789635600-20260917\">\r\n                            <div class=\"mec-tooltip-event-title\">StarBEC de AINIA<\/div><div class=\"mec-tooltip-event-time\"><i class=\"mec-sl-clock-o\"><\/i> 09:00 - 15:00<\/div><div class=\"mec-event-detail\">\r\n                        \r\n                    <\/div><div class=\"mec-tooltip-event-content\"><div class=\"mec-tooltip-event-featured\"><img decoding=\"async\" width=\"150\" height=\"150\" src=\"https:\/\/agenda.poscosecha.com\/wp-content\/uploads\/2023\/11\/StarBec-150x150.jpg\" class=\"attachment-thumbnail size-thumbnail wp-post-image\" alt=\"\" data-mec-postid=\"4915\" loading=\"lazy\" \/><\/div><div class=\"mec-tooltip-event-desc\">Presentaci\u00f3n StartBEC by AINIA - Valencia\r\nEl ecosistema de la bioeconom\u00eda se re\u00fane en AINIA\r\nVER Programa AQU\u00cd\r\nJornada para conocer la iniciativa de mentorizaci\u00f3n y apoyo impulsada por AINIA y el MAPA que busca\u00a0empresas emergentes espa\u00f1olas\u00a0que est\u00e9n desarrollando su proyecto en el \u00e1mbito de la\u00a0bioeconom\u00eda. Los asist , ...<\/div><\/div><span class=\"mec-wrap\"><span id=\"mec_skin_events_mec2_monthly_simple_4915\"><\/span><\/span>\r\n                        <\/div>\r\n                    <\/div><div class=\"ended-relative simple-skin-ended\"><a class=\"mec-monthly-tooltip event-single-link-simple\" data-tooltip-content=\"#mec-tooltip-29121789659000-20260917\" data-event-id=\"2912\" href=\"https:\/\/agenda.poscosecha.com\/en\/eventos\/poscosecha-de-citricos-ivia-jornada\/\"><h4 class=\"mec-event-title\">V\u00aa  Jornada Poscosecha de C\u00edtricos del IVIA, AgroBank y el portal Poscosecha.com<\/h4><\/a><\/div><div class=\"tooltip_templates event-single-content-simple\">\r\n                        <div id=\"mec-tooltip-29121789659000-20260917\">\r\n                            <div class=\"mec-tooltip-event-title\">V\u00aa  Jornada Poscosecha de C\u00edtricos del IVIA, AgroBank y el portal Poscosecha.com<\/div><div class=\"mec-tooltip-event-time\"><i class=\"mec-sl-clock-o\"><\/i> 15:30 - 19:30<\/div><div class=\"mec-event-detail\">\r\n                        \r\n                    <\/div><div class=\"mec-tooltip-event-content\"><div class=\"mec-tooltip-event-featured\"><img decoding=\"async\" width=\"150\" height=\"150\" src=\"https:\/\/agenda.poscosecha.com\/wp-content\/uploads\/2023\/05\/citricos-jornada-poscosecha-2026-2-150x150.jpg\" class=\"attachment-thumbnail size-thumbnail wp-post-image\" alt=\"\" data-mec-postid=\"2912\" loading=\"lazy\" \/><\/div><div class=\"mec-tooltip-event-desc\">En Valencia, Caixabank Banca Privada - Antiguo Edificio Bancaja\r\n\r\nEl Jueves 17 de Setiembre, de 15.30 a 19.30\r\n\r\nPROGRAMA y PONENTES, AQU\u00cd en el portal Poscosecha.com\r\nLa Comunidad Valenciana es la primera zona productora y exportadora de c\u00edtricos en Espa\u00f1a. En este contexto, resulta fundamental extender la vida comer , ...<\/div><\/div><span class=\"mec-wrap\"><span id=\"mec_skin_events_mec2_monthly_simple_2912\"><\/span><\/span>\r\n                        <\/div>\r\n                    <\/div><\/dt><dt class=\"mec-calendar-day\" data-mec-cell=\"20260918\" data-day=\"18\" data-month=\"202609\"><div class=\"\">18<\/div><div class=\"ended-relative simple-skin-ended\"><a class=\"mec-monthly-tooltip event-single-link-simple\" data-tooltip-content=\"#mec-tooltip-29101789689600-20260918\" data-event-id=\"2910\" href=\"https:\/\/agenda.poscosecha.com\/en\/eventos\/galabau-espacios-verdes-urbanos\/\"><h4 class=\"mec-event-title\">GaLaBau<\/h4><\/a><\/div><div class=\"tooltip_templates event-single-content-simple\">\r\n                        <div id=\"mec-tooltip-29101789689600-20260918\">\r\n                            <div class=\"mec-tooltip-event-title\">GaLaBau<\/div><div class=\"mec-tooltip-event-time\"><i class=\"mec-sl-clock-o\"><\/i> 00:00 - 23:00<\/div><div class=\"mec-event-detail\">\r\n                        \r\n                    <\/div><div class=\"mec-tooltip-event-content\"><div class=\"mec-tooltip-event-featured\"><img decoding=\"async\" width=\"150\" height=\"150\" src=\"https:\/\/agenda.poscosecha.com\/wp-content\/uploads\/2023\/05\/GaLaBau-16x9-1-150x150.jpg\" class=\"attachment-thumbnail size-thumbnail wp-post-image\" alt=\"\" data-mec-postid=\"2910\" loading=\"lazy\" \/><\/div><div class=\"mec-tooltip-event-desc\">GaLaBau\u00a0 - International Leading Trade Fair for Urban Green and Open Spaces\r\nPlanificaci\u00f3n, construcci\u00f3n y mantenimiento de espacios verdes y urbanos\r\nJardiner\u00eda. Paisajismo. Dise\u00f1o verde\r\nLa feria internacional l\u00edder ofrece todo lo relacionado con la jardiner\u00eda y el paisajismo, as\u00ed como el mantenimiento y la construcc , ...<\/div><\/div><span class=\"mec-wrap\"><span id=\"mec_skin_events_mec2_monthly_simple_2910\"><\/span><\/span>\r\n                        <\/div>\r\n                    <\/div><div class=\"ended-relative simple-skin-ended\"><a class=\"mec-monthly-tooltip event-single-link-simple\" data-tooltip-content=\"#mec-tooltip-27081789718400-20260918\" data-event-id=\"2708\" href=\"https:\/\/agenda.poscosecha.com\/en\/eventos\/congreso-argentino-de-horticultura\/\"><h4 class=\"mec-event-title\">43\u00ba Congreso Argentino de Horticultura<\/h4><\/a><\/div><div class=\"tooltip_templates event-single-content-simple\">\r\n                        <div id=\"mec-tooltip-27081789718400-20260918\">\r\n                            <div class=\"mec-tooltip-event-title\">43\u00ba Congreso Argentino de Horticultura<\/div><div class=\"mec-tooltip-event-time\"><i class=\"mec-sl-clock-o\"><\/i> All Day<\/div><div class=\"mec-event-detail\">\r\n                        \r\n                    <\/div><div class=\"mec-tooltip-event-content\"><div class=\"mec-tooltip-event-featured\"><img decoding=\"async\" width=\"150\" height=\"150\" src=\"https:\/\/agenda.poscosecha.com\/wp-content\/uploads\/2023\/05\/Argentino-Horti-150x150.jpg\" class=\"attachment-thumbnail size-thumbnail wp-post-image\" alt=\"\" data-mec-postid=\"2708\" loading=\"lazy\" \/><\/div><div class=\"mec-tooltip-event-desc\">Hacia una horticultura sostenible, preservando la biodiversidad\u200b\r\n\u201cAfrontando los desaf\u00edos de la era digital y el cambio clim\u00e1tico\u201d\r\nFECHAS: 15 al 18 de Setiembre\r\nOrganiza ASAHO\r\nLugar: \u00a0Facultad, de Ciencias Agrarias de la Universidad Nacional de Cuyo\u00a0 ubicadas en Almirante Brown 500, Chacras de Coria (CP 5528), Luj\u00e1 , ...<\/div><\/div><span class=\"mec-wrap\"><span id=\"mec_skin_events_mec2_monthly_simple_2708\"><\/span><\/span>\r\n                        <\/div>\r\n                    <\/div><\/dt><dt class=\"mec-calendar-day\" data-mec-cell=\"20260919\" data-day=\"19\" data-month=\"202609\">19<\/dt><\/dt><dt class=\"mec-calendar-day\" data-mec-cell=\"20260920\" data-day=\"20\" data-month=\"202609\">20<\/dt><\/dt><\/dl><dl class=\"mec-calendar-row\"><dt class=\"mec-calendar-day\" data-mec-cell=\"20260921\" data-day=\"21\" data-month=\"202609\"><div class=\"\">21<\/div><div class=\"ended-relative simple-skin-ended\"><a class=\"mec-monthly-tooltip event-single-link-simple\" data-tooltip-content=\"#mec-tooltip-24271789948800-20260921\" data-event-id=\"2427\" href=\"https:\/\/agenda.poscosecha.com\/en\/eventos\/seed-meets-technology\/\"><h4 class=\"mec-event-title\">Seed Meets Technology<\/h4><\/a><\/div><div class=\"tooltip_templates event-single-content-simple\">\r\n                        <div id=\"mec-tooltip-24271789948800-20260921\">\r\n                            <div class=\"mec-tooltip-event-title\">Seed Meets Technology<\/div><div class=\"mec-tooltip-event-time\"><i class=\"mec-sl-clock-o\"><\/i> 00:00 - 00:00<\/div><div class=\"mec-event-detail\">\r\n                        \r\n                    <\/div><div class=\"mec-tooltip-event-content\"><div class=\"mec-tooltip-event-featured\"><img decoding=\"async\" width=\"150\" height=\"150\" src=\"https:\/\/agenda.poscosecha.com\/wp-content\/uploads\/2023\/04\/semillas-WRnnyt.tmp_-150x150.jpg\" class=\"attachment-thumbnail size-thumbnail wp-post-image\" alt=\"\" data-mec-postid=\"2427\" loading=\"lazy\" \/><\/div><div class=\"mec-tooltip-event-desc\">NUEVAS FECHAS\r\nIs an annual event which takes place in week 39-aprox- September. The event completely focuses on the seed industry and exists of an exhibition and several trial fields. In addition to the fair, several symposia and lectures are organized. The event itself is generating more and more publicity resulting  , ...<\/div><\/div><span class=\"mec-wrap\"><span id=\"mec_skin_events_mec2_monthly_simple_2427\"><\/span><\/span>\r\n                        <\/div>\r\n                    <\/div><\/dt><dt class=\"mec-calendar-day\" data-mec-cell=\"20260922\" data-day=\"22\" data-month=\"202609\"><div class=\"\">22<\/div><div class=\"ended-relative simple-skin-ended\"><a class=\"mec-monthly-tooltip event-single-link-simple\" data-tooltip-content=\"#mec-tooltip-24271790035200-20260922\" data-event-id=\"2427\" href=\"https:\/\/agenda.poscosecha.com\/en\/eventos\/seed-meets-technology\/\"><h4 class=\"mec-event-title\">Seed Meets Technology<\/h4><\/a><\/div><div class=\"tooltip_templates event-single-content-simple\">\r\n                        <div id=\"mec-tooltip-24271790035200-20260922\">\r\n                            <div class=\"mec-tooltip-event-title\">Seed Meets Technology<\/div><div class=\"mec-tooltip-event-time\"><i class=\"mec-sl-clock-o\"><\/i> All Day<\/div><div class=\"mec-event-detail\">\r\n                        \r\n                    <\/div><div class=\"mec-tooltip-event-content\"><div class=\"mec-tooltip-event-featured\"><img decoding=\"async\" width=\"150\" height=\"150\" src=\"https:\/\/agenda.poscosecha.com\/wp-content\/uploads\/2023\/04\/semillas-WRnnyt.tmp_-150x150.jpg\" class=\"attachment-thumbnail size-thumbnail wp-post-image\" alt=\"\" data-mec-postid=\"2427\" loading=\"lazy\" \/><\/div><div class=\"mec-tooltip-event-desc\">NUEVAS FECHAS\r\nIs an annual event which takes place in week 39-aprox- September. The event completely focuses on the seed industry and exists of an exhibition and several trial fields. In addition to the fair, several symposia and lectures are organized. The event itself is generating more and more publicity resulting  , ...<\/div><\/div><span class=\"mec-wrap\"><span id=\"mec_skin_events_mec2_monthly_simple_2427\"><\/span><\/span>\r\n                        <\/div>\r\n                    <\/div><\/dt><dt class=\"mec-calendar-day\" data-mec-cell=\"20260923\" data-day=\"23\" data-month=\"202609\"><div class=\"\">23<\/div><div class=\"ended-relative simple-skin-ended\"><a class=\"mec-monthly-tooltip event-single-link-simple\" data-tooltip-content=\"#mec-tooltip-24271790121600-20260923\" data-event-id=\"2427\" href=\"https:\/\/agenda.poscosecha.com\/en\/eventos\/seed-meets-technology\/\"><h4 class=\"mec-event-title\">Seed Meets Technology<\/h4><\/a><\/div><div class=\"tooltip_templates event-single-content-simple\">\r\n                        <div id=\"mec-tooltip-24271790121600-20260923\">\r\n                            <div class=\"mec-tooltip-event-title\">Seed Meets Technology<\/div><div class=\"mec-tooltip-event-time\"><i class=\"mec-sl-clock-o\"><\/i> All Day<\/div><div class=\"mec-event-detail\">\r\n                        \r\n                    <\/div><div class=\"mec-tooltip-event-content\"><div class=\"mec-tooltip-event-featured\"><img decoding=\"async\" width=\"150\" height=\"150\" src=\"https:\/\/agenda.poscosecha.com\/wp-content\/uploads\/2023\/04\/semillas-WRnnyt.tmp_-150x150.jpg\" class=\"attachment-thumbnail size-thumbnail wp-post-image\" alt=\"\" data-mec-postid=\"2427\" loading=\"lazy\" \/><\/div><div class=\"mec-tooltip-event-desc\">NUEVAS FECHAS\r\nIs an annual event which takes place in week 39-aprox- September. The event completely focuses on the seed industry and exists of an exhibition and several trial fields. In addition to the fair, several symposia and lectures are organized. The event itself is generating more and more publicity resulting  , ...<\/div><\/div><span class=\"mec-wrap\"><span id=\"mec_skin_events_mec2_monthly_simple_2427\"><\/span><\/span>\r\n                        <\/div>\r\n                    <\/div><\/dt><dt class=\"mec-calendar-day\" data-mec-cell=\"20260924\" data-day=\"24\" data-month=\"202609\"><div class=\"\">24<\/div><div class=\"ended-relative simple-skin-ended\"><a class=\"mec-monthly-tooltip event-single-link-simple\" data-tooltip-content=\"#mec-tooltip-24271790208000-20260924\" data-event-id=\"2427\" href=\"https:\/\/agenda.poscosecha.com\/en\/eventos\/seed-meets-technology\/\"><h4 class=\"mec-event-title\">Seed Meets Technology<\/h4><\/a><\/div><div class=\"tooltip_templates event-single-content-simple\">\r\n                        <div id=\"mec-tooltip-24271790208000-20260924\">\r\n                            <div class=\"mec-tooltip-event-title\">Seed Meets Technology<\/div><div class=\"mec-tooltip-event-time\"><i class=\"mec-sl-clock-o\"><\/i> All Day<\/div><div class=\"mec-event-detail\">\r\n                        \r\n                    <\/div><div class=\"mec-tooltip-event-content\"><div class=\"mec-tooltip-event-featured\"><img decoding=\"async\" width=\"150\" height=\"150\" src=\"https:\/\/agenda.poscosecha.com\/wp-content\/uploads\/2023\/04\/semillas-WRnnyt.tmp_-150x150.jpg\" class=\"attachment-thumbnail size-thumbnail wp-post-image\" alt=\"\" data-mec-postid=\"2427\" loading=\"lazy\" \/><\/div><div class=\"mec-tooltip-event-desc\">NUEVAS FECHAS\r\nIs an annual event which takes place in week 39-aprox- September. The event completely focuses on the seed industry and exists of an exhibition and several trial fields. In addition to the fair, several symposia and lectures are organized. The event itself is generating more and more publicity resulting  , ...<\/div><\/div><span class=\"mec-wrap\"><span id=\"mec_skin_events_mec2_monthly_simple_2427\"><\/span><\/span>\r\n                        <\/div>\r\n                    <\/div><\/dt><dt class=\"mec-calendar-day\" data-mec-cell=\"20260925\" data-day=\"25\" data-month=\"202609\"><div class=\"\">25<\/div><div class=\"ended-relative simple-skin-ended\"><a class=\"mec-monthly-tooltip event-single-link-simple\" data-tooltip-content=\"#mec-tooltip-24271790294400-20260925\" data-event-id=\"2427\" href=\"https:\/\/agenda.poscosecha.com\/en\/eventos\/seed-meets-technology\/\"><h4 class=\"mec-event-title\">Seed Meets Technology<\/h4><\/a><\/div><div class=\"tooltip_templates event-single-content-simple\">\r\n                        <div id=\"mec-tooltip-24271790294400-20260925\">\r\n                            <div class=\"mec-tooltip-event-title\">Seed Meets Technology<\/div><div class=\"mec-tooltip-event-time\"><i class=\"mec-sl-clock-o\"><\/i> All Day<\/div><div class=\"mec-event-detail\">\r\n                        \r\n                    <\/div><div class=\"mec-tooltip-event-content\"><div class=\"mec-tooltip-event-featured\"><img decoding=\"async\" width=\"150\" height=\"150\" src=\"https:\/\/agenda.poscosecha.com\/wp-content\/uploads\/2023\/04\/semillas-WRnnyt.tmp_-150x150.jpg\" class=\"attachment-thumbnail size-thumbnail wp-post-image\" alt=\"\" data-mec-postid=\"2427\" loading=\"lazy\" \/><\/div><div class=\"mec-tooltip-event-desc\">NUEVAS FECHAS\r\nIs an annual event which takes place in week 39-aprox- September. The event completely focuses on the seed industry and exists of an exhibition and several trial fields. In addition to the fair, several symposia and lectures are organized. The event itself is generating more and more publicity resulting  , ...<\/div><\/div><span class=\"mec-wrap\"><span id=\"mec_skin_events_mec2_monthly_simple_2427\"><\/span><\/span>\r\n                        <\/div>\r\n                    <\/div><\/dt><dt class=\"mec-calendar-day\" data-mec-cell=\"20260926\" data-day=\"26\" data-month=\"202609\"><div class=\"\">26<\/div><div class=\"ended-relative simple-skin-ended\"><a class=\"mec-monthly-tooltip event-single-link-simple\" data-tooltip-content=\"#mec-tooltip-24271790380800-20260926\" data-event-id=\"2427\" href=\"https:\/\/agenda.poscosecha.com\/en\/eventos\/seed-meets-technology\/\"><h4 class=\"mec-event-title\">Seed Meets Technology<\/h4><\/a><\/div><div class=\"tooltip_templates event-single-content-simple\">\r\n                        <div id=\"mec-tooltip-24271790380800-20260926\">\r\n                            <div class=\"mec-tooltip-event-title\">Seed Meets Technology<\/div><div class=\"mec-tooltip-event-time\"><i class=\"mec-sl-clock-o\"><\/i> 00:00 - 23:00<\/div><div class=\"mec-event-detail\">\r\n                        \r\n                    <\/div><div class=\"mec-tooltip-event-content\"><div class=\"mec-tooltip-event-featured\"><img decoding=\"async\" width=\"150\" height=\"150\" src=\"https:\/\/agenda.poscosecha.com\/wp-content\/uploads\/2023\/04\/semillas-WRnnyt.tmp_-150x150.jpg\" class=\"attachment-thumbnail size-thumbnail wp-post-image\" alt=\"\" data-mec-postid=\"2427\" loading=\"lazy\" \/><\/div><div class=\"mec-tooltip-event-desc\">NUEVAS FECHAS\r\nIs an annual event which takes place in week 39-aprox- September. The event completely focuses on the seed industry and exists of an exhibition and several trial fields. In addition to the fair, several symposia and lectures are organized. The event itself is generating more and more publicity resulting  , ...<\/div><\/div><span class=\"mec-wrap\"><span id=\"mec_skin_events_mec2_monthly_simple_2427\"><\/span><\/span>\r\n                        <\/div>\r\n                    <\/div><\/dt><dt class=\"mec-calendar-day\" data-mec-cell=\"20260927\" data-day=\"27\" data-month=\"202609\">27<\/dt><\/dt><\/dl><dl class=\"mec-calendar-row\"><dt class=\"mec-calendar-day\" data-mec-cell=\"20260928\" data-day=\"28\" data-month=\"202609\"><div class=\"\">28<\/div><div class=\"ended-relative simple-skin-ended\"><a class=\"mec-monthly-tooltip event-single-link-simple\" data-tooltip-content=\"#mec-tooltip-69721790582400-20260928\" data-event-id=\"6972\" href=\"https:\/\/agenda.poscosecha.com\/en\/eventos\/the-art-of-producing-grapes-itgs\/\"><h4 class=\"mec-event-title\">The ART of producing GRAPES<\/h4><\/a><\/div><div class=\"tooltip_templates event-single-content-simple\">\r\n                        <div id=\"mec-tooltip-69721790582400-20260928\">\r\n                            <div class=\"mec-tooltip-event-title\">The ART of producing GRAPES<\/div><div class=\"mec-tooltip-event-time\"><i class=\"mec-sl-clock-o\"><\/i> All Day<\/div><div class=\"mec-event-detail\">\r\n                        \r\n                    <\/div><div class=\"mec-tooltip-event-content\"><div class=\"mec-tooltip-event-featured\"><img decoding=\"async\" width=\"150\" height=\"150\" src=\"https:\/\/agenda.poscosecha.com\/wp-content\/uploads\/2026\/02\/uvas-23-150x150.jpg\" class=\"attachment-thumbnail size-thumbnail wp-post-image\" alt=\"\" data-mec-postid=\"6972\" loading=\"lazy\" \/><\/div><div class=\"mec-tooltip-event-desc\">11\u00ba Simposio Internacional sobre uvas de mesa de la ITGS\r\nEste simposio adem\u00e1s del componente t\u00e9cnico y cient\u00edfico introduce participaci\u00f3n comercial de la distribuci\u00f3n de la fruta.\r\n\r\nEl simposio se celebra antes de la feria Fruit Attraction\r\n\r\nHay muchos pa\u00edses en el mundo donde la uva de mesa es importante !!!!\r\n\r\nVe , ...<\/div><\/div><span class=\"mec-wrap\"><span id=\"mec_skin_events_mec2_monthly_simple_6972\"><\/span><\/span>\r\n                        <\/div>\r\n                    <\/div><div class=\"ended-relative simple-skin-ended\"><a class=\"mec-monthly-tooltip event-single-link-simple\" data-tooltip-content=\"#mec-tooltip-70811790582400-20260928\" data-event-id=\"7081\" href=\"https:\/\/agenda.poscosecha.com\/en\/eventos\/mejora-genetica-de-plantas-sech\/\"><h4 class=\"mec-event-title\">XII Congreso Nacional de Mejora Gen\u00e9tica de Plantas<\/h4><\/a><\/div><div class=\"tooltip_templates event-single-content-simple\">\r\n                        <div id=\"mec-tooltip-70811790582400-20260928\">\r\n                            <div class=\"mec-tooltip-event-title\">XII Congreso Nacional de Mejora Gen\u00e9tica de Plantas<\/div><div class=\"mec-tooltip-event-time\"><i class=\"mec-sl-clock-o\"><\/i> All Day<\/div><div class=\"mec-event-detail\">\r\n                        \r\n                    <\/div><div class=\"mec-tooltip-event-content\"><div class=\"mec-tooltip-event-featured\"><img decoding=\"async\" width=\"150\" height=\"150\" src=\"https:\/\/agenda.poscosecha.com\/wp-content\/uploads\/2026\/03\/SECH-Malaga-genetica-16x9-1-150x150.png\" class=\"attachment-thumbnail size-thumbnail wp-post-image\" alt=\"\" data-mec-postid=\"7081\" loading=\"lazy\" \/><\/div><div class=\"mec-tooltip-event-desc\">El comit\u00e9 organizador del IHSM La Mayora (UMA-CSIC), en nombre de la Sociedad Espa\u00f1ola de Ciencias Hort\u00edcolas (SECH) y la Sociedad Espa\u00f1ola de Gen\u00e9tica (SEG), les invitan a participar en el XII Congreso Nacional de Mejora Gen\u00e9tica de Plantas que tendr\u00e1 lugar en la ciudad de M\u00e1laga del 28 de septiembre al 1 de octubre d , ...<\/div><\/div><span class=\"mec-wrap\"><span id=\"mec_skin_events_mec2_monthly_simple_7081\"><\/span><\/span>\r\n                        <\/div>\r\n                    <\/div><div class=\"ended-relative simple-skin-ended\"><a class=\"mec-monthly-tooltip event-single-link-simple\" data-tooltip-content=\"#mec-tooltip-80501790582400-20260928\" data-event-id=\"8050\" href=\"https:\/\/agenda.poscosecha.com\/en\/eventos\/xii-congreso-mejora-genetica-de-plantas\/\"><h4 class=\"mec-event-title\">XII Congreso Mejora Gen\u00e9tica de Plantas<\/h4><\/a><\/div><div class=\"tooltip_templates event-single-content-simple\">\r\n                        <div id=\"mec-tooltip-80501790582400-20260928\">\r\n                            <div class=\"mec-tooltip-event-title\">XII Congreso Mejora Gen\u00e9tica de Plantas<\/div><div class=\"mec-tooltip-event-time\"><i class=\"mec-sl-clock-o\"><\/i> All Day<\/div><div class=\"mec-event-detail\">\r\n                        \r\n                    <\/div><div class=\"mec-tooltip-event-content\"><div class=\"mec-tooltip-event-featured\"><img decoding=\"async\" width=\"150\" height=\"150\" src=\"https:\/\/agenda.poscosecha.com\/wp-content\/uploads\/2026\/09\/Logo-congreso-sech-mejora-genetica-de-plantas-150x150.png\" class=\"attachment-thumbnail size-thumbnail wp-post-image\" alt=\"\" data-mec-postid=\"8050\" loading=\"lazy\" \/><\/div><div class=\"mec-tooltip-event-desc\">28 de septiembre - 1 de octubre de 2026 | M\u00e1laga, Espa\u00f1a\r\nEl XII Congreso Nacional de Mejora Gen\u00e9tica de Plantas ser\u00e1 el principal punto de encuentro de investigadores, investigadoras, docentes, t\u00e9cnicos y empresas vinculadas al \u00e1mbito de la mejora vegetal.\r\nEl evento se celebrar\u00e1 en M\u00e1laga del 28 de septiembre al 1 de , ...<\/div><\/div><span class=\"mec-wrap\"><span id=\"mec_skin_events_mec2_monthly_simple_8050\"><\/span><\/span>\r\n                        <\/div>\r\n                    <\/div><\/dt><dt class=\"mec-calendar-day\" data-mec-cell=\"20260929\" data-day=\"29\" data-month=\"202609\"><div class=\"\">29<\/div><div class=\"ended-relative simple-skin-ended\"><a class=\"mec-monthly-tooltip event-single-link-simple\" data-tooltip-content=\"#mec-tooltip-69721790668800-20260929\" data-event-id=\"6972\" href=\"https:\/\/agenda.poscosecha.com\/en\/eventos\/the-art-of-producing-grapes-itgs\/\"><h4 class=\"mec-event-title\">The ART of producing GRAPES<\/h4><\/a><\/div><div class=\"tooltip_templates event-single-content-simple\">\r\n                        <div id=\"mec-tooltip-69721790668800-20260929\">\r\n                            <div class=\"mec-tooltip-event-title\">The ART of producing GRAPES<\/div><div class=\"mec-tooltip-event-time\"><i class=\"mec-sl-clock-o\"><\/i> All Day<\/div><div class=\"mec-event-detail\">\r\n                        \r\n                    <\/div><div class=\"mec-tooltip-event-content\"><div class=\"mec-tooltip-event-featured\"><img decoding=\"async\" width=\"150\" height=\"150\" src=\"https:\/\/agenda.poscosecha.com\/wp-content\/uploads\/2026\/02\/uvas-23-150x150.jpg\" class=\"attachment-thumbnail size-thumbnail wp-post-image\" alt=\"\" data-mec-postid=\"6972\" loading=\"lazy\" \/><\/div><div class=\"mec-tooltip-event-desc\">11\u00ba Simposio Internacional sobre uvas de mesa de la ITGS\r\nEste simposio adem\u00e1s del componente t\u00e9cnico y cient\u00edfico introduce participaci\u00f3n comercial de la distribuci\u00f3n de la fruta.\r\n\r\nEl simposio se celebra antes de la feria Fruit Attraction\r\n\r\nHay muchos pa\u00edses en el mundo donde la uva de mesa es importante !!!!\r\n\r\nVe , ...<\/div><\/div><span class=\"mec-wrap\"><span id=\"mec_skin_events_mec2_monthly_simple_6972\"><\/span><\/span>\r\n                        <\/div>\r\n                    <\/div><div class=\"ended-relative simple-skin-ended\"><a class=\"mec-monthly-tooltip event-single-link-simple\" data-tooltip-content=\"#mec-tooltip-70811790668800-20260929\" data-event-id=\"7081\" href=\"https:\/\/agenda.poscosecha.com\/en\/eventos\/mejora-genetica-de-plantas-sech\/\"><h4 class=\"mec-event-title\">XII Congreso Nacional de Mejora Gen\u00e9tica de Plantas<\/h4><\/a><\/div><div class=\"tooltip_templates event-single-content-simple\">\r\n                        <div id=\"mec-tooltip-70811790668800-20260929\">\r\n                            <div class=\"mec-tooltip-event-title\">XII Congreso Nacional de Mejora Gen\u00e9tica de Plantas<\/div><div class=\"mec-tooltip-event-time\"><i class=\"mec-sl-clock-o\"><\/i> All Day<\/div><div class=\"mec-event-detail\">\r\n                        \r\n                    <\/div><div class=\"mec-tooltip-event-content\"><div class=\"mec-tooltip-event-featured\"><img decoding=\"async\" width=\"150\" height=\"150\" src=\"https:\/\/agenda.poscosecha.com\/wp-content\/uploads\/2026\/03\/SECH-Malaga-genetica-16x9-1-150x150.png\" class=\"attachment-thumbnail size-thumbnail wp-post-image\" alt=\"\" data-mec-postid=\"7081\" loading=\"lazy\" \/><\/div><div class=\"mec-tooltip-event-desc\">El comit\u00e9 organizador del IHSM La Mayora (UMA-CSIC), en nombre de la Sociedad Espa\u00f1ola de Ciencias Hort\u00edcolas (SECH) y la Sociedad Espa\u00f1ola de Gen\u00e9tica (SEG), les invitan a participar en el XII Congreso Nacional de Mejora Gen\u00e9tica de Plantas que tendr\u00e1 lugar en la ciudad de M\u00e1laga del 28 de septiembre al 1 de octubre d , ...<\/div><\/div><span class=\"mec-wrap\"><span id=\"mec_skin_events_mec2_monthly_simple_7081\"><\/span><\/span>\r\n                        <\/div>\r\n                    <\/div><div class=\"ended-relative simple-skin-ended\"><a class=\"mec-monthly-tooltip event-single-link-simple\" data-tooltip-content=\"#mec-tooltip-80501790668800-20260929\" data-event-id=\"8050\" href=\"https:\/\/agenda.poscosecha.com\/en\/eventos\/xii-congreso-mejora-genetica-de-plantas\/\"><h4 class=\"mec-event-title\">XII Congreso Mejora Gen\u00e9tica de Plantas<\/h4><\/a><\/div><div class=\"tooltip_templates event-single-content-simple\">\r\n                        <div id=\"mec-tooltip-80501790668800-20260929\">\r\n                            <div class=\"mec-tooltip-event-title\">XII Congreso Mejora Gen\u00e9tica de Plantas<\/div><div class=\"mec-tooltip-event-time\"><i class=\"mec-sl-clock-o\"><\/i> All Day<\/div><div class=\"mec-event-detail\">\r\n                        \r\n                    <\/div><div class=\"mec-tooltip-event-content\"><div class=\"mec-tooltip-event-featured\"><img decoding=\"async\" width=\"150\" height=\"150\" src=\"https:\/\/agenda.poscosecha.com\/wp-content\/uploads\/2026\/09\/Logo-congreso-sech-mejora-genetica-de-plantas-150x150.png\" class=\"attachment-thumbnail size-thumbnail wp-post-image\" alt=\"\" data-mec-postid=\"8050\" loading=\"lazy\" \/><\/div><div class=\"mec-tooltip-event-desc\">28 de septiembre - 1 de octubre de 2026 | M\u00e1laga, Espa\u00f1a\r\nEl XII Congreso Nacional de Mejora Gen\u00e9tica de Plantas ser\u00e1 el principal punto de encuentro de investigadores, investigadoras, docentes, t\u00e9cnicos y empresas vinculadas al \u00e1mbito de la mejora vegetal.\r\nEl evento se celebrar\u00e1 en M\u00e1laga del 28 de septiembre al 1 de , ...<\/div><\/div><span class=\"mec-wrap\"><span id=\"mec_skin_events_mec2_monthly_simple_8050\"><\/span><\/span>\r\n                        <\/div>\r\n                    <\/div><div class=\"ended-relative simple-skin-ended\"><a class=\"mec-monthly-tooltip event-single-link-simple\" data-tooltip-content=\"#mec-tooltip-73591790674200-20260929\" data-event-id=\"7359\" href=\"https:\/\/agenda.poscosecha.com\/en\/eventos\/alimentaciondel-futuro\/\"><h4 class=\"mec-event-title\">Alimentaci\u00f3ndel futuro<\/h4><\/a><\/div><div class=\"tooltip_templates event-single-content-simple\">\r\n                        <div id=\"mec-tooltip-73591790674200-20260929\">\r\n                            <div class=\"mec-tooltip-event-title\">Alimentaci\u00f3ndel futuro<\/div><div class=\"mec-tooltip-event-time\"><i class=\"mec-sl-clock-o\"><\/i> 09:30 - 17:00<\/div><div class=\"mec-event-detail\">\r\n                        \r\n                    <\/div><div class=\"mec-tooltip-event-content\"><div class=\"mec-tooltip-event-featured\"><img decoding=\"async\" width=\"150\" height=\"150\" src=\"https:\/\/agenda.poscosecha.com\/wp-content\/uploads\/2026\/07\/AINIA-Sept-150x150.jpg\" class=\"attachment-thumbnail size-thumbnail wp-post-image\" alt=\"\" data-mec-postid=\"7359\" loading=\"lazy\" \/><\/div><div class=\"mec-tooltip-event-desc\">La 5\u00aa edici\u00f3n de la Jornada de Innovaci\u00f3n \u00abAlimentaci\u00f3n del Futuro\u00bb\r\nen el AINIA, Val\u00e8ncia\r\nLa 5\u00aa edici\u00f3n de la Jornada de Innovaci\u00f3n \u00abAlimentaci\u00f3n del Futuro\u00bb, que tendr\u00e1 lugar en nuestras instalaciones, con el objetivo de ofrecer una visi\u00f3n actualizada de los principales retos y oportunidades del sector alimentario.\r , ...<\/div><\/div><span class=\"mec-wrap\"><span id=\"mec_skin_events_mec2_monthly_simple_7359\"><\/span><\/span>\r\n                        <\/div>\r\n                    <\/div><\/dt><dt class=\"mec-calendar-day\" data-mec-cell=\"20260930\" data-day=\"30\" data-month=\"202609\"><div class=\"\">30<\/div><div class=\"ended-relative simple-skin-ended\"><a class=\"mec-monthly-tooltip event-single-link-simple\" data-tooltip-content=\"#mec-tooltip-69721790755200-20260930\" data-event-id=\"6972\" href=\"https:\/\/agenda.poscosecha.com\/en\/eventos\/the-art-of-producing-grapes-itgs\/\"><h4 class=\"mec-event-title\">The ART of producing GRAPES<\/h4><\/a><\/div><div class=\"tooltip_templates event-single-content-simple\">\r\n                        <div id=\"mec-tooltip-69721790755200-20260930\">\r\n                            <div class=\"mec-tooltip-event-title\">The ART of producing GRAPES<\/div><div class=\"mec-tooltip-event-time\"><i class=\"mec-sl-clock-o\"><\/i> All Day<\/div><div class=\"mec-event-detail\">\r\n                        \r\n                    <\/div><div class=\"mec-tooltip-event-content\"><div class=\"mec-tooltip-event-featured\"><img decoding=\"async\" width=\"150\" height=\"150\" src=\"https:\/\/agenda.poscosecha.com\/wp-content\/uploads\/2026\/02\/uvas-23-150x150.jpg\" class=\"attachment-thumbnail size-thumbnail wp-post-image\" alt=\"\" data-mec-postid=\"6972\" loading=\"lazy\" \/><\/div><div class=\"mec-tooltip-event-desc\">11\u00ba Simposio Internacional sobre uvas de mesa de la ITGS\r\nEste simposio adem\u00e1s del componente t\u00e9cnico y cient\u00edfico introduce participaci\u00f3n comercial de la distribuci\u00f3n de la fruta.\r\n\r\nEl simposio se celebra antes de la feria Fruit Attraction\r\n\r\nHay muchos pa\u00edses en el mundo donde la uva de mesa es importante !!!!\r\n\r\nVe , ...<\/div><\/div><span class=\"mec-wrap\"><span id=\"mec_skin_events_mec2_monthly_simple_6972\"><\/span><\/span>\r\n                        <\/div>\r\n                    <\/div><div class=\"ended-relative simple-skin-ended\"><a class=\"mec-monthly-tooltip event-single-link-simple\" data-tooltip-content=\"#mec-tooltip-70811790755200-20260930\" data-event-id=\"7081\" href=\"https:\/\/agenda.poscosecha.com\/en\/eventos\/mejora-genetica-de-plantas-sech\/\"><h4 class=\"mec-event-title\">XII Congreso Nacional de Mejora Gen\u00e9tica de Plantas<\/h4><\/a><\/div><div class=\"tooltip_templates event-single-content-simple\">\r\n                        <div id=\"mec-tooltip-70811790755200-20260930\">\r\n                            <div class=\"mec-tooltip-event-title\">XII Congreso Nacional de Mejora Gen\u00e9tica de Plantas<\/div><div class=\"mec-tooltip-event-time\"><i class=\"mec-sl-clock-o\"><\/i> All Day<\/div><div class=\"mec-event-detail\">\r\n                        \r\n                    <\/div><div class=\"mec-tooltip-event-content\"><div class=\"mec-tooltip-event-featured\"><img decoding=\"async\" width=\"150\" height=\"150\" src=\"https:\/\/agenda.poscosecha.com\/wp-content\/uploads\/2026\/03\/SECH-Malaga-genetica-16x9-1-150x150.png\" class=\"attachment-thumbnail size-thumbnail wp-post-image\" alt=\"\" data-mec-postid=\"7081\" loading=\"lazy\" \/><\/div><div class=\"mec-tooltip-event-desc\">El comit\u00e9 organizador del IHSM La Mayora (UMA-CSIC), en nombre de la Sociedad Espa\u00f1ola de Ciencias Hort\u00edcolas (SECH) y la Sociedad Espa\u00f1ola de Gen\u00e9tica (SEG), les invitan a participar en el XII Congreso Nacional de Mejora Gen\u00e9tica de Plantas que tendr\u00e1 lugar en la ciudad de M\u00e1laga del 28 de septiembre al 1 de octubre d , ...<\/div><\/div><span class=\"mec-wrap\"><span id=\"mec_skin_events_mec2_monthly_simple_7081\"><\/span><\/span>\r\n                        <\/div>\r\n                    <\/div><div class=\"ended-relative simple-skin-ended\"><a class=\"mec-monthly-tooltip event-single-link-simple\" data-tooltip-content=\"#mec-tooltip-71491790755200-20260930\" data-event-id=\"7149\" href=\"https:\/\/agenda.poscosecha.com\/en\/eventos\/paises-bajos-viveros-exposantenlijst-grootgroenplus-2026\/\"><h4 class=\"mec-event-title\">Exposantenlijst &#8211; GrootGroenPlus 2026<\/h4><\/a><\/div><div class=\"tooltip_templates event-single-content-simple\">\r\n                        <div id=\"mec-tooltip-71491790755200-20260930\">\r\n                            <div class=\"mec-tooltip-event-title\">Exposantenlijst &#8211; GrootGroenPlus 2026<\/div><div class=\"mec-tooltip-event-time\"><i class=\"mec-sl-clock-o\"><\/i> All Day<\/div><div class=\"mec-event-detail\">\r\n                        \r\n                    <\/div><div class=\"mec-tooltip-event-content\"><div class=\"mec-tooltip-event-featured\"><img decoding=\"async\" width=\"150\" height=\"150\" src=\"https:\/\/agenda.poscosecha.com\/wp-content\/uploads\/2026\/05\/feria-viveros-hol-150x150.jpg\" class=\"attachment-thumbnail size-thumbnail wp-post-image\" alt=\"\" data-mec-postid=\"7149\" loading=\"lazy\" \/><\/div><div class=\"mec-tooltip-event-desc\">Del 30\/09 al 02\/10\r\n275 expositores la mayor\u00eda viveros acuden a la 36\u00aa Feria Internacional de Viveros GrootGroenPlus en Zundert\r\nLa 36.\u00aa edici\u00f3n de GrootGroenPlus se celebra\u00a0 este a\u00f1o el 30 de setiembre al 2 de Octubre. Con cerca de 300 participantes nacionales e internacionales, la \u00faltima edici\u00f3n fue la m\u00e1s grande de  , ...<\/div><\/div><span class=\"mec-wrap\"><span id=\"mec_skin_events_mec2_monthly_simple_7149\"><\/span><\/span>\r\n                        <\/div>\r\n                    <\/div><div class=\"ended-relative simple-skin-ended\"><a class=\"mec-monthly-tooltip event-single-link-simple\" data-tooltip-content=\"#mec-tooltip-80501790755200-20260930\" data-event-id=\"8050\" href=\"https:\/\/agenda.poscosecha.com\/en\/eventos\/xii-congreso-mejora-genetica-de-plantas\/\"><h4 class=\"mec-event-title\">XII Congreso Mejora Gen\u00e9tica de Plantas<\/h4><\/a><\/div><div class=\"tooltip_templates event-single-content-simple\">\r\n                        <div id=\"mec-tooltip-80501790755200-20260930\">\r\n                            <div class=\"mec-tooltip-event-title\">XII Congreso Mejora Gen\u00e9tica de Plantas<\/div><div class=\"mec-tooltip-event-time\"><i class=\"mec-sl-clock-o\"><\/i> All Day<\/div><div class=\"mec-event-detail\">\r\n                        \r\n                    <\/div><div class=\"mec-tooltip-event-content\"><div class=\"mec-tooltip-event-featured\"><img decoding=\"async\" width=\"150\" height=\"150\" src=\"https:\/\/agenda.poscosecha.com\/wp-content\/uploads\/2026\/09\/Logo-congreso-sech-mejora-genetica-de-plantas-150x150.png\" class=\"attachment-thumbnail size-thumbnail wp-post-image\" alt=\"\" data-mec-postid=\"8050\" loading=\"lazy\" \/><\/div><div class=\"mec-tooltip-event-desc\">28 de septiembre - 1 de octubre de 2026 | M\u00e1laga, Espa\u00f1a\r\nEl XII Congreso Nacional de Mejora Gen\u00e9tica de Plantas ser\u00e1 el principal punto de encuentro de investigadores, investigadoras, docentes, t\u00e9cnicos y empresas vinculadas al \u00e1mbito de la mejora vegetal.\r\nEl evento se celebrar\u00e1 en M\u00e1laga del 28 de septiembre al 1 de , ...<\/div><\/div><span class=\"mec-wrap\"><span id=\"mec_skin_events_mec2_monthly_simple_8050\"><\/span><\/span>\r\n                        <\/div>\r\n                    <\/div><\/dt><dt class=\"mec-calendar-day mec-table-nullday\" data-mec-cell=\"20261001\" data-day=\"1\" data-month=\"202610\"><div class=\"\">1<\/div><div class=\"ended-relative simple-skin-ended\"><a class=\"mec-monthly-tooltip event-single-link-simple\" data-tooltip-content=\"#mec-tooltip-69721790841600-20261001\" data-event-id=\"6972\" href=\"https:\/\/agenda.poscosecha.com\/en\/eventos\/the-art-of-producing-grapes-itgs\/\"><h4 class=\"mec-event-title\">The ART of producing GRAPES<\/h4><\/a><\/div><div class=\"tooltip_templates event-single-content-simple\">\r\n                            <div id=\"mec-tooltip-69721790841600-20261001\">\r\n                                <div class=\"mec-tooltip-event-title\">The ART of producing GRAPES<\/div><div class=\"mec-tooltip-event-time\"><i class=\"mec-sl-clock-o\"><\/i> All Day<\/div><div class=\"mec-event-detail\">\r\n                            \r\n                        <\/div><div class=\"mec-tooltip-event-content\"><div class=\"mec-tooltip-event-featured\"><img decoding=\"async\" width=\"150\" height=\"150\" src=\"https:\/\/agenda.poscosecha.com\/wp-content\/uploads\/2026\/02\/uvas-23-150x150.jpg\" class=\"attachment-thumbnail size-thumbnail wp-post-image\" alt=\"\" data-mec-postid=\"6972\" loading=\"lazy\" \/><\/div><div class=\"mec-tooltip-event-desc\">11\u00ba Simposio Internacional sobre uvas de mesa de la ITGS\r\nEste simposio adem\u00e1s del componente t\u00e9cnico y cient\u00edfico introduce participaci\u00f3n comercial de la distribuci\u00f3n de la fruta.\r\n\r\nEl simposio se celebra antes de la feria Fruit Attraction\r\n\r\nHay muchos pa\u00edses en el mundo donde la uva de mesa es importante !!!!\r\n\r\nVe , ...<\/div><\/div><span class=\"mec-wrap\"><span id=\"mec_skin_events_mec2_monthly_simple_6972\"><\/span><\/span>\r\n                            <\/div>\r\n                        <\/div><div class=\"ended-relative simple-skin-ended\"><a class=\"mec-monthly-tooltip event-single-link-simple\" data-tooltip-content=\"#mec-tooltip-70811790841600-20261001\" data-event-id=\"7081\" href=\"https:\/\/agenda.poscosecha.com\/en\/eventos\/mejora-genetica-de-plantas-sech\/\"><h4 class=\"mec-event-title\">XII Congreso Nacional de Mejora Gen\u00e9tica de Plantas<\/h4><\/a><\/div><div class=\"tooltip_templates event-single-content-simple\">\r\n                            <div id=\"mec-tooltip-70811790841600-20261001\">\r\n                                <div class=\"mec-tooltip-event-title\">XII Congreso Nacional de Mejora Gen\u00e9tica de Plantas<\/div><div class=\"mec-tooltip-event-time\"><i class=\"mec-sl-clock-o\"><\/i> All Day<\/div><div class=\"mec-event-detail\">\r\n                            \r\n                        <\/div><div class=\"mec-tooltip-event-content\"><div class=\"mec-tooltip-event-featured\"><img decoding=\"async\" width=\"150\" height=\"150\" src=\"https:\/\/agenda.poscosecha.com\/wp-content\/uploads\/2026\/03\/SECH-Malaga-genetica-16x9-1-150x150.png\" class=\"attachment-thumbnail size-thumbnail wp-post-image\" alt=\"\" data-mec-postid=\"7081\" loading=\"lazy\" \/><\/div><div class=\"mec-tooltip-event-desc\">El comit\u00e9 organizador del IHSM La Mayora (UMA-CSIC), en nombre de la Sociedad Espa\u00f1ola de Ciencias Hort\u00edcolas (SECH) y la Sociedad Espa\u00f1ola de Gen\u00e9tica (SEG), les invitan a participar en el XII Congreso Nacional de Mejora Gen\u00e9tica de Plantas que tendr\u00e1 lugar en la ciudad de M\u00e1laga del 28 de septiembre al 1 de octubre d , ...<\/div><\/div><span class=\"mec-wrap\"><span id=\"mec_skin_events_mec2_monthly_simple_7081\"><\/span><\/span>\r\n                            <\/div>\r\n                        <\/div><div class=\"ended-relative simple-skin-ended\"><a class=\"mec-monthly-tooltip event-single-link-simple\" data-tooltip-content=\"#mec-tooltip-80501790841600-20261001\" data-event-id=\"8050\" href=\"https:\/\/agenda.poscosecha.com\/en\/eventos\/xii-congreso-mejora-genetica-de-plantas\/\"><h4 class=\"mec-event-title\">XII Congreso Mejora Gen\u00e9tica de Plantas<\/h4><\/a><\/div><div class=\"tooltip_templates event-single-content-simple\">\r\n                            <div id=\"mec-tooltip-80501790841600-20261001\">\r\n                                <div class=\"mec-tooltip-event-title\">XII Congreso Mejora Gen\u00e9tica de Plantas<\/div><div class=\"mec-tooltip-event-time\"><i class=\"mec-sl-clock-o\"><\/i> All Day<\/div><div class=\"mec-event-detail\">\r\n                            \r\n                        <\/div><div class=\"mec-tooltip-event-content\"><div class=\"mec-tooltip-event-featured\"><img decoding=\"async\" width=\"150\" height=\"150\" src=\"https:\/\/agenda.poscosecha.com\/wp-content\/uploads\/2026\/09\/Logo-congreso-sech-mejora-genetica-de-plantas-150x150.png\" class=\"attachment-thumbnail size-thumbnail wp-post-image\" alt=\"\" data-mec-postid=\"8050\" loading=\"lazy\" \/><\/div><div class=\"mec-tooltip-event-desc\">28 de septiembre - 1 de octubre de 2026 | M\u00e1laga, Espa\u00f1a\r\nEl XII Congreso Nacional de Mejora Gen\u00e9tica de Plantas ser\u00e1 el principal punto de encuentro de investigadores, investigadoras, docentes, t\u00e9cnicos y empresas vinculadas al \u00e1mbito de la mejora vegetal.\r\nEl evento se celebrar\u00e1 en M\u00e1laga del 28 de septiembre al 1 de , ...<\/div><\/div><span class=\"mec-wrap\"><span id=\"mec_skin_events_mec2_monthly_simple_8050\"><\/span><\/span>\r\n                            <\/div>\r\n                        <\/div><\/dt><dt class=\"mec-calendar-day mec-table-nullday\" data-mec-cell=\"20261002\" data-day=\"2\" data-month=\"202610\"><div class=\"\">2<\/div><div class=\"ended-relative simple-skin-ended\"><a class=\"mec-monthly-tooltip event-single-link-simple\" data-tooltip-content=\"#mec-tooltip-69721790928000-20261002\" data-event-id=\"6972\" href=\"https:\/\/agenda.poscosecha.com\/en\/eventos\/the-art-of-producing-grapes-itgs\/\"><h4 class=\"mec-event-title\">The ART of producing GRAPES<\/h4><\/a><\/div><div class=\"tooltip_templates event-single-content-simple\">\r\n                            <div id=\"mec-tooltip-69721790928000-20261002\">\r\n                                <div class=\"mec-tooltip-event-title\">The ART of producing GRAPES<\/div><div class=\"mec-tooltip-event-time\"><i class=\"mec-sl-clock-o\"><\/i> All Day<\/div><div class=\"mec-event-detail\">\r\n                            \r\n                        <\/div><div class=\"mec-tooltip-event-content\"><div class=\"mec-tooltip-event-featured\"><img decoding=\"async\" width=\"150\" height=\"150\" src=\"https:\/\/agenda.poscosecha.com\/wp-content\/uploads\/2026\/02\/uvas-23-150x150.jpg\" class=\"attachment-thumbnail size-thumbnail wp-post-image\" alt=\"\" data-mec-postid=\"6972\" loading=\"lazy\" \/><\/div><div class=\"mec-tooltip-event-desc\">11\u00ba Simposio Internacional sobre uvas de mesa de la ITGS\r\nEste simposio adem\u00e1s del componente t\u00e9cnico y cient\u00edfico introduce participaci\u00f3n comercial de la distribuci\u00f3n de la fruta.\r\n\r\nEl simposio se celebra antes de la feria Fruit Attraction\r\n\r\nHay muchos pa\u00edses en el mundo donde la uva de mesa es importante !!!!\r\n\r\nVe , ...<\/div><\/div><span class=\"mec-wrap\"><span id=\"mec_skin_events_mec2_monthly_simple_6972\"><\/span><\/span>\r\n                            <\/div>\r\n                        <\/div><\/dt><dt class=\"mec-table-nullday\">3<\/dt><dt class=\"mec-table-nullday\">4<\/dt><\/dl>\r\n<\/div>\r\n            <\/div>\r\n\r\n                    <\/div>\r\n            <\/div>\r\n\r\n        \r\n        <div class=\"mec-modal-result\"><\/div>\r\n\r\n<\/div>\n\t\t\t\t<\/div>\n\t\t\t<\/div><\/p>","protected":false},"author":1,"featured_media":0,"parent":0,"menu_order":0,"comment_status":"closed","ping_status":"closed","template":"","meta":{"_et_pb_use_builder":"on","_et_pb_old_content":"","_et_gb_content_width":"","footnotes":""},"class_list":["post-4151","page","type-page","status-publish","hentry"],"yoast_head":"<!-- This site is optimized with the Yoast SEO plugin v28.4 - https:\/\/yoast.com\/product\/yoast-seo-wordpress\/ -->\n<title>Congresos, F\u00f3rums, Jornadas, ... - AGENDA<\/title>\n<meta name=\"robots\" content=\"index, follow, max-snippet:-1, max-image-preview:large, max-video-preview:-1\" \/>\n<link rel=\"canonical\" href=\"https:\/\/agenda.poscosecha.com\/en\/congresos-forums-jornadas\/\" \/>\n<meta property=\"og:locale\" content=\"en_GB\" \/>\n<meta property=\"og:type\" content=\"article\" \/>\n<meta property=\"og:title\" content=\"Congresos, F\u00f3rums, Jornadas, ... - AGENDA\" \/>\n<meta property=\"og:description\" content=\"IR A ... Poscosecha.com Postharvest.biz Tecnolog\u00edaHort\u00edcola.com ActualFruVeg.com Biblioteca &nbsp; Porqu\u00e9 PARTICIPAR en estos weblog&#039;s?Calendario este MES\" \/>\n<meta property=\"og:url\" content=\"https:\/\/agenda.poscosecha.com\/en\/congresos-forums-jornadas\/\" \/>\n<meta property=\"og:site_name\" content=\"AGENDA\" \/>\n<meta property=\"article:publisher\" content=\"https:\/\/www.facebook.com\/Poscosecha.Postharvest\/\" \/>\n<meta property=\"article:modified_time\" content=\"2023-08-04T07:12:50+00:00\" \/>\n<meta property=\"og:image\" content=\"https:\/\/agenda.poscosecha.com\/wp-content\/uploads\/2023\/06\/cropped-Agenda-logo-vs-1.png\" \/>\n\t<meta property=\"og:image:width\" content=\"512\" \/>\n\t<meta property=\"og:image:height\" content=\"512\" \/>\n\t<meta property=\"og:image:type\" content=\"image\/png\" \/>\n<meta name=\"twitter:card\" content=\"summary_large_image\" \/>\n<meta name=\"twitter:site\" content=\"@poscosecha\" \/>\n<meta name=\"twitter:label1\" content=\"Estimated reading time\" \/>\n\t<meta name=\"twitter:data1\" content=\"1 minute\" \/>\n<script type=\"application\/ld+json\" class=\"yoast-schema-graph\">{\"@context\":\"https:\\\/\\\/schema.org\",\"@graph\":[{\"@type\":\"WebPage\",\"@id\":\"https:\\\/\\\/agenda.poscosecha.com\\\/congresos-forums-jornadas\\\/\",\"url\":\"https:\\\/\\\/agenda.poscosecha.com\\\/congresos-forums-jornadas\\\/\",\"name\":\"Congresos, F\u00f3rums, Jornadas, ... - AGENDA\",\"isPartOf\":{\"@id\":\"https:\\\/\\\/agenda.poscosecha.com\\\/#website\"},\"datePublished\":\"2023-07-26T07:31:05+00:00\",\"dateModified\":\"2023-08-04T07:12:50+00:00\",\"breadcrumb\":{\"@id\":\"https:\\\/\\\/agenda.poscosecha.com\\\/congresos-forums-jornadas\\\/#breadcrumb\"},\"inLanguage\":\"en-GB\",\"potentialAction\":[{\"@type\":\"ReadAction\",\"target\":[\"https:\\\/\\\/agenda.poscosecha.com\\\/congresos-forums-jornadas\\\/\"]}]},{\"@type\":\"BreadcrumbList\",\"@id\":\"https:\\\/\\\/agenda.poscosecha.com\\\/congresos-forums-jornadas\\\/#breadcrumb\",\"itemListElement\":[{\"@type\":\"ListItem\",\"position\":1,\"name\":\"Portada\",\"item\":\"https:\\\/\\\/agenda.poscosecha.com\\\/\"},{\"@type\":\"ListItem\",\"position\":2,\"name\":\"Congresos, F\u00f3rums, Jornadas, &#8230;\"}]},{\"@type\":\"WebSite\",\"@id\":\"https:\\\/\\\/agenda.poscosecha.com\\\/#website\",\"url\":\"https:\\\/\\\/agenda.poscosecha.com\\\/\",\"name\":\"Agenda de Eventos\",\"description\":\"Conectando comunidades poscosecha globales\",\"publisher\":{\"@id\":\"https:\\\/\\\/agenda.poscosecha.com\\\/#organization\"},\"potentialAction\":[{\"@type\":\"SearchAction\",\"target\":{\"@type\":\"EntryPoint\",\"urlTemplate\":\"https:\\\/\\\/agenda.poscosecha.com\\\/?s={search_term_string}\"},\"query-input\":{\"@type\":\"PropertyValueSpecification\",\"valueRequired\":true,\"valueName\":\"search_term_string\"}}],\"inLanguage\":\"en-GB\"},{\"@type\":\"Organization\",\"@id\":\"https:\\\/\\\/agenda.poscosecha.com\\\/#organization\",\"name\":\"Agenda de Eventos\",\"url\":\"https:\\\/\\\/agenda.poscosecha.com\\\/\",\"logo\":{\"@type\":\"ImageObject\",\"inLanguage\":\"en-GB\",\"@id\":\"https:\\\/\\\/agenda.poscosecha.com\\\/#\\\/schema\\\/logo\\\/image\\\/\",\"url\":\"https:\\\/\\\/agenda.poscosecha.com\\\/wp-content\\\/uploads\\\/2023\\\/06\\\/cropped-Agenda-logo-vs-1.png\",\"contentUrl\":\"https:\\\/\\\/agenda.poscosecha.com\\\/wp-content\\\/uploads\\\/2023\\\/06\\\/cropped-Agenda-logo-vs-1.png\",\"width\":512,\"height\":512,\"caption\":\"Agenda de Eventos\"},\"image\":{\"@id\":\"https:\\\/\\\/agenda.poscosecha.com\\\/#\\\/schema\\\/logo\\\/image\\\/\"},\"sameAs\":[\"https:\\\/\\\/www.facebook.com\\\/Poscosecha.Postharvest\\\/\",\"https:\\\/\\\/x.com\\\/poscosecha\",\"https:\\\/\\\/www.linkedin.com\\\/company\\\/poscosecha.com\\\/\"]}]}<\/script>\n<!-- \/ Yoast SEO plugin. -->","yoast_head_json":{"title":"Congresos, F\u00f3rums, Jornadas, ... - AGENDA","robots":{"index":"index","follow":"follow","max-snippet":"max-snippet:-1","max-image-preview":"max-image-preview:large","max-video-preview":"max-video-preview:-1"},"canonical":"https:\/\/agenda.poscosecha.com\/en\/congresos-forums-jornadas\/","og_locale":"en_GB","og_type":"article","og_title":"Congresos, F\u00f3rums, Jornadas, ... - AGENDA","og_description":"IR A ... Poscosecha.com Postharvest.biz Tecnolog\u00edaHort\u00edcola.com ActualFruVeg.com Biblioteca &nbsp; Porqu\u00e9 PARTICIPAR en estos weblog's?Calendario este MES","og_url":"https:\/\/agenda.poscosecha.com\/en\/congresos-forums-jornadas\/","og_site_name":"AGENDA","article_publisher":"https:\/\/www.facebook.com\/Poscosecha.Postharvest\/","article_modified_time":"2023-08-04T07:12:50+00:00","og_image":[{"width":512,"height":512,"url":"https:\/\/agenda.poscosecha.com\/wp-content\/uploads\/2023\/06\/cropped-Agenda-logo-vs-1.png","type":"image\/png"}],"twitter_card":"summary_large_image","twitter_site":"@poscosecha","twitter_misc":{"Estimated reading time":"1 minute"},"schema":{"@context":"https:\/\/schema.org","@graph":[{"@type":"WebPage","@id":"https:\/\/agenda.poscosecha.com\/congresos-forums-jornadas\/","url":"https:\/\/agenda.poscosecha.com\/congresos-forums-jornadas\/","name":"Congresos, F\u00f3rums, Jornadas, ... - AGENDA","isPartOf":{"@id":"https:\/\/agenda.poscosecha.com\/#website"},"datePublished":"2023-07-26T07:31:05+00:00","dateModified":"2023-08-04T07:12:50+00:00","breadcrumb":{"@id":"https:\/\/agenda.poscosecha.com\/congresos-forums-jornadas\/#breadcrumb"},"inLanguage":"en-GB","potentialAction":[{"@type":"ReadAction","target":["https:\/\/agenda.poscosecha.com\/congresos-forums-jornadas\/"]}]},{"@type":"BreadcrumbList","@id":"https:\/\/agenda.poscosecha.com\/congresos-forums-jornadas\/#breadcrumb","itemListElement":[{"@type":"ListItem","position":1,"name":"Portada","item":"https:\/\/agenda.poscosecha.com\/"},{"@type":"ListItem","position":2,"name":"Congresos, F\u00f3rums, Jornadas, &#8230;"}]},{"@type":"WebSite","@id":"https:\/\/agenda.poscosecha.com\/#website","url":"https:\/\/agenda.poscosecha.com\/","name":"Agenda de Eventos","description":"Conectando comunidades poscosecha globales","publisher":{"@id":"https:\/\/agenda.poscosecha.com\/#organization"},"potentialAction":[{"@type":"SearchAction","target":{"@type":"EntryPoint","urlTemplate":"https:\/\/agenda.poscosecha.com\/?s={search_term_string}"},"query-input":{"@type":"PropertyValueSpecification","valueRequired":true,"valueName":"search_term_string"}}],"inLanguage":"en-GB"},{"@type":"Organization","@id":"https:\/\/agenda.poscosecha.com\/#organization","name":"Agenda de Eventos","url":"https:\/\/agenda.poscosecha.com\/","logo":{"@type":"ImageObject","inLanguage":"en-GB","@id":"https:\/\/agenda.poscosecha.com\/#\/schema\/logo\/image\/","url":"https:\/\/agenda.poscosecha.com\/wp-content\/uploads\/2023\/06\/cropped-Agenda-logo-vs-1.png","contentUrl":"https:\/\/agenda.poscosecha.com\/wp-content\/uploads\/2023\/06\/cropped-Agenda-logo-vs-1.png","width":512,"height":512,"caption":"Agenda de Eventos"},"image":{"@id":"https:\/\/agenda.poscosecha.com\/#\/schema\/logo\/image\/"},"sameAs":["https:\/\/www.facebook.com\/Poscosecha.Postharvest\/","https:\/\/x.com\/poscosecha","https:\/\/www.linkedin.com\/company\/poscosecha.com\/"]}]}},"_links":{"self":[{"href":"https:\/\/agenda.poscosecha.com\/en\/wp-json\/wp\/v2\/pages\/4151","targetHints":{"allow":["GET"]}}],"collection":[{"href":"https:\/\/agenda.poscosecha.com\/en\/wp-json\/wp\/v2\/pages"}],"about":[{"href":"https:\/\/agenda.poscosecha.com\/en\/wp-json\/wp\/v2\/types\/page"}],"author":[{"embeddable":true,"href":"https:\/\/agenda.poscosecha.com\/en\/wp-json\/wp\/v2\/users\/1"}],"replies":[{"embeddable":true,"href":"https:\/\/agenda.poscosecha.com\/en\/wp-json\/wp\/v2\/comments?post=4151"}],"version-history":[{"count":7,"href":"https:\/\/agenda.poscosecha.com\/en\/wp-json\/wp\/v2\/pages\/4151\/revisions"}],"predecessor-version":[{"id":4263,"href":"https:\/\/agenda.poscosecha.com\/en\/wp-json\/wp\/v2\/pages\/4151\/revisions\/4263"}],"wp:attachment":[{"href":"https:\/\/agenda.poscosecha.com\/en\/wp-json\/wp\/v2\/media?parent=4151"}],"curies":[{"name":"wp","href":"https:\/\/api.w.org\/{rel}","templated":true}]}}