{"id":1717,"date":"2023-04-28T11:59:56","date_gmt":"2023-04-28T11:59:56","guid":{"rendered":"https:\/\/agenda.poscosecha.com\/?page_id=1717"},"modified":"2024-10-25T12:20:05","modified_gmt":"2024-10-25T10:20:05","slug":"este-mes","status":"publish","type":"page","link":"https:\/\/agenda.poscosecha.com\/en\/este-mes\/","title":{"rendered":"Este Mes"},"content":{"rendered":"<p>[et_pb_section fb_built=\u00bb1&#8243; disabled_on=\u00bbon|on|on\u00bb _builder_version=\u00bb4.16&#8243; custom_padding=\u00bb39px||30px|||\u00bb disabled=\u00bbon\u00bb global_colors_info=\u00bb{}\u00bb][et_pb_row _builder_version=\u00bb4.21.0&#8243; _module_preset=\u00bbdefault\u00bb custom_margin=\u00bb||2em||false|false\u00bb custom_padding=\u00bb||0px||false|false\u00bb global_colors_info=\u00bb{}\u00bb][et_pb_column type=\u00bb4_4&#8243; _builder_version=\u00bb4.21.0&#8243; _module_preset=\u00bbdefault\u00bb global_colors_info=\u00bb{}\u00bb][et_pb_text _builder_version=\u00bb4.21.0&#8243; _module_preset=\u00bbdefault\u00bb header_text_color=\u00bb#0855a3&#8243; custom_margin=\u00bb||0px||false|false\u00bb global_colors_info=\u00bb{}\u00bb]<\/p>\n<h1>Calendario de Eventos<\/h1>\n<p>[\/et_pb_text][et_pb_divider color=\u00bb#f38919&#8243; divider_weight=\u00bb4px\u00bb _builder_version=\u00bb4.21.0&#8243; _module_preset=\u00bbdefault\u00bb max_width=\u00bb20%\u00bb global_colors_info=\u00bb{}\u00bb][\/et_pb_divider][\/et_pb_column][\/et_pb_row][et_pb_row _builder_version=\u00bb4.21.0&#8243; _module_preset=\u00bbdefault\u00bb custom_padding=\u00bb16px||16px|||\u00bb global_colors_info=\u00bb{}\u00bb][et_pb_column type=\u00bb4_4&#8243; _builder_version=\u00bb4.21.0&#8243; _module_preset=\u00bbdefault\u00bb global_colors_info=\u00bb{}\u00bb][et_pb_text _builder_version=\u00bb4.25.2&#8243; _module_preset=\u00bbdefault\u00bb global_colors_info=\u00bb{}\u00bb]<\/p>\n<div id=\"MECCopyCode\" class=\"mec-calendar-metabox mec-shortcode\" title=\"Click to copy shortcode\"><div id=\"mec_skin_mec1\" class=\"mec-wrap colorskin-custom  \">\r\n\r\n    \r\n    <div class=\"mec-calendar mec-box-calendar mec-event-calendar-classic mec-event-container-simple\" id=\"mec_skin_events_mec1_full\">\r\n                <div class=\"mec-calendar-side mec-clear\">\r\n                        <div class=\"mec-skin-monthly-view-month-navigator-container\">\r\n                <div class=\"mec-month-navigator\" id=\"mec_month_navigator_mec1_202609\"><div class=\"mec-calendar-header\"><h2>September 2026<\/h2><\/div><div class=\"mec-next-month mec-load-month mec-next-month\" data-mec-year=\"2026\" data-mec-month=\"10\"><a href=\"#\" class=\"mec-load-month-link\">October <i class=\"mec-sl-angle-right\"><\/i><\/a><\/div><\/div>\r\n            <\/div>\r\n            \r\n            <div class=\"mec-calendar-table\" id=\"mec_skin_events_mec1\">\r\n                <div class=\"mec-month-container mec-month-container-selected\" id=\"mec_monthly_view_month_mec1_202609\" data-month-id=\"202609\"><div class=\"mec-calendar-table-head\"><div class=\"mec-calendar-day-head\">MO<\/div><div class=\"mec-calendar-day-head\">TU<\/div><div class=\"mec-calendar-day-head\">WE<\/div><div class=\"mec-calendar-day-head\">TH<\/div><div class=\"mec-calendar-day-head\">FR<\/div><div class=\"mec-calendar-day-head\">SA<\/div><div class=\"mec-calendar-day-head\">SU<\/div><\/div><dl class=\"mec-calendar-row\">\r\n    <dt class=\"mec-calendar-day mec-table-nullday \" data-mec-cell=\"20260831\" data-day=\"31\" data-month=\"202608\"><div class=\"\">31<\/div><div class=\"ended-relative simple-skin-ended\"><a class=\"mec-monthly-tooltip event-single-link-simple\" data-tooltip-content=\"#mec-tooltip-70751788163200-20260831\" data-event-id=\"7075\" href=\"https:\/\/agenda.poscosecha.com\/en\/eventos\/summer-school-greenhouse-horticulture\/\"><h4 class=\"mec-event-title\">Summer School Greenhouse Horticulture<\/h4><\/a><\/div><div class=\"tooltip_templates event-single-content-simple\">\r\n                        <div id=\"mec-tooltip-70751788163200-20260831\">\r\n                            <div class=\"mec-tooltip-event-title\">Summer School Greenhouse Horticulture<\/div><div class=\"mec-tooltip-event-time\"><i class=\"mec-sl-clock-o\"><\/i> All Day<\/div><div class=\"mec-event-detail\">\r\n                        \r\n                    <\/div><div class=\"mec-tooltip-event-content\"><div class=\"mec-tooltip-event-featured\"><img loading=\"lazy\" decoding=\"async\" width=\"150\" height=\"150\" src=\"https:\/\/agenda.poscosecha.com\/wp-content\/uploads\/2026\/03\/foto-SS-Greenhouse-2023-150x150.jpg\" class=\"attachment-thumbnail size-thumbnail wp-post-image\" alt=\"\" data-mec-postid=\"7075\" \/><\/div><div class=\"mec-tooltip-event-desc\">Esta excelente e intensiva Escuela de Verano est\u00e1 dirigida a profesionales, estudiantes de doctorado, postdoctorados y j\u00f3venes cient\u00edficos que trabajan en el sector y provienen de todo el mundo. Se ha prestado especial atenci\u00f3n al desarrollo de un programa que tambi\u00e9n se relaciona con el cultivo protegido, utilizando m , ...<\/div><\/div><span class=\"mec-wrap\"><span id=\"mec_skin_events_mec1_monthly_simple_7075\"><\/span><\/span>\r\n                        <\/div>\r\n                    <\/div><\/dt><dt class=\"mec-calendar-day \" data-mec-cell=\"20260901\" data-day=\"1\" data-month=\"202609\"><div class=\"\">1<\/div><div class=\"ended-relative simple-skin-ended\"><a class=\"mec-monthly-tooltip event-single-link-simple\" data-tooltip-content=\"#mec-tooltip-70751788249600-20260901\" data-event-id=\"7075\" href=\"https:\/\/agenda.poscosecha.com\/en\/eventos\/summer-school-greenhouse-horticulture\/\"><h4 class=\"mec-event-title\">Summer School Greenhouse Horticulture<\/h4><\/a><\/div><div class=\"tooltip_templates event-single-content-simple\">\r\n                        <div id=\"mec-tooltip-70751788249600-20260901\">\r\n                            <div class=\"mec-tooltip-event-title\">Summer School Greenhouse Horticulture<\/div><div class=\"mec-tooltip-event-time\"><i class=\"mec-sl-clock-o\"><\/i> All Day<\/div><div class=\"mec-event-detail\">\r\n                        \r\n                    <\/div><div class=\"mec-tooltip-event-content\"><div class=\"mec-tooltip-event-featured\"><img loading=\"lazy\" decoding=\"async\" width=\"150\" height=\"150\" src=\"https:\/\/agenda.poscosecha.com\/wp-content\/uploads\/2026\/03\/foto-SS-Greenhouse-2023-150x150.jpg\" class=\"attachment-thumbnail size-thumbnail wp-post-image\" alt=\"\" data-mec-postid=\"7075\" \/><\/div><div class=\"mec-tooltip-event-desc\">Esta excelente e intensiva Escuela de Verano est\u00e1 dirigida a profesionales, estudiantes de doctorado, postdoctorados y j\u00f3venes cient\u00edficos que trabajan en el sector y provienen de todo el mundo. Se ha prestado especial atenci\u00f3n al desarrollo de un programa que tambi\u00e9n se relaciona con el cultivo protegido, utilizando m , ...<\/div><\/div><span class=\"mec-wrap\"><span id=\"mec_skin_events_mec1_monthly_simple_7075\"><\/span><\/span>\r\n                        <\/div>\r\n                    <\/div><\/dt><dt class=\"mec-calendar-day \" data-mec-cell=\"20260902\" data-day=\"2\" data-month=\"202609\"><div class=\"\">2<\/div><div class=\"ended-relative simple-skin-ended\"><a class=\"mec-monthly-tooltip event-single-link-simple\" data-tooltip-content=\"#mec-tooltip-70751788336000-20260902\" data-event-id=\"7075\" href=\"https:\/\/agenda.poscosecha.com\/en\/eventos\/summer-school-greenhouse-horticulture\/\"><h4 class=\"mec-event-title\">Summer School Greenhouse Horticulture<\/h4><\/a><\/div><div class=\"tooltip_templates event-single-content-simple\">\r\n                        <div id=\"mec-tooltip-70751788336000-20260902\">\r\n                            <div class=\"mec-tooltip-event-title\">Summer School Greenhouse Horticulture<\/div><div class=\"mec-tooltip-event-time\"><i class=\"mec-sl-clock-o\"><\/i> All Day<\/div><div class=\"mec-event-detail\">\r\n                        \r\n                    <\/div><div class=\"mec-tooltip-event-content\"><div class=\"mec-tooltip-event-featured\"><img loading=\"lazy\" decoding=\"async\" width=\"150\" height=\"150\" src=\"https:\/\/agenda.poscosecha.com\/wp-content\/uploads\/2026\/03\/foto-SS-Greenhouse-2023-150x150.jpg\" class=\"attachment-thumbnail size-thumbnail wp-post-image\" alt=\"\" data-mec-postid=\"7075\" \/><\/div><div class=\"mec-tooltip-event-desc\">Esta excelente e intensiva Escuela de Verano est\u00e1 dirigida a profesionales, estudiantes de doctorado, postdoctorados y j\u00f3venes cient\u00edficos que trabajan en el sector y provienen de todo el mundo. Se ha prestado especial atenci\u00f3n al desarrollo de un programa que tambi\u00e9n se relaciona con el cultivo protegido, utilizando m , ...<\/div><\/div><span class=\"mec-wrap\"><span id=\"mec_skin_events_mec1_monthly_simple_7075\"><\/span><\/span>\r\n                        <\/div>\r\n                    <\/div><\/dt><dt class=\"mec-calendar-day \" data-mec-cell=\"20260903\" data-day=\"3\" data-month=\"202609\"><div class=\"\">3<\/div><div class=\"ended-relative simple-skin-ended\"><a class=\"mec-monthly-tooltip event-single-link-simple\" data-tooltip-content=\"#mec-tooltip-70751788422400-20260903\" data-event-id=\"7075\" href=\"https:\/\/agenda.poscosecha.com\/en\/eventos\/summer-school-greenhouse-horticulture\/\"><h4 class=\"mec-event-title\">Summer School Greenhouse Horticulture<\/h4><\/a><\/div><div class=\"tooltip_templates event-single-content-simple\">\r\n                        <div id=\"mec-tooltip-70751788422400-20260903\">\r\n                            <div class=\"mec-tooltip-event-title\">Summer School Greenhouse Horticulture<\/div><div class=\"mec-tooltip-event-time\"><i class=\"mec-sl-clock-o\"><\/i> All Day<\/div><div class=\"mec-event-detail\">\r\n                        \r\n                    <\/div><div class=\"mec-tooltip-event-content\"><div class=\"mec-tooltip-event-featured\"><img loading=\"lazy\" decoding=\"async\" width=\"150\" height=\"150\" src=\"https:\/\/agenda.poscosecha.com\/wp-content\/uploads\/2026\/03\/foto-SS-Greenhouse-2023-150x150.jpg\" class=\"attachment-thumbnail size-thumbnail wp-post-image\" alt=\"\" data-mec-postid=\"7075\" \/><\/div><div class=\"mec-tooltip-event-desc\">Esta excelente e intensiva Escuela de Verano est\u00e1 dirigida a profesionales, estudiantes de doctorado, postdoctorados y j\u00f3venes cient\u00edficos que trabajan en el sector y provienen de todo el mundo. Se ha prestado especial atenci\u00f3n al desarrollo de un programa que tambi\u00e9n se relaciona con el cultivo protegido, utilizando m , ...<\/div><\/div><span class=\"mec-wrap\"><span id=\"mec_skin_events_mec1_monthly_simple_7075\"><\/span><\/span>\r\n                        <\/div>\r\n                    <\/div><\/dt><dt class=\"mec-calendar-day \" data-mec-cell=\"20260904\" data-day=\"4\" data-month=\"202609\"><div class=\"\">4<\/div><div class=\"ended-relative simple-skin-ended\"><a class=\"mec-monthly-tooltip event-single-link-simple\" data-tooltip-content=\"#mec-tooltip-70751788508800-20260904\" data-event-id=\"7075\" href=\"https:\/\/agenda.poscosecha.com\/en\/eventos\/summer-school-greenhouse-horticulture\/\"><h4 class=\"mec-event-title\">Summer School Greenhouse Horticulture<\/h4><\/a><\/div><div class=\"tooltip_templates event-single-content-simple\">\r\n                        <div id=\"mec-tooltip-70751788508800-20260904\">\r\n                            <div class=\"mec-tooltip-event-title\">Summer School Greenhouse Horticulture<\/div><div class=\"mec-tooltip-event-time\"><i class=\"mec-sl-clock-o\"><\/i> All Day<\/div><div class=\"mec-event-detail\">\r\n                        \r\n                    <\/div><div class=\"mec-tooltip-event-content\"><div class=\"mec-tooltip-event-featured\"><img loading=\"lazy\" decoding=\"async\" width=\"150\" height=\"150\" src=\"https:\/\/agenda.poscosecha.com\/wp-content\/uploads\/2026\/03\/foto-SS-Greenhouse-2023-150x150.jpg\" class=\"attachment-thumbnail size-thumbnail wp-post-image\" alt=\"\" data-mec-postid=\"7075\" \/><\/div><div class=\"mec-tooltip-event-desc\">Esta excelente e intensiva Escuela de Verano est\u00e1 dirigida a profesionales, estudiantes de doctorado, postdoctorados y j\u00f3venes cient\u00edficos que trabajan en el sector y provienen de todo el mundo. Se ha prestado especial atenci\u00f3n al desarrollo de un programa que tambi\u00e9n se relaciona con el cultivo protegido, utilizando m , ...<\/div><\/div><span class=\"mec-wrap\"><span id=\"mec_skin_events_mec1_monthly_simple_7075\"><\/span><\/span>\r\n                        <\/div>\r\n                    <\/div><\/dt><dt class=\"mec-calendar-day \" data-mec-cell=\"20260905\" data-day=\"5\" data-month=\"202609\"><div class=\"\">5<\/div><div class=\"ended-relative simple-skin-ended\"><a class=\"mec-monthly-tooltip event-single-link-simple\" data-tooltip-content=\"#mec-tooltip-70751788595200-20260905\" data-event-id=\"7075\" href=\"https:\/\/agenda.poscosecha.com\/en\/eventos\/summer-school-greenhouse-horticulture\/\"><h4 class=\"mec-event-title\">Summer School Greenhouse Horticulture<\/h4><\/a><\/div><div class=\"tooltip_templates event-single-content-simple\">\r\n                        <div id=\"mec-tooltip-70751788595200-20260905\">\r\n                            <div class=\"mec-tooltip-event-title\">Summer School Greenhouse Horticulture<\/div><div class=\"mec-tooltip-event-time\"><i class=\"mec-sl-clock-o\"><\/i> All Day<\/div><div class=\"mec-event-detail\">\r\n                        \r\n                    <\/div><div class=\"mec-tooltip-event-content\"><div class=\"mec-tooltip-event-featured\"><img loading=\"lazy\" decoding=\"async\" width=\"150\" height=\"150\" src=\"https:\/\/agenda.poscosecha.com\/wp-content\/uploads\/2026\/03\/foto-SS-Greenhouse-2023-150x150.jpg\" class=\"attachment-thumbnail size-thumbnail wp-post-image\" alt=\"\" data-mec-postid=\"7075\" \/><\/div><div class=\"mec-tooltip-event-desc\">Esta excelente e intensiva Escuela de Verano est\u00e1 dirigida a profesionales, estudiantes de doctorado, postdoctorados y j\u00f3venes cient\u00edficos que trabajan en el sector y provienen de todo el mundo. Se ha prestado especial atenci\u00f3n al desarrollo de un programa que tambi\u00e9n se relaciona con el cultivo protegido, utilizando m , ...<\/div><\/div><span class=\"mec-wrap\"><span id=\"mec_skin_events_mec1_monthly_simple_7075\"><\/span><\/span>\r\n                        <\/div>\r\n                    <\/div><\/dt><dt class=\"mec-calendar-day  mec-selected-day\" data-mec-cell=\"20260906\" data-day=\"6\" data-month=\"202609\"><div class=\"mec-color\">6<\/div><div class=\"ended-relative simple-skin-ended\"><a class=\"mec-monthly-tooltip event-single-link-simple\" data-tooltip-content=\"#mec-tooltip-70751788681600-20260906\" data-event-id=\"7075\" href=\"https:\/\/agenda.poscosecha.com\/en\/eventos\/summer-school-greenhouse-horticulture\/\"><h4 class=\"mec-event-title\">Summer School Greenhouse Horticulture<\/h4><\/a><\/div><div class=\"tooltip_templates event-single-content-simple\">\r\n                        <div id=\"mec-tooltip-70751788681600-20260906\">\r\n                            <div class=\"mec-tooltip-event-title\">Summer School Greenhouse Horticulture<\/div><div class=\"mec-tooltip-event-time\"><i class=\"mec-sl-clock-o\"><\/i> All Day<\/div><div class=\"mec-event-detail\">\r\n                        \r\n                    <\/div><div class=\"mec-tooltip-event-content\"><div class=\"mec-tooltip-event-featured\"><img loading=\"lazy\" decoding=\"async\" width=\"150\" height=\"150\" src=\"https:\/\/agenda.poscosecha.com\/wp-content\/uploads\/2026\/03\/foto-SS-Greenhouse-2023-150x150.jpg\" class=\"attachment-thumbnail size-thumbnail wp-post-image\" alt=\"\" data-mec-postid=\"7075\" \/><\/div><div class=\"mec-tooltip-event-desc\">Esta excelente e intensiva Escuela de Verano est\u00e1 dirigida a profesionales, estudiantes de doctorado, postdoctorados y j\u00f3venes cient\u00edficos que trabajan en el sector y provienen de todo el mundo. Se ha prestado especial atenci\u00f3n al desarrollo de un programa que tambi\u00e9n se relaciona con el cultivo protegido, utilizando m , ...<\/div><\/div><span class=\"mec-wrap\"><span id=\"mec_skin_events_mec1_monthly_simple_7075\"><\/span><\/span>\r\n                        <\/div>\r\n                    <\/div><\/dt><\/dl><dl class=\"mec-calendar-row\"><dt class=\"mec-calendar-day \" data-mec-cell=\"20260907\" data-day=\"7\" data-month=\"202609\"><div class=\"\">7<\/div><div class=\"ended-relative simple-skin-ended\"><a class=\"mec-monthly-tooltip event-single-link-simple\" data-tooltip-content=\"#mec-tooltip-70751788768000-20260907\" data-event-id=\"7075\" href=\"https:\/\/agenda.poscosecha.com\/en\/eventos\/summer-school-greenhouse-horticulture\/\"><h4 class=\"mec-event-title\">Summer School Greenhouse Horticulture<\/h4><\/a><\/div><div class=\"tooltip_templates event-single-content-simple\">\r\n                        <div id=\"mec-tooltip-70751788768000-20260907\">\r\n                            <div class=\"mec-tooltip-event-title\">Summer School Greenhouse Horticulture<\/div><div class=\"mec-tooltip-event-time\"><i class=\"mec-sl-clock-o\"><\/i> All Day<\/div><div class=\"mec-event-detail\">\r\n                        \r\n                    <\/div><div class=\"mec-tooltip-event-content\"><div class=\"mec-tooltip-event-featured\"><img loading=\"lazy\" decoding=\"async\" width=\"150\" height=\"150\" src=\"https:\/\/agenda.poscosecha.com\/wp-content\/uploads\/2026\/03\/foto-SS-Greenhouse-2023-150x150.jpg\" class=\"attachment-thumbnail size-thumbnail wp-post-image\" alt=\"\" data-mec-postid=\"7075\" \/><\/div><div class=\"mec-tooltip-event-desc\">Esta excelente e intensiva Escuela de Verano est\u00e1 dirigida a profesionales, estudiantes de doctorado, postdoctorados y j\u00f3venes cient\u00edficos que trabajan en el sector y provienen de todo el mundo. Se ha prestado especial atenci\u00f3n al desarrollo de un programa que tambi\u00e9n se relaciona con el cultivo protegido, utilizando m , ...<\/div><\/div><span class=\"mec-wrap\"><span id=\"mec_skin_events_mec1_monthly_simple_7075\"><\/span><\/span>\r\n                        <\/div>\r\n                    <\/div><\/dt><dt class=\"mec-calendar-day \" data-mec-cell=\"20260908\" data-day=\"8\" data-month=\"202609\"><div class=\"\">8<\/div><div class=\"ended-relative simple-skin-ended\"><a class=\"mec-monthly-tooltip event-single-link-simple\" data-tooltip-content=\"#mec-tooltip-70751788854400-20260908\" data-event-id=\"7075\" href=\"https:\/\/agenda.poscosecha.com\/en\/eventos\/summer-school-greenhouse-horticulture\/\"><h4 class=\"mec-event-title\">Summer School Greenhouse Horticulture<\/h4><\/a><\/div><div class=\"tooltip_templates event-single-content-simple\">\r\n                        <div id=\"mec-tooltip-70751788854400-20260908\">\r\n                            <div class=\"mec-tooltip-event-title\">Summer School Greenhouse Horticulture<\/div><div class=\"mec-tooltip-event-time\"><i class=\"mec-sl-clock-o\"><\/i> All Day<\/div><div class=\"mec-event-detail\">\r\n                        \r\n                    <\/div><div class=\"mec-tooltip-event-content\"><div class=\"mec-tooltip-event-featured\"><img loading=\"lazy\" decoding=\"async\" width=\"150\" height=\"150\" src=\"https:\/\/agenda.poscosecha.com\/wp-content\/uploads\/2026\/03\/foto-SS-Greenhouse-2023-150x150.jpg\" class=\"attachment-thumbnail size-thumbnail wp-post-image\" alt=\"\" data-mec-postid=\"7075\" \/><\/div><div class=\"mec-tooltip-event-desc\">Esta excelente e intensiva Escuela de Verano est\u00e1 dirigida a profesionales, estudiantes de doctorado, postdoctorados y j\u00f3venes cient\u00edficos que trabajan en el sector y provienen de todo el mundo. Se ha prestado especial atenci\u00f3n al desarrollo de un programa que tambi\u00e9n se relaciona con el cultivo protegido, utilizando m , ...<\/div><\/div><span class=\"mec-wrap\"><span id=\"mec_skin_events_mec1_monthly_simple_7075\"><\/span><\/span>\r\n                        <\/div>\r\n                    <\/div><\/dt><dt class=\"mec-calendar-day \" data-mec-cell=\"20260909\" data-day=\"9\" data-month=\"202609\"><div class=\"\">9<\/div><div class=\"ended-relative simple-skin-ended\"><a class=\"mec-monthly-tooltip event-single-link-simple\" data-tooltip-content=\"#mec-tooltip-55971788940800-20260909\" data-event-id=\"5597\" href=\"https:\/\/www.elintarviketeollisuus.fi\/en\/news\/empack-food-and-drink-industry-and-logistics-together-in-tampere-in-2020\/\"><h4 class=\"mec-event-title\">Elintarvike &#8211; Teollisuus 2026<\/h4><\/a><\/div><div class=\"tooltip_templates event-single-content-simple\">\r\n                        <div id=\"mec-tooltip-55971788940800-20260909\">\r\n                            <div class=\"mec-tooltip-event-title\">Elintarvike &#8211; Teollisuus 2026<\/div><div class=\"mec-tooltip-event-time\"><i class=\"mec-sl-clock-o\"><\/i> All Day<\/div><div class=\"mec-event-detail\">\r\n                        \r\n                    <\/div><div class=\"mec-tooltip-event-content\"><div class=\"mec-tooltip-event-featured\"><img loading=\"lazy\" decoding=\"async\" width=\"150\" height=\"150\" src=\"https:\/\/agenda.poscosecha.com\/wp-content\/uploads\/2024\/07\/Tempere-Finlandia-150x150.jpg\" class=\"attachment-thumbnail size-thumbnail wp-post-image\" alt=\"\" data-mec-postid=\"5597\" \/><\/div><div class=\"mec-tooltip-event-desc\">#Elintarviketeollisuus\r\nEmpack en Tampere, Finlandia\r\nEl evento internacional ofrece una visi\u00f3n amplia de la evoluci\u00f3n y los temas de actualidad en el sector de la alimentaci\u00f3n y el embalaje y presenta productos, servicios y nuevas innovaciones. Ambos sectores experimentar\u00e1n varias reformas este a\u00f1o y en el futuro pr\u00f3x , ...<\/div><\/div><span class=\"mec-wrap\"><span id=\"mec_skin_events_mec1_monthly_simple_5597\"><\/span><\/span>\r\n                        <\/div>\r\n                    <\/div><div class=\"ended-relative simple-skin-ended\"><a class=\"mec-monthly-tooltip event-single-link-simple\" data-tooltip-content=\"#mec-tooltip-58111788940800-20260909\" data-event-id=\"5811\" href=\"https:\/\/agenda.poscosecha.com\/en\/eventos\/oxygen-and-nitrogen-species-in-plants\/\"><h4 class=\"mec-event-title\">16th International Conference on Reactive Oxygen and Nitrogen Species in Plants<\/h4><\/a><\/div><div class=\"tooltip_templates event-single-content-simple\">\r\n                        <div id=\"mec-tooltip-58111788940800-20260909\">\r\n                            <div class=\"mec-tooltip-event-title\">16th International Conference on Reactive Oxygen and Nitrogen Species in Plants<\/div><div class=\"mec-tooltip-event-time\"><i class=\"mec-sl-clock-o\"><\/i> All Day<\/div><div class=\"mec-event-detail\">\r\n                        \r\n                    <\/div><div class=\"mec-tooltip-event-content\"><div class=\"mec-tooltip-event-featured\"><img loading=\"lazy\" decoding=\"async\" width=\"150\" height=\"150\" src=\"https:\/\/agenda.poscosecha.com\/wp-content\/uploads\/2024\/10\/Conference-Olant-Oxygen-2-150x150.jpg\" class=\"attachment-thumbnail size-thumbnail wp-post-image\" alt=\"\" data-mec-postid=\"5811\" \/><\/div><div class=\"mec-tooltip-event-desc\">Granada, Espa\u00f1a\r\n\r\nEsta conferencia tiene como objetivo compartir en un ambiente informal y amistoso los \u00faltimos avances en el campo de la biolog\u00eda redox, incluyendo la se\u00f1alizaci\u00f3n vegetal, el metabolismo celular, el crecimiento y desarrollo de las plantas, los efectos del estr\u00e9s abi\u00f3tico y bi\u00f3tico y la defensa antiox , ...<\/div><\/div><span class=\"mec-wrap\"><span id=\"mec_skin_events_mec1_monthly_simple_5811\"><\/span><\/span>\r\n                        <\/div>\r\n                    <\/div><div class=\"ended-relative simple-skin-ended\"><a class=\"mec-monthly-tooltip event-single-link-simple\" data-tooltip-content=\"#mec-tooltip-70751788940800-20260909\" data-event-id=\"7075\" href=\"https:\/\/agenda.poscosecha.com\/en\/eventos\/summer-school-greenhouse-horticulture\/\"><h4 class=\"mec-event-title\">Summer School Greenhouse Horticulture<\/h4><\/a><\/div><div class=\"tooltip_templates event-single-content-simple\">\r\n                        <div id=\"mec-tooltip-70751788940800-20260909\">\r\n                            <div class=\"mec-tooltip-event-title\">Summer School Greenhouse Horticulture<\/div><div class=\"mec-tooltip-event-time\"><i class=\"mec-sl-clock-o\"><\/i> All Day<\/div><div class=\"mec-event-detail\">\r\n                        \r\n                    <\/div><div class=\"mec-tooltip-event-content\"><div class=\"mec-tooltip-event-featured\"><img loading=\"lazy\" decoding=\"async\" width=\"150\" height=\"150\" src=\"https:\/\/agenda.poscosecha.com\/wp-content\/uploads\/2026\/03\/foto-SS-Greenhouse-2023-150x150.jpg\" class=\"attachment-thumbnail size-thumbnail wp-post-image\" alt=\"\" data-mec-postid=\"7075\" \/><\/div><div class=\"mec-tooltip-event-desc\">Esta excelente e intensiva Escuela de Verano est\u00e1 dirigida a profesionales, estudiantes de doctorado, postdoctorados y j\u00f3venes cient\u00edficos que trabajan en el sector y provienen de todo el mundo. Se ha prestado especial atenci\u00f3n al desarrollo de un programa que tambi\u00e9n se relaciona con el cultivo protegido, utilizando m , ...<\/div><\/div><span class=\"mec-wrap\"><span id=\"mec_skin_events_mec1_monthly_simple_7075\"><\/span><\/span>\r\n                        <\/div>\r\n                    <\/div><\/dt><dt class=\"mec-calendar-day \" data-mec-cell=\"20260910\" data-day=\"10\" data-month=\"202609\"><div class=\"\">10<\/div><div class=\"ended-relative simple-skin-ended\"><a class=\"mec-monthly-tooltip event-single-link-simple\" data-tooltip-content=\"#mec-tooltip-55971789027200-20260910\" data-event-id=\"5597\" href=\"https:\/\/www.elintarviketeollisuus.fi\/en\/news\/empack-food-and-drink-industry-and-logistics-together-in-tampere-in-2020\/\"><h4 class=\"mec-event-title\">Elintarvike &#8211; Teollisuus 2026<\/h4><\/a><\/div><div class=\"tooltip_templates event-single-content-simple\">\r\n                        <div id=\"mec-tooltip-55971789027200-20260910\">\r\n                            <div class=\"mec-tooltip-event-title\">Elintarvike &#8211; Teollisuus 2026<\/div><div class=\"mec-tooltip-event-time\"><i class=\"mec-sl-clock-o\"><\/i> All Day<\/div><div class=\"mec-event-detail\">\r\n                        \r\n                    <\/div><div class=\"mec-tooltip-event-content\"><div class=\"mec-tooltip-event-featured\"><img loading=\"lazy\" decoding=\"async\" width=\"150\" height=\"150\" src=\"https:\/\/agenda.poscosecha.com\/wp-content\/uploads\/2024\/07\/Tempere-Finlandia-150x150.jpg\" class=\"attachment-thumbnail size-thumbnail wp-post-image\" alt=\"\" data-mec-postid=\"5597\" \/><\/div><div class=\"mec-tooltip-event-desc\">#Elintarviketeollisuus\r\nEmpack en Tampere, Finlandia\r\nEl evento internacional ofrece una visi\u00f3n amplia de la evoluci\u00f3n y los temas de actualidad en el sector de la alimentaci\u00f3n y el embalaje y presenta productos, servicios y nuevas innovaciones. Ambos sectores experimentar\u00e1n varias reformas este a\u00f1o y en el futuro pr\u00f3x , ...<\/div><\/div><span class=\"mec-wrap\"><span id=\"mec_skin_events_mec1_monthly_simple_5597\"><\/span><\/span>\r\n                        <\/div>\r\n                    <\/div><div class=\"ended-relative simple-skin-ended\"><a class=\"mec-monthly-tooltip event-single-link-simple\" data-tooltip-content=\"#mec-tooltip-58111789027200-20260910\" data-event-id=\"5811\" href=\"https:\/\/agenda.poscosecha.com\/en\/eventos\/oxygen-and-nitrogen-species-in-plants\/\"><h4 class=\"mec-event-title\">16th International Conference on Reactive Oxygen and Nitrogen Species in Plants<\/h4><\/a><\/div><div class=\"tooltip_templates event-single-content-simple\">\r\n                        <div id=\"mec-tooltip-58111789027200-20260910\">\r\n                            <div class=\"mec-tooltip-event-title\">16th International Conference on Reactive Oxygen and Nitrogen Species in Plants<\/div><div class=\"mec-tooltip-event-time\"><i class=\"mec-sl-clock-o\"><\/i> All Day<\/div><div class=\"mec-event-detail\">\r\n                        \r\n                    <\/div><div class=\"mec-tooltip-event-content\"><div class=\"mec-tooltip-event-featured\"><img loading=\"lazy\" decoding=\"async\" width=\"150\" height=\"150\" src=\"https:\/\/agenda.poscosecha.com\/wp-content\/uploads\/2024\/10\/Conference-Olant-Oxygen-2-150x150.jpg\" class=\"attachment-thumbnail size-thumbnail wp-post-image\" alt=\"\" data-mec-postid=\"5811\" \/><\/div><div class=\"mec-tooltip-event-desc\">Granada, Espa\u00f1a\r\n\r\nEsta conferencia tiene como objetivo compartir en un ambiente informal y amistoso los \u00faltimos avances en el campo de la biolog\u00eda redox, incluyendo la se\u00f1alizaci\u00f3n vegetal, el metabolismo celular, el crecimiento y desarrollo de las plantas, los efectos del estr\u00e9s abi\u00f3tico y bi\u00f3tico y la defensa antiox , ...<\/div><\/div><span class=\"mec-wrap\"><span id=\"mec_skin_events_mec1_monthly_simple_5811\"><\/span><\/span>\r\n                        <\/div>\r\n                    <\/div><div class=\"ended-relative simple-skin-ended\"><a class=\"mec-monthly-tooltip event-single-link-simple\" data-tooltip-content=\"#mec-tooltip-70751789027200-20260910\" data-event-id=\"7075\" href=\"https:\/\/agenda.poscosecha.com\/en\/eventos\/summer-school-greenhouse-horticulture\/\"><h4 class=\"mec-event-title\">Summer School Greenhouse Horticulture<\/h4><\/a><\/div><div class=\"tooltip_templates event-single-content-simple\">\r\n                        <div id=\"mec-tooltip-70751789027200-20260910\">\r\n                            <div class=\"mec-tooltip-event-title\">Summer School Greenhouse Horticulture<\/div><div class=\"mec-tooltip-event-time\"><i class=\"mec-sl-clock-o\"><\/i> All Day<\/div><div class=\"mec-event-detail\">\r\n                        \r\n                    <\/div><div class=\"mec-tooltip-event-content\"><div class=\"mec-tooltip-event-featured\"><img loading=\"lazy\" decoding=\"async\" width=\"150\" height=\"150\" src=\"https:\/\/agenda.poscosecha.com\/wp-content\/uploads\/2026\/03\/foto-SS-Greenhouse-2023-150x150.jpg\" class=\"attachment-thumbnail size-thumbnail wp-post-image\" alt=\"\" data-mec-postid=\"7075\" \/><\/div><div class=\"mec-tooltip-event-desc\">Esta excelente e intensiva Escuela de Verano est\u00e1 dirigida a profesionales, estudiantes de doctorado, postdoctorados y j\u00f3venes cient\u00edficos que trabajan en el sector y provienen de todo el mundo. Se ha prestado especial atenci\u00f3n al desarrollo de un programa que tambi\u00e9n se relaciona con el cultivo protegido, utilizando m , ...<\/div><\/div><span class=\"mec-wrap\"><span id=\"mec_skin_events_mec1_monthly_simple_7075\"><\/span><\/span>\r\n                        <\/div>\r\n                    <\/div><div class=\"ended-relative simple-skin-ended\"><a class=\"mec-monthly-tooltip event-single-link-simple\" data-tooltip-content=\"#mec-tooltip-72701789027200-20260910\" data-event-id=\"7270\" href=\"https:\/\/agenda.poscosecha.com\/en\/eventos\/aguacate-congreso-garanada\/\"><h4 class=\"mec-event-title\">I Congreso del Aguacate<\/h4><\/a><\/div><div class=\"tooltip_templates event-single-content-simple\">\r\n                        <div id=\"mec-tooltip-72701789027200-20260910\">\r\n                            <div class=\"mec-tooltip-event-title\">I Congreso del Aguacate<\/div><div class=\"mec-tooltip-event-time\"><i class=\"mec-sl-clock-o\"><\/i> All Day<\/div><div class=\"mec-event-detail\">\r\n                        \r\n                    <\/div><div class=\"mec-tooltip-event-content\"><div class=\"mec-tooltip-event-featured\"><img loading=\"lazy\" decoding=\"async\" width=\"150\" height=\"150\" src=\"https:\/\/agenda.poscosecha.com\/wp-content\/uploads\/2026\/06\/Congreso-Aguacate-150x150.jpg\" class=\"attachment-thumbnail size-thumbnail wp-post-image\" alt=\"\" data-mec-postid=\"7270\" \/><\/div><div class=\"mec-tooltip-event-desc\">Una cita para reunir a investigadores, t\u00e9cnicos, productores, empresas y profesionales para analizar los principales desaf\u00edos y oportunidades del sector del aguacate.\r\n\r\nUna jornada centrada en la transferencia de conocimiento, la innovaci\u00f3n, la sostenibilidad y el futuro de una fruta con gran demanda\r\n\r\nEvento anual e , ...<\/div><\/div><span class=\"mec-wrap\"><span id=\"mec_skin_events_mec1_monthly_simple_7270\"><\/span><\/span>\r\n                        <\/div>\r\n                    <\/div><\/dt><dt class=\"mec-calendar-day \" data-mec-cell=\"20260911\" data-day=\"11\" data-month=\"202609\"><div class=\"\">11<\/div><div class=\"ended-relative simple-skin-ended\"><a class=\"mec-monthly-tooltip event-single-link-simple\" data-tooltip-content=\"#mec-tooltip-70751789113600-20260911\" data-event-id=\"7075\" href=\"https:\/\/agenda.poscosecha.com\/en\/eventos\/summer-school-greenhouse-horticulture\/\"><h4 class=\"mec-event-title\">Summer School Greenhouse Horticulture<\/h4><\/a><\/div><div class=\"tooltip_templates event-single-content-simple\">\r\n                        <div id=\"mec-tooltip-70751789113600-20260911\">\r\n                            <div class=\"mec-tooltip-event-title\">Summer School Greenhouse Horticulture<\/div><div class=\"mec-tooltip-event-time\"><i class=\"mec-sl-clock-o\"><\/i> All Day<\/div><div class=\"mec-event-detail\">\r\n                        \r\n                    <\/div><div class=\"mec-tooltip-event-content\"><div class=\"mec-tooltip-event-featured\"><img loading=\"lazy\" decoding=\"async\" width=\"150\" height=\"150\" src=\"https:\/\/agenda.poscosecha.com\/wp-content\/uploads\/2026\/03\/foto-SS-Greenhouse-2023-150x150.jpg\" class=\"attachment-thumbnail size-thumbnail wp-post-image\" alt=\"\" data-mec-postid=\"7075\" \/><\/div><div class=\"mec-tooltip-event-desc\">Esta excelente e intensiva Escuela de Verano est\u00e1 dirigida a profesionales, estudiantes de doctorado, postdoctorados y j\u00f3venes cient\u00edficos que trabajan en el sector y provienen de todo el mundo. Se ha prestado especial atenci\u00f3n al desarrollo de un programa que tambi\u00e9n se relaciona con el cultivo protegido, utilizando m , ...<\/div><\/div><span class=\"mec-wrap\"><span id=\"mec_skin_events_mec1_monthly_simple_7075\"><\/span><\/span>\r\n                        <\/div>\r\n                    <\/div><\/dt><dt class=\"mec-calendar-day \" data-mec-cell=\"20260912\" data-day=\"12\" data-month=\"202609\">12<\/dt><\/dt><dt class=\"mec-calendar-day \" data-mec-cell=\"20260913\" data-day=\"13\" data-month=\"202609\">13<\/dt><\/dt><\/dl><dl class=\"mec-calendar-row\"><dt class=\"mec-calendar-day \" data-mec-cell=\"20260914\" data-day=\"14\" data-month=\"202609\"><div class=\"\">14<\/div><div class=\"ended-relative simple-skin-ended\"><a class=\"mec-monthly-tooltip event-single-link-simple\" data-tooltip-content=\"#mec-tooltip-55441789372800-20260914\" data-event-id=\"5544\" href=\"https:\/\/www.autenticafoodfest.com\/\"><h4 class=\"mec-event-title\">AUT\u00c9NTICA, Premium Food Fest<\/h4><\/a><\/div><div class=\"tooltip_templates event-single-content-simple\">\r\n                        <div id=\"mec-tooltip-55441789372800-20260914\">\r\n                            <div class=\"mec-tooltip-event-title\">AUT\u00c9NTICA, Premium Food Fest<\/div><div class=\"mec-tooltip-event-time\"><i class=\"mec-sl-clock-o\"><\/i> All Day<\/div><div class=\"mec-event-detail\">\r\n                        \r\n                    <\/div><div class=\"mec-tooltip-event-content\"><div class=\"mec-tooltip-event-featured\"><img loading=\"lazy\" decoding=\"async\" width=\"150\" height=\"150\" src=\"https:\/\/agenda.poscosecha.com\/wp-content\/uploads\/2024\/07\/Autentica-2026-150x150.jpg\" class=\"attachment-thumbnail size-thumbnail wp-post-image\" alt=\"\" data-mec-postid=\"5544\" \/><\/div><div class=\"mec-tooltip-event-desc\">AUT\u00c9NTICA 2026\u00a0es la plataforma de negocios de la industria alimentaria para el sector retail y de la gran distribuci\u00f3n que reunir\u00e1 el 15 y 16 de septiembre a\u00a0 7.000 directivos de la gran distribuci\u00f3n, retail, tiendas especializadas, alta gastronom\u00eda y hosteler\u00eda.\r\n\r\nOrigen, producto de calidad, salud, sostenibilidad\u00a0s , ...<\/div><\/div><span class=\"mec-wrap\"><span id=\"mec_skin_events_mec1_monthly_simple_5544\"><\/span><\/span>\r\n                        <\/div>\r\n                    <\/div><\/dt><dt class=\"mec-calendar-day \" data-mec-cell=\"20260915\" data-day=\"15\" data-month=\"202609\"><div class=\"\">15<\/div><div class=\"ended-relative simple-skin-ended\"><a class=\"mec-monthly-tooltip event-single-link-simple\" data-tooltip-content=\"#mec-tooltip-29091789430400-20260915\" data-event-id=\"2909\" href=\"https:\/\/agenda.poscosecha.com\/en\/eventos\/salon-du-vegetal-2\/\"><h4 class=\"mec-event-title\">Salon du Vegetal<\/h4><\/a><\/div><div class=\"tooltip_templates event-single-content-simple\">\r\n                        <div id=\"mec-tooltip-29091789430400-20260915\">\r\n                            <div class=\"mec-tooltip-event-title\">Salon du Vegetal<\/div><div class=\"mec-tooltip-event-time\"><i class=\"mec-sl-clock-o\"><\/i> 00:00 - 00:00<\/div><div class=\"mec-event-detail\">\r\n                        \r\n                    <\/div><div class=\"mec-tooltip-event-content\"><div class=\"mec-tooltip-event-featured\"><img loading=\"lazy\" decoding=\"async\" width=\"150\" height=\"150\" src=\"https:\/\/agenda.poscosecha.com\/wp-content\/uploads\/2023\/05\/Salon-Vegetal-Amgers-2-150x150.jpg\" class=\"attachment-thumbnail size-thumbnail wp-post-image\" alt=\"\" data-mec-postid=\"2909\" \/><\/div><div class=\"mec-tooltip-event-desc\">Le Salon du V\u00e9g\u00e9tal \u00e0 Angers, est un \u00e9v\u00e8nement biennal de r\u00e9f\u00e9rence pour sourcer le v\u00e9g\u00e9tal, acc\u00e9l\u00e9rer la transition et d\u00e9velopper un business durable et performant\r\nCONCOURS INNOVERT\u00ae 2026 !\r\n15 de Setiembre -10:30\u00a0 a 12:30 Gran Conferencia sobre 20 A\u00f1os del Vegetal en las ciudades !!!\r\n\r\n\"Nuevas perspectivas para una , ...<\/div><\/div><span class=\"mec-wrap\"><span id=\"mec_skin_events_mec1_monthly_simple_2909\"><\/span><\/span>\r\n                        <\/div>\r\n                    <\/div><div class=\"ended-relative simple-skin-ended\"><a class=\"mec-monthly-tooltip event-single-link-simple\" data-tooltip-content=\"#mec-tooltip-29101789430400-20260915\" data-event-id=\"2910\" href=\"https:\/\/agenda.poscosecha.com\/en\/eventos\/galabau-espacios-verdes-urbanos\/\"><h4 class=\"mec-event-title\">GaLaBau<\/h4><\/a><\/div><div class=\"tooltip_templates event-single-content-simple\">\r\n                        <div id=\"mec-tooltip-29101789430400-20260915\">\r\n                            <div class=\"mec-tooltip-event-title\">GaLaBau<\/div><div class=\"mec-tooltip-event-time\"><i class=\"mec-sl-clock-o\"><\/i> 00:00 - 00:00<\/div><div class=\"mec-event-detail\">\r\n                        \r\n                    <\/div><div class=\"mec-tooltip-event-content\"><div class=\"mec-tooltip-event-featured\"><img loading=\"lazy\" decoding=\"async\" width=\"150\" height=\"150\" src=\"https:\/\/agenda.poscosecha.com\/wp-content\/uploads\/2023\/05\/GaLaBau-16x9-1-150x150.jpg\" class=\"attachment-thumbnail size-thumbnail wp-post-image\" alt=\"\" data-mec-postid=\"2910\" \/><\/div><div class=\"mec-tooltip-event-desc\">GaLaBau\u00a0 - International Leading Trade Fair for Urban Green and Open Spaces\r\nPlanificaci\u00f3n, construcci\u00f3n y mantenimiento de espacios verdes y urbanos\r\nJardiner\u00eda. Paisajismo. Dise\u00f1o verde\r\nLa feria internacional l\u00edder ofrece todo lo relacionado con la jardiner\u00eda y el paisajismo, as\u00ed como el mantenimiento y la construcc , ...<\/div><\/div><span class=\"mec-wrap\"><span id=\"mec_skin_events_mec1_monthly_simple_2910\"><\/span><\/span>\r\n                        <\/div>\r\n                    <\/div><div class=\"ended-relative simple-skin-ended\"><a class=\"mec-monthly-tooltip event-single-link-simple\" data-tooltip-content=\"#mec-tooltip-27081789459200-20260915\" data-event-id=\"2708\" href=\"https:\/\/agenda.poscosecha.com\/en\/eventos\/congreso-argentino-de-horticultura\/\"><h4 class=\"mec-event-title\">43\u00ba Congreso Argentino de Horticultura<\/h4><\/a><\/div><div class=\"tooltip_templates event-single-content-simple\">\r\n                        <div id=\"mec-tooltip-27081789459200-20260915\">\r\n                            <div class=\"mec-tooltip-event-title\">43\u00ba Congreso Argentino de Horticultura<\/div><div class=\"mec-tooltip-event-time\"><i class=\"mec-sl-clock-o\"><\/i> All Day<\/div><div class=\"mec-event-detail\">\r\n                        \r\n                    <\/div><div class=\"mec-tooltip-event-content\"><div class=\"mec-tooltip-event-featured\"><img loading=\"lazy\" decoding=\"async\" width=\"150\" height=\"150\" src=\"https:\/\/agenda.poscosecha.com\/wp-content\/uploads\/2023\/05\/Argentino-Horti-150x150.jpg\" class=\"attachment-thumbnail size-thumbnail wp-post-image\" alt=\"\" data-mec-postid=\"2708\" \/><\/div><div class=\"mec-tooltip-event-desc\">Hacia una horticultura sostenible, preservando la biodiversidad\u200b\r\n\u201cAfrontando los desaf\u00edos de la era digital y el cambio clim\u00e1tico\u201d\r\nFECHAS: 15 al 18 de Setiembre\r\nOrganiza ASAHO\r\nLugar: \u00a0Facultad, de Ciencias Agrarias de la Universidad Nacional de Cuyo\u00a0 ubicadas en Almirante Brown 500, Chacras de Coria (CP 5528), Luj\u00e1 , ...<\/div><\/div><span class=\"mec-wrap\"><span id=\"mec_skin_events_mec1_monthly_simple_2708\"><\/span><\/span>\r\n                        <\/div>\r\n                    <\/div><div class=\"ended-relative simple-skin-ended\"><a class=\"mec-monthly-tooltip event-single-link-simple\" data-tooltip-content=\"#mec-tooltip-55441789459200-20260915\" data-event-id=\"5544\" href=\"https:\/\/www.autenticafoodfest.com\/\"><h4 class=\"mec-event-title\">AUT\u00c9NTICA, Premium Food Fest<\/h4><\/a><\/div><div class=\"tooltip_templates event-single-content-simple\">\r\n                        <div id=\"mec-tooltip-55441789459200-20260915\">\r\n                            <div class=\"mec-tooltip-event-title\">AUT\u00c9NTICA, Premium Food Fest<\/div><div class=\"mec-tooltip-event-time\"><i class=\"mec-sl-clock-o\"><\/i> All Day<\/div><div class=\"mec-event-detail\">\r\n                        \r\n                    <\/div><div class=\"mec-tooltip-event-content\"><div class=\"mec-tooltip-event-featured\"><img loading=\"lazy\" decoding=\"async\" width=\"150\" height=\"150\" src=\"https:\/\/agenda.poscosecha.com\/wp-content\/uploads\/2024\/07\/Autentica-2026-150x150.jpg\" class=\"attachment-thumbnail size-thumbnail wp-post-image\" alt=\"\" data-mec-postid=\"5544\" \/><\/div><div class=\"mec-tooltip-event-desc\">AUT\u00c9NTICA 2026\u00a0es la plataforma de negocios de la industria alimentaria para el sector retail y de la gran distribuci\u00f3n que reunir\u00e1 el 15 y 16 de septiembre a\u00a0 7.000 directivos de la gran distribuci\u00f3n, retail, tiendas especializadas, alta gastronom\u00eda y hosteler\u00eda.\r\n\r\nOrigen, producto de calidad, salud, sostenibilidad\u00a0s , ...<\/div><\/div><span class=\"mec-wrap\"><span id=\"mec_skin_events_mec1_monthly_simple_5544\"><\/span><\/span>\r\n                        <\/div>\r\n                    <\/div><div class=\"ended-relative simple-skin-ended\"><a class=\"mec-monthly-tooltip event-single-link-simple\" data-tooltip-content=\"#mec-tooltip-56201789459200-20260915\" data-event-id=\"5620\" href=\"https:\/\/tecnofidta.ar.messefrankfurt.com\/buenos-aires\/es.html\"><h4 class=\"mec-event-title\">TecnoFidta 2026<\/h4><\/a><\/div><div class=\"tooltip_templates event-single-content-simple\">\r\n                        <div id=\"mec-tooltip-56201789459200-20260915\">\r\n                            <div class=\"mec-tooltip-event-title\">TecnoFidta 2026<\/div><div class=\"mec-tooltip-event-time\"><i class=\"mec-sl-clock-o\"><\/i> All Day<\/div><div class=\"mec-event-detail\">\r\n                        \r\n                    <\/div><div class=\"mec-tooltip-event-content\"><div class=\"mec-tooltip-event-featured\"><img loading=\"lazy\" decoding=\"async\" width=\"150\" height=\"150\" src=\"https:\/\/agenda.poscosecha.com\/wp-content\/uploads\/2024\/07\/Tecnofidta-150x150.jpg\" class=\"attachment-thumbnail size-thumbnail wp-post-image\" alt=\"\" data-mec-postid=\"5620\" \/><\/div><div class=\"mec-tooltip-event-desc\">Buenos Aires, Argentina\r\nTecno Fidta es un evento exclusivo para empresarios y profesionales del sector. El ingreso es sin cargo. Para acreditarte debes presentar tu documento de identidad.\r\n\r\nIII Jornada de Alimentos, Desaf\u00edos actuales del sector alimentario producci\u00f3n y consumos sostenibles , ...<\/div><\/div><span class=\"mec-wrap\"><span id=\"mec_skin_events_mec1_monthly_simple_5620\"><\/span><\/span>\r\n                        <\/div>\r\n                    <\/div><\/dt><dt class=\"mec-calendar-day \" data-mec-cell=\"20260916\" data-day=\"16\" data-month=\"202609\"><div class=\"\">16<\/div><div class=\"ended-relative simple-skin-ended\"><a class=\"mec-monthly-tooltip event-single-link-simple\" data-tooltip-content=\"#mec-tooltip-29091789516800-20260916\" data-event-id=\"2909\" href=\"https:\/\/agenda.poscosecha.com\/en\/eventos\/salon-du-vegetal-2\/\"><h4 class=\"mec-event-title\">Salon du Vegetal<\/h4><\/a><\/div><div class=\"tooltip_templates event-single-content-simple\">\r\n                        <div id=\"mec-tooltip-29091789516800-20260916\">\r\n                            <div class=\"mec-tooltip-event-title\">Salon du Vegetal<\/div><div class=\"mec-tooltip-event-time\"><i class=\"mec-sl-clock-o\"><\/i> All Day<\/div><div class=\"mec-event-detail\">\r\n                        \r\n                    <\/div><div class=\"mec-tooltip-event-content\"><div class=\"mec-tooltip-event-featured\"><img loading=\"lazy\" decoding=\"async\" width=\"150\" height=\"150\" src=\"https:\/\/agenda.poscosecha.com\/wp-content\/uploads\/2023\/05\/Salon-Vegetal-Amgers-2-150x150.jpg\" class=\"attachment-thumbnail size-thumbnail wp-post-image\" alt=\"\" data-mec-postid=\"2909\" \/><\/div><div class=\"mec-tooltip-event-desc\">Le Salon du V\u00e9g\u00e9tal \u00e0 Angers, est un \u00e9v\u00e8nement biennal de r\u00e9f\u00e9rence pour sourcer le v\u00e9g\u00e9tal, acc\u00e9l\u00e9rer la transition et d\u00e9velopper un business durable et performant\r\nCONCOURS INNOVERT\u00ae 2026 !\r\n15 de Setiembre -10:30\u00a0 a 12:30 Gran Conferencia sobre 20 A\u00f1os del Vegetal en las ciudades !!!\r\n\r\n\"Nuevas perspectivas para una , ...<\/div><\/div><span class=\"mec-wrap\"><span id=\"mec_skin_events_mec1_monthly_simple_2909\"><\/span><\/span>\r\n                        <\/div>\r\n                    <\/div><div class=\"ended-relative simple-skin-ended\"><a class=\"mec-monthly-tooltip event-single-link-simple\" data-tooltip-content=\"#mec-tooltip-29101789516800-20260916\" data-event-id=\"2910\" href=\"https:\/\/agenda.poscosecha.com\/en\/eventos\/galabau-espacios-verdes-urbanos\/\"><h4 class=\"mec-event-title\">GaLaBau<\/h4><\/a><\/div><div class=\"tooltip_templates event-single-content-simple\">\r\n                        <div id=\"mec-tooltip-29101789516800-20260916\">\r\n                            <div class=\"mec-tooltip-event-title\">GaLaBau<\/div><div class=\"mec-tooltip-event-time\"><i class=\"mec-sl-clock-o\"><\/i> All Day<\/div><div class=\"mec-event-detail\">\r\n                        \r\n                    <\/div><div class=\"mec-tooltip-event-content\"><div class=\"mec-tooltip-event-featured\"><img loading=\"lazy\" decoding=\"async\" width=\"150\" height=\"150\" src=\"https:\/\/agenda.poscosecha.com\/wp-content\/uploads\/2023\/05\/GaLaBau-16x9-1-150x150.jpg\" class=\"attachment-thumbnail size-thumbnail wp-post-image\" alt=\"\" data-mec-postid=\"2910\" \/><\/div><div class=\"mec-tooltip-event-desc\">GaLaBau\u00a0 - International Leading Trade Fair for Urban Green and Open Spaces\r\nPlanificaci\u00f3n, construcci\u00f3n y mantenimiento de espacios verdes y urbanos\r\nJardiner\u00eda. Paisajismo. Dise\u00f1o verde\r\nLa feria internacional l\u00edder ofrece todo lo relacionado con la jardiner\u00eda y el paisajismo, as\u00ed como el mantenimiento y la construcc , ...<\/div><\/div><span class=\"mec-wrap\"><span id=\"mec_skin_events_mec1_monthly_simple_2910\"><\/span><\/span>\r\n                        <\/div>\r\n                    <\/div><div class=\"ended-relative simple-skin-ended\"><a class=\"mec-monthly-tooltip event-single-link-simple\" data-tooltip-content=\"#mec-tooltip-27081789545600-20260916\" data-event-id=\"2708\" href=\"https:\/\/agenda.poscosecha.com\/en\/eventos\/congreso-argentino-de-horticultura\/\"><h4 class=\"mec-event-title\">43\u00ba Congreso Argentino de Horticultura<\/h4><\/a><\/div><div class=\"tooltip_templates event-single-content-simple\">\r\n                        <div id=\"mec-tooltip-27081789545600-20260916\">\r\n                            <div class=\"mec-tooltip-event-title\">43\u00ba Congreso Argentino de Horticultura<\/div><div class=\"mec-tooltip-event-time\"><i class=\"mec-sl-clock-o\"><\/i> All Day<\/div><div class=\"mec-event-detail\">\r\n                        \r\n                    <\/div><div class=\"mec-tooltip-event-content\"><div class=\"mec-tooltip-event-featured\"><img loading=\"lazy\" decoding=\"async\" width=\"150\" height=\"150\" src=\"https:\/\/agenda.poscosecha.com\/wp-content\/uploads\/2023\/05\/Argentino-Horti-150x150.jpg\" class=\"attachment-thumbnail size-thumbnail wp-post-image\" alt=\"\" data-mec-postid=\"2708\" \/><\/div><div class=\"mec-tooltip-event-desc\">Hacia una horticultura sostenible, preservando la biodiversidad\u200b\r\n\u201cAfrontando los desaf\u00edos de la era digital y el cambio clim\u00e1tico\u201d\r\nFECHAS: 15 al 18 de Setiembre\r\nOrganiza ASAHO\r\nLugar: \u00a0Facultad, de Ciencias Agrarias de la Universidad Nacional de Cuyo\u00a0 ubicadas en Almirante Brown 500, Chacras de Coria (CP 5528), Luj\u00e1 , ...<\/div><\/div><span class=\"mec-wrap\"><span id=\"mec_skin_events_mec1_monthly_simple_2708\"><\/span><\/span>\r\n                        <\/div>\r\n                    <\/div><div class=\"ended-relative simple-skin-ended\"><a class=\"mec-monthly-tooltip event-single-link-simple\" data-tooltip-content=\"#mec-tooltip-28721789545600-20260916\" data-event-id=\"2872\" href=\"https:\/\/agenda.poscosecha.com\/en\/eventos\/xxi-seminario-internacional-blueberries-marruecos-2022\/\"><h4 class=\"mec-event-title\">XXIII Seminario Internacional Blueberries Marruecos 2026<\/h4><\/a><\/div><div class=\"tooltip_templates event-single-content-simple\">\r\n                        <div id=\"mec-tooltip-28721789545600-20260916\">\r\n                            <div class=\"mec-tooltip-event-title\">XXIII Seminario Internacional Blueberries Marruecos 2026<\/div><div class=\"mec-tooltip-event-time\"><i class=\"mec-sl-clock-o\"><\/i> 08:00 - 18:00<\/div><div class=\"mec-event-detail\">\r\n                        \r\n                    <\/div><div class=\"mec-tooltip-event-content\"><div class=\"mec-tooltip-event-featured\"><img loading=\"lazy\" decoding=\"async\" width=\"150\" height=\"150\" src=\"https:\/\/agenda.poscosecha.com\/wp-content\/uploads\/2023\/05\/XLIII-Seminario-Internacional-Blueberries-Marruecos-2026-1-150x150.jpg\" class=\"attachment-thumbnail size-thumbnail wp-post-image\" alt=\"\" data-mec-postid=\"2872\" \/><\/div><div class=\"mec-tooltip-event-desc\">- XXXIII\u00a0 Seminario I Blueberries Marruecos, 16 Septiembre\r\nCon el objetivo de promover el desarrollo y competitividad de la industria del ar\u00e1ndano, el XXIII Seminario Internacional Blueberries Marruecos 2026\u00a0se llevar\u00e1 a cabo en el hotel Royal Tulip City Center de T\u00e1nger\r\nEl PROGRAMA AQU\u00cd\r\n.\r\nBlueberries Consulting in , ...<\/div><\/div><span class=\"mec-wrap\"><span id=\"mec_skin_events_mec1_monthly_simple_2872\"><\/span><\/span>\r\n                        <\/div>\r\n                    <\/div><div class=\"ended-relative simple-skin-ended\"><a class=\"mec-monthly-tooltip event-single-link-simple\" data-tooltip-content=\"#mec-tooltip-56201789545600-20260916\" data-event-id=\"5620\" href=\"https:\/\/tecnofidta.ar.messefrankfurt.com\/buenos-aires\/es.html\"><h4 class=\"mec-event-title\">TecnoFidta 2026<\/h4><\/a><\/div><div class=\"tooltip_templates event-single-content-simple\">\r\n                        <div id=\"mec-tooltip-56201789545600-20260916\">\r\n                            <div class=\"mec-tooltip-event-title\">TecnoFidta 2026<\/div><div class=\"mec-tooltip-event-time\"><i class=\"mec-sl-clock-o\"><\/i> All Day<\/div><div class=\"mec-event-detail\">\r\n                        \r\n                    <\/div><div class=\"mec-tooltip-event-content\"><div class=\"mec-tooltip-event-featured\"><img loading=\"lazy\" decoding=\"async\" width=\"150\" height=\"150\" src=\"https:\/\/agenda.poscosecha.com\/wp-content\/uploads\/2024\/07\/Tecnofidta-150x150.jpg\" class=\"attachment-thumbnail size-thumbnail wp-post-image\" alt=\"\" data-mec-postid=\"5620\" \/><\/div><div class=\"mec-tooltip-event-desc\">Buenos Aires, Argentina\r\nTecno Fidta es un evento exclusivo para empresarios y profesionales del sector. El ingreso es sin cargo. Para acreditarte debes presentar tu documento de identidad.\r\n\r\nIII Jornada de Alimentos, Desaf\u00edos actuales del sector alimentario producci\u00f3n y consumos sostenibles , ...<\/div><\/div><span class=\"mec-wrap\"><span id=\"mec_skin_events_mec1_monthly_simple_5620\"><\/span><\/span>\r\n                        <\/div>\r\n                    <\/div><div class=\"ended-relative simple-skin-ended\"><a class=\"mec-monthly-tooltip event-single-link-simple\" data-tooltip-content=\"#mec-tooltip-72391789545600-20260916\" data-event-id=\"7239\" href=\"https:\/\/agenda.poscosecha.com\/en\/eventos\/solar-storage\/\"><h4 class=\"mec-event-title\">SOLAR &#038; Storage<\/h4><\/a><\/div><div class=\"tooltip_templates event-single-content-simple\">\r\n                        <div id=\"mec-tooltip-72391789545600-20260916\">\r\n                            <div class=\"mec-tooltip-event-title\">SOLAR &#038; Storage<\/div><div class=\"mec-tooltip-event-time\"><i class=\"mec-sl-clock-o\"><\/i> 08:00 - 00:00<\/div><div class=\"mec-event-detail\">\r\n                        \r\n                    <\/div><div class=\"mec-tooltip-event-content\"><div class=\"mec-tooltip-event-featured\"><img loading=\"lazy\" decoding=\"async\" width=\"150\" height=\"150\" src=\"https:\/\/agenda.poscosecha.com\/wp-content\/uploads\/2026\/06\/Solar-satorage-150x150.jpg\" class=\"attachment-thumbnail size-thumbnail wp-post-image\" alt=\"\" data-mec-postid=\"7239\" \/><\/div><div class=\"mec-tooltip-event-desc\">Proyectos solares y de almacenamiento para viviendas, comercios, industrias y servicios p\u00fablicos\r\nDise\u00f1o. Construcci\u00f3n. Operaci\u00f3n.\r\nUn mercado global para soluciones solares y de almacenamiento.\r\n\u00a1\u00danete a nosotros en Solar &amp; Storage\u00a0 -\u00a0 VER Todos los eventos AQU\u00cd!\r\n\r\n\r\nNuestra misi\u00f3n es acelerar la adopci\u00f3n de la e , ...<\/div><\/div><span class=\"mec-wrap\"><span id=\"mec_skin_events_mec1_monthly_simple_7239\"><\/span><\/span>\r\n                        <\/div>\r\n                    <\/div><div class=\"ended-relative simple-skin-ended\"><a class=\"mec-monthly-tooltip event-single-link-simple\" data-tooltip-content=\"#mec-tooltip-73731789545600-20260916\" data-event-id=\"7373\" href=\"https:\/\/agenda.poscosecha.com\/en\/eventos\/salud-longevidad-y-nuevos-habitos\/\"><h4 class=\"mec-event-title\">Salud, Longevidad y Nuevos H\u00e1bitos<\/h4><\/a><\/div><div class=\"tooltip_templates event-single-content-simple\">\r\n                        <div id=\"mec-tooltip-73731789545600-20260916\">\r\n                            <div class=\"mec-tooltip-event-title\">Salud, Longevidad y Nuevos H\u00e1bitos<\/div><div class=\"mec-tooltip-event-time\"><i class=\"mec-sl-clock-o\"><\/i> 08:00 - 18:00<\/div><div class=\"mec-event-detail\">\r\n                        \r\n                    <\/div><div class=\"mec-tooltip-event-content\"><div class=\"mec-tooltip-event-featured\"><img loading=\"lazy\" decoding=\"async\" width=\"150\" height=\"150\" src=\"https:\/\/agenda.poscosecha.com\/wp-content\/uploads\/2026\/07\/ftalks23-863-copia-copia-150x150.jpg\" class=\"attachment-thumbnail size-thumbnail wp-post-image\" alt=\"\" data-mec-postid=\"7373\" \/><\/div><div class=\"mec-tooltip-event-desc\">En Val\u00e8ncia 16 de setiembre\r\n\r\nEn Ciudad de M\u00e9xico 29 de setiembre\r\nEn \u00a0Ftalks Food Summit convergen emprendedores, inversores, corporates y entidades p\u00fablicas para dar forma al futuro de la alimentaci\u00f3n\r\nEl auge de los f\u00e1rmacos\u00a0GLP-1\u00a0est\u00e1 ganando protagonismo dentro del sector alimentario. Desde la reformulaci\u00f3n de pr , ...<\/div><\/div><span class=\"mec-wrap\"><span id=\"mec_skin_events_mec1_monthly_simple_7373\"><\/span><\/span>\r\n                        <\/div>\r\n                    <\/div><\/dt><dt class=\"mec-calendar-day \" data-mec-cell=\"20260917\" data-day=\"17\" data-month=\"202609\"><div class=\"\">17<\/div><div class=\"ended-relative simple-skin-ended\"><a class=\"mec-monthly-tooltip event-single-link-simple\" data-tooltip-content=\"#mec-tooltip-29091789603200-20260917\" data-event-id=\"2909\" href=\"https:\/\/agenda.poscosecha.com\/en\/eventos\/salon-du-vegetal-2\/\"><h4 class=\"mec-event-title\">Salon du Vegetal<\/h4><\/a><\/div><div class=\"tooltip_templates event-single-content-simple\">\r\n                        <div id=\"mec-tooltip-29091789603200-20260917\">\r\n                            <div class=\"mec-tooltip-event-title\">Salon du Vegetal<\/div><div class=\"mec-tooltip-event-time\"><i class=\"mec-sl-clock-o\"><\/i> 00:00 - 23:00<\/div><div class=\"mec-event-detail\">\r\n                        \r\n                    <\/div><div class=\"mec-tooltip-event-content\"><div class=\"mec-tooltip-event-featured\"><img loading=\"lazy\" decoding=\"async\" width=\"150\" height=\"150\" src=\"https:\/\/agenda.poscosecha.com\/wp-content\/uploads\/2023\/05\/Salon-Vegetal-Amgers-2-150x150.jpg\" class=\"attachment-thumbnail size-thumbnail wp-post-image\" alt=\"\" data-mec-postid=\"2909\" \/><\/div><div class=\"mec-tooltip-event-desc\">Le Salon du V\u00e9g\u00e9tal \u00e0 Angers, est un \u00e9v\u00e8nement biennal de r\u00e9f\u00e9rence pour sourcer le v\u00e9g\u00e9tal, acc\u00e9l\u00e9rer la transition et d\u00e9velopper un business durable et performant\r\nCONCOURS INNOVERT\u00ae 2026 !\r\n15 de Setiembre -10:30\u00a0 a 12:30 Gran Conferencia sobre 20 A\u00f1os del Vegetal en las ciudades !!!\r\n\r\n\"Nuevas perspectivas para una , ...<\/div><\/div><span class=\"mec-wrap\"><span id=\"mec_skin_events_mec1_monthly_simple_2909\"><\/span><\/span>\r\n                        <\/div>\r\n                    <\/div><div class=\"ended-relative simple-skin-ended\"><a class=\"mec-monthly-tooltip event-single-link-simple\" data-tooltip-content=\"#mec-tooltip-29101789603200-20260917\" data-event-id=\"2910\" href=\"https:\/\/agenda.poscosecha.com\/en\/eventos\/galabau-espacios-verdes-urbanos\/\"><h4 class=\"mec-event-title\">GaLaBau<\/h4><\/a><\/div><div class=\"tooltip_templates event-single-content-simple\">\r\n                        <div id=\"mec-tooltip-29101789603200-20260917\">\r\n                            <div class=\"mec-tooltip-event-title\">GaLaBau<\/div><div class=\"mec-tooltip-event-time\"><i class=\"mec-sl-clock-o\"><\/i> All Day<\/div><div class=\"mec-event-detail\">\r\n                        \r\n                    <\/div><div class=\"mec-tooltip-event-content\"><div class=\"mec-tooltip-event-featured\"><img loading=\"lazy\" decoding=\"async\" width=\"150\" height=\"150\" src=\"https:\/\/agenda.poscosecha.com\/wp-content\/uploads\/2023\/05\/GaLaBau-16x9-1-150x150.jpg\" class=\"attachment-thumbnail size-thumbnail wp-post-image\" alt=\"\" data-mec-postid=\"2910\" \/><\/div><div class=\"mec-tooltip-event-desc\">GaLaBau\u00a0 - International Leading Trade Fair for Urban Green and Open Spaces\r\nPlanificaci\u00f3n, construcci\u00f3n y mantenimiento de espacios verdes y urbanos\r\nJardiner\u00eda. Paisajismo. Dise\u00f1o verde\r\nLa feria internacional l\u00edder ofrece todo lo relacionado con la jardiner\u00eda y el paisajismo, as\u00ed como el mantenimiento y la construcc , ...<\/div><\/div><span class=\"mec-wrap\"><span id=\"mec_skin_events_mec1_monthly_simple_2910\"><\/span><\/span>\r\n                        <\/div>\r\n                    <\/div><div class=\"ended-relative simple-skin-ended\"><a class=\"mec-monthly-tooltip event-single-link-simple\" data-tooltip-content=\"#mec-tooltip-27081789632000-20260917\" data-event-id=\"2708\" href=\"https:\/\/agenda.poscosecha.com\/en\/eventos\/congreso-argentino-de-horticultura\/\"><h4 class=\"mec-event-title\">43\u00ba Congreso Argentino de Horticultura<\/h4><\/a><\/div><div class=\"tooltip_templates event-single-content-simple\">\r\n                        <div id=\"mec-tooltip-27081789632000-20260917\">\r\n                            <div class=\"mec-tooltip-event-title\">43\u00ba Congreso Argentino de Horticultura<\/div><div class=\"mec-tooltip-event-time\"><i class=\"mec-sl-clock-o\"><\/i> All Day<\/div><div class=\"mec-event-detail\">\r\n                        \r\n                    <\/div><div class=\"mec-tooltip-event-content\"><div class=\"mec-tooltip-event-featured\"><img loading=\"lazy\" decoding=\"async\" width=\"150\" height=\"150\" src=\"https:\/\/agenda.poscosecha.com\/wp-content\/uploads\/2023\/05\/Argentino-Horti-150x150.jpg\" class=\"attachment-thumbnail size-thumbnail wp-post-image\" alt=\"\" data-mec-postid=\"2708\" \/><\/div><div class=\"mec-tooltip-event-desc\">Hacia una horticultura sostenible, preservando la biodiversidad\u200b\r\n\u201cAfrontando los desaf\u00edos de la era digital y el cambio clim\u00e1tico\u201d\r\nFECHAS: 15 al 18 de Setiembre\r\nOrganiza ASAHO\r\nLugar: \u00a0Facultad, de Ciencias Agrarias de la Universidad Nacional de Cuyo\u00a0 ubicadas en Almirante Brown 500, Chacras de Coria (CP 5528), Luj\u00e1 , ...<\/div><\/div><span class=\"mec-wrap\"><span id=\"mec_skin_events_mec1_monthly_simple_2708\"><\/span><\/span>\r\n                        <\/div>\r\n                    <\/div><div class=\"ended-relative simple-skin-ended\"><a class=\"mec-monthly-tooltip event-single-link-simple\" data-tooltip-content=\"#mec-tooltip-56201789632000-20260917\" data-event-id=\"5620\" href=\"https:\/\/tecnofidta.ar.messefrankfurt.com\/buenos-aires\/es.html\"><h4 class=\"mec-event-title\">TecnoFidta 2026<\/h4><\/a><\/div><div class=\"tooltip_templates event-single-content-simple\">\r\n                        <div id=\"mec-tooltip-56201789632000-20260917\">\r\n                            <div class=\"mec-tooltip-event-title\">TecnoFidta 2026<\/div><div class=\"mec-tooltip-event-time\"><i class=\"mec-sl-clock-o\"><\/i> All Day<\/div><div class=\"mec-event-detail\">\r\n                        \r\n                    <\/div><div class=\"mec-tooltip-event-content\"><div class=\"mec-tooltip-event-featured\"><img loading=\"lazy\" decoding=\"async\" width=\"150\" height=\"150\" src=\"https:\/\/agenda.poscosecha.com\/wp-content\/uploads\/2024\/07\/Tecnofidta-150x150.jpg\" class=\"attachment-thumbnail size-thumbnail wp-post-image\" alt=\"\" data-mec-postid=\"5620\" \/><\/div><div class=\"mec-tooltip-event-desc\">Buenos Aires, Argentina\r\nTecno Fidta es un evento exclusivo para empresarios y profesionales del sector. El ingreso es sin cargo. Para acreditarte debes presentar tu documento de identidad.\r\n\r\nIII Jornada de Alimentos, Desaf\u00edos actuales del sector alimentario producci\u00f3n y consumos sostenibles , ...<\/div><\/div><span class=\"mec-wrap\"><span id=\"mec_skin_events_mec1_monthly_simple_5620\"><\/span><\/span>\r\n                        <\/div>\r\n                    <\/div><div class=\"ended-relative simple-skin-ended\"><a class=\"mec-monthly-tooltip event-single-link-simple\" data-tooltip-content=\"#mec-tooltip-72391789632000-20260917\" data-event-id=\"7239\" href=\"https:\/\/agenda.poscosecha.com\/en\/eventos\/solar-storage\/\"><h4 class=\"mec-event-title\">SOLAR &#038; Storage<\/h4><\/a><\/div><div class=\"tooltip_templates event-single-content-simple\">\r\n                        <div id=\"mec-tooltip-72391789632000-20260917\">\r\n                            <div class=\"mec-tooltip-event-title\">SOLAR &#038; Storage<\/div><div class=\"mec-tooltip-event-time\"><i class=\"mec-sl-clock-o\"><\/i> 00:00 - 18:00<\/div><div class=\"mec-event-detail\">\r\n                        \r\n                    <\/div><div class=\"mec-tooltip-event-content\"><div class=\"mec-tooltip-event-featured\"><img loading=\"lazy\" decoding=\"async\" width=\"150\" height=\"150\" src=\"https:\/\/agenda.poscosecha.com\/wp-content\/uploads\/2026\/06\/Solar-satorage-150x150.jpg\" class=\"attachment-thumbnail size-thumbnail wp-post-image\" alt=\"\" data-mec-postid=\"7239\" \/><\/div><div class=\"mec-tooltip-event-desc\">Proyectos solares y de almacenamiento para viviendas, comercios, industrias y servicios p\u00fablicos\r\nDise\u00f1o. Construcci\u00f3n. Operaci\u00f3n.\r\nUn mercado global para soluciones solares y de almacenamiento.\r\n\u00a1\u00danete a nosotros en Solar &amp; Storage\u00a0 -\u00a0 VER Todos los eventos AQU\u00cd!\r\n\r\n\r\nNuestra misi\u00f3n es acelerar la adopci\u00f3n de la e , ...<\/div><\/div><span class=\"mec-wrap\"><span id=\"mec_skin_events_mec1_monthly_simple_7239\"><\/span><\/span>\r\n                        <\/div>\r\n                    <\/div><div class=\"ended-relative simple-skin-ended\"><a class=\"mec-monthly-tooltip event-single-link-simple\" data-tooltip-content=\"#mec-tooltip-49151789635600-20260917\" data-event-id=\"4915\" href=\"https:\/\/agenda.poscosecha.com\/en\/eventos\/starbec-ainia-valencia\/\"><h4 class=\"mec-event-title\">StarBEC de AINIA<\/h4><\/a><\/div><div class=\"tooltip_templates event-single-content-simple\">\r\n                        <div id=\"mec-tooltip-49151789635600-20260917\">\r\n                            <div class=\"mec-tooltip-event-title\">StarBEC de AINIA<\/div><div class=\"mec-tooltip-event-time\"><i class=\"mec-sl-clock-o\"><\/i> 09:00 - 15:00<\/div><div class=\"mec-event-detail\">\r\n                        \r\n                    <\/div><div class=\"mec-tooltip-event-content\"><div class=\"mec-tooltip-event-featured\"><img loading=\"lazy\" decoding=\"async\" width=\"150\" height=\"150\" src=\"https:\/\/agenda.poscosecha.com\/wp-content\/uploads\/2023\/11\/StarBec-150x150.jpg\" class=\"attachment-thumbnail size-thumbnail wp-post-image\" alt=\"\" data-mec-postid=\"4915\" \/><\/div><div class=\"mec-tooltip-event-desc\">Presentaci\u00f3n StartBEC by AINIA - Valencia\r\nEl ecosistema de la bioeconom\u00eda se re\u00fane en AINIA\r\nVER Programa AQU\u00cd\r\nJornada para conocer la iniciativa de mentorizaci\u00f3n y apoyo impulsada por AINIA y el MAPA que busca\u00a0empresas emergentes espa\u00f1olas\u00a0que est\u00e9n desarrollando su proyecto en el \u00e1mbito de la\u00a0bioeconom\u00eda. Los asist , ...<\/div><\/div><span class=\"mec-wrap\"><span id=\"mec_skin_events_mec1_monthly_simple_4915\"><\/span><\/span>\r\n                        <\/div>\r\n                    <\/div><div class=\"ended-relative simple-skin-ended\"><a class=\"mec-monthly-tooltip event-single-link-simple\" data-tooltip-content=\"#mec-tooltip-29121789659000-20260917\" data-event-id=\"2912\" href=\"https:\/\/agenda.poscosecha.com\/en\/eventos\/poscosecha-de-citricos-ivia-jornada\/\"><h4 class=\"mec-event-title\">V\u00aa  Jornada Poscosecha de C\u00edtricos del IVIA, AgroBank y el portal Poscosecha.com<\/h4><\/a><\/div><div class=\"tooltip_templates event-single-content-simple\">\r\n                        <div id=\"mec-tooltip-29121789659000-20260917\">\r\n                            <div class=\"mec-tooltip-event-title\">V\u00aa  Jornada Poscosecha de C\u00edtricos del IVIA, AgroBank y el portal Poscosecha.com<\/div><div class=\"mec-tooltip-event-time\"><i class=\"mec-sl-clock-o\"><\/i> 15:30 - 19:30<\/div><div class=\"mec-event-detail\">\r\n                        \r\n                    <\/div><div class=\"mec-tooltip-event-content\"><div class=\"mec-tooltip-event-featured\"><img loading=\"lazy\" decoding=\"async\" width=\"150\" height=\"150\" src=\"https:\/\/agenda.poscosecha.com\/wp-content\/uploads\/2023\/05\/citricos-jornada-poscosecha-2026-2-150x150.jpg\" class=\"attachment-thumbnail size-thumbnail wp-post-image\" alt=\"\" data-mec-postid=\"2912\" \/><\/div><div class=\"mec-tooltip-event-desc\">En Valencia, Caixabank Banca Privada - Antiguo Edificio Bancaja\r\n\r\nEl Jueves 17 de Setiembre, de 15.30 a 19.30\r\n\r\nPROGRAMA y PONENTES, AQU\u00cd en el portal Poscosecha.com\r\nLa Comunidad Valenciana es la primera zona productora y exportadora de c\u00edtricos en Espa\u00f1a. En este contexto, resulta fundamental extender la vida comer , ...<\/div><\/div><span class=\"mec-wrap\"><span id=\"mec_skin_events_mec1_monthly_simple_2912\"><\/span><\/span>\r\n                        <\/div>\r\n                    <\/div><\/dt><dt class=\"mec-calendar-day \" data-mec-cell=\"20260918\" data-day=\"18\" data-month=\"202609\"><div class=\"\">18<\/div><div class=\"ended-relative simple-skin-ended\"><a class=\"mec-monthly-tooltip event-single-link-simple\" data-tooltip-content=\"#mec-tooltip-29101789689600-20260918\" data-event-id=\"2910\" href=\"https:\/\/agenda.poscosecha.com\/en\/eventos\/galabau-espacios-verdes-urbanos\/\"><h4 class=\"mec-event-title\">GaLaBau<\/h4><\/a><\/div><div class=\"tooltip_templates event-single-content-simple\">\r\n                        <div id=\"mec-tooltip-29101789689600-20260918\">\r\n                            <div class=\"mec-tooltip-event-title\">GaLaBau<\/div><div class=\"mec-tooltip-event-time\"><i class=\"mec-sl-clock-o\"><\/i> 00:00 - 23:00<\/div><div class=\"mec-event-detail\">\r\n                        \r\n                    <\/div><div class=\"mec-tooltip-event-content\"><div class=\"mec-tooltip-event-featured\"><img loading=\"lazy\" decoding=\"async\" width=\"150\" height=\"150\" src=\"https:\/\/agenda.poscosecha.com\/wp-content\/uploads\/2023\/05\/GaLaBau-16x9-1-150x150.jpg\" class=\"attachment-thumbnail size-thumbnail wp-post-image\" alt=\"\" data-mec-postid=\"2910\" \/><\/div><div class=\"mec-tooltip-event-desc\">GaLaBau\u00a0 - International Leading Trade Fair for Urban Green and Open Spaces\r\nPlanificaci\u00f3n, construcci\u00f3n y mantenimiento de espacios verdes y urbanos\r\nJardiner\u00eda. Paisajismo. Dise\u00f1o verde\r\nLa feria internacional l\u00edder ofrece todo lo relacionado con la jardiner\u00eda y el paisajismo, as\u00ed como el mantenimiento y la construcc , ...<\/div><\/div><span class=\"mec-wrap\"><span id=\"mec_skin_events_mec1_monthly_simple_2910\"><\/span><\/span>\r\n                        <\/div>\r\n                    <\/div><div class=\"ended-relative simple-skin-ended\"><a class=\"mec-monthly-tooltip event-single-link-simple\" data-tooltip-content=\"#mec-tooltip-27081789718400-20260918\" data-event-id=\"2708\" href=\"https:\/\/agenda.poscosecha.com\/en\/eventos\/congreso-argentino-de-horticultura\/\"><h4 class=\"mec-event-title\">43\u00ba Congreso Argentino de Horticultura<\/h4><\/a><\/div><div class=\"tooltip_templates event-single-content-simple\">\r\n                        <div id=\"mec-tooltip-27081789718400-20260918\">\r\n                            <div class=\"mec-tooltip-event-title\">43\u00ba Congreso Argentino de Horticultura<\/div><div class=\"mec-tooltip-event-time\"><i class=\"mec-sl-clock-o\"><\/i> All Day<\/div><div class=\"mec-event-detail\">\r\n                        \r\n                    <\/div><div class=\"mec-tooltip-event-content\"><div class=\"mec-tooltip-event-featured\"><img loading=\"lazy\" decoding=\"async\" width=\"150\" height=\"150\" src=\"https:\/\/agenda.poscosecha.com\/wp-content\/uploads\/2023\/05\/Argentino-Horti-150x150.jpg\" class=\"attachment-thumbnail size-thumbnail wp-post-image\" alt=\"\" data-mec-postid=\"2708\" \/><\/div><div class=\"mec-tooltip-event-desc\">Hacia una horticultura sostenible, preservando la biodiversidad\u200b\r\n\u201cAfrontando los desaf\u00edos de la era digital y el cambio clim\u00e1tico\u201d\r\nFECHAS: 15 al 18 de Setiembre\r\nOrganiza ASAHO\r\nLugar: \u00a0Facultad, de Ciencias Agrarias de la Universidad Nacional de Cuyo\u00a0 ubicadas en Almirante Brown 500, Chacras de Coria (CP 5528), Luj\u00e1 , ...<\/div><\/div><span class=\"mec-wrap\"><span id=\"mec_skin_events_mec1_monthly_simple_2708\"><\/span><\/span>\r\n                        <\/div>\r\n                    <\/div><div class=\"ended-relative simple-skin-ended\"><a class=\"mec-monthly-tooltip event-single-link-simple\" data-tooltip-content=\"#mec-tooltip-56201789718400-20260918\" data-event-id=\"5620\" href=\"https:\/\/tecnofidta.ar.messefrankfurt.com\/buenos-aires\/es.html\"><h4 class=\"mec-event-title\">TecnoFidta 2026<\/h4><\/a><\/div><div class=\"tooltip_templates event-single-content-simple\">\r\n                        <div id=\"mec-tooltip-56201789718400-20260918\">\r\n                            <div class=\"mec-tooltip-event-title\">TecnoFidta 2026<\/div><div class=\"mec-tooltip-event-time\"><i class=\"mec-sl-clock-o\"><\/i> All Day<\/div><div class=\"mec-event-detail\">\r\n                        \r\n                    <\/div><div class=\"mec-tooltip-event-content\"><div class=\"mec-tooltip-event-featured\"><img loading=\"lazy\" decoding=\"async\" width=\"150\" height=\"150\" src=\"https:\/\/agenda.poscosecha.com\/wp-content\/uploads\/2024\/07\/Tecnofidta-150x150.jpg\" class=\"attachment-thumbnail size-thumbnail wp-post-image\" alt=\"\" data-mec-postid=\"5620\" \/><\/div><div class=\"mec-tooltip-event-desc\">Buenos Aires, Argentina\r\nTecno Fidta es un evento exclusivo para empresarios y profesionales del sector. El ingreso es sin cargo. Para acreditarte debes presentar tu documento de identidad.\r\n\r\nIII Jornada de Alimentos, Desaf\u00edos actuales del sector alimentario producci\u00f3n y consumos sostenibles , ...<\/div><\/div><span class=\"mec-wrap\"><span id=\"mec_skin_events_mec1_monthly_simple_5620\"><\/span><\/span>\r\n                        <\/div>\r\n                    <\/div><\/dt><dt class=\"mec-calendar-day \" data-mec-cell=\"20260919\" data-day=\"19\" data-month=\"202609\">19<\/dt><\/dt><dt class=\"mec-calendar-day \" data-mec-cell=\"20260920\" data-day=\"20\" data-month=\"202609\">20<\/dt><\/dt><\/dl><dl class=\"mec-calendar-row\"><dt class=\"mec-calendar-day \" data-mec-cell=\"20260921\" data-day=\"21\" data-month=\"202609\"><div class=\"\">21<\/div><div class=\"ended-relative simple-skin-ended\"><a class=\"mec-monthly-tooltip event-single-link-simple\" data-tooltip-content=\"#mec-tooltip-24271789948800-20260921\" data-event-id=\"2427\" href=\"https:\/\/agenda.poscosecha.com\/en\/eventos\/seed-meets-technology\/\"><h4 class=\"mec-event-title\">Seed Meets Technology<\/h4><\/a><\/div><div class=\"tooltip_templates event-single-content-simple\">\r\n                        <div id=\"mec-tooltip-24271789948800-20260921\">\r\n                            <div class=\"mec-tooltip-event-title\">Seed Meets Technology<\/div><div class=\"mec-tooltip-event-time\"><i class=\"mec-sl-clock-o\"><\/i> 00:00 - 00:00<\/div><div class=\"mec-event-detail\">\r\n                        \r\n                    <\/div><div class=\"mec-tooltip-event-content\"><div class=\"mec-tooltip-event-featured\"><img loading=\"lazy\" decoding=\"async\" width=\"150\" height=\"150\" src=\"https:\/\/agenda.poscosecha.com\/wp-content\/uploads\/2023\/04\/semillas-WRnnyt.tmp_-150x150.jpg\" class=\"attachment-thumbnail size-thumbnail wp-post-image\" alt=\"\" data-mec-postid=\"2427\" \/><\/div><div class=\"mec-tooltip-event-desc\">NUEVAS FECHAS\r\nIs an annual event which takes place in week 39-aprox- September. The event completely focuses on the seed industry and exists of an exhibition and several trial fields. In addition to the fair, several symposia and lectures are organized. The event itself is generating more and more publicity resulting  , ...<\/div><\/div><span class=\"mec-wrap\"><span id=\"mec_skin_events_mec1_monthly_simple_2427\"><\/span><\/span>\r\n                        <\/div>\r\n                    <\/div><\/dt><dt class=\"mec-calendar-day \" data-mec-cell=\"20260922\" data-day=\"22\" data-month=\"202609\"><div class=\"\">22<\/div><div class=\"ended-relative simple-skin-ended\"><a class=\"mec-monthly-tooltip event-single-link-simple\" data-tooltip-content=\"#mec-tooltip-24271790035200-20260922\" data-event-id=\"2427\" href=\"https:\/\/agenda.poscosecha.com\/en\/eventos\/seed-meets-technology\/\"><h4 class=\"mec-event-title\">Seed Meets Technology<\/h4><\/a><\/div><div class=\"tooltip_templates event-single-content-simple\">\r\n                        <div id=\"mec-tooltip-24271790035200-20260922\">\r\n                            <div class=\"mec-tooltip-event-title\">Seed Meets Technology<\/div><div class=\"mec-tooltip-event-time\"><i class=\"mec-sl-clock-o\"><\/i> All Day<\/div><div class=\"mec-event-detail\">\r\n                        \r\n                    <\/div><div class=\"mec-tooltip-event-content\"><div class=\"mec-tooltip-event-featured\"><img loading=\"lazy\" decoding=\"async\" width=\"150\" height=\"150\" src=\"https:\/\/agenda.poscosecha.com\/wp-content\/uploads\/2023\/04\/semillas-WRnnyt.tmp_-150x150.jpg\" class=\"attachment-thumbnail size-thumbnail wp-post-image\" alt=\"\" data-mec-postid=\"2427\" \/><\/div><div class=\"mec-tooltip-event-desc\">NUEVAS FECHAS\r\nIs an annual event which takes place in week 39-aprox- September. The event completely focuses on the seed industry and exists of an exhibition and several trial fields. In addition to the fair, several symposia and lectures are organized. The event itself is generating more and more publicity resulting  , ...<\/div><\/div><span class=\"mec-wrap\"><span id=\"mec_skin_events_mec1_monthly_simple_2427\"><\/span><\/span>\r\n                        <\/div>\r\n                    <\/div><div class=\"ended-relative simple-skin-ended\"><a class=\"mec-monthly-tooltip event-single-link-simple\" data-tooltip-content=\"#mec-tooltip-73181790064000-20260922\" data-event-id=\"7318\" href=\"https:\/\/agenda.poscosecha.com\/en\/eventos\/sahara-expo\/\"><h4 class=\"mec-event-title\">SAHARA Expo<\/h4><\/a><\/div><div class=\"tooltip_templates event-single-content-simple\">\r\n                        <div id=\"mec-tooltip-73181790064000-20260922\">\r\n                            <div class=\"mec-tooltip-event-title\">SAHARA Expo<\/div><div class=\"mec-tooltip-event-time\"><i class=\"mec-sl-clock-o\"><\/i> All Day<\/div><div class=\"mec-event-detail\">\r\n                        \r\n                    <\/div><div class=\"mec-tooltip-event-content\"><div class=\"mec-tooltip-event-featured\"><img loading=\"lazy\" decoding=\"async\" width=\"150\" height=\"150\" src=\"https:\/\/agenda.poscosecha.com\/wp-content\/uploads\/2026\/07\/Sahara-Expo-150x150.jpg\" class=\"attachment-thumbnail size-thumbnail wp-post-image\" alt=\"\" data-mec-postid=\"7318\" \/><\/div><div class=\"mec-tooltip-event-desc\">Acomp\u00e1\u00f1anos en la 38.\u00aa edici\u00f3n de la Exposici\u00f3n Agr\u00edcola Internacional del S\u00e1hara, que tendr\u00e1 lugar del 22 al 24 de septiembre de 2026 en el Centro Internacional de Exposiciones de Egipto (EIEC).\r\n\r\nDurante m\u00e1s de tres d\u00e9cadas, la Expo del S\u00e1hara ha sido una plataforma clave para el desarrollo agr\u00edcola, conectando a pr , ...<\/div><\/div><span class=\"mec-wrap\"><span id=\"mec_skin_events_mec1_monthly_simple_7318\"><\/span><\/span>\r\n                        <\/div>\r\n                    <\/div><\/dt><dt class=\"mec-calendar-day \" data-mec-cell=\"20260923\" data-day=\"23\" data-month=\"202609\"><div class=\"\">23<\/div><div class=\"ended-relative simple-skin-ended\"><a class=\"mec-monthly-tooltip event-single-link-simple\" data-tooltip-content=\"#mec-tooltip-24271790121600-20260923\" data-event-id=\"2427\" href=\"https:\/\/agenda.poscosecha.com\/en\/eventos\/seed-meets-technology\/\"><h4 class=\"mec-event-title\">Seed Meets Technology<\/h4><\/a><\/div><div class=\"tooltip_templates event-single-content-simple\">\r\n                        <div id=\"mec-tooltip-24271790121600-20260923\">\r\n                            <div class=\"mec-tooltip-event-title\">Seed Meets Technology<\/div><div class=\"mec-tooltip-event-time\"><i class=\"mec-sl-clock-o\"><\/i> All Day<\/div><div class=\"mec-event-detail\">\r\n                        \r\n                    <\/div><div class=\"mec-tooltip-event-content\"><div class=\"mec-tooltip-event-featured\"><img loading=\"lazy\" decoding=\"async\" width=\"150\" height=\"150\" src=\"https:\/\/agenda.poscosecha.com\/wp-content\/uploads\/2023\/04\/semillas-WRnnyt.tmp_-150x150.jpg\" class=\"attachment-thumbnail size-thumbnail wp-post-image\" alt=\"\" data-mec-postid=\"2427\" \/><\/div><div class=\"mec-tooltip-event-desc\">NUEVAS FECHAS\r\nIs an annual event which takes place in week 39-aprox- September. The event completely focuses on the seed industry and exists of an exhibition and several trial fields. In addition to the fair, several symposia and lectures are organized. The event itself is generating more and more publicity resulting  , ...<\/div><\/div><span class=\"mec-wrap\"><span id=\"mec_skin_events_mec1_monthly_simple_2427\"><\/span><\/span>\r\n                        <\/div>\r\n                    <\/div><div class=\"ended-relative simple-skin-ended\"><a class=\"mec-monthly-tooltip event-single-link-simple\" data-tooltip-content=\"#mec-tooltip-67311790150400-20260923\" data-event-id=\"6731\" href=\"https:\/\/agenda.poscosecha.com\/en\/eventos\/greentech-north-america\/\"><h4 class=\"mec-event-title\">GreenTech North America 2026<\/h4><\/a><\/div><div class=\"tooltip_templates event-single-content-simple\">\r\n                        <div id=\"mec-tooltip-67311790150400-20260923\">\r\n                            <div class=\"mec-tooltip-event-title\">GreenTech North America 2026<\/div><div class=\"mec-tooltip-event-time\"><i class=\"mec-sl-clock-o\"><\/i> All Day<\/div><div class=\"mec-event-detail\">\r\n                        \r\n                    <\/div><div class=\"mec-tooltip-event-content\"><div class=\"mec-tooltip-event-featured\"><img loading=\"lazy\" decoding=\"async\" width=\"150\" height=\"150\" src=\"https:\/\/agenda.poscosecha.com\/wp-content\/uploads\/2025\/10\/Greentech-North-America-150x150.png\" class=\"attachment-thumbnail size-thumbnail wp-post-image\" alt=\"\" data-mec-postid=\"6731\" \/><\/div><div class=\"mec-tooltip-event-desc\">GreenTech North America celebrar\u00e1 su primera edici\u00f3n en Philadelphia los d\u00edas 23 y 24 de septiembre de 2026. El evento reunir\u00e1 a l\u00edderes, innovadores y productores de la horticultura de alta tecnolog\u00eda y sostenible, con m\u00e1s de 90 expositores y 1.000 asistentes previstos. La feria ofrecer\u00e1 un programa de conocimiento es , ...<\/div><\/div><span class=\"mec-wrap\"><span id=\"mec_skin_events_mec1_monthly_simple_6731\"><\/span><\/span>\r\n                        <\/div>\r\n                    <\/div><\/dt><dt class=\"mec-calendar-day \" data-mec-cell=\"20260924\" data-day=\"24\" data-month=\"202609\"><div class=\"\">24<\/div><div class=\"ended-relative simple-skin-ended\"><a class=\"mec-monthly-tooltip event-single-link-simple\" data-tooltip-content=\"#mec-tooltip-24271790208000-20260924\" data-event-id=\"2427\" href=\"https:\/\/agenda.poscosecha.com\/en\/eventos\/seed-meets-technology\/\"><h4 class=\"mec-event-title\">Seed Meets Technology<\/h4><\/a><\/div><div class=\"tooltip_templates event-single-content-simple\">\r\n                        <div id=\"mec-tooltip-24271790208000-20260924\">\r\n                            <div class=\"mec-tooltip-event-title\">Seed Meets Technology<\/div><div class=\"mec-tooltip-event-time\"><i class=\"mec-sl-clock-o\"><\/i> All Day<\/div><div class=\"mec-event-detail\">\r\n                        \r\n                    <\/div><div class=\"mec-tooltip-event-content\"><div class=\"mec-tooltip-event-featured\"><img loading=\"lazy\" decoding=\"async\" width=\"150\" height=\"150\" src=\"https:\/\/agenda.poscosecha.com\/wp-content\/uploads\/2023\/04\/semillas-WRnnyt.tmp_-150x150.jpg\" class=\"attachment-thumbnail size-thumbnail wp-post-image\" alt=\"\" data-mec-postid=\"2427\" \/><\/div><div class=\"mec-tooltip-event-desc\">NUEVAS FECHAS\r\nIs an annual event which takes place in week 39-aprox- September. The event completely focuses on the seed industry and exists of an exhibition and several trial fields. In addition to the fair, several symposia and lectures are organized. The event itself is generating more and more publicity resulting  , ...<\/div><\/div><span class=\"mec-wrap\"><span id=\"mec_skin_events_mec1_monthly_simple_2427\"><\/span><\/span>\r\n                        <\/div>\r\n                    <\/div><div class=\"ended-relative simple-skin-ended\"><a class=\"mec-monthly-tooltip event-single-link-simple\" data-tooltip-content=\"#mec-tooltip-67311790236800-20260924\" data-event-id=\"6731\" href=\"https:\/\/agenda.poscosecha.com\/en\/eventos\/greentech-north-america\/\"><h4 class=\"mec-event-title\">GreenTech North America 2026<\/h4><\/a><\/div><div class=\"tooltip_templates event-single-content-simple\">\r\n                        <div id=\"mec-tooltip-67311790236800-20260924\">\r\n                            <div class=\"mec-tooltip-event-title\">GreenTech North America 2026<\/div><div class=\"mec-tooltip-event-time\"><i class=\"mec-sl-clock-o\"><\/i> All Day<\/div><div class=\"mec-event-detail\">\r\n                        \r\n                    <\/div><div class=\"mec-tooltip-event-content\"><div class=\"mec-tooltip-event-featured\"><img loading=\"lazy\" decoding=\"async\" width=\"150\" height=\"150\" src=\"https:\/\/agenda.poscosecha.com\/wp-content\/uploads\/2025\/10\/Greentech-North-America-150x150.png\" class=\"attachment-thumbnail size-thumbnail wp-post-image\" alt=\"\" data-mec-postid=\"6731\" \/><\/div><div class=\"mec-tooltip-event-desc\">GreenTech North America celebrar\u00e1 su primera edici\u00f3n en Philadelphia los d\u00edas 23 y 24 de septiembre de 2026. El evento reunir\u00e1 a l\u00edderes, innovadores y productores de la horticultura de alta tecnolog\u00eda y sostenible, con m\u00e1s de 90 expositores y 1.000 asistentes previstos. La feria ofrecer\u00e1 un programa de conocimiento es , ...<\/div><\/div><span class=\"mec-wrap\"><span id=\"mec_skin_events_mec1_monthly_simple_6731\"><\/span><\/span>\r\n                        <\/div>\r\n                    <\/div><\/dt><dt class=\"mec-calendar-day \" data-mec-cell=\"20260925\" data-day=\"25\" data-month=\"202609\"><div class=\"\">25<\/div><div class=\"ended-relative simple-skin-ended\"><a class=\"mec-monthly-tooltip event-single-link-simple\" data-tooltip-content=\"#mec-tooltip-24271790294400-20260925\" data-event-id=\"2427\" href=\"https:\/\/agenda.poscosecha.com\/en\/eventos\/seed-meets-technology\/\"><h4 class=\"mec-event-title\">Seed Meets Technology<\/h4><\/a><\/div><div class=\"tooltip_templates event-single-content-simple\">\r\n                        <div id=\"mec-tooltip-24271790294400-20260925\">\r\n                            <div class=\"mec-tooltip-event-title\">Seed Meets Technology<\/div><div class=\"mec-tooltip-event-time\"><i class=\"mec-sl-clock-o\"><\/i> All Day<\/div><div class=\"mec-event-detail\">\r\n                        \r\n                    <\/div><div class=\"mec-tooltip-event-content\"><div class=\"mec-tooltip-event-featured\"><img loading=\"lazy\" decoding=\"async\" width=\"150\" height=\"150\" src=\"https:\/\/agenda.poscosecha.com\/wp-content\/uploads\/2023\/04\/semillas-WRnnyt.tmp_-150x150.jpg\" class=\"attachment-thumbnail size-thumbnail wp-post-image\" alt=\"\" data-mec-postid=\"2427\" \/><\/div><div class=\"mec-tooltip-event-desc\">NUEVAS FECHAS\r\nIs an annual event which takes place in week 39-aprox- September. The event completely focuses on the seed industry and exists of an exhibition and several trial fields. In addition to the fair, several symposia and lectures are organized. The event itself is generating more and more publicity resulting  , ...<\/div><\/div><span class=\"mec-wrap\"><span id=\"mec_skin_events_mec1_monthly_simple_2427\"><\/span><\/span>\r\n                        <\/div>\r\n                    <\/div><\/dt><dt class=\"mec-calendar-day \" data-mec-cell=\"20260926\" data-day=\"26\" data-month=\"202609\"><div class=\"\">26<\/div><div class=\"ended-relative simple-skin-ended\"><a class=\"mec-monthly-tooltip event-single-link-simple\" data-tooltip-content=\"#mec-tooltip-24271790380800-20260926\" data-event-id=\"2427\" href=\"https:\/\/agenda.poscosecha.com\/en\/eventos\/seed-meets-technology\/\"><h4 class=\"mec-event-title\">Seed Meets Technology<\/h4><\/a><\/div><div class=\"tooltip_templates event-single-content-simple\">\r\n                        <div id=\"mec-tooltip-24271790380800-20260926\">\r\n                            <div class=\"mec-tooltip-event-title\">Seed Meets Technology<\/div><div class=\"mec-tooltip-event-time\"><i class=\"mec-sl-clock-o\"><\/i> 00:00 - 23:00<\/div><div class=\"mec-event-detail\">\r\n                        \r\n                    <\/div><div class=\"mec-tooltip-event-content\"><div class=\"mec-tooltip-event-featured\"><img loading=\"lazy\" decoding=\"async\" width=\"150\" height=\"150\" src=\"https:\/\/agenda.poscosecha.com\/wp-content\/uploads\/2023\/04\/semillas-WRnnyt.tmp_-150x150.jpg\" class=\"attachment-thumbnail size-thumbnail wp-post-image\" alt=\"\" data-mec-postid=\"2427\" \/><\/div><div class=\"mec-tooltip-event-desc\">NUEVAS FECHAS\r\nIs an annual event which takes place in week 39-aprox- September. The event completely focuses on the seed industry and exists of an exhibition and several trial fields. In addition to the fair, several symposia and lectures are organized. The event itself is generating more and more publicity resulting  , ...<\/div><\/div><span class=\"mec-wrap\"><span id=\"mec_skin_events_mec1_monthly_simple_2427\"><\/span><\/span>\r\n                        <\/div>\r\n                    <\/div><\/dt><dt class=\"mec-calendar-day \" data-mec-cell=\"20260927\" data-day=\"27\" data-month=\"202609\">27<\/dt><\/dt><\/dl><dl class=\"mec-calendar-row\"><dt class=\"mec-calendar-day \" data-mec-cell=\"20260928\" data-day=\"28\" data-month=\"202609\"><div class=\"\">28<\/div><div class=\"ended-relative simple-skin-ended\"><a class=\"mec-monthly-tooltip event-single-link-simple\" data-tooltip-content=\"#mec-tooltip-48781790582400-20260928\" data-event-id=\"4878\" href=\"https:\/\/agenda.poscosecha.com\/en\/eventos\/natexpo-lyon-2024\/\"><h4 class=\"mec-event-title\">NATEXPO, International trade show for organic products<\/h4><\/a><\/div><div class=\"tooltip_templates event-single-content-simple\">\r\n                        <div id=\"mec-tooltip-48781790582400-20260928\">\r\n                            <div class=\"mec-tooltip-event-title\">NATEXPO, International trade show for organic products<\/div><div class=\"mec-tooltip-event-time\"><i class=\"mec-sl-clock-o\"><\/i> All Day<\/div><div class=\"mec-event-detail\">\r\n                        \r\n                    <\/div><div class=\"mec-tooltip-event-content\"><div class=\"mec-tooltip-event-featured\"><img loading=\"lazy\" decoding=\"async\" width=\"150\" height=\"150\" src=\"https:\/\/agenda.poscosecha.com\/wp-content\/uploads\/2023\/11\/Natexpo22_Ambiance_068-150x150.jpg\" class=\"attachment-thumbnail size-thumbnail wp-post-image\" alt=\"\" data-mec-postid=\"4878\" \/><\/div><div class=\"mec-tooltip-event-desc\">10 \u00e1reas especiales est\u00e1n dedicadas a formaci\u00f3n y contenidos espec\u00edficos. Descubra las \u00faltimas tendencias org\u00e1nicas a lo largo de m\u00e1s de 200 conferencias , talleres y demostraciones.\r\n\r\nAnticiparse al desarrollo del mercado ecol\u00f3gico participando en el Foro Natexbio y en el Foro de Tendencias Org\u00e1nicas. Fortalece tus h , ...<\/div><\/div><span class=\"mec-wrap\"><span id=\"mec_skin_events_mec1_monthly_simple_4878\"><\/span><\/span>\r\n                        <\/div>\r\n                    <\/div><div class=\"ended-relative simple-skin-ended\"><a class=\"mec-monthly-tooltip event-single-link-simple\" data-tooltip-content=\"#mec-tooltip-69721790582400-20260928\" data-event-id=\"6972\" href=\"https:\/\/agenda.poscosecha.com\/en\/eventos\/the-art-of-producing-grapes-itgs\/\"><h4 class=\"mec-event-title\">The ART of producing GRAPES<\/h4><\/a><\/div><div class=\"tooltip_templates event-single-content-simple\">\r\n                        <div id=\"mec-tooltip-69721790582400-20260928\">\r\n                            <div class=\"mec-tooltip-event-title\">The ART of producing GRAPES<\/div><div class=\"mec-tooltip-event-time\"><i class=\"mec-sl-clock-o\"><\/i> All Day<\/div><div class=\"mec-event-detail\">\r\n                        \r\n                    <\/div><div class=\"mec-tooltip-event-content\"><div class=\"mec-tooltip-event-featured\"><img loading=\"lazy\" decoding=\"async\" width=\"150\" height=\"150\" src=\"https:\/\/agenda.poscosecha.com\/wp-content\/uploads\/2026\/02\/uvas-23-150x150.jpg\" class=\"attachment-thumbnail size-thumbnail wp-post-image\" alt=\"\" data-mec-postid=\"6972\" \/><\/div><div class=\"mec-tooltip-event-desc\">11\u00ba Simposio Internacional sobre uvas de mesa de la ITGS\r\nEste simposio adem\u00e1s del componente t\u00e9cnico y cient\u00edfico introduce participaci\u00f3n comercial de la distribuci\u00f3n de la fruta.\r\n\r\nEl simposio se celebra antes de la feria Fruit Attraction\r\n\r\nHay muchos pa\u00edses en el mundo donde la uva de mesa es importante !!!!\r\n\r\nVe , ...<\/div><\/div><span class=\"mec-wrap\"><span id=\"mec_skin_events_mec1_monthly_simple_6972\"><\/span><\/span>\r\n                        <\/div>\r\n                    <\/div><div class=\"ended-relative simple-skin-ended\"><a class=\"mec-monthly-tooltip event-single-link-simple\" data-tooltip-content=\"#mec-tooltip-70811790582400-20260928\" data-event-id=\"7081\" href=\"https:\/\/agenda.poscosecha.com\/en\/eventos\/mejora-genetica-de-plantas-sech\/\"><h4 class=\"mec-event-title\">XII Congreso Nacional de Mejora Gen\u00e9tica de Plantas<\/h4><\/a><\/div><div class=\"tooltip_templates event-single-content-simple\">\r\n                        <div id=\"mec-tooltip-70811790582400-20260928\">\r\n                            <div class=\"mec-tooltip-event-title\">XII Congreso Nacional de Mejora Gen\u00e9tica de Plantas<\/div><div class=\"mec-tooltip-event-time\"><i class=\"mec-sl-clock-o\"><\/i> All Day<\/div><div class=\"mec-event-detail\">\r\n                        \r\n                    <\/div><div class=\"mec-tooltip-event-content\"><div class=\"mec-tooltip-event-featured\"><img loading=\"lazy\" decoding=\"async\" width=\"150\" height=\"150\" src=\"https:\/\/agenda.poscosecha.com\/wp-content\/uploads\/2026\/03\/SECH-Malaga-genetica-16x9-1-150x150.png\" class=\"attachment-thumbnail size-thumbnail wp-post-image\" alt=\"\" data-mec-postid=\"7081\" \/><\/div><div class=\"mec-tooltip-event-desc\">El comit\u00e9 organizador del IHSM La Mayora (UMA-CSIC), en nombre de la Sociedad Espa\u00f1ola de Ciencias Hort\u00edcolas (SECH) y la Sociedad Espa\u00f1ola de Gen\u00e9tica (SEG), les invitan a participar en el XII Congreso Nacional de Mejora Gen\u00e9tica de Plantas que tendr\u00e1 lugar en la ciudad de M\u00e1laga del 28 de septiembre al 1 de octubre d , ...<\/div><\/div><span class=\"mec-wrap\"><span id=\"mec_skin_events_mec1_monthly_simple_7081\"><\/span><\/span>\r\n                        <\/div>\r\n                    <\/div><div class=\"ended-relative simple-skin-ended\"><a class=\"mec-monthly-tooltip event-single-link-simple\" data-tooltip-content=\"#mec-tooltip-80501790582400-20260928\" data-event-id=\"8050\" href=\"https:\/\/agenda.poscosecha.com\/en\/eventos\/xii-congreso-mejora-genetica-de-plantas\/\"><h4 class=\"mec-event-title\">XII Congreso Mejora Gen\u00e9tica de Plantas<\/h4><\/a><\/div><div class=\"tooltip_templates event-single-content-simple\">\r\n                        <div id=\"mec-tooltip-80501790582400-20260928\">\r\n                            <div class=\"mec-tooltip-event-title\">XII Congreso Mejora Gen\u00e9tica de Plantas<\/div><div class=\"mec-tooltip-event-time\"><i class=\"mec-sl-clock-o\"><\/i> All Day<\/div><div class=\"mec-event-detail\">\r\n                        \r\n                    <\/div><div class=\"mec-tooltip-event-content\"><div class=\"mec-tooltip-event-featured\"><img loading=\"lazy\" decoding=\"async\" width=\"150\" height=\"150\" src=\"https:\/\/agenda.poscosecha.com\/wp-content\/uploads\/2026\/09\/Logo-congreso-sech-mejora-genetica-de-plantas-150x150.png\" class=\"attachment-thumbnail size-thumbnail wp-post-image\" alt=\"\" data-mec-postid=\"8050\" \/><\/div><div class=\"mec-tooltip-event-desc\">28 de septiembre - 1 de octubre de 2026 | M\u00e1laga, Espa\u00f1a\r\nEl XII Congreso Nacional de Mejora Gen\u00e9tica de Plantas ser\u00e1 el principal punto de encuentro de investigadores, investigadoras, docentes, t\u00e9cnicos y empresas vinculadas al \u00e1mbito de la mejora vegetal.\r\nEl evento se celebrar\u00e1 en M\u00e1laga del 28 de septiembre al 1 de , ...<\/div><\/div><span class=\"mec-wrap\"><span id=\"mec_skin_events_mec1_monthly_simple_8050\"><\/span><\/span>\r\n                        <\/div>\r\n                    <\/div><\/dt><dt class=\"mec-calendar-day \" data-mec-cell=\"20260929\" data-day=\"29\" data-month=\"202609\"><div class=\"\">29<\/div><div class=\"ended-relative simple-skin-ended\"><a class=\"mec-monthly-tooltip event-single-link-simple\" data-tooltip-content=\"#mec-tooltip-48781790668800-20260929\" data-event-id=\"4878\" href=\"https:\/\/agenda.poscosecha.com\/en\/eventos\/natexpo-lyon-2024\/\"><h4 class=\"mec-event-title\">NATEXPO, International trade show for organic products<\/h4><\/a><\/div><div class=\"tooltip_templates event-single-content-simple\">\r\n                        <div id=\"mec-tooltip-48781790668800-20260929\">\r\n                            <div class=\"mec-tooltip-event-title\">NATEXPO, International trade show for organic products<\/div><div class=\"mec-tooltip-event-time\"><i class=\"mec-sl-clock-o\"><\/i> All Day<\/div><div class=\"mec-event-detail\">\r\n                        \r\n                    <\/div><div class=\"mec-tooltip-event-content\"><div class=\"mec-tooltip-event-featured\"><img loading=\"lazy\" decoding=\"async\" width=\"150\" height=\"150\" src=\"https:\/\/agenda.poscosecha.com\/wp-content\/uploads\/2023\/11\/Natexpo22_Ambiance_068-150x150.jpg\" class=\"attachment-thumbnail size-thumbnail wp-post-image\" alt=\"\" data-mec-postid=\"4878\" \/><\/div><div class=\"mec-tooltip-event-desc\">10 \u00e1reas especiales est\u00e1n dedicadas a formaci\u00f3n y contenidos espec\u00edficos. Descubra las \u00faltimas tendencias org\u00e1nicas a lo largo de m\u00e1s de 200 conferencias , talleres y demostraciones.\r\n\r\nAnticiparse al desarrollo del mercado ecol\u00f3gico participando en el Foro Natexbio y en el Foro de Tendencias Org\u00e1nicas. Fortalece tus h , ...<\/div><\/div><span class=\"mec-wrap\"><span id=\"mec_skin_events_mec1_monthly_simple_4878\"><\/span><\/span>\r\n                        <\/div>\r\n                    <\/div><div class=\"ended-relative simple-skin-ended\"><a class=\"mec-monthly-tooltip event-single-link-simple\" data-tooltip-content=\"#mec-tooltip-69721790668800-20260929\" data-event-id=\"6972\" href=\"https:\/\/agenda.poscosecha.com\/en\/eventos\/the-art-of-producing-grapes-itgs\/\"><h4 class=\"mec-event-title\">The ART of producing GRAPES<\/h4><\/a><\/div><div class=\"tooltip_templates event-single-content-simple\">\r\n                        <div id=\"mec-tooltip-69721790668800-20260929\">\r\n                            <div class=\"mec-tooltip-event-title\">The ART of producing GRAPES<\/div><div class=\"mec-tooltip-event-time\"><i class=\"mec-sl-clock-o\"><\/i> All Day<\/div><div class=\"mec-event-detail\">\r\n                        \r\n                    <\/div><div class=\"mec-tooltip-event-content\"><div class=\"mec-tooltip-event-featured\"><img loading=\"lazy\" decoding=\"async\" width=\"150\" height=\"150\" src=\"https:\/\/agenda.poscosecha.com\/wp-content\/uploads\/2026\/02\/uvas-23-150x150.jpg\" class=\"attachment-thumbnail size-thumbnail wp-post-image\" alt=\"\" data-mec-postid=\"6972\" \/><\/div><div class=\"mec-tooltip-event-desc\">11\u00ba Simposio Internacional sobre uvas de mesa de la ITGS\r\nEste simposio adem\u00e1s del componente t\u00e9cnico y cient\u00edfico introduce participaci\u00f3n comercial de la distribuci\u00f3n de la fruta.\r\n\r\nEl simposio se celebra antes de la feria Fruit Attraction\r\n\r\nHay muchos pa\u00edses en el mundo donde la uva de mesa es importante !!!!\r\n\r\nVe , ...<\/div><\/div><span class=\"mec-wrap\"><span id=\"mec_skin_events_mec1_monthly_simple_6972\"><\/span><\/span>\r\n                        <\/div>\r\n                    <\/div><div class=\"ended-relative simple-skin-ended\"><a class=\"mec-monthly-tooltip event-single-link-simple\" data-tooltip-content=\"#mec-tooltip-70811790668800-20260929\" data-event-id=\"7081\" href=\"https:\/\/agenda.poscosecha.com\/en\/eventos\/mejora-genetica-de-plantas-sech\/\"><h4 class=\"mec-event-title\">XII Congreso Nacional de Mejora Gen\u00e9tica de Plantas<\/h4><\/a><\/div><div class=\"tooltip_templates event-single-content-simple\">\r\n                        <div id=\"mec-tooltip-70811790668800-20260929\">\r\n                            <div class=\"mec-tooltip-event-title\">XII Congreso Nacional de Mejora Gen\u00e9tica de Plantas<\/div><div class=\"mec-tooltip-event-time\"><i class=\"mec-sl-clock-o\"><\/i> All Day<\/div><div class=\"mec-event-detail\">\r\n                        \r\n                    <\/div><div class=\"mec-tooltip-event-content\"><div class=\"mec-tooltip-event-featured\"><img loading=\"lazy\" decoding=\"async\" width=\"150\" height=\"150\" src=\"https:\/\/agenda.poscosecha.com\/wp-content\/uploads\/2026\/03\/SECH-Malaga-genetica-16x9-1-150x150.png\" class=\"attachment-thumbnail size-thumbnail wp-post-image\" alt=\"\" data-mec-postid=\"7081\" \/><\/div><div class=\"mec-tooltip-event-desc\">El comit\u00e9 organizador del IHSM La Mayora (UMA-CSIC), en nombre de la Sociedad Espa\u00f1ola de Ciencias Hort\u00edcolas (SECH) y la Sociedad Espa\u00f1ola de Gen\u00e9tica (SEG), les invitan a participar en el XII Congreso Nacional de Mejora Gen\u00e9tica de Plantas que tendr\u00e1 lugar en la ciudad de M\u00e1laga del 28 de septiembre al 1 de octubre d , ...<\/div><\/div><span class=\"mec-wrap\"><span id=\"mec_skin_events_mec1_monthly_simple_7081\"><\/span><\/span>\r\n                        <\/div>\r\n                    <\/div><div class=\"ended-relative simple-skin-ended\"><a class=\"mec-monthly-tooltip event-single-link-simple\" data-tooltip-content=\"#mec-tooltip-80501790668800-20260929\" data-event-id=\"8050\" href=\"https:\/\/agenda.poscosecha.com\/en\/eventos\/xii-congreso-mejora-genetica-de-plantas\/\"><h4 class=\"mec-event-title\">XII Congreso Mejora Gen\u00e9tica de Plantas<\/h4><\/a><\/div><div class=\"tooltip_templates event-single-content-simple\">\r\n                        <div id=\"mec-tooltip-80501790668800-20260929\">\r\n                            <div class=\"mec-tooltip-event-title\">XII Congreso Mejora Gen\u00e9tica de Plantas<\/div><div class=\"mec-tooltip-event-time\"><i class=\"mec-sl-clock-o\"><\/i> All Day<\/div><div class=\"mec-event-detail\">\r\n                        \r\n                    <\/div><div class=\"mec-tooltip-event-content\"><div class=\"mec-tooltip-event-featured\"><img loading=\"lazy\" decoding=\"async\" width=\"150\" height=\"150\" src=\"https:\/\/agenda.poscosecha.com\/wp-content\/uploads\/2026\/09\/Logo-congreso-sech-mejora-genetica-de-plantas-150x150.png\" class=\"attachment-thumbnail size-thumbnail wp-post-image\" alt=\"\" data-mec-postid=\"8050\" \/><\/div><div class=\"mec-tooltip-event-desc\">28 de septiembre - 1 de octubre de 2026 | M\u00e1laga, Espa\u00f1a\r\nEl XII Congreso Nacional de Mejora Gen\u00e9tica de Plantas ser\u00e1 el principal punto de encuentro de investigadores, investigadoras, docentes, t\u00e9cnicos y empresas vinculadas al \u00e1mbito de la mejora vegetal.\r\nEl evento se celebrar\u00e1 en M\u00e1laga del 28 de septiembre al 1 de , ...<\/div><\/div><span class=\"mec-wrap\"><span id=\"mec_skin_events_mec1_monthly_simple_8050\"><\/span><\/span>\r\n                        <\/div>\r\n                    <\/div><div class=\"ended-relative simple-skin-ended\"><a class=\"mec-monthly-tooltip event-single-link-simple\" data-tooltip-content=\"#mec-tooltip-73591790674200-20260929\" data-event-id=\"7359\" href=\"https:\/\/agenda.poscosecha.com\/en\/eventos\/alimentaciondel-futuro\/\"><h4 class=\"mec-event-title\">Alimentaci\u00f3ndel futuro<\/h4><\/a><\/div><div class=\"tooltip_templates event-single-content-simple\">\r\n                        <div id=\"mec-tooltip-73591790674200-20260929\">\r\n                            <div class=\"mec-tooltip-event-title\">Alimentaci\u00f3ndel futuro<\/div><div class=\"mec-tooltip-event-time\"><i class=\"mec-sl-clock-o\"><\/i> 09:30 - 17:00<\/div><div class=\"mec-event-detail\">\r\n                        \r\n                    <\/div><div class=\"mec-tooltip-event-content\"><div class=\"mec-tooltip-event-featured\"><img loading=\"lazy\" decoding=\"async\" width=\"150\" height=\"150\" src=\"https:\/\/agenda.poscosecha.com\/wp-content\/uploads\/2026\/07\/AINIA-Sept-150x150.jpg\" class=\"attachment-thumbnail size-thumbnail wp-post-image\" alt=\"\" data-mec-postid=\"7359\" \/><\/div><div class=\"mec-tooltip-event-desc\">La 5\u00aa edici\u00f3n de la Jornada de Innovaci\u00f3n \u00abAlimentaci\u00f3n del Futuro\u00bb\r\nen el AINIA, Val\u00e8ncia\r\nLa 5\u00aa edici\u00f3n de la Jornada de Innovaci\u00f3n \u00abAlimentaci\u00f3n del Futuro\u00bb, que tendr\u00e1 lugar en nuestras instalaciones, con el objetivo de ofrecer una visi\u00f3n actualizada de los principales retos y oportunidades del sector alimentario.\r , ...<\/div><\/div><span class=\"mec-wrap\"><span id=\"mec_skin_events_mec1_monthly_simple_7359\"><\/span><\/span>\r\n                        <\/div>\r\n                    <\/div><\/dt><dt class=\"mec-calendar-day \" data-mec-cell=\"20260930\" data-day=\"30\" data-month=\"202609\"><div class=\"\">30<\/div><div class=\"ended-relative simple-skin-ended\"><a class=\"mec-monthly-tooltip event-single-link-simple\" data-tooltip-content=\"#mec-tooltip-69721790755200-20260930\" data-event-id=\"6972\" href=\"https:\/\/agenda.poscosecha.com\/en\/eventos\/the-art-of-producing-grapes-itgs\/\"><h4 class=\"mec-event-title\">The ART of producing GRAPES<\/h4><\/a><\/div><div class=\"tooltip_templates event-single-content-simple\">\r\n                        <div id=\"mec-tooltip-69721790755200-20260930\">\r\n                            <div class=\"mec-tooltip-event-title\">The ART of producing GRAPES<\/div><div class=\"mec-tooltip-event-time\"><i class=\"mec-sl-clock-o\"><\/i> All Day<\/div><div class=\"mec-event-detail\">\r\n                        \r\n                    <\/div><div class=\"mec-tooltip-event-content\"><div class=\"mec-tooltip-event-featured\"><img loading=\"lazy\" decoding=\"async\" width=\"150\" height=\"150\" src=\"https:\/\/agenda.poscosecha.com\/wp-content\/uploads\/2026\/02\/uvas-23-150x150.jpg\" class=\"attachment-thumbnail size-thumbnail wp-post-image\" alt=\"\" data-mec-postid=\"6972\" \/><\/div><div class=\"mec-tooltip-event-desc\">11\u00ba Simposio Internacional sobre uvas de mesa de la ITGS\r\nEste simposio adem\u00e1s del componente t\u00e9cnico y cient\u00edfico introduce participaci\u00f3n comercial de la distribuci\u00f3n de la fruta.\r\n\r\nEl simposio se celebra antes de la feria Fruit Attraction\r\n\r\nHay muchos pa\u00edses en el mundo donde la uva de mesa es importante !!!!\r\n\r\nVe , ...<\/div><\/div><span class=\"mec-wrap\"><span id=\"mec_skin_events_mec1_monthly_simple_6972\"><\/span><\/span>\r\n                        <\/div>\r\n                    <\/div><div class=\"ended-relative simple-skin-ended\"><a class=\"mec-monthly-tooltip event-single-link-simple\" data-tooltip-content=\"#mec-tooltip-70811790755200-20260930\" data-event-id=\"7081\" href=\"https:\/\/agenda.poscosecha.com\/en\/eventos\/mejora-genetica-de-plantas-sech\/\"><h4 class=\"mec-event-title\">XII Congreso Nacional de Mejora Gen\u00e9tica de Plantas<\/h4><\/a><\/div><div class=\"tooltip_templates event-single-content-simple\">\r\n                        <div id=\"mec-tooltip-70811790755200-20260930\">\r\n                            <div class=\"mec-tooltip-event-title\">XII Congreso Nacional de Mejora Gen\u00e9tica de Plantas<\/div><div class=\"mec-tooltip-event-time\"><i class=\"mec-sl-clock-o\"><\/i> All Day<\/div><div class=\"mec-event-detail\">\r\n                        \r\n                    <\/div><div class=\"mec-tooltip-event-content\"><div class=\"mec-tooltip-event-featured\"><img loading=\"lazy\" decoding=\"async\" width=\"150\" height=\"150\" src=\"https:\/\/agenda.poscosecha.com\/wp-content\/uploads\/2026\/03\/SECH-Malaga-genetica-16x9-1-150x150.png\" class=\"attachment-thumbnail size-thumbnail wp-post-image\" alt=\"\" data-mec-postid=\"7081\" \/><\/div><div class=\"mec-tooltip-event-desc\">El comit\u00e9 organizador del IHSM La Mayora (UMA-CSIC), en nombre de la Sociedad Espa\u00f1ola de Ciencias Hort\u00edcolas (SECH) y la Sociedad Espa\u00f1ola de Gen\u00e9tica (SEG), les invitan a participar en el XII Congreso Nacional de Mejora Gen\u00e9tica de Plantas que tendr\u00e1 lugar en la ciudad de M\u00e1laga del 28 de septiembre al 1 de octubre d , ...<\/div><\/div><span class=\"mec-wrap\"><span id=\"mec_skin_events_mec1_monthly_simple_7081\"><\/span><\/span>\r\n                        <\/div>\r\n                    <\/div><div class=\"ended-relative simple-skin-ended\"><a class=\"mec-monthly-tooltip event-single-link-simple\" data-tooltip-content=\"#mec-tooltip-70841790755200-20260930\" data-event-id=\"7084\" href=\"https:\/\/agenda.poscosecha.com\/en\/eventos\/grootgroenplus-2026\/\"><h4 class=\"mec-event-title\">GrootGroenPlus 2026<\/h4><\/a><\/div><div class=\"tooltip_templates event-single-content-simple\">\r\n                        <div id=\"mec-tooltip-70841790755200-20260930\">\r\n                            <div class=\"mec-tooltip-event-title\">GrootGroenPlus 2026<\/div><div class=\"mec-tooltip-event-time\"><i class=\"mec-sl-clock-o\"><\/i> All Day<\/div><div class=\"mec-event-detail\">\r\n                        \r\n                    <\/div><div class=\"mec-tooltip-event-content\"><div class=\"mec-tooltip-event-featured\"><img loading=\"lazy\" decoding=\"async\" width=\"150\" height=\"150\" src=\"https:\/\/agenda.poscosecha.com\/wp-content\/uploads\/2026\/03\/Groen-Plus-1-150x150.jpg\" class=\"attachment-thumbnail size-thumbnail wp-post-image\" alt=\"\" data-mec-postid=\"7084\" \/><\/div><div class=\"mec-tooltip-event-desc\">GrootGroenPlus es una prestigiosa feria comercial internacional de viveros y horticultura que se celebra anualmente en Zundert, Pa\u00edses Bajos. Es un evento clave para profesionales del sector verde, enfocado en innovaciones, novedades de plantas (Green Grand Prix) y creaci\u00f3n de redes, atrayendo a cientos de participante , ...<\/div><\/div><span class=\"mec-wrap\"><span id=\"mec_skin_events_mec1_monthly_simple_7084\"><\/span><\/span>\r\n                        <\/div>\r\n                    <\/div><div class=\"ended-relative simple-skin-ended\"><a class=\"mec-monthly-tooltip event-single-link-simple\" data-tooltip-content=\"#mec-tooltip-71491790755200-20260930\" data-event-id=\"7149\" href=\"https:\/\/agenda.poscosecha.com\/en\/eventos\/paises-bajos-viveros-exposantenlijst-grootgroenplus-2026\/\"><h4 class=\"mec-event-title\">Exposantenlijst &#8211; GrootGroenPlus 2026<\/h4><\/a><\/div><div class=\"tooltip_templates event-single-content-simple\">\r\n                        <div id=\"mec-tooltip-71491790755200-20260930\">\r\n                            <div class=\"mec-tooltip-event-title\">Exposantenlijst &#8211; GrootGroenPlus 2026<\/div><div class=\"mec-tooltip-event-time\"><i class=\"mec-sl-clock-o\"><\/i> All Day<\/div><div class=\"mec-event-detail\">\r\n                        \r\n                    <\/div><div class=\"mec-tooltip-event-content\"><div class=\"mec-tooltip-event-featured\"><img loading=\"lazy\" decoding=\"async\" width=\"150\" height=\"150\" src=\"https:\/\/agenda.poscosecha.com\/wp-content\/uploads\/2026\/05\/feria-viveros-hol-150x150.jpg\" class=\"attachment-thumbnail size-thumbnail wp-post-image\" alt=\"\" data-mec-postid=\"7149\" \/><\/div><div class=\"mec-tooltip-event-desc\">Del 30\/09 al 02\/10\r\n275 expositores la mayor\u00eda viveros acuden a la 36\u00aa Feria Internacional de Viveros GrootGroenPlus en Zundert\r\nLa 36.\u00aa edici\u00f3n de GrootGroenPlus se celebra\u00a0 este a\u00f1o el 30 de setiembre al 2 de Octubre. Con cerca de 300 participantes nacionales e internacionales, la \u00faltima edici\u00f3n fue la m\u00e1s grande de  , ...<\/div><\/div><span class=\"mec-wrap\"><span id=\"mec_skin_events_mec1_monthly_simple_7149\"><\/span><\/span>\r\n                        <\/div>\r\n                    <\/div><div class=\"ended-relative simple-skin-ended\"><a class=\"mec-monthly-tooltip event-single-link-simple\" data-tooltip-content=\"#mec-tooltip-80501790755200-20260930\" data-event-id=\"8050\" href=\"https:\/\/agenda.poscosecha.com\/en\/eventos\/xii-congreso-mejora-genetica-de-plantas\/\"><h4 class=\"mec-event-title\">XII Congreso Mejora Gen\u00e9tica de Plantas<\/h4><\/a><\/div><div class=\"tooltip_templates event-single-content-simple\">\r\n                        <div id=\"mec-tooltip-80501790755200-20260930\">\r\n                            <div class=\"mec-tooltip-event-title\">XII Congreso Mejora Gen\u00e9tica de Plantas<\/div><div class=\"mec-tooltip-event-time\"><i class=\"mec-sl-clock-o\"><\/i> All Day<\/div><div class=\"mec-event-detail\">\r\n                        \r\n                    <\/div><div class=\"mec-tooltip-event-content\"><div class=\"mec-tooltip-event-featured\"><img loading=\"lazy\" decoding=\"async\" width=\"150\" height=\"150\" src=\"https:\/\/agenda.poscosecha.com\/wp-content\/uploads\/2026\/09\/Logo-congreso-sech-mejora-genetica-de-plantas-150x150.png\" class=\"attachment-thumbnail size-thumbnail wp-post-image\" alt=\"\" data-mec-postid=\"8050\" \/><\/div><div class=\"mec-tooltip-event-desc\">28 de septiembre - 1 de octubre de 2026 | M\u00e1laga, Espa\u00f1a\r\nEl XII Congreso Nacional de Mejora Gen\u00e9tica de Plantas ser\u00e1 el principal punto de encuentro de investigadores, investigadoras, docentes, t\u00e9cnicos y empresas vinculadas al \u00e1mbito de la mejora vegetal.\r\nEl evento se celebrar\u00e1 en M\u00e1laga del 28 de septiembre al 1 de , ...<\/div><\/div><span class=\"mec-wrap\"><span id=\"mec_skin_events_mec1_monthly_simple_8050\"><\/span><\/span>\r\n                        <\/div>\r\n                    <\/div><\/dt><dt class=\"mec-calendar-day mec-table-nullday \" data-mec-cell=\"20261001\" data-day=\"1\" data-month=\"202610\"><div class=\"\">1<\/div><div class=\"ended-relative simple-skin-ended\"><a class=\"mec-monthly-tooltip event-single-link-simple\" data-tooltip-content=\"#mec-tooltip-69721790841600-20261001\" data-event-id=\"6972\" href=\"https:\/\/agenda.poscosecha.com\/en\/eventos\/the-art-of-producing-grapes-itgs\/\"><h4 class=\"mec-event-title\">The ART of producing GRAPES<\/h4><\/a><\/div><div class=\"tooltip_templates event-single-content-simple\">\r\n                            <div id=\"mec-tooltip-69721790841600-20261001\">\r\n                                <div class=\"mec-tooltip-event-title\">The ART of producing GRAPES<\/div><div class=\"mec-tooltip-event-time\"><i class=\"mec-sl-clock-o\"><\/i> All Day<\/div><div class=\"mec-event-detail\">\r\n                            \r\n                        <\/div><div class=\"mec-tooltip-event-content\"><div class=\"mec-tooltip-event-featured\"><img loading=\"lazy\" decoding=\"async\" width=\"150\" height=\"150\" src=\"https:\/\/agenda.poscosecha.com\/wp-content\/uploads\/2026\/02\/uvas-23-150x150.jpg\" class=\"attachment-thumbnail size-thumbnail wp-post-image\" alt=\"\" data-mec-postid=\"6972\" \/><\/div><div class=\"mec-tooltip-event-desc\">11\u00ba Simposio Internacional sobre uvas de mesa de la ITGS\r\nEste simposio adem\u00e1s del componente t\u00e9cnico y cient\u00edfico introduce participaci\u00f3n comercial de la distribuci\u00f3n de la fruta.\r\n\r\nEl simposio se celebra antes de la feria Fruit Attraction\r\n\r\nHay muchos pa\u00edses en el mundo donde la uva de mesa es importante !!!!\r\n\r\nVe , ...<\/div><\/div><span class=\"mec-wrap\"><span id=\"mec_skin_events_mec1_monthly_simple_6972\"><\/span><\/span>\r\n                            <\/div>\r\n                        <\/div><div class=\"ended-relative simple-skin-ended\"><a class=\"mec-monthly-tooltip event-single-link-simple\" data-tooltip-content=\"#mec-tooltip-70811790841600-20261001\" data-event-id=\"7081\" href=\"https:\/\/agenda.poscosecha.com\/en\/eventos\/mejora-genetica-de-plantas-sech\/\"><h4 class=\"mec-event-title\">XII Congreso Nacional de Mejora Gen\u00e9tica de Plantas<\/h4><\/a><\/div><div class=\"tooltip_templates event-single-content-simple\">\r\n                            <div id=\"mec-tooltip-70811790841600-20261001\">\r\n                                <div class=\"mec-tooltip-event-title\">XII Congreso Nacional de Mejora Gen\u00e9tica de Plantas<\/div><div class=\"mec-tooltip-event-time\"><i class=\"mec-sl-clock-o\"><\/i> All Day<\/div><div class=\"mec-event-detail\">\r\n                            \r\n                        <\/div><div class=\"mec-tooltip-event-content\"><div class=\"mec-tooltip-event-featured\"><img loading=\"lazy\" decoding=\"async\" width=\"150\" height=\"150\" src=\"https:\/\/agenda.poscosecha.com\/wp-content\/uploads\/2026\/03\/SECH-Malaga-genetica-16x9-1-150x150.png\" class=\"attachment-thumbnail size-thumbnail wp-post-image\" alt=\"\" data-mec-postid=\"7081\" \/><\/div><div class=\"mec-tooltip-event-desc\">El comit\u00e9 organizador del IHSM La Mayora (UMA-CSIC), en nombre de la Sociedad Espa\u00f1ola de Ciencias Hort\u00edcolas (SECH) y la Sociedad Espa\u00f1ola de Gen\u00e9tica (SEG), les invitan a participar en el XII Congreso Nacional de Mejora Gen\u00e9tica de Plantas que tendr\u00e1 lugar en la ciudad de M\u00e1laga del 28 de septiembre al 1 de octubre d , ...<\/div><\/div><span class=\"mec-wrap\"><span id=\"mec_skin_events_mec1_monthly_simple_7081\"><\/span><\/span>\r\n                            <\/div>\r\n                        <\/div><div class=\"ended-relative simple-skin-ended\"><a class=\"mec-monthly-tooltip event-single-link-simple\" data-tooltip-content=\"#mec-tooltip-70841790841600-20261001\" data-event-id=\"7084\" href=\"https:\/\/agenda.poscosecha.com\/en\/eventos\/grootgroenplus-2026\/\"><h4 class=\"mec-event-title\">GrootGroenPlus 2026<\/h4><\/a><\/div><div class=\"tooltip_templates event-single-content-simple\">\r\n                            <div id=\"mec-tooltip-70841790841600-20261001\">\r\n                                <div class=\"mec-tooltip-event-title\">GrootGroenPlus 2026<\/div><div class=\"mec-tooltip-event-time\"><i class=\"mec-sl-clock-o\"><\/i> All Day<\/div><div class=\"mec-event-detail\">\r\n                            \r\n                        <\/div><div class=\"mec-tooltip-event-content\"><div class=\"mec-tooltip-event-featured\"><img loading=\"lazy\" decoding=\"async\" width=\"150\" height=\"150\" src=\"https:\/\/agenda.poscosecha.com\/wp-content\/uploads\/2026\/03\/Groen-Plus-1-150x150.jpg\" class=\"attachment-thumbnail size-thumbnail wp-post-image\" alt=\"\" data-mec-postid=\"7084\" \/><\/div><div class=\"mec-tooltip-event-desc\">GrootGroenPlus es una prestigiosa feria comercial internacional de viveros y horticultura que se celebra anualmente en Zundert, Pa\u00edses Bajos. Es un evento clave para profesionales del sector verde, enfocado en innovaciones, novedades de plantas (Green Grand Prix) y creaci\u00f3n de redes, atrayendo a cientos de participante , ...<\/div><\/div><span class=\"mec-wrap\"><span id=\"mec_skin_events_mec1_monthly_simple_7084\"><\/span><\/span>\r\n                            <\/div>\r\n                        <\/div><div class=\"ended-relative simple-skin-ended\"><a class=\"mec-monthly-tooltip event-single-link-simple\" data-tooltip-content=\"#mec-tooltip-80501790841600-20261001\" data-event-id=\"8050\" href=\"https:\/\/agenda.poscosecha.com\/en\/eventos\/xii-congreso-mejora-genetica-de-plantas\/\"><h4 class=\"mec-event-title\">XII Congreso Mejora Gen\u00e9tica de Plantas<\/h4><\/a><\/div><div class=\"tooltip_templates event-single-content-simple\">\r\n                            <div id=\"mec-tooltip-80501790841600-20261001\">\r\n                                <div class=\"mec-tooltip-event-title\">XII Congreso Mejora Gen\u00e9tica de Plantas<\/div><div class=\"mec-tooltip-event-time\"><i class=\"mec-sl-clock-o\"><\/i> All Day<\/div><div class=\"mec-event-detail\">\r\n                            \r\n                        <\/div><div class=\"mec-tooltip-event-content\"><div class=\"mec-tooltip-event-featured\"><img loading=\"lazy\" decoding=\"async\" width=\"150\" height=\"150\" src=\"https:\/\/agenda.poscosecha.com\/wp-content\/uploads\/2026\/09\/Logo-congreso-sech-mejora-genetica-de-plantas-150x150.png\" class=\"attachment-thumbnail size-thumbnail wp-post-image\" alt=\"\" data-mec-postid=\"8050\" \/><\/div><div class=\"mec-tooltip-event-desc\">28 de septiembre - 1 de octubre de 2026 | M\u00e1laga, Espa\u00f1a\r\nEl XII Congreso Nacional de Mejora Gen\u00e9tica de Plantas ser\u00e1 el principal punto de encuentro de investigadores, investigadoras, docentes, t\u00e9cnicos y empresas vinculadas al \u00e1mbito de la mejora vegetal.\r\nEl evento se celebrar\u00e1 en M\u00e1laga del 28 de septiembre al 1 de , ...<\/div><\/div><span class=\"mec-wrap\"><span id=\"mec_skin_events_mec1_monthly_simple_8050\"><\/span><\/span>\r\n                            <\/div>\r\n                        <\/div><\/dt><dt class=\"mec-calendar-day mec-table-nullday \" data-mec-cell=\"20261002\" data-day=\"2\" data-month=\"202610\"><div class=\"\">2<\/div><div class=\"ended-relative simple-skin-ended\"><a class=\"mec-monthly-tooltip event-single-link-simple\" data-tooltip-content=\"#mec-tooltip-69721790928000-20261002\" data-event-id=\"6972\" href=\"https:\/\/agenda.poscosecha.com\/en\/eventos\/the-art-of-producing-grapes-itgs\/\"><h4 class=\"mec-event-title\">The ART of producing GRAPES<\/h4><\/a><\/div><div class=\"tooltip_templates event-single-content-simple\">\r\n                            <div id=\"mec-tooltip-69721790928000-20261002\">\r\n                                <div class=\"mec-tooltip-event-title\">The ART of producing GRAPES<\/div><div class=\"mec-tooltip-event-time\"><i class=\"mec-sl-clock-o\"><\/i> All Day<\/div><div class=\"mec-event-detail\">\r\n                            \r\n                        <\/div><div class=\"mec-tooltip-event-content\"><div class=\"mec-tooltip-event-featured\"><img loading=\"lazy\" decoding=\"async\" width=\"150\" height=\"150\" src=\"https:\/\/agenda.poscosecha.com\/wp-content\/uploads\/2026\/02\/uvas-23-150x150.jpg\" class=\"attachment-thumbnail size-thumbnail wp-post-image\" alt=\"\" data-mec-postid=\"6972\" \/><\/div><div class=\"mec-tooltip-event-desc\">11\u00ba Simposio Internacional sobre uvas de mesa de la ITGS\r\nEste simposio adem\u00e1s del componente t\u00e9cnico y cient\u00edfico introduce participaci\u00f3n comercial de la distribuci\u00f3n de la fruta.\r\n\r\nEl simposio se celebra antes de la feria Fruit Attraction\r\n\r\nHay muchos pa\u00edses en el mundo donde la uva de mesa es importante !!!!\r\n\r\nVe , ...<\/div><\/div><span class=\"mec-wrap\"><span id=\"mec_skin_events_mec1_monthly_simple_6972\"><\/span><\/span>\r\n                            <\/div>\r\n                        <\/div><div class=\"ended-relative simple-skin-ended\"><a class=\"mec-monthly-tooltip event-single-link-simple\" data-tooltip-content=\"#mec-tooltip-70841790928000-20261002\" data-event-id=\"7084\" href=\"https:\/\/agenda.poscosecha.com\/en\/eventos\/grootgroenplus-2026\/\"><h4 class=\"mec-event-title\">GrootGroenPlus 2026<\/h4><\/a><\/div><div class=\"tooltip_templates event-single-content-simple\">\r\n                            <div id=\"mec-tooltip-70841790928000-20261002\">\r\n                                <div class=\"mec-tooltip-event-title\">GrootGroenPlus 2026<\/div><div class=\"mec-tooltip-event-time\"><i class=\"mec-sl-clock-o\"><\/i> All Day<\/div><div class=\"mec-event-detail\">\r\n                            \r\n                        <\/div><div class=\"mec-tooltip-event-content\"><div class=\"mec-tooltip-event-featured\"><img loading=\"lazy\" decoding=\"async\" width=\"150\" height=\"150\" src=\"https:\/\/agenda.poscosecha.com\/wp-content\/uploads\/2026\/03\/Groen-Plus-1-150x150.jpg\" class=\"attachment-thumbnail size-thumbnail wp-post-image\" alt=\"\" data-mec-postid=\"7084\" \/><\/div><div class=\"mec-tooltip-event-desc\">GrootGroenPlus es una prestigiosa feria comercial internacional de viveros y horticultura que se celebra anualmente en Zundert, Pa\u00edses Bajos. Es un evento clave para profesionales del sector verde, enfocado en innovaciones, novedades de plantas (Green Grand Prix) y creaci\u00f3n de redes, atrayendo a cientos de participante , ...<\/div><\/div><span class=\"mec-wrap\"><span id=\"mec_skin_events_mec1_monthly_simple_7084\"><\/span><\/span>\r\n                            <\/div>\r\n                        <\/div><\/dt><dt class=\"mec-table-nullday\">3<\/dt><dt class=\"mec-table-nullday\">4<\/dt><\/dl>\r\n<\/div>\r\n            <\/div>\r\n\r\n                    <\/div>\r\n            <\/div>\r\n\r\n        \r\n        <div class=\"mec-modal-result\"><\/div>\r\n\r\n<\/div><\/div>\n<p>[\/et_pb_text][\/et_pb_column][\/et_pb_row][et_pb_row _builder_version=\u00bb4.21.0&#8243; _module_preset=\u00bbdefault\u00bb custom_padding=\u00bb16px||16px|||\u00bb global_colors_info=\u00bb{}\u00bb][et_pb_column type=\u00bb4_4&#8243; _builder_version=\u00bb4.21.0&#8243; _module_preset=\u00bbdefault\u00bb global_colors_info=\u00bb{}\u00bb][et_pb_image src=\u00bbhttps:\/\/agenda.poscosecha.com\/wp-content\/uploads\/2024\/10\/Agenda-Fruit-Atraction-2024.jpg\u00bb title_text=\u00bbAgenda-Fruit-Atraction 2024&#8243; url=\u00bbhttps:\/\/agenda.poscosecha.com\/eventos\/fruit-attraction-madrid\/\u00bb align=\u00bbcenter\u00bb admin_label=\u00bbADS AGENDA Fruit Attraction\u00bb _builder_version=\u00bb4.25.2&#8243; _module_preset=\u00bbdefault\u00bb global_colors_info=\u00bb{}\u00bb][\/et_pb_image][\/et_pb_column][\/et_pb_row][\/et_pb_section][et_pb_section fb_built=\u00bb1&#8243; _builder_version=\u00bb4.16&#8243; custom_padding=\u00bb39px||30px|||\u00bb global_colors_info=\u00bb{}\u00bb][et_pb_row column_structure=\u00bb3_4,1_4&#8243; _builder_version=\u00bb4.21.0&#8243; _module_preset=\u00bbdefault\u00bb custom_margin=\u00bb||2em||false|false\u00bb custom_padding=\u00bb||0px||false|false\u00bb global_colors_info=\u00bb{}\u00bb][et_pb_column type=\u00bb3_4&#8243; _builder_version=\u00bb4.21.0&#8243; _module_preset=\u00bbdefault\u00bb global_colors_info=\u00bb{}\u00bb][et_pb_text _builder_version=\u00bb4.25.2&#8243; _module_preset=\u00bbdefault\u00bb header_text_color=\u00bb#0855a3&#8243; custom_margin=\u00bb||0px||false|false\u00bb global_colors_info=\u00bb{}\u00bb]<\/p>\n<h1>Eventos de este MES<\/h1>\n<p>[\/et_pb_text][et_pb_divider color=\u00bb#f38919&#8243; divider_weight=\u00bb4px\u00bb _builder_version=\u00bb4.21.0&#8243; _module_preset=\u00bbdefault\u00bb max_width=\u00bb20%\u00bb global_colors_info=\u00bb{}\u00bb][\/et_pb_divider][mecdivi_MECShortcodes shortcode_id=\u00bb3764&#8243; _builder_version=\u00bb4.25.2&#8243; _module_preset=\u00bbdefault\u00bb global_colors_info=\u00bb{}\u00bb][\/mecdivi_MECShortcodes][\/et_pb_column][et_pb_column type=\u00bb1_4&#8243; _builder_version=\u00bb4.21.0&#8243; _module_preset=\u00bbdefault\u00bb global_colors_info=\u00bb{}\u00bb][et_pb_sidebar orientation=\u00bbright\u00bb area=\u00bbet_pb_widget_area_1&#8243; _builder_version=\u00bb4.21.0&#8243; _module_preset=\u00bbdefault\u00bb global_colors_info=\u00bb{}\u00bb][\/et_pb_sidebar][et_pb_code _builder_version=\u00bb4.25.2&#8243; _module_preset=\u00bbdefault\u00bb locked=\u00bboff\u00bb global_colors_info=\u00bb{}\u00bb]<\/p>\n<style><!-- [et_pb_line_break_holder] -->h4.widgettitle{<!-- [et_pb_line_break_holder] -->  font-weight: 600;<!-- [et_pb_line_break_holder] -->  color: #0855a3;<!-- [et_pb_line_break_holder] -->}<!-- [et_pb_line_break_holder] --><!-- [et_pb_line_break_holder] -->.widget_search #searchsubmit{<!-- [et_pb_line_break_holder] -->  bottom: 0!important;<!-- [et_pb_line_break_holder] -->  top: auto;<!-- [et_pb_line_break_holder] -->}<!-- [et_pb_line_break_holder] --><!-- [et_pb_line_break_holder] -->.widget_mec_mec_widget h4.mec-event-title a{<!-- [et_pb_line_break_holder] -->  font-size: 12px!important;<!-- [et_pb_line_break_holder] -->}<!-- [et_pb_line_break_holder] -->  <!-- [et_pb_line_break_holder] -->  .widget_mec_mec_widget h4.mec-event-title {<!-- [et_pb_line_break_holder] -->    margin: 0 0 1em 0;<!-- [et_pb_line_break_holder] -->    padding: 0;<!-- [et_pb_line_break_holder] -->  }<!-- [et_pb_line_break_holder] -->  <!-- [et_pb_line_break_holder] -->  .mec-calendar-table h4.mec-event-title{<!-- [et_pb_line_break_holder] -->    max-height: 3em!important;<!-- [et_pb_line_break_holder] -->  }<!-- [et_pb_line_break_holder] --><\/style>\n<p>[\/et_pb_code][\/et_pb_column][\/et_pb_row][\/et_pb_section][et_pb_section fb_built=\u00bb1&#8243; fullwidth=\u00bbon\u00bb _builder_version=\u00bb4.25.2&#8243; _module_preset=\u00bbdefault\u00bb global_colors_info=\u00bb{}\u00bb][\/et_pb_section]<\/p>\n","protected":false},"excerpt":{"rendered":"<p>[et_pb_section fb_built=\u00bb1&#8243; disabled_on=\u00bbon|on|on\u00bb _builder_version=\u00bb4.16&#8243; custom_padding=\u00bb39px||30px|||\u00bb disabled=\u00bbon\u00bb global_colors_info=\u00bb{}\u00bb][et_pb_row _builder_version=\u00bb4.21.0&#8243; _module_preset=\u00bbdefault\u00bb custom_margin=\u00bb||2em||false|false\u00bb custom_padding=\u00bb||0px||false|false\u00bb global_colors_info=\u00bb{}\u00bb][et_pb_column type=\u00bb4_4&#8243; _builder_version=\u00bb4.21.0&#8243; _module_preset=\u00bbdefault\u00bb global_colors_info=\u00bb{}\u00bb][et_pb_text _builder_version=\u00bb4.21.0&#8243; _module_preset=\u00bbdefault\u00bb header_text_color=\u00bb#0855a3&#8243; custom_margin=\u00bb||0px||false|false\u00bb global_colors_info=\u00bb{}\u00bb] Calendario de Eventos [\/et_pb_text][et_pb_divider color=\u00bb#f38919&#8243; divider_weight=\u00bb4px\u00bb _builder_version=\u00bb4.21.0&#8243; _module_preset=\u00bbdefault\u00bb max_width=\u00bb20%\u00bb global_colors_info=\u00bb{}\u00bb][\/et_pb_divider][\/et_pb_column][\/et_pb_row][et_pb_row _builder_version=\u00bb4.21.0&#8243; _module_preset=\u00bbdefault\u00bb custom_padding=\u00bb16px||16px|||\u00bb global_colors_info=\u00bb{}\u00bb][et_pb_column type=\u00bb4_4&#8243; _builder_version=\u00bb4.21.0&#8243; _module_preset=\u00bbdefault\u00bb global_colors_info=\u00bb{}\u00bb][et_pb_text _builder_version=\u00bb4.25.2&#8243; _module_preset=\u00bbdefault\u00bb global_colors_info=\u00bb{}\u00bb] [\/et_pb_text][\/et_pb_column][\/et_pb_row][et_pb_row _builder_version=\u00bb4.21.0&#8243; _module_preset=\u00bbdefault\u00bb custom_padding=\u00bb16px||16px|||\u00bb global_colors_info=\u00bb{}\u00bb][et_pb_column type=\u00bb4_4&#8243; _builder_version=\u00bb4.21.0&#8243; _module_preset=\u00bbdefault\u00bb global_colors_info=\u00bb{}\u00bb][et_pb_image src=\u00bbhttps:\/\/agenda.poscosecha.com\/wp-content\/uploads\/2024\/10\/Agenda-Fruit-Atraction-2024.jpg\u00bb title_text=\u00bbAgenda-Fruit-Atraction 2024&#8243; url=\u00bbhttps:\/\/agenda.poscosecha.com\/eventos\/fruit-attraction-madrid\/\u00bb [&hellip;]<\/p>\n","protected":false},"author":1,"featured_media":0,"parent":0,"menu_order":0,"comment_status":"closed","ping_status":"closed","template":"","meta":{"_et_pb_use_builder":"on","_et_pb_old_content":"<!-- wp:columns {\"style\":{\"color\":{\"background\":\"#0856a3\"},\"spacing\":{\"padding\":{\"top\":\"var:preset|spacing|30\",\"right\":\"var:preset|spacing|30\",\"bottom\":\"var:preset|spacing|30\",\"left\":\"var:preset|spacing|30\"}}},\"textColor\":\"base\",\"fontSize\":\"x-large\"} -->\r\n<div class=\"wp-block-columns has-base-color has-text-color has-background has-x-large-font-size\" style=\"background-color:#0856a3;padding-top:var(--wp--preset--spacing--30);padding-right:var(--wp--preset--spacing--30);padding-bottom:var(--wp--preset--spacing--30);padding-left:var(--wp--preset--spacing--30)\"><!-- wp:column -->\r\n<div class=\"wp-block-column\"><!-- wp:post-title \/--><\/div>\r\n<!-- \/wp:column --><\/div>\r\n<!-- \/wp:columns -->\r\n\r\n<!-- wp:paragraph -->\r\n<p>[MEC id=\"3101\"]<\/p>\r\n<!-- \/wp:paragraph -->","_et_gb_content_width":"1413","footnotes":""},"class_list":["post-1717","page","type-page","status-publish","hentry"],"yoast_head":"<!-- This site is optimized with the Yoast SEO plugin v28.4 - https:\/\/yoast.com\/product\/yoast-seo-wordpress\/ -->\n<title>Este Mes - AGENDA<\/title>\n<meta name=\"robots\" content=\"index, follow, max-snippet:-1, max-image-preview:large, max-video-preview:-1\" \/>\n<link rel=\"canonical\" href=\"https:\/\/agenda.poscosecha.com\/en\/este-mes\/\" \/>\n<meta property=\"og:locale\" content=\"en_GB\" \/>\n<meta property=\"og:type\" content=\"article\" \/>\n<meta property=\"og:title\" content=\"Este Mes - AGENDA\" \/>\n<meta property=\"og:description\" content=\"[et_pb_section fb_built=\u00bb1&#8243; disabled_on=\u00bbon|on|on\u00bb _builder_version=\u00bb4.16&#8243; custom_padding=\u00bb39px||30px|||\u00bb disabled=\u00bbon\u00bb global_colors_info=\u00bb{}\u00bb][et_pb_row _builder_version=\u00bb4.21.0&#8243; _module_preset=\u00bbdefault\u00bb custom_margin=\u00bb||2em||false|false\u00bb custom_padding=\u00bb||0px||false|false\u00bb global_colors_info=\u00bb{}\u00bb][et_pb_column type=\u00bb4_4&#8243; _builder_version=\u00bb4.21.0&#8243; _module_preset=\u00bbdefault\u00bb global_colors_info=\u00bb{}\u00bb][et_pb_text _builder_version=\u00bb4.21.0&#8243; _module_preset=\u00bbdefault\u00bb header_text_color=\u00bb#0855a3&#8243; custom_margin=\u00bb||0px||false|false\u00bb global_colors_info=\u00bb{}\u00bb] Calendario de Eventos [\/et_pb_text][et_pb_divider color=\u00bb#f38919&#8243; divider_weight=\u00bb4px\u00bb _builder_version=\u00bb4.21.0&#8243; _module_preset=\u00bbdefault\u00bb max_width=\u00bb20%\u00bb global_colors_info=\u00bb{}\u00bb][\/et_pb_divider][\/et_pb_column][\/et_pb_row][et_pb_row _builder_version=\u00bb4.21.0&#8243; _module_preset=\u00bbdefault\u00bb custom_padding=\u00bb16px||16px|||\u00bb global_colors_info=\u00bb{}\u00bb][et_pb_column type=\u00bb4_4&#8243; _builder_version=\u00bb4.21.0&#8243; _module_preset=\u00bbdefault\u00bb global_colors_info=\u00bb{}\u00bb][et_pb_text _builder_version=\u00bb4.25.2&#8243; _module_preset=\u00bbdefault\u00bb global_colors_info=\u00bb{}\u00bb] [\/et_pb_text][\/et_pb_column][\/et_pb_row][et_pb_row _builder_version=\u00bb4.21.0&#8243; _module_preset=\u00bbdefault\u00bb custom_padding=\u00bb16px||16px|||\u00bb global_colors_info=\u00bb{}\u00bb][et_pb_column type=\u00bb4_4&#8243; _builder_version=\u00bb4.21.0&#8243; _module_preset=\u00bbdefault\u00bb global_colors_info=\u00bb{}\u00bb][et_pb_image src=\u00bbhttps:\/\/agenda.poscosecha.com\/wp-content\/uploads\/2024\/10\/Agenda-Fruit-Atraction-2024.jpg\u00bb title_text=\u00bbAgenda-Fruit-Atraction 2024&#8243; url=\u00bbhttps:\/\/agenda.poscosecha.com\/eventos\/fruit-attraction-madrid\/\u00bb [&hellip;]\" \/>\n<meta property=\"og:url\" content=\"https:\/\/agenda.poscosecha.com\/en\/este-mes\/\" \/>\n<meta property=\"og:site_name\" content=\"AGENDA\" \/>\n<meta property=\"article:publisher\" content=\"https:\/\/www.facebook.com\/Poscosecha.Postharvest\/\" \/>\n<meta property=\"article:modified_time\" content=\"2024-10-25T10:20:05+00:00\" \/>\n<meta property=\"og:image\" content=\"https:\/\/agenda.poscosecha.com\/wp-content\/uploads\/2023\/06\/cropped-Agenda-logo-vs-1.png\" \/>\n\t<meta property=\"og:image:width\" content=\"512\" \/>\n\t<meta property=\"og:image:height\" content=\"512\" \/>\n\t<meta property=\"og:image:type\" content=\"image\/png\" \/>\n<meta name=\"twitter:card\" content=\"summary_large_image\" \/>\n<meta name=\"twitter:site\" content=\"@poscosecha\" \/>\n<meta name=\"twitter:label1\" content=\"Estimated reading time\" \/>\n\t<meta name=\"twitter:data1\" content=\"7 minutes\" \/>\n<script type=\"application\/ld+json\" class=\"yoast-schema-graph\">{\"@context\":\"https:\\\/\\\/schema.org\",\"@graph\":[{\"@type\":\"WebPage\",\"@id\":\"https:\\\/\\\/agenda.poscosecha.com\\\/este-mes\\\/\",\"url\":\"https:\\\/\\\/agenda.poscosecha.com\\\/este-mes\\\/\",\"name\":\"Este Mes - AGENDA\",\"isPartOf\":{\"@id\":\"https:\\\/\\\/agenda.poscosecha.com\\\/#website\"},\"datePublished\":\"2023-04-28T11:59:56+00:00\",\"dateModified\":\"2024-10-25T10:20:05+00:00\",\"breadcrumb\":{\"@id\":\"https:\\\/\\\/agenda.poscosecha.com\\\/este-mes\\\/#breadcrumb\"},\"inLanguage\":\"en-GB\",\"potentialAction\":[{\"@type\":\"ReadAction\",\"target\":[\"https:\\\/\\\/agenda.poscosecha.com\\\/este-mes\\\/\"]}]},{\"@type\":\"BreadcrumbList\",\"@id\":\"https:\\\/\\\/agenda.poscosecha.com\\\/este-mes\\\/#breadcrumb\",\"itemListElement\":[{\"@type\":\"ListItem\",\"position\":1,\"name\":\"Portada\",\"item\":\"https:\\\/\\\/agenda.poscosecha.com\\\/\"},{\"@type\":\"ListItem\",\"position\":2,\"name\":\"Este Mes\"}]},{\"@type\":\"WebSite\",\"@id\":\"https:\\\/\\\/agenda.poscosecha.com\\\/#website\",\"url\":\"https:\\\/\\\/agenda.poscosecha.com\\\/\",\"name\":\"Agenda de Eventos\",\"description\":\"Conectando comunidades poscosecha globales\",\"publisher\":{\"@id\":\"https:\\\/\\\/agenda.poscosecha.com\\\/#organization\"},\"potentialAction\":[{\"@type\":\"SearchAction\",\"target\":{\"@type\":\"EntryPoint\",\"urlTemplate\":\"https:\\\/\\\/agenda.poscosecha.com\\\/?s={search_term_string}\"},\"query-input\":{\"@type\":\"PropertyValueSpecification\",\"valueRequired\":true,\"valueName\":\"search_term_string\"}}],\"inLanguage\":\"en-GB\"},{\"@type\":\"Organization\",\"@id\":\"https:\\\/\\\/agenda.poscosecha.com\\\/#organization\",\"name\":\"Agenda de Eventos\",\"url\":\"https:\\\/\\\/agenda.poscosecha.com\\\/\",\"logo\":{\"@type\":\"ImageObject\",\"inLanguage\":\"en-GB\",\"@id\":\"https:\\\/\\\/agenda.poscosecha.com\\\/#\\\/schema\\\/logo\\\/image\\\/\",\"url\":\"https:\\\/\\\/agenda.poscosecha.com\\\/wp-content\\\/uploads\\\/2023\\\/06\\\/cropped-Agenda-logo-vs-1.png\",\"contentUrl\":\"https:\\\/\\\/agenda.poscosecha.com\\\/wp-content\\\/uploads\\\/2023\\\/06\\\/cropped-Agenda-logo-vs-1.png\",\"width\":512,\"height\":512,\"caption\":\"Agenda de Eventos\"},\"image\":{\"@id\":\"https:\\\/\\\/agenda.poscosecha.com\\\/#\\\/schema\\\/logo\\\/image\\\/\"},\"sameAs\":[\"https:\\\/\\\/www.facebook.com\\\/Poscosecha.Postharvest\\\/\",\"https:\\\/\\\/x.com\\\/poscosecha\",\"https:\\\/\\\/www.linkedin.com\\\/company\\\/poscosecha.com\\\/\"]}]}<\/script>\n<!-- \/ Yoast SEO plugin. -->","yoast_head_json":{"title":"Este Mes - AGENDA","robots":{"index":"index","follow":"follow","max-snippet":"max-snippet:-1","max-image-preview":"max-image-preview:large","max-video-preview":"max-video-preview:-1"},"canonical":"https:\/\/agenda.poscosecha.com\/en\/este-mes\/","og_locale":"en_GB","og_type":"article","og_title":"Este Mes - AGENDA","og_description":"[et_pb_section fb_built=\u00bb1&#8243; disabled_on=\u00bbon|on|on\u00bb _builder_version=\u00bb4.16&#8243; custom_padding=\u00bb39px||30px|||\u00bb disabled=\u00bbon\u00bb global_colors_info=\u00bb{}\u00bb][et_pb_row _builder_version=\u00bb4.21.0&#8243; _module_preset=\u00bbdefault\u00bb custom_margin=\u00bb||2em||false|false\u00bb custom_padding=\u00bb||0px||false|false\u00bb global_colors_info=\u00bb{}\u00bb][et_pb_column type=\u00bb4_4&#8243; _builder_version=\u00bb4.21.0&#8243; _module_preset=\u00bbdefault\u00bb global_colors_info=\u00bb{}\u00bb][et_pb_text _builder_version=\u00bb4.21.0&#8243; _module_preset=\u00bbdefault\u00bb header_text_color=\u00bb#0855a3&#8243; custom_margin=\u00bb||0px||false|false\u00bb global_colors_info=\u00bb{}\u00bb] Calendario de Eventos [\/et_pb_text][et_pb_divider color=\u00bb#f38919&#8243; divider_weight=\u00bb4px\u00bb _builder_version=\u00bb4.21.0&#8243; _module_preset=\u00bbdefault\u00bb max_width=\u00bb20%\u00bb global_colors_info=\u00bb{}\u00bb][\/et_pb_divider][\/et_pb_column][\/et_pb_row][et_pb_row _builder_version=\u00bb4.21.0&#8243; _module_preset=\u00bbdefault\u00bb custom_padding=\u00bb16px||16px|||\u00bb global_colors_info=\u00bb{}\u00bb][et_pb_column type=\u00bb4_4&#8243; _builder_version=\u00bb4.21.0&#8243; _module_preset=\u00bbdefault\u00bb global_colors_info=\u00bb{}\u00bb][et_pb_text _builder_version=\u00bb4.25.2&#8243; _module_preset=\u00bbdefault\u00bb global_colors_info=\u00bb{}\u00bb] [\/et_pb_text][\/et_pb_column][\/et_pb_row][et_pb_row _builder_version=\u00bb4.21.0&#8243; _module_preset=\u00bbdefault\u00bb custom_padding=\u00bb16px||16px|||\u00bb global_colors_info=\u00bb{}\u00bb][et_pb_column type=\u00bb4_4&#8243; _builder_version=\u00bb4.21.0&#8243; _module_preset=\u00bbdefault\u00bb global_colors_info=\u00bb{}\u00bb][et_pb_image src=\u00bbhttps:\/\/agenda.poscosecha.com\/wp-content\/uploads\/2024\/10\/Agenda-Fruit-Atraction-2024.jpg\u00bb title_text=\u00bbAgenda-Fruit-Atraction 2024&#8243; url=\u00bbhttps:\/\/agenda.poscosecha.com\/eventos\/fruit-attraction-madrid\/\u00bb [&hellip;]","og_url":"https:\/\/agenda.poscosecha.com\/en\/este-mes\/","og_site_name":"AGENDA","article_publisher":"https:\/\/www.facebook.com\/Poscosecha.Postharvest\/","article_modified_time":"2024-10-25T10:20:05+00:00","og_image":[{"width":512,"height":512,"url":"https:\/\/agenda.poscosecha.com\/wp-content\/uploads\/2023\/06\/cropped-Agenda-logo-vs-1.png","type":"image\/png"}],"twitter_card":"summary_large_image","twitter_site":"@poscosecha","twitter_misc":{"Estimated reading time":"7 minutes"},"schema":{"@context":"https:\/\/schema.org","@graph":[{"@type":"WebPage","@id":"https:\/\/agenda.poscosecha.com\/este-mes\/","url":"https:\/\/agenda.poscosecha.com\/este-mes\/","name":"Este Mes - AGENDA","isPartOf":{"@id":"https:\/\/agenda.poscosecha.com\/#website"},"datePublished":"2023-04-28T11:59:56+00:00","dateModified":"2024-10-25T10:20:05+00:00","breadcrumb":{"@id":"https:\/\/agenda.poscosecha.com\/este-mes\/#breadcrumb"},"inLanguage":"en-GB","potentialAction":[{"@type":"ReadAction","target":["https:\/\/agenda.poscosecha.com\/este-mes\/"]}]},{"@type":"BreadcrumbList","@id":"https:\/\/agenda.poscosecha.com\/este-mes\/#breadcrumb","itemListElement":[{"@type":"ListItem","position":1,"name":"Portada","item":"https:\/\/agenda.poscosecha.com\/"},{"@type":"ListItem","position":2,"name":"Este Mes"}]},{"@type":"WebSite","@id":"https:\/\/agenda.poscosecha.com\/#website","url":"https:\/\/agenda.poscosecha.com\/","name":"Agenda de Eventos","description":"Conectando comunidades poscosecha globales","publisher":{"@id":"https:\/\/agenda.poscosecha.com\/#organization"},"potentialAction":[{"@type":"SearchAction","target":{"@type":"EntryPoint","urlTemplate":"https:\/\/agenda.poscosecha.com\/?s={search_term_string}"},"query-input":{"@type":"PropertyValueSpecification","valueRequired":true,"valueName":"search_term_string"}}],"inLanguage":"en-GB"},{"@type":"Organization","@id":"https:\/\/agenda.poscosecha.com\/#organization","name":"Agenda de Eventos","url":"https:\/\/agenda.poscosecha.com\/","logo":{"@type":"ImageObject","inLanguage":"en-GB","@id":"https:\/\/agenda.poscosecha.com\/#\/schema\/logo\/image\/","url":"https:\/\/agenda.poscosecha.com\/wp-content\/uploads\/2023\/06\/cropped-Agenda-logo-vs-1.png","contentUrl":"https:\/\/agenda.poscosecha.com\/wp-content\/uploads\/2023\/06\/cropped-Agenda-logo-vs-1.png","width":512,"height":512,"caption":"Agenda de Eventos"},"image":{"@id":"https:\/\/agenda.poscosecha.com\/#\/schema\/logo\/image\/"},"sameAs":["https:\/\/www.facebook.com\/Poscosecha.Postharvest\/","https:\/\/x.com\/poscosecha","https:\/\/www.linkedin.com\/company\/poscosecha.com\/"]}]}},"_links":{"self":[{"href":"https:\/\/agenda.poscosecha.com\/en\/wp-json\/wp\/v2\/pages\/1717","targetHints":{"allow":["GET"]}}],"collection":[{"href":"https:\/\/agenda.poscosecha.com\/en\/wp-json\/wp\/v2\/pages"}],"about":[{"href":"https:\/\/agenda.poscosecha.com\/en\/wp-json\/wp\/v2\/types\/page"}],"author":[{"embeddable":true,"href":"https:\/\/agenda.poscosecha.com\/en\/wp-json\/wp\/v2\/users\/1"}],"replies":[{"embeddable":true,"href":"https:\/\/agenda.poscosecha.com\/en\/wp-json\/wp\/v2\/comments?post=1717"}],"version-history":[{"count":50,"href":"https:\/\/agenda.poscosecha.com\/en\/wp-json\/wp\/v2\/pages\/1717\/revisions"}],"predecessor-version":[{"id":5852,"href":"https:\/\/agenda.poscosecha.com\/en\/wp-json\/wp\/v2\/pages\/1717\/revisions\/5852"}],"wp:attachment":[{"href":"https:\/\/agenda.poscosecha.com\/en\/wp-json\/wp\/v2\/media?parent=1717"}],"curies":[{"name":"wp","href":"https:\/\/api.w.org\/{rel}","templated":true}]}}