{"id":8050,"date":"2026-09-01T16:44:44","date_gmt":"2026-09-01T14:44:44","guid":{"rendered":"https:\/\/agenda.poscosecha.com\/?post_type=mec-events&#038;p=8050"},"modified":"2026-09-01T16:44:44","modified_gmt":"2026-09-01T14:44:44","slug":"xii-congreso-mejora-genetica-de-plantas","status":"publish","type":"mec-events","link":"https:\/\/agenda.poscosecha.com\/en\/eventos\/xii-congreso-mejora-genetica-de-plantas\/","title":{"rendered":"XII Congreso Mejora Gen\u00e9tica de Plantas"},"content":{"rendered":"<h3 class=\"isSelectedEnd\"><strong>28 de septiembre &#8211; 1 de octubre de 2026 | M\u00e1laga, Espa\u00f1a<\/strong><\/h3>\n<p class=\"isSelectedEnd\">El XII Congreso Nacional de Mejora Gen\u00e9tica de Plantas ser\u00e1 el principal punto de encuentro de investigadores, investigadoras, docentes, t\u00e9cnicos y empresas vinculadas al \u00e1mbito de la mejora vegetal.<\/p>\n<p class=\"isSelectedEnd\">El evento se celebrar\u00e1 en M\u00e1laga del 28 de septiembre al 1 de octubre de 2026, organizado por la Sociedad Espa\u00f1ola de Ciencias Hort\u00edcolas (SECH) y la Sociedad Espa\u00f1ola de Gen\u00e9tica (SEG), junto con el Instituto de Hortofruticultura Subtropical y Mediterr\u00e1nea \u00abLa Mayora\u00bb (IHSM-UMA-CSIC).<\/p>\n<p class=\"isSelectedEnd\">Durante el congreso se abordar\u00e1n los avances m\u00e1s recientes en gen\u00e9tica, biotecnolog\u00eda y mejora gen\u00e9tica de plantas, fomentando el intercambio de conocimientos y la colaboraci\u00f3n entre profesionales de distintas \u00e1reas.<\/p>\n<p class=\"isSelectedEnd\">El programa incluir\u00e1 conferencias plenarias y tem\u00e1ticas, adem\u00e1s de comunicaciones orales y p\u00f3steres en torno a sesiones que abarcan desde el manejo de recursos fitogen\u00e9ticos hasta las t\u00e9cnicas m\u00e1s innovadoras de edici\u00f3n gen\u00e9tica.<\/p>\n<p class=\"isSelectedEnd\">M\u00e1laga, con su clima privilegiado y su conexi\u00f3n cultural y cient\u00edfica, ofrecer\u00e1 el marco para acoger este congreso y favorecer el di\u00e1logo entre los participantes.<\/p>\n<p><strong>Inscripci\u00f3n:<\/strong> <a href=\"https:\/\/congresomejorageneticadeplantas2026.es\/\" data-rich-text-autolink=\"\">https:\/\/congresomejorageneticadeplantas2026.es\/<\/a><\/p>","protected":false},"excerpt":{"rendered":"<p>El XII Congreso Nacional de Mejora Gen\u00e9tica de Plantas reunir\u00e1 en M\u00e1laga a investigadores, t\u00e9cnicos y empresas para abordar avances en gen\u00e9tica, biotecnolog\u00eda y mejora vegetal.<\/p>","protected":false},"author":18,"featured_media":8052,"template":"","tags":[],"mec_category":[20,26],"class_list":["post-8050","mec-events","type-mec-events","status-publish","has-post-thumbnail","hentry","mec_category-congresos-forums-jornadas","mec_category-interesantes"],"yoast_head":"<!-- This site is optimized with the Yoast SEO plugin v28.4 - https:\/\/yoast.com\/product\/yoast-seo-wordpress\/ -->\n<title>XII Congreso Mejora Gen\u00e9tica de Plantas - AGENDA<\/title>\n<meta name=\"description\" content=\"El XII Congreso Nacional de Mejora Gen\u00e9tica de Plantas reunir\u00e1 en M\u00e1laga, del 28 de septiembre al 1 de octubre de 2026, a expertos del sector.\" \/>\n<meta name=\"robots\" content=\"index, follow, max-snippet:-1, max-image-preview:large, max-video-preview:-1\" \/>\n<link rel=\"canonical\" href=\"https:\/\/agenda.poscosecha.com\/en\/eventos\/xii-congreso-mejora-genetica-de-plantas\/\" \/>\n<meta property=\"og:locale\" content=\"en_GB\" \/>\n<meta property=\"og:type\" content=\"article\" \/>\n<meta property=\"og:title\" content=\"XII Congreso Mejora Gen\u00e9tica de Plantas - AGENDA\" \/>\n<meta property=\"og:description\" content=\"El XII Congreso Nacional de Mejora Gen\u00e9tica de Plantas reunir\u00e1 en M\u00e1laga, del 28 de septiembre al 1 de octubre de 2026, a expertos del sector.\" \/>\n<meta property=\"og:url\" content=\"https:\/\/agenda.poscosecha.com\/en\/eventos\/xii-congreso-mejora-genetica-de-plantas\/\" \/>\n<meta property=\"og:site_name\" content=\"AGENDA\" \/>\n<meta property=\"article:publisher\" content=\"https:\/\/www.facebook.com\/Poscosecha.Postharvest\/\" \/>\n<meta property=\"og:image\" content=\"https:\/\/agenda.poscosecha.com\/wp-content\/uploads\/2026\/09\/Logo-congreso-sech-mejora-genetica-de-plantas.png\" \/>\n\t<meta property=\"og:image:width\" content=\"763\" \/>\n\t<meta property=\"og:image:height\" content=\"498\" \/>\n\t<meta property=\"og:image:type\" content=\"image\/png\" \/>\n<meta name=\"twitter:card\" content=\"summary_large_image\" \/>\n<meta name=\"twitter:site\" content=\"@poscosecha\" \/>\n<meta name=\"twitter:label1\" content=\"Estimated reading time\" \/>\n\t<meta name=\"twitter:data1\" content=\"1 minute\" \/>\n<script type=\"application\/ld+json\" class=\"yoast-schema-graph\">{\"@context\":\"https:\\\/\\\/schema.org\",\"@graph\":[{\"@type\":\"WebPage\",\"@id\":\"https:\\\/\\\/agenda.poscosecha.com\\\/eventos\\\/xii-congreso-mejora-genetica-de-plantas\\\/\",\"url\":\"https:\\\/\\\/agenda.poscosecha.com\\\/eventos\\\/xii-congreso-mejora-genetica-de-plantas\\\/\",\"name\":\"XII Congreso Mejora Gen\u00e9tica de Plantas - AGENDA\",\"isPartOf\":{\"@id\":\"https:\\\/\\\/agenda.poscosecha.com\\\/#website\"},\"primaryImageOfPage\":{\"@id\":\"https:\\\/\\\/agenda.poscosecha.com\\\/eventos\\\/xii-congreso-mejora-genetica-de-plantas\\\/#primaryimage\"},\"image\":{\"@id\":\"https:\\\/\\\/agenda.poscosecha.com\\\/eventos\\\/xii-congreso-mejora-genetica-de-plantas\\\/#primaryimage\"},\"thumbnailUrl\":\"https:\\\/\\\/agenda.poscosecha.com\\\/wp-content\\\/uploads\\\/2026\\\/09\\\/Logo-congreso-sech-mejora-genetica-de-plantas.png\",\"datePublished\":\"2026-09-01T14:44:44+00:00\",\"description\":\"El XII Congreso Nacional de Mejora Gen\u00e9tica de Plantas reunir\u00e1 en M\u00e1laga, del 28 de septiembre al 1 de octubre de 2026, a expertos del sector.\",\"breadcrumb\":{\"@id\":\"https:\\\/\\\/agenda.poscosecha.com\\\/eventos\\\/xii-congreso-mejora-genetica-de-plantas\\\/#breadcrumb\"},\"inLanguage\":\"en-GB\",\"potentialAction\":[{\"@type\":\"ReadAction\",\"target\":[\"https:\\\/\\\/agenda.poscosecha.com\\\/eventos\\\/xii-congreso-mejora-genetica-de-plantas\\\/\"]}]},{\"@type\":\"ImageObject\",\"inLanguage\":\"en-GB\",\"@id\":\"https:\\\/\\\/agenda.poscosecha.com\\\/eventos\\\/xii-congreso-mejora-genetica-de-plantas\\\/#primaryimage\",\"url\":\"https:\\\/\\\/agenda.poscosecha.com\\\/wp-content\\\/uploads\\\/2026\\\/09\\\/Logo-congreso-sech-mejora-genetica-de-plantas.png\",\"contentUrl\":\"https:\\\/\\\/agenda.poscosecha.com\\\/wp-content\\\/uploads\\\/2026\\\/09\\\/Logo-congreso-sech-mejora-genetica-de-plantas.png\",\"width\":763,\"height\":498},{\"@type\":\"BreadcrumbList\",\"@id\":\"https:\\\/\\\/agenda.poscosecha.com\\\/eventos\\\/xii-congreso-mejora-genetica-de-plantas\\\/#breadcrumb\",\"itemListElement\":[{\"@type\":\"ListItem\",\"position\":1,\"name\":\"Portada\",\"item\":\"https:\\\/\\\/agenda.poscosecha.com\\\/\"},{\"@type\":\"ListItem\",\"position\":2,\"name\":\"Eventos\",\"item\":\"https:\\\/\\\/agenda.poscosecha.com\\\/eventos\\\/\"},{\"@type\":\"ListItem\",\"position\":3,\"name\":\"XII Congreso Mejora Gen\u00e9tica de Plantas\"}]},{\"@type\":\"WebSite\",\"@id\":\"https:\\\/\\\/agenda.poscosecha.com\\\/#website\",\"url\":\"https:\\\/\\\/agenda.poscosecha.com\\\/\",\"name\":\"Agenda de Eventos\",\"description\":\"Conectando comunidades poscosecha globales\",\"publisher\":{\"@id\":\"https:\\\/\\\/agenda.poscosecha.com\\\/#organization\"},\"potentialAction\":[{\"@type\":\"SearchAction\",\"target\":{\"@type\":\"EntryPoint\",\"urlTemplate\":\"https:\\\/\\\/agenda.poscosecha.com\\\/?s={search_term_string}\"},\"query-input\":{\"@type\":\"PropertyValueSpecification\",\"valueRequired\":true,\"valueName\":\"search_term_string\"}}],\"inLanguage\":\"en-GB\"},{\"@type\":\"Organization\",\"@id\":\"https:\\\/\\\/agenda.poscosecha.com\\\/#organization\",\"name\":\"Agenda de Eventos\",\"url\":\"https:\\\/\\\/agenda.poscosecha.com\\\/\",\"logo\":{\"@type\":\"ImageObject\",\"inLanguage\":\"en-GB\",\"@id\":\"https:\\\/\\\/agenda.poscosecha.com\\\/#\\\/schema\\\/logo\\\/image\\\/\",\"url\":\"https:\\\/\\\/agenda.poscosecha.com\\\/wp-content\\\/uploads\\\/2023\\\/06\\\/cropped-Agenda-logo-vs-1.png\",\"contentUrl\":\"https:\\\/\\\/agenda.poscosecha.com\\\/wp-content\\\/uploads\\\/2023\\\/06\\\/cropped-Agenda-logo-vs-1.png\",\"width\":512,\"height\":512,\"caption\":\"Agenda de Eventos\"},\"image\":{\"@id\":\"https:\\\/\\\/agenda.poscosecha.com\\\/#\\\/schema\\\/logo\\\/image\\\/\"},\"sameAs\":[\"https:\\\/\\\/www.facebook.com\\\/Poscosecha.Postharvest\\\/\",\"https:\\\/\\\/x.com\\\/poscosecha\",\"https:\\\/\\\/www.linkedin.com\\\/company\\\/poscosecha.com\\\/\"]}]}<\/script>\n<!-- \/ Yoast SEO plugin. -->","yoast_head_json":{"title":"XII Congreso Mejora Gen\u00e9tica de Plantas - AGENDA","description":"El XII Congreso Nacional de Mejora Gen\u00e9tica de Plantas reunir\u00e1 en M\u00e1laga, del 28 de septiembre al 1 de octubre de 2026, a expertos del sector.","robots":{"index":"index","follow":"follow","max-snippet":"max-snippet:-1","max-image-preview":"max-image-preview:large","max-video-preview":"max-video-preview:-1"},"canonical":"https:\/\/agenda.poscosecha.com\/en\/eventos\/xii-congreso-mejora-genetica-de-plantas\/","og_locale":"en_GB","og_type":"article","og_title":"XII Congreso Mejora Gen\u00e9tica de Plantas - AGENDA","og_description":"El XII Congreso Nacional de Mejora Gen\u00e9tica de Plantas reunir\u00e1 en M\u00e1laga, del 28 de septiembre al 1 de octubre de 2026, a expertos del sector.","og_url":"https:\/\/agenda.poscosecha.com\/en\/eventos\/xii-congreso-mejora-genetica-de-plantas\/","og_site_name":"AGENDA","article_publisher":"https:\/\/www.facebook.com\/Poscosecha.Postharvest\/","og_image":[{"width":763,"height":498,"url":"https:\/\/agenda.poscosecha.com\/wp-content\/uploads\/2026\/09\/Logo-congreso-sech-mejora-genetica-de-plantas.png","type":"image\/png"}],"twitter_card":"summary_large_image","twitter_site":"@poscosecha","twitter_misc":{"Estimated reading time":"1 minute"},"schema":{"@context":"https:\/\/schema.org","@graph":[{"@type":"WebPage","@id":"https:\/\/agenda.poscosecha.com\/eventos\/xii-congreso-mejora-genetica-de-plantas\/","url":"https:\/\/agenda.poscosecha.com\/eventos\/xii-congreso-mejora-genetica-de-plantas\/","name":"XII Congreso Mejora Gen\u00e9tica de Plantas - AGENDA","isPartOf":{"@id":"https:\/\/agenda.poscosecha.com\/#website"},"primaryImageOfPage":{"@id":"https:\/\/agenda.poscosecha.com\/eventos\/xii-congreso-mejora-genetica-de-plantas\/#primaryimage"},"image":{"@id":"https:\/\/agenda.poscosecha.com\/eventos\/xii-congreso-mejora-genetica-de-plantas\/#primaryimage"},"thumbnailUrl":"https:\/\/agenda.poscosecha.com\/wp-content\/uploads\/2026\/09\/Logo-congreso-sech-mejora-genetica-de-plantas.png","datePublished":"2026-09-01T14:44:44+00:00","description":"El XII Congreso Nacional de Mejora Gen\u00e9tica de Plantas reunir\u00e1 en M\u00e1laga, del 28 de septiembre al 1 de octubre de 2026, a expertos del sector.","breadcrumb":{"@id":"https:\/\/agenda.poscosecha.com\/eventos\/xii-congreso-mejora-genetica-de-plantas\/#breadcrumb"},"inLanguage":"en-GB","potentialAction":[{"@type":"ReadAction","target":["https:\/\/agenda.poscosecha.com\/eventos\/xii-congreso-mejora-genetica-de-plantas\/"]}]},{"@type":"ImageObject","inLanguage":"en-GB","@id":"https:\/\/agenda.poscosecha.com\/eventos\/xii-congreso-mejora-genetica-de-plantas\/#primaryimage","url":"https:\/\/agenda.poscosecha.com\/wp-content\/uploads\/2026\/09\/Logo-congreso-sech-mejora-genetica-de-plantas.png","contentUrl":"https:\/\/agenda.poscosecha.com\/wp-content\/uploads\/2026\/09\/Logo-congreso-sech-mejora-genetica-de-plantas.png","width":763,"height":498},{"@type":"BreadcrumbList","@id":"https:\/\/agenda.poscosecha.com\/eventos\/xii-congreso-mejora-genetica-de-plantas\/#breadcrumb","itemListElement":[{"@type":"ListItem","position":1,"name":"Portada","item":"https:\/\/agenda.poscosecha.com\/"},{"@type":"ListItem","position":2,"name":"Eventos","item":"https:\/\/agenda.poscosecha.com\/eventos\/"},{"@type":"ListItem","position":3,"name":"XII Congreso Mejora Gen\u00e9tica de Plantas"}]},{"@type":"WebSite","@id":"https:\/\/agenda.poscosecha.com\/#website","url":"https:\/\/agenda.poscosecha.com\/","name":"Agenda de Eventos","description":"Conectando comunidades poscosecha globales","publisher":{"@id":"https:\/\/agenda.poscosecha.com\/#organization"},"potentialAction":[{"@type":"SearchAction","target":{"@type":"EntryPoint","urlTemplate":"https:\/\/agenda.poscosecha.com\/?s={search_term_string}"},"query-input":{"@type":"PropertyValueSpecification","valueRequired":true,"valueName":"search_term_string"}}],"inLanguage":"en-GB"},{"@type":"Organization","@id":"https:\/\/agenda.poscosecha.com\/#organization","name":"Agenda de Eventos","url":"https:\/\/agenda.poscosecha.com\/","logo":{"@type":"ImageObject","inLanguage":"en-GB","@id":"https:\/\/agenda.poscosecha.com\/#\/schema\/logo\/image\/","url":"https:\/\/agenda.poscosecha.com\/wp-content\/uploads\/2023\/06\/cropped-Agenda-logo-vs-1.png","contentUrl":"https:\/\/agenda.poscosecha.com\/wp-content\/uploads\/2023\/06\/cropped-Agenda-logo-vs-1.png","width":512,"height":512,"caption":"Agenda de Eventos"},"image":{"@id":"https:\/\/agenda.poscosecha.com\/#\/schema\/logo\/image\/"},"sameAs":["https:\/\/www.facebook.com\/Poscosecha.Postharvest\/","https:\/\/x.com\/poscosecha","https:\/\/www.linkedin.com\/company\/poscosecha.com\/"]}]}},"_links":{"self":[{"href":"https:\/\/agenda.poscosecha.com\/en\/wp-json\/wp\/v2\/mec-events\/8050","targetHints":{"allow":["GET"]}}],"collection":[{"href":"https:\/\/agenda.poscosecha.com\/en\/wp-json\/wp\/v2\/mec-events"}],"about":[{"href":"https:\/\/agenda.poscosecha.com\/en\/wp-json\/wp\/v2\/types\/mec-events"}],"author":[{"embeddable":true,"href":"https:\/\/agenda.poscosecha.com\/en\/wp-json\/wp\/v2\/users\/18"}],"wp:featuredmedia":[{"embeddable":true,"href":"https:\/\/agenda.poscosecha.com\/en\/wp-json\/wp\/v2\/media\/8052"}],"wp:attachment":[{"href":"https:\/\/agenda.poscosecha.com\/en\/wp-json\/wp\/v2\/media?parent=8050"}],"wp:term":[{"taxonomy":"post_tag","embeddable":true,"href":"https:\/\/agenda.poscosecha.com\/en\/wp-json\/wp\/v2\/tags?post=8050"},{"taxonomy":"mec_category","embeddable":true,"href":"https:\/\/agenda.poscosecha.com\/en\/wp-json\/wp\/v2\/mec_category?post=8050"}],"curies":[{"name":"wp","href":"https:\/\/api.w.org\/{rel}","templated":true}]}}