{"id":7143,"date":"2026-05-01T13:59:20","date_gmt":"2026-05-01T11:59:20","guid":{"rendered":"https:\/\/agenda.poscosecha.com\/eventos\/proyecto-mi-monte\/"},"modified":"2026-05-01T14:05:33","modified_gmt":"2026-05-01T12:05:33","slug":"proyecto-mi-monte","status":"publish","type":"mec-events","link":"https:\/\/agenda.poscosecha.com\/en\/eventos\/proyecto-mi-monte\/","title":{"rendered":"Proyecto Mi Monte"},"content":{"rendered":"<p>Mesa redonda con participaci\u00f3n de Pilar Rodr\u00edguez Carrascosa de la Conseller\u00eda de Medio Ambiente de la Generalitat Valenciana, Javier Mart\u00ednez de AMUFOR y los representantes de Pego Viu y Regenera Natura.<\/p>\n<p>Evento final del proyecto MiMonte<br \/>\nParticipar\u00e1n distintos profesionales y representantes vinculados a la gesti\u00f3n forestal, la prevenci\u00f3n de incendios y la restauraci\u00f3n del territorio de la Generalitat Valenciana, AMUFOR, Pego Viu, Regenera Natura y Desert Leaves. Ser\u00e1 un espacio abierto al di\u00e1logo, en el que podr\u00e9is plantear vuestras preguntas y conocer de primera mano distintas perspectivas relacionadas con el proyecto.<\/p>\n<p>Ver AQU\u00cd, el Proyecto MI MONTE<\/p>\n<p class=\"text-muted-foreground mb-6 leading-relaxed\">El formato ser\u00e1 de una\u00a0<strong class=\"text-green-600\">mesa redonda<\/strong>\u00a0con distintos profesionales y representantes vinculados a la gesti\u00f3n forestal, la prevenci\u00f3n de incendios y la restauraci\u00f3n del territorio.<\/p>\n<p class=\"text-muted-foreground mb-6 leading-relaxed\">Ser\u00e1 un espacio abierto al di\u00e1logo, en el que podr\u00e9is plantear vuestras preguntas y conocer de primera mano distintas perspectivas relacionadas con el proyecto.<\/p>\n<p class=\"text-muted-foreground mb-6 leading-relaxed\">Participar\u00e1n:<\/p>\n<ul class=\"list-disc pl-6 m-0 text-muted-foreground\">\n<li style=\"list-style-type: none;\">\n<ul class=\"list-disc pl-6 text-muted-foreground\">\n<li><strong class=\"text-green-600\">Pilar Rodr\u00edguez Carrascosa<\/strong>, representante de la Generalitat, que abordar\u00e1 las ayudas destinadas a la prevenci\u00f3n de incendios forestales.<\/li>\n<li><strong class=\"text-green-600\">Javier Mart\u00ednez<\/strong>, de AMUFOR (Asociaci\u00f3n de Municipios Forestales de la Comunidad Valenciana), quien compartir\u00e1 la visi\u00f3n y necesidades del \u00e1mbito municipal forestal.<\/li>\n<li><strong class=\"text-green-600\">N\u00e9stor Portes<\/strong>, de Pego Viu, que aportar\u00e1 su experiencia en iniciativas vinculadas al territorio y la sostenibilidad en la Marina Alta.<\/li>\n<li><strong class=\"text-green-600\">Clara Cano<\/strong>, de Regenera Natura, que hablar\u00e1 sobre restauraci\u00f3n ecol\u00f3gica y gesti\u00f3n ambiental en Baleares.<\/li>\n<li><strong class=\"text-green-600\">Wim Cambien<\/strong>, de Desert Leaves, que expondr\u00e1 experiencias y oportunidades en proyectos de regeneraci\u00f3n y conservaci\u00f3n en zonas secas.<\/li>\n<\/ul>\n<\/li>\n<\/ul>\n<p>En los \u00faltimos 12 meses, decenas de personas han apoyado el proyecto Mimonte, participando en las sesiones consultivas en Pego, Fuente La Reina o Ibiza. Compartieron con nosotros sus ideas y preocupaciones sobre los bosques en su alrededor, y entraron en di\u00e1logo con ponentes y los otros participantes.<\/p>","protected":false},"excerpt":{"rendered":"<p>Decenas de personas apoyan el proyecto Mimonte, participando en sesiones consultivas en Pego, Fuente La Reina o Ibiza<\/p>","protected":false},"author":25,"featured_media":7142,"template":"","tags":[],"mec_category":[20,26],"class_list":["post-7143","mec-events","type-mec-events","status-publish","has-post-thumbnail","hentry","mec_category-congresos-forums-jornadas","mec_category-interesantes"],"yoast_head":"<!-- This site is optimized with the Yoast SEO plugin v27.5 - https:\/\/yoast.com\/product\/yoast-seo-wordpress\/ -->\n<title>Proyecto Mi Monte-Jornada-AGENDA Poscosecha<\/title>\n<meta name=\"description\" content=\"Decenas de personas apoyan el proyecto Mimonte, participando en las sesiones consultivas en Pego, Fuente La Reina o Ibiza\" \/>\n<meta name=\"robots\" content=\"index, follow, max-snippet:-1, max-image-preview:large, max-video-preview:-1\" \/>\n<link rel=\"canonical\" href=\"https:\/\/agenda.poscosecha.com\/en\/eventos\/proyecto-mi-monte\/\" \/>\n<meta property=\"og:locale\" content=\"en_GB\" \/>\n<meta property=\"og:type\" content=\"article\" \/>\n<meta property=\"og:title\" content=\"Proyecto Mi Monte-Jornada-AGENDA Poscosecha\" \/>\n<meta property=\"og:description\" content=\"Decenas de personas apoyan el proyecto Mimonte, participando en las sesiones consultivas en Pego, Fuente La Reina o Ibiza\" \/>\n<meta property=\"og:url\" content=\"https:\/\/agenda.poscosecha.com\/en\/eventos\/proyecto-mi-monte\/\" \/>\n<meta property=\"og:site_name\" content=\"AGENDA\" \/>\n<meta property=\"article:publisher\" content=\"https:\/\/www.facebook.com\/Poscosecha.Postharvest\/\" \/>\n<meta property=\"article:modified_time\" content=\"2026-05-01T12:05:33+00:00\" \/>\n<meta property=\"og:image\" content=\"https:\/\/agenda.poscosecha.com\/wp-content\/uploads\/2026\/05\/Desert-Leaves.jpg\" \/>\n\t<meta property=\"og:image:width\" content=\"557\" \/>\n\t<meta property=\"og:image:height\" content=\"314\" \/>\n\t<meta property=\"og:image:type\" content=\"image\/jpeg\" \/>\n<meta name=\"twitter:card\" content=\"summary_large_image\" \/>\n<meta name=\"twitter:site\" content=\"@poscosecha\" \/>\n<meta name=\"twitter:label1\" content=\"Estimated reading time\" \/>\n\t<meta name=\"twitter:data1\" content=\"2 minutes\" \/>\n<script type=\"application\/ld+json\" class=\"yoast-schema-graph\">{\"@context\":\"https:\\\/\\\/schema.org\",\"@graph\":[{\"@type\":\"WebPage\",\"@id\":\"https:\\\/\\\/agenda.poscosecha.com\\\/eventos\\\/proyecto-mi-monte\\\/\",\"url\":\"https:\\\/\\\/agenda.poscosecha.com\\\/eventos\\\/proyecto-mi-monte\\\/\",\"name\":\"Proyecto Mi Monte-Jornada-AGENDA Poscosecha\",\"isPartOf\":{\"@id\":\"https:\\\/\\\/agenda.poscosecha.com\\\/#website\"},\"primaryImageOfPage\":{\"@id\":\"https:\\\/\\\/agenda.poscosecha.com\\\/eventos\\\/proyecto-mi-monte\\\/#primaryimage\"},\"image\":{\"@id\":\"https:\\\/\\\/agenda.poscosecha.com\\\/eventos\\\/proyecto-mi-monte\\\/#primaryimage\"},\"thumbnailUrl\":\"https:\\\/\\\/agenda.poscosecha.com\\\/wp-content\\\/uploads\\\/2026\\\/05\\\/Desert-Leaves.jpg\",\"datePublished\":\"2026-05-01T11:59:20+00:00\",\"dateModified\":\"2026-05-01T12:05:33+00:00\",\"description\":\"Decenas de personas apoyan el proyecto Mimonte, participando en las sesiones consultivas en Pego, Fuente La Reina o Ibiza\",\"breadcrumb\":{\"@id\":\"https:\\\/\\\/agenda.poscosecha.com\\\/eventos\\\/proyecto-mi-monte\\\/#breadcrumb\"},\"inLanguage\":\"en-GB\",\"potentialAction\":[{\"@type\":\"ReadAction\",\"target\":[\"https:\\\/\\\/agenda.poscosecha.com\\\/eventos\\\/proyecto-mi-monte\\\/\"]}]},{\"@type\":\"ImageObject\",\"inLanguage\":\"en-GB\",\"@id\":\"https:\\\/\\\/agenda.poscosecha.com\\\/eventos\\\/proyecto-mi-monte\\\/#primaryimage\",\"url\":\"https:\\\/\\\/agenda.poscosecha.com\\\/wp-content\\\/uploads\\\/2026\\\/05\\\/Desert-Leaves.jpg\",\"contentUrl\":\"https:\\\/\\\/agenda.poscosecha.com\\\/wp-content\\\/uploads\\\/2026\\\/05\\\/Desert-Leaves.jpg\",\"width\":557,\"height\":314},{\"@type\":\"BreadcrumbList\",\"@id\":\"https:\\\/\\\/agenda.poscosecha.com\\\/eventos\\\/proyecto-mi-monte\\\/#breadcrumb\",\"itemListElement\":[{\"@type\":\"ListItem\",\"position\":1,\"name\":\"Portada\",\"item\":\"https:\\\/\\\/agenda.poscosecha.com\\\/\"},{\"@type\":\"ListItem\",\"position\":2,\"name\":\"Eventos\",\"item\":\"https:\\\/\\\/agenda.poscosecha.com\\\/eventos\\\/\"},{\"@type\":\"ListItem\",\"position\":3,\"name\":\"Proyecto Mi Monte\"}]},{\"@type\":\"WebSite\",\"@id\":\"https:\\\/\\\/agenda.poscosecha.com\\\/#website\",\"url\":\"https:\\\/\\\/agenda.poscosecha.com\\\/\",\"name\":\"Agenda de Eventos\",\"description\":\"Conectando comunidades poscosecha globales\",\"publisher\":{\"@id\":\"https:\\\/\\\/agenda.poscosecha.com\\\/#organization\"},\"potentialAction\":[{\"@type\":\"SearchAction\",\"target\":{\"@type\":\"EntryPoint\",\"urlTemplate\":\"https:\\\/\\\/agenda.poscosecha.com\\\/?s={search_term_string}\"},\"query-input\":{\"@type\":\"PropertyValueSpecification\",\"valueRequired\":true,\"valueName\":\"search_term_string\"}}],\"inLanguage\":\"en-GB\"},{\"@type\":\"Organization\",\"@id\":\"https:\\\/\\\/agenda.poscosecha.com\\\/#organization\",\"name\":\"Agenda de Eventos\",\"url\":\"https:\\\/\\\/agenda.poscosecha.com\\\/\",\"logo\":{\"@type\":\"ImageObject\",\"inLanguage\":\"en-GB\",\"@id\":\"https:\\\/\\\/agenda.poscosecha.com\\\/#\\\/schema\\\/logo\\\/image\\\/\",\"url\":\"https:\\\/\\\/agenda.poscosecha.com\\\/wp-content\\\/uploads\\\/2023\\\/06\\\/cropped-Agenda-logo-vs-1.png\",\"contentUrl\":\"https:\\\/\\\/agenda.poscosecha.com\\\/wp-content\\\/uploads\\\/2023\\\/06\\\/cropped-Agenda-logo-vs-1.png\",\"width\":512,\"height\":512,\"caption\":\"Agenda de Eventos\"},\"image\":{\"@id\":\"https:\\\/\\\/agenda.poscosecha.com\\\/#\\\/schema\\\/logo\\\/image\\\/\"},\"sameAs\":[\"https:\\\/\\\/www.facebook.com\\\/Poscosecha.Postharvest\\\/\",\"https:\\\/\\\/x.com\\\/poscosecha\",\"https:\\\/\\\/www.linkedin.com\\\/company\\\/poscosecha.com\\\/\"]}]}<\/script>\n<!-- \/ Yoast SEO plugin. -->","yoast_head_json":{"title":"Proyecto Mi Monte-Jornada-AGENDA Poscosecha","description":"Decenas de personas apoyan el proyecto Mimonte, participando en las sesiones consultivas en Pego, Fuente La Reina o Ibiza","robots":{"index":"index","follow":"follow","max-snippet":"max-snippet:-1","max-image-preview":"max-image-preview:large","max-video-preview":"max-video-preview:-1"},"canonical":"https:\/\/agenda.poscosecha.com\/en\/eventos\/proyecto-mi-monte\/","og_locale":"en_GB","og_type":"article","og_title":"Proyecto Mi Monte-Jornada-AGENDA Poscosecha","og_description":"Decenas de personas apoyan el proyecto Mimonte, participando en las sesiones consultivas en Pego, Fuente La Reina o Ibiza","og_url":"https:\/\/agenda.poscosecha.com\/en\/eventos\/proyecto-mi-monte\/","og_site_name":"AGENDA","article_publisher":"https:\/\/www.facebook.com\/Poscosecha.Postharvest\/","article_modified_time":"2026-05-01T12:05:33+00:00","og_image":[{"width":557,"height":314,"url":"https:\/\/agenda.poscosecha.com\/wp-content\/uploads\/2026\/05\/Desert-Leaves.jpg","type":"image\/jpeg"}],"twitter_card":"summary_large_image","twitter_site":"@poscosecha","twitter_misc":{"Estimated reading time":"2 minutes"},"schema":{"@context":"https:\/\/schema.org","@graph":[{"@type":"WebPage","@id":"https:\/\/agenda.poscosecha.com\/eventos\/proyecto-mi-monte\/","url":"https:\/\/agenda.poscosecha.com\/eventos\/proyecto-mi-monte\/","name":"Proyecto Mi Monte-Jornada-AGENDA Poscosecha","isPartOf":{"@id":"https:\/\/agenda.poscosecha.com\/#website"},"primaryImageOfPage":{"@id":"https:\/\/agenda.poscosecha.com\/eventos\/proyecto-mi-monte\/#primaryimage"},"image":{"@id":"https:\/\/agenda.poscosecha.com\/eventos\/proyecto-mi-monte\/#primaryimage"},"thumbnailUrl":"https:\/\/agenda.poscosecha.com\/wp-content\/uploads\/2026\/05\/Desert-Leaves.jpg","datePublished":"2026-05-01T11:59:20+00:00","dateModified":"2026-05-01T12:05:33+00:00","description":"Decenas de personas apoyan el proyecto Mimonte, participando en las sesiones consultivas en Pego, Fuente La Reina o Ibiza","breadcrumb":{"@id":"https:\/\/agenda.poscosecha.com\/eventos\/proyecto-mi-monte\/#breadcrumb"},"inLanguage":"en-GB","potentialAction":[{"@type":"ReadAction","target":["https:\/\/agenda.poscosecha.com\/eventos\/proyecto-mi-monte\/"]}]},{"@type":"ImageObject","inLanguage":"en-GB","@id":"https:\/\/agenda.poscosecha.com\/eventos\/proyecto-mi-monte\/#primaryimage","url":"https:\/\/agenda.poscosecha.com\/wp-content\/uploads\/2026\/05\/Desert-Leaves.jpg","contentUrl":"https:\/\/agenda.poscosecha.com\/wp-content\/uploads\/2026\/05\/Desert-Leaves.jpg","width":557,"height":314},{"@type":"BreadcrumbList","@id":"https:\/\/agenda.poscosecha.com\/eventos\/proyecto-mi-monte\/#breadcrumb","itemListElement":[{"@type":"ListItem","position":1,"name":"Portada","item":"https:\/\/agenda.poscosecha.com\/"},{"@type":"ListItem","position":2,"name":"Eventos","item":"https:\/\/agenda.poscosecha.com\/eventos\/"},{"@type":"ListItem","position":3,"name":"Proyecto Mi Monte"}]},{"@type":"WebSite","@id":"https:\/\/agenda.poscosecha.com\/#website","url":"https:\/\/agenda.poscosecha.com\/","name":"Agenda de Eventos","description":"Conectando comunidades poscosecha globales","publisher":{"@id":"https:\/\/agenda.poscosecha.com\/#organization"},"potentialAction":[{"@type":"SearchAction","target":{"@type":"EntryPoint","urlTemplate":"https:\/\/agenda.poscosecha.com\/?s={search_term_string}"},"query-input":{"@type":"PropertyValueSpecification","valueRequired":true,"valueName":"search_term_string"}}],"inLanguage":"en-GB"},{"@type":"Organization","@id":"https:\/\/agenda.poscosecha.com\/#organization","name":"Agenda de Eventos","url":"https:\/\/agenda.poscosecha.com\/","logo":{"@type":"ImageObject","inLanguage":"en-GB","@id":"https:\/\/agenda.poscosecha.com\/#\/schema\/logo\/image\/","url":"https:\/\/agenda.poscosecha.com\/wp-content\/uploads\/2023\/06\/cropped-Agenda-logo-vs-1.png","contentUrl":"https:\/\/agenda.poscosecha.com\/wp-content\/uploads\/2023\/06\/cropped-Agenda-logo-vs-1.png","width":512,"height":512,"caption":"Agenda de Eventos"},"image":{"@id":"https:\/\/agenda.poscosecha.com\/#\/schema\/logo\/image\/"},"sameAs":["https:\/\/www.facebook.com\/Poscosecha.Postharvest\/","https:\/\/x.com\/poscosecha","https:\/\/www.linkedin.com\/company\/poscosecha.com\/"]}]}},"_links":{"self":[{"href":"https:\/\/agenda.poscosecha.com\/en\/wp-json\/wp\/v2\/mec-events\/7143","targetHints":{"allow":["GET"]}}],"collection":[{"href":"https:\/\/agenda.poscosecha.com\/en\/wp-json\/wp\/v2\/mec-events"}],"about":[{"href":"https:\/\/agenda.poscosecha.com\/en\/wp-json\/wp\/v2\/types\/mec-events"}],"author":[{"embeddable":true,"href":"https:\/\/agenda.poscosecha.com\/en\/wp-json\/wp\/v2\/users\/25"}],"wp:featuredmedia":[{"embeddable":true,"href":"https:\/\/agenda.poscosecha.com\/en\/wp-json\/wp\/v2\/media\/7142"}],"wp:attachment":[{"href":"https:\/\/agenda.poscosecha.com\/en\/wp-json\/wp\/v2\/media?parent=7143"}],"wp:term":[{"taxonomy":"post_tag","embeddable":true,"href":"https:\/\/agenda.poscosecha.com\/en\/wp-json\/wp\/v2\/tags?post=7143"},{"taxonomy":"mec_category","embeddable":true,"href":"https:\/\/agenda.poscosecha.com\/en\/wp-json\/wp\/v2\/mec_category?post=7143"}],"curies":[{"name":"wp","href":"https:\/\/api.w.org\/{rel}","templated":true}]}}