{"id":7138,"date":"2026-04-30T11:52:46","date_gmt":"2026-04-30T09:52:46","guid":{"rendered":"https:\/\/agenda.poscosecha.com\/?post_type=mec-events&#038;p=7138"},"modified":"2026-04-30T11:58:08","modified_gmt":"2026-04-30T09:58:08","slug":"jornada-tecnica-cultivos-subtropicales-2026","status":"publish","type":"mec-events","link":"https:\/\/agenda.poscosecha.com\/en\/eventos\/jornada-tecnica-cultivos-subtropicales-2026\/","title":{"rendered":"Jornada T\u00e9cnica de Cultivos Subtropicales 2026"},"content":{"rendered":"<p data-start=\"134\" data-end=\"437\">La Jornada T\u00e9cnica de Cultivos Subtropicales 2026 se celebrar\u00e1 el pr\u00f3ximo 5 de mayo en V\u00e9lez-M\u00e1laga, organizada por Grupo Interempresas y TROPS. El encuentro analizar\u00e1 la situaci\u00f3n actual y los retos de futuro del aguacate y el mango en Espa\u00f1a, bajo el lema \u00abUn sector en auge a la conquista de Europa\u00bb.<\/p>\n<p data-start=\"439\" data-end=\"701\">El programa abordar\u00e1 cuestiones clave para el sector subtropical, como la sanidad vegetal, la gesti\u00f3n eficiente del agua, la adaptaci\u00f3n varietal, la innovaci\u00f3n agr\u00edcola, la digitalizaci\u00f3n y las oportunidades de mercado para estos cultivos en el contexto europeo.<\/p>\n<p data-start=\"703\" data-end=\"917\">La jornada contar\u00e1 con ponencias t\u00e9cnicas, mesas redondas y una visita al Centro de Innovaci\u00f3n TROPS, donde se desarrollan proyectos de I+D+i orientados a mejorar las pr\u00e1cticas agr\u00edcolas y la eficiencia productiva.<\/p>\n<p data-start=\"919\" data-end=\"1059\" data-is-last-node=\"\" data-is-only-node=\"\"><strong data-start=\"919\" data-end=\"929\">Fecha:<\/strong> 5 de mayo de 2026<br data-start=\"947\" data-end=\"950\" \/><strong data-start=\"950\" data-end=\"960\">Lugar:<\/strong> V\u00e9lez-M\u00e1laga, M\u00e1laga<br data-start=\"981\" data-end=\"984\" \/><strong data-start=\"984\" data-end=\"998\">Organizan:<\/strong> Grupo Interempresas y TROPS<br data-start=\"1026\" data-end=\"1029\" data-is-only-node=\"\" \/><strong data-start=\"1029\" data-end=\"1042\">Cultivos:<\/strong> Aguacate y mango<\/p>","protected":false},"excerpt":{"rendered":"<p>La Jornada T\u00e9cnica de Cultivos Subtropicales 2026 se celebrar\u00e1 el 5 de mayo en V\u00e9lez-M\u00e1laga y abordar\u00e1 los retos del aguacate y el mango en Espa\u00f1a, con ponencias, mesas redondas y visita al Centro de Innovaci\u00f3n TROPS<\/p>","protected":false},"author":25,"featured_media":7140,"template":"","tags":[],"mec_category":[20],"class_list":["post-7138","mec-events","type-mec-events","status-publish","has-post-thumbnail","hentry","mec_category-congresos-forums-jornadas"],"yoast_head":"<!-- This site is optimized with the Yoast SEO plugin v27.5 - https:\/\/yoast.com\/product\/yoast-seo-wordpress\/ -->\n<title>Jornada T\u00e9cnica de Cultivos Subtropicales 2026 - AGENDA<\/title>\n<meta name=\"description\" content=\"Jornada sobre aguacate y mango en V\u00e9lez-M\u00e1laga con ponencias sobre sanidad vegetal, agua, innovaci\u00f3n y mercado\" \/>\n<meta name=\"robots\" content=\"index, follow, max-snippet:-1, max-image-preview:large, max-video-preview:-1\" \/>\n<link rel=\"canonical\" href=\"https:\/\/agenda.poscosecha.com\/en\/eventos\/jornada-tecnica-cultivos-subtropicales-2026\/\" \/>\n<meta property=\"og:locale\" content=\"en_GB\" \/>\n<meta property=\"og:type\" content=\"article\" \/>\n<meta property=\"og:title\" content=\"Jornada T\u00e9cnica de Cultivos Subtropicales 2026 - AGENDA\" \/>\n<meta property=\"og:description\" content=\"Jornada sobre aguacate y mango en V\u00e9lez-M\u00e1laga con ponencias sobre sanidad vegetal, agua, innovaci\u00f3n y mercado\" \/>\n<meta property=\"og:url\" content=\"https:\/\/agenda.poscosecha.com\/en\/eventos\/jornada-tecnica-cultivos-subtropicales-2026\/\" \/>\n<meta property=\"og:site_name\" content=\"AGENDA\" \/>\n<meta property=\"article:publisher\" content=\"https:\/\/www.facebook.com\/Poscosecha.Postharvest\/\" \/>\n<meta property=\"article:modified_time\" content=\"2026-04-30T09:58:08+00:00\" \/>\n<meta property=\"og:image\" content=\"https:\/\/agenda.poscosecha.com\/wp-content\/uploads\/2026\/04\/Cartel_Cultivos-Subtropicales_page-0001.jpg\" \/>\n\t<meta property=\"og:image:width\" content=\"1754\" \/>\n\t<meta property=\"og:image:height\" content=\"1241\" \/>\n\t<meta property=\"og:image:type\" content=\"image\/jpeg\" \/>\n<meta name=\"twitter:card\" content=\"summary_large_image\" \/>\n<meta name=\"twitter:site\" content=\"@poscosecha\" \/>\n<meta name=\"twitter:label1\" content=\"Estimated reading time\" \/>\n\t<meta name=\"twitter:data1\" content=\"1 minute\" \/>\n<script type=\"application\/ld+json\" class=\"yoast-schema-graph\">{\"@context\":\"https:\\\/\\\/schema.org\",\"@graph\":[{\"@type\":\"WebPage\",\"@id\":\"https:\\\/\\\/agenda.poscosecha.com\\\/eventos\\\/jornada-tecnica-cultivos-subtropicales-2026\\\/\",\"url\":\"https:\\\/\\\/agenda.poscosecha.com\\\/eventos\\\/jornada-tecnica-cultivos-subtropicales-2026\\\/\",\"name\":\"Jornada T\u00e9cnica de Cultivos Subtropicales 2026 - AGENDA\",\"isPartOf\":{\"@id\":\"https:\\\/\\\/agenda.poscosecha.com\\\/#website\"},\"primaryImageOfPage\":{\"@id\":\"https:\\\/\\\/agenda.poscosecha.com\\\/eventos\\\/jornada-tecnica-cultivos-subtropicales-2026\\\/#primaryimage\"},\"image\":{\"@id\":\"https:\\\/\\\/agenda.poscosecha.com\\\/eventos\\\/jornada-tecnica-cultivos-subtropicales-2026\\\/#primaryimage\"},\"thumbnailUrl\":\"https:\\\/\\\/agenda.poscosecha.com\\\/wp-content\\\/uploads\\\/2026\\\/04\\\/Cartel_Cultivos-Subtropicales_page-0001.jpg\",\"datePublished\":\"2026-04-30T09:52:46+00:00\",\"dateModified\":\"2026-04-30T09:58:08+00:00\",\"description\":\"Jornada sobre aguacate y mango en V\u00e9lez-M\u00e1laga con ponencias sobre sanidad vegetal, agua, innovaci\u00f3n y mercado\",\"breadcrumb\":{\"@id\":\"https:\\\/\\\/agenda.poscosecha.com\\\/eventos\\\/jornada-tecnica-cultivos-subtropicales-2026\\\/#breadcrumb\"},\"inLanguage\":\"en-GB\",\"potentialAction\":[{\"@type\":\"ReadAction\",\"target\":[\"https:\\\/\\\/agenda.poscosecha.com\\\/eventos\\\/jornada-tecnica-cultivos-subtropicales-2026\\\/\"]}]},{\"@type\":\"ImageObject\",\"inLanguage\":\"en-GB\",\"@id\":\"https:\\\/\\\/agenda.poscosecha.com\\\/eventos\\\/jornada-tecnica-cultivos-subtropicales-2026\\\/#primaryimage\",\"url\":\"https:\\\/\\\/agenda.poscosecha.com\\\/wp-content\\\/uploads\\\/2026\\\/04\\\/Cartel_Cultivos-Subtropicales_page-0001.jpg\",\"contentUrl\":\"https:\\\/\\\/agenda.poscosecha.com\\\/wp-content\\\/uploads\\\/2026\\\/04\\\/Cartel_Cultivos-Subtropicales_page-0001.jpg\",\"width\":1754,\"height\":1241},{\"@type\":\"BreadcrumbList\",\"@id\":\"https:\\\/\\\/agenda.poscosecha.com\\\/eventos\\\/jornada-tecnica-cultivos-subtropicales-2026\\\/#breadcrumb\",\"itemListElement\":[{\"@type\":\"ListItem\",\"position\":1,\"name\":\"Portada\",\"item\":\"https:\\\/\\\/agenda.poscosecha.com\\\/\"},{\"@type\":\"ListItem\",\"position\":2,\"name\":\"Eventos\",\"item\":\"https:\\\/\\\/agenda.poscosecha.com\\\/eventos\\\/\"},{\"@type\":\"ListItem\",\"position\":3,\"name\":\"Jornada T\u00e9cnica de Cultivos Subtropicales 2026\"}]},{\"@type\":\"WebSite\",\"@id\":\"https:\\\/\\\/agenda.poscosecha.com\\\/#website\",\"url\":\"https:\\\/\\\/agenda.poscosecha.com\\\/\",\"name\":\"Agenda de Eventos\",\"description\":\"Conectando comunidades poscosecha globales\",\"publisher\":{\"@id\":\"https:\\\/\\\/agenda.poscosecha.com\\\/#organization\"},\"potentialAction\":[{\"@type\":\"SearchAction\",\"target\":{\"@type\":\"EntryPoint\",\"urlTemplate\":\"https:\\\/\\\/agenda.poscosecha.com\\\/?s={search_term_string}\"},\"query-input\":{\"@type\":\"PropertyValueSpecification\",\"valueRequired\":true,\"valueName\":\"search_term_string\"}}],\"inLanguage\":\"en-GB\"},{\"@type\":\"Organization\",\"@id\":\"https:\\\/\\\/agenda.poscosecha.com\\\/#organization\",\"name\":\"Agenda de Eventos\",\"url\":\"https:\\\/\\\/agenda.poscosecha.com\\\/\",\"logo\":{\"@type\":\"ImageObject\",\"inLanguage\":\"en-GB\",\"@id\":\"https:\\\/\\\/agenda.poscosecha.com\\\/#\\\/schema\\\/logo\\\/image\\\/\",\"url\":\"https:\\\/\\\/agenda.poscosecha.com\\\/wp-content\\\/uploads\\\/2023\\\/06\\\/cropped-Agenda-logo-vs-1.png\",\"contentUrl\":\"https:\\\/\\\/agenda.poscosecha.com\\\/wp-content\\\/uploads\\\/2023\\\/06\\\/cropped-Agenda-logo-vs-1.png\",\"width\":512,\"height\":512,\"caption\":\"Agenda de Eventos\"},\"image\":{\"@id\":\"https:\\\/\\\/agenda.poscosecha.com\\\/#\\\/schema\\\/logo\\\/image\\\/\"},\"sameAs\":[\"https:\\\/\\\/www.facebook.com\\\/Poscosecha.Postharvest\\\/\",\"https:\\\/\\\/x.com\\\/poscosecha\",\"https:\\\/\\\/www.linkedin.com\\\/company\\\/poscosecha.com\\\/\"]}]}<\/script>\n<!-- \/ Yoast SEO plugin. -->","yoast_head_json":{"title":"Jornada T\u00e9cnica de Cultivos Subtropicales 2026 - AGENDA","description":"Jornada sobre aguacate y mango en V\u00e9lez-M\u00e1laga con ponencias sobre sanidad vegetal, agua, innovaci\u00f3n y mercado","robots":{"index":"index","follow":"follow","max-snippet":"max-snippet:-1","max-image-preview":"max-image-preview:large","max-video-preview":"max-video-preview:-1"},"canonical":"https:\/\/agenda.poscosecha.com\/en\/eventos\/jornada-tecnica-cultivos-subtropicales-2026\/","og_locale":"en_GB","og_type":"article","og_title":"Jornada T\u00e9cnica de Cultivos Subtropicales 2026 - AGENDA","og_description":"Jornada sobre aguacate y mango en V\u00e9lez-M\u00e1laga con ponencias sobre sanidad vegetal, agua, innovaci\u00f3n y mercado","og_url":"https:\/\/agenda.poscosecha.com\/en\/eventos\/jornada-tecnica-cultivos-subtropicales-2026\/","og_site_name":"AGENDA","article_publisher":"https:\/\/www.facebook.com\/Poscosecha.Postharvest\/","article_modified_time":"2026-04-30T09:58:08+00:00","og_image":[{"width":1754,"height":1241,"url":"https:\/\/agenda.poscosecha.com\/wp-content\/uploads\/2026\/04\/Cartel_Cultivos-Subtropicales_page-0001.jpg","type":"image\/jpeg"}],"twitter_card":"summary_large_image","twitter_site":"@poscosecha","twitter_misc":{"Estimated reading time":"1 minute"},"schema":{"@context":"https:\/\/schema.org","@graph":[{"@type":"WebPage","@id":"https:\/\/agenda.poscosecha.com\/eventos\/jornada-tecnica-cultivos-subtropicales-2026\/","url":"https:\/\/agenda.poscosecha.com\/eventos\/jornada-tecnica-cultivos-subtropicales-2026\/","name":"Jornada T\u00e9cnica de Cultivos Subtropicales 2026 - AGENDA","isPartOf":{"@id":"https:\/\/agenda.poscosecha.com\/#website"},"primaryImageOfPage":{"@id":"https:\/\/agenda.poscosecha.com\/eventos\/jornada-tecnica-cultivos-subtropicales-2026\/#primaryimage"},"image":{"@id":"https:\/\/agenda.poscosecha.com\/eventos\/jornada-tecnica-cultivos-subtropicales-2026\/#primaryimage"},"thumbnailUrl":"https:\/\/agenda.poscosecha.com\/wp-content\/uploads\/2026\/04\/Cartel_Cultivos-Subtropicales_page-0001.jpg","datePublished":"2026-04-30T09:52:46+00:00","dateModified":"2026-04-30T09:58:08+00:00","description":"Jornada sobre aguacate y mango en V\u00e9lez-M\u00e1laga con ponencias sobre sanidad vegetal, agua, innovaci\u00f3n y mercado","breadcrumb":{"@id":"https:\/\/agenda.poscosecha.com\/eventos\/jornada-tecnica-cultivos-subtropicales-2026\/#breadcrumb"},"inLanguage":"en-GB","potentialAction":[{"@type":"ReadAction","target":["https:\/\/agenda.poscosecha.com\/eventos\/jornada-tecnica-cultivos-subtropicales-2026\/"]}]},{"@type":"ImageObject","inLanguage":"en-GB","@id":"https:\/\/agenda.poscosecha.com\/eventos\/jornada-tecnica-cultivos-subtropicales-2026\/#primaryimage","url":"https:\/\/agenda.poscosecha.com\/wp-content\/uploads\/2026\/04\/Cartel_Cultivos-Subtropicales_page-0001.jpg","contentUrl":"https:\/\/agenda.poscosecha.com\/wp-content\/uploads\/2026\/04\/Cartel_Cultivos-Subtropicales_page-0001.jpg","width":1754,"height":1241},{"@type":"BreadcrumbList","@id":"https:\/\/agenda.poscosecha.com\/eventos\/jornada-tecnica-cultivos-subtropicales-2026\/#breadcrumb","itemListElement":[{"@type":"ListItem","position":1,"name":"Portada","item":"https:\/\/agenda.poscosecha.com\/"},{"@type":"ListItem","position":2,"name":"Eventos","item":"https:\/\/agenda.poscosecha.com\/eventos\/"},{"@type":"ListItem","position":3,"name":"Jornada T\u00e9cnica de Cultivos Subtropicales 2026"}]},{"@type":"WebSite","@id":"https:\/\/agenda.poscosecha.com\/#website","url":"https:\/\/agenda.poscosecha.com\/","name":"Agenda de Eventos","description":"Conectando comunidades poscosecha globales","publisher":{"@id":"https:\/\/agenda.poscosecha.com\/#organization"},"potentialAction":[{"@type":"SearchAction","target":{"@type":"EntryPoint","urlTemplate":"https:\/\/agenda.poscosecha.com\/?s={search_term_string}"},"query-input":{"@type":"PropertyValueSpecification","valueRequired":true,"valueName":"search_term_string"}}],"inLanguage":"en-GB"},{"@type":"Organization","@id":"https:\/\/agenda.poscosecha.com\/#organization","name":"Agenda de Eventos","url":"https:\/\/agenda.poscosecha.com\/","logo":{"@type":"ImageObject","inLanguage":"en-GB","@id":"https:\/\/agenda.poscosecha.com\/#\/schema\/logo\/image\/","url":"https:\/\/agenda.poscosecha.com\/wp-content\/uploads\/2023\/06\/cropped-Agenda-logo-vs-1.png","contentUrl":"https:\/\/agenda.poscosecha.com\/wp-content\/uploads\/2023\/06\/cropped-Agenda-logo-vs-1.png","width":512,"height":512,"caption":"Agenda de Eventos"},"image":{"@id":"https:\/\/agenda.poscosecha.com\/#\/schema\/logo\/image\/"},"sameAs":["https:\/\/www.facebook.com\/Poscosecha.Postharvest\/","https:\/\/x.com\/poscosecha","https:\/\/www.linkedin.com\/company\/poscosecha.com\/"]}]}},"_links":{"self":[{"href":"https:\/\/agenda.poscosecha.com\/en\/wp-json\/wp\/v2\/mec-events\/7138","targetHints":{"allow":["GET"]}}],"collection":[{"href":"https:\/\/agenda.poscosecha.com\/en\/wp-json\/wp\/v2\/mec-events"}],"about":[{"href":"https:\/\/agenda.poscosecha.com\/en\/wp-json\/wp\/v2\/types\/mec-events"}],"author":[{"embeddable":true,"href":"https:\/\/agenda.poscosecha.com\/en\/wp-json\/wp\/v2\/users\/25"}],"wp:featuredmedia":[{"embeddable":true,"href":"https:\/\/agenda.poscosecha.com\/en\/wp-json\/wp\/v2\/media\/7140"}],"wp:attachment":[{"href":"https:\/\/agenda.poscosecha.com\/en\/wp-json\/wp\/v2\/media?parent=7138"}],"wp:term":[{"taxonomy":"post_tag","embeddable":true,"href":"https:\/\/agenda.poscosecha.com\/en\/wp-json\/wp\/v2\/tags?post=7138"},{"taxonomy":"mec_category","embeddable":true,"href":"https:\/\/agenda.poscosecha.com\/en\/wp-json\/wp\/v2\/mec_category?post=7138"}],"curies":[{"name":"wp","href":"https:\/\/api.w.org\/{rel}","templated":true}]}}