{"id":7130,"date":"2026-04-28T12:05:12","date_gmt":"2026-04-28T10:05:12","guid":{"rendered":"https:\/\/agenda.poscosecha.com\/eventos\/promocion-de-geranios-en-valencia\/"},"modified":"2026-04-28T12:11:34","modified_gmt":"2026-04-28T10:11:34","slug":"promocion-de-geranios-en-valencia","status":"publish","type":"mec-events","link":"https:\/\/agenda.poscosecha.com\/en\/eventos\/promocion-de-geranios-en-valencia\/","title":{"rendered":"Promoci\u00f3n de Geranios en Val\u00e8ncia"},"content":{"rendered":"<h2 style=\"text-align: center;\">Europa elige a Val\u00e8ncia para visibilizar el geranio en Espa\u00f1a<\/h2>\n<h3>Los expertos de Pelargonium for Europe (PfE) repartir\u00e1n un millar de geranios de forma gratuita a todo aquel que pase por la Chocolater\u00eda Valor, situada en la Plaza de la Reina<\/h3>\n<h4>La acci\u00f3n ser\u00e1 el 12 de mayo a las 10:30 horas y coincide con L\u2019Escuraeta, el mercado artesanal m\u00e1s antiguo de la ciudad que se celebra en la misma plaza<\/h4>\n<p>Val\u00e8ncia ha sido elegida por Europa para promocionar el geranio a nivel nacional. Pelargonium for Europe (PfE), una iniciativa que re\u00fane a productores europeos de geranios, ha seleccionado la ciudad para repartir un millar de geranios de forma gratuita a todas aquellas personas que se acerquen el pr\u00f3ximo 12 de mayo, a las 10:30 horas, a la Chocolater\u00eda Valor, situada en la emblem\u00e1tica Plaza de la Reina.<\/p>\n<p><img loading=\"lazy\" decoding=\"async\" class=\"aligncenter wp-image-7129\" src=\"https:\/\/agenda.poscosecha.com\/wp-content\/uploads\/2026\/04\/Foto-Plaza-de-la-Reina-2-300x200.jpg\" alt=\"\" width=\"600\" height=\"400\" \/><\/p>\n<p>La acci\u00f3n coincide con L\u2019Escuraeta, el mercado artesanal m\u00e1s antiguo de la ciudad, que se celebra en la misma plaza entre el 10 de mayo y el 7 de junio. Este mercado representa la tradici\u00f3n y la cultura popular valenciana, adem\u00e1s de que atrae cada a\u00f1o a un elevado n\u00famero de visitantes al centro hist\u00f3rico, generando un contexto de gran visibilidad.<\/p>\n<p>En este sentido, seg\u00fan los profesionales de PfE, \u201cnos queremos dirigir tanto a los valencianos como a los numerosos turistas nacionales e internacionales que recorren cada a\u00f1o el centro hist\u00f3rico de la ciudad para disfrutar de su patrimonio, su ambiente y su estilo de vida mediterr\u00e1neo\u201d.<\/p>\n<p>Esta acci\u00f3n forma parte de la campa\u00f1a de la Uni\u00f3n Europea \u00abStars Unite a Europe in Bloom\u00bb, activa en 22 pa\u00edses europeos, como Austria, B\u00e9lgica, Italia, Pa\u00edses Bajos y Espa\u00f1a. La iniciativa se funda en 2016 con el objetivo de visibilizar y posicionar a los geranios a largo plazo en Europa apoyando a toda la cadena de suministro del geranio.<\/p>\n<p><img loading=\"lazy\" decoding=\"async\" class=\"aligncenter wp-image-7128\" src=\"https:\/\/agenda.poscosecha.com\/wp-content\/uploads\/2026\/04\/Foto-Macetas-Geranios-1-300x169.jpg\" alt=\"\" width=\"600\" height=\"337\" \/><\/p>\n<p>En este sentido, todas las flores que se repartan este d\u00eda vendr\u00e1n de proveedores locales, promocionando as\u00ed el producto entre los consumidores finales.<\/p>\n<p><strong>\u00bfPor qu\u00e9 en mayo?<\/strong><\/p>\n<p>Los expertos de Pelargonium for Europe han destacado que mayo es el momento perfecto para poner en valor el geranio, al ser el mes de las flores. Adem\u00e1s, subrayan que esta planta es protagonista de balcones, ventanas y terrazas durante la primavera y el verano gracias a sus vivos colores y a su gran resistencia.<\/p>\n<p>Y es que el mes de mayo concentra algunas de las celebraciones florales m\u00e1s relevantes del calendario en Espa\u00f1a. Festividades como los Patios de C\u00f3rdoba, Girona Temps de Flors o las Cruces de Mayo convierten ciudades y espacios p\u00fablicos en escenarios llenos de color y tradici\u00f3n, donde el geranio tiene un rol clave.<\/p>\n<p><strong>Una experiencia para acercar la flor al p\u00fablico<\/strong><\/p>\n<p>Durante la jornada, los asistentes recibir\u00e1n un geranio acompa\u00f1ado de un folleto con recomendaciones pr\u00e1cticas para su cuidado y conservaci\u00f3n, con el objetivo de prolongar su floraci\u00f3n y mantener su vitalidad en el hogar.<\/p>\n<p>Asimismo, la acci\u00f3n contar\u00e1 con la presencia de un experto, que compartir\u00e1 informaci\u00f3n clave sobre esta planta, abordando temas esenciales como la mejor ubicaci\u00f3n para los geranios, la frecuencia de riego adecuada, as\u00ed como estrategias para potenciar su floraci\u00f3n y mantener su salud.<\/p>","protected":false},"excerpt":{"rendered":"<p>Los expertos de Pelargonium for Europe eligen Val\u00e8ncia para visibilizar el geranio en Espa\u00f1a<\/p>","protected":false},"author":25,"featured_media":7127,"template":"","tags":[],"mec_category":[20,26],"class_list":["post-7130","mec-events","type-mec-events","status-publish","has-post-thumbnail","hentry","mec_category-congresos-forums-jornadas","mec_category-interesantes"],"yoast_head":"<!-- This site is optimized with the Yoast SEO plugin v27.4 - https:\/\/yoast.com\/product\/yoast-seo-wordpress\/ -->\n<title>Promoci\u00f3n de geranios en Val\u00e8ncia-AGENDA Poscosecha<\/title>\n<meta name=\"description\" content=\"Los expertos de Pelargonium for Europe eligen Val\u00e8ncia, la Plaza de la Virgen, para visibilizar el geranio en Espa\u00f1a\" \/>\n<meta name=\"robots\" content=\"index, follow, max-snippet:-1, max-image-preview:large, max-video-preview:-1\" \/>\n<link rel=\"canonical\" href=\"https:\/\/agenda.poscosecha.com\/en\/eventos\/promocion-de-geranios-en-valencia\/\" \/>\n<meta property=\"og:locale\" content=\"en_GB\" \/>\n<meta property=\"og:type\" content=\"article\" \/>\n<meta property=\"og:title\" content=\"Promoci\u00f3n de geranios en Val\u00e8ncia-AGENDA Poscosecha\" \/>\n<meta property=\"og:description\" content=\"Los expertos de Pelargonium for Europe eligen Val\u00e8ncia, la Plaza de la Virgen, para visibilizar el geranio en Espa\u00f1a\" \/>\n<meta property=\"og:url\" content=\"https:\/\/agenda.poscosecha.com\/en\/eventos\/promocion-de-geranios-en-valencia\/\" \/>\n<meta property=\"og:site_name\" content=\"AGENDA\" \/>\n<meta property=\"article:publisher\" content=\"https:\/\/www.facebook.com\/Poscosecha.Postharvest\/\" \/>\n<meta property=\"article:modified_time\" content=\"2026-04-28T10:11:34+00:00\" \/>\n<meta property=\"og:image\" content=\"https:\/\/agenda.poscosecha.com\/wp-content\/uploads\/2026\/04\/Foto-Chocolateria-Valor-1.jpg\" \/>\n\t<meta property=\"og:image:width\" content=\"1200\" \/>\n\t<meta property=\"og:image:height\" content=\"675\" \/>\n\t<meta property=\"og:image:type\" content=\"image\/jpeg\" \/>\n<meta name=\"twitter:card\" content=\"summary_large_image\" \/>\n<meta name=\"twitter:site\" content=\"@poscosecha\" \/>\n<meta name=\"twitter:label1\" content=\"Estimated reading time\" \/>\n\t<meta name=\"twitter:data1\" content=\"4 minutes\" \/>\n<script type=\"application\/ld+json\" class=\"yoast-schema-graph\">{\"@context\":\"https:\\\/\\\/schema.org\",\"@graph\":[{\"@type\":\"WebPage\",\"@id\":\"https:\\\/\\\/agenda.poscosecha.com\\\/eventos\\\/promocion-de-geranios-en-valencia\\\/\",\"url\":\"https:\\\/\\\/agenda.poscosecha.com\\\/eventos\\\/promocion-de-geranios-en-valencia\\\/\",\"name\":\"Promoci\u00f3n de geranios en Val\u00e8ncia-AGENDA Poscosecha\",\"isPartOf\":{\"@id\":\"https:\\\/\\\/agenda.poscosecha.com\\\/#website\"},\"primaryImageOfPage\":{\"@id\":\"https:\\\/\\\/agenda.poscosecha.com\\\/eventos\\\/promocion-de-geranios-en-valencia\\\/#primaryimage\"},\"image\":{\"@id\":\"https:\\\/\\\/agenda.poscosecha.com\\\/eventos\\\/promocion-de-geranios-en-valencia\\\/#primaryimage\"},\"thumbnailUrl\":\"https:\\\/\\\/agenda.poscosecha.com\\\/wp-content\\\/uploads\\\/2026\\\/04\\\/Foto-Chocolateria-Valor-1.jpg\",\"datePublished\":\"2026-04-28T10:05:12+00:00\",\"dateModified\":\"2026-04-28T10:11:34+00:00\",\"description\":\"Los expertos de Pelargonium for Europe eligen Val\u00e8ncia, la Plaza de la Virgen, para visibilizar el geranio en Espa\u00f1a\",\"breadcrumb\":{\"@id\":\"https:\\\/\\\/agenda.poscosecha.com\\\/eventos\\\/promocion-de-geranios-en-valencia\\\/#breadcrumb\"},\"inLanguage\":\"en-GB\",\"potentialAction\":[{\"@type\":\"ReadAction\",\"target\":[\"https:\\\/\\\/agenda.poscosecha.com\\\/eventos\\\/promocion-de-geranios-en-valencia\\\/\"]}]},{\"@type\":\"ImageObject\",\"inLanguage\":\"en-GB\",\"@id\":\"https:\\\/\\\/agenda.poscosecha.com\\\/eventos\\\/promocion-de-geranios-en-valencia\\\/#primaryimage\",\"url\":\"https:\\\/\\\/agenda.poscosecha.com\\\/wp-content\\\/uploads\\\/2026\\\/04\\\/Foto-Chocolateria-Valor-1.jpg\",\"contentUrl\":\"https:\\\/\\\/agenda.poscosecha.com\\\/wp-content\\\/uploads\\\/2026\\\/04\\\/Foto-Chocolateria-Valor-1.jpg\",\"width\":1200,\"height\":675},{\"@type\":\"BreadcrumbList\",\"@id\":\"https:\\\/\\\/agenda.poscosecha.com\\\/eventos\\\/promocion-de-geranios-en-valencia\\\/#breadcrumb\",\"itemListElement\":[{\"@type\":\"ListItem\",\"position\":1,\"name\":\"Portada\",\"item\":\"https:\\\/\\\/agenda.poscosecha.com\\\/\"},{\"@type\":\"ListItem\",\"position\":2,\"name\":\"Eventos\",\"item\":\"https:\\\/\\\/agenda.poscosecha.com\\\/eventos\\\/\"},{\"@type\":\"ListItem\",\"position\":3,\"name\":\"Promoci\u00f3n de Geranios en Val\u00e8ncia\"}]},{\"@type\":\"WebSite\",\"@id\":\"https:\\\/\\\/agenda.poscosecha.com\\\/#website\",\"url\":\"https:\\\/\\\/agenda.poscosecha.com\\\/\",\"name\":\"Agenda de Eventos\",\"description\":\"Conectando comunidades poscosecha globales\",\"publisher\":{\"@id\":\"https:\\\/\\\/agenda.poscosecha.com\\\/#organization\"},\"potentialAction\":[{\"@type\":\"SearchAction\",\"target\":{\"@type\":\"EntryPoint\",\"urlTemplate\":\"https:\\\/\\\/agenda.poscosecha.com\\\/?s={search_term_string}\"},\"query-input\":{\"@type\":\"PropertyValueSpecification\",\"valueRequired\":true,\"valueName\":\"search_term_string\"}}],\"inLanguage\":\"en-GB\"},{\"@type\":\"Organization\",\"@id\":\"https:\\\/\\\/agenda.poscosecha.com\\\/#organization\",\"name\":\"Agenda de Eventos\",\"url\":\"https:\\\/\\\/agenda.poscosecha.com\\\/\",\"logo\":{\"@type\":\"ImageObject\",\"inLanguage\":\"en-GB\",\"@id\":\"https:\\\/\\\/agenda.poscosecha.com\\\/#\\\/schema\\\/logo\\\/image\\\/\",\"url\":\"https:\\\/\\\/agenda.poscosecha.com\\\/wp-content\\\/uploads\\\/2023\\\/06\\\/cropped-Agenda-logo-vs-1.png\",\"contentUrl\":\"https:\\\/\\\/agenda.poscosecha.com\\\/wp-content\\\/uploads\\\/2023\\\/06\\\/cropped-Agenda-logo-vs-1.png\",\"width\":512,\"height\":512,\"caption\":\"Agenda de Eventos\"},\"image\":{\"@id\":\"https:\\\/\\\/agenda.poscosecha.com\\\/#\\\/schema\\\/logo\\\/image\\\/\"},\"sameAs\":[\"https:\\\/\\\/www.facebook.com\\\/Poscosecha.Postharvest\\\/\",\"https:\\\/\\\/x.com\\\/poscosecha\",\"https:\\\/\\\/www.linkedin.com\\\/company\\\/poscosecha.com\\\/\"]}]}<\/script>\n<!-- \/ Yoast SEO plugin. -->","yoast_head_json":{"title":"Promoci\u00f3n de geranios en Val\u00e8ncia-AGENDA Poscosecha","description":"Los expertos de Pelargonium for Europe eligen Val\u00e8ncia, la Plaza de la Virgen, para visibilizar el geranio en Espa\u00f1a","robots":{"index":"index","follow":"follow","max-snippet":"max-snippet:-1","max-image-preview":"max-image-preview:large","max-video-preview":"max-video-preview:-1"},"canonical":"https:\/\/agenda.poscosecha.com\/en\/eventos\/promocion-de-geranios-en-valencia\/","og_locale":"en_GB","og_type":"article","og_title":"Promoci\u00f3n de geranios en Val\u00e8ncia-AGENDA Poscosecha","og_description":"Los expertos de Pelargonium for Europe eligen Val\u00e8ncia, la Plaza de la Virgen, para visibilizar el geranio en Espa\u00f1a","og_url":"https:\/\/agenda.poscosecha.com\/en\/eventos\/promocion-de-geranios-en-valencia\/","og_site_name":"AGENDA","article_publisher":"https:\/\/www.facebook.com\/Poscosecha.Postharvest\/","article_modified_time":"2026-04-28T10:11:34+00:00","og_image":[{"width":1200,"height":675,"url":"https:\/\/agenda.poscosecha.com\/wp-content\/uploads\/2026\/04\/Foto-Chocolateria-Valor-1.jpg","type":"image\/jpeg"}],"twitter_card":"summary_large_image","twitter_site":"@poscosecha","twitter_misc":{"Estimated reading time":"4 minutes"},"schema":{"@context":"https:\/\/schema.org","@graph":[{"@type":"WebPage","@id":"https:\/\/agenda.poscosecha.com\/eventos\/promocion-de-geranios-en-valencia\/","url":"https:\/\/agenda.poscosecha.com\/eventos\/promocion-de-geranios-en-valencia\/","name":"Promoci\u00f3n de geranios en Val\u00e8ncia-AGENDA Poscosecha","isPartOf":{"@id":"https:\/\/agenda.poscosecha.com\/#website"},"primaryImageOfPage":{"@id":"https:\/\/agenda.poscosecha.com\/eventos\/promocion-de-geranios-en-valencia\/#primaryimage"},"image":{"@id":"https:\/\/agenda.poscosecha.com\/eventos\/promocion-de-geranios-en-valencia\/#primaryimage"},"thumbnailUrl":"https:\/\/agenda.poscosecha.com\/wp-content\/uploads\/2026\/04\/Foto-Chocolateria-Valor-1.jpg","datePublished":"2026-04-28T10:05:12+00:00","dateModified":"2026-04-28T10:11:34+00:00","description":"Los expertos de Pelargonium for Europe eligen Val\u00e8ncia, la Plaza de la Virgen, para visibilizar el geranio en Espa\u00f1a","breadcrumb":{"@id":"https:\/\/agenda.poscosecha.com\/eventos\/promocion-de-geranios-en-valencia\/#breadcrumb"},"inLanguage":"en-GB","potentialAction":[{"@type":"ReadAction","target":["https:\/\/agenda.poscosecha.com\/eventos\/promocion-de-geranios-en-valencia\/"]}]},{"@type":"ImageObject","inLanguage":"en-GB","@id":"https:\/\/agenda.poscosecha.com\/eventos\/promocion-de-geranios-en-valencia\/#primaryimage","url":"https:\/\/agenda.poscosecha.com\/wp-content\/uploads\/2026\/04\/Foto-Chocolateria-Valor-1.jpg","contentUrl":"https:\/\/agenda.poscosecha.com\/wp-content\/uploads\/2026\/04\/Foto-Chocolateria-Valor-1.jpg","width":1200,"height":675},{"@type":"BreadcrumbList","@id":"https:\/\/agenda.poscosecha.com\/eventos\/promocion-de-geranios-en-valencia\/#breadcrumb","itemListElement":[{"@type":"ListItem","position":1,"name":"Portada","item":"https:\/\/agenda.poscosecha.com\/"},{"@type":"ListItem","position":2,"name":"Eventos","item":"https:\/\/agenda.poscosecha.com\/eventos\/"},{"@type":"ListItem","position":3,"name":"Promoci\u00f3n de Geranios en Val\u00e8ncia"}]},{"@type":"WebSite","@id":"https:\/\/agenda.poscosecha.com\/#website","url":"https:\/\/agenda.poscosecha.com\/","name":"Agenda de Eventos","description":"Conectando comunidades poscosecha globales","publisher":{"@id":"https:\/\/agenda.poscosecha.com\/#organization"},"potentialAction":[{"@type":"SearchAction","target":{"@type":"EntryPoint","urlTemplate":"https:\/\/agenda.poscosecha.com\/?s={search_term_string}"},"query-input":{"@type":"PropertyValueSpecification","valueRequired":true,"valueName":"search_term_string"}}],"inLanguage":"en-GB"},{"@type":"Organization","@id":"https:\/\/agenda.poscosecha.com\/#organization","name":"Agenda de Eventos","url":"https:\/\/agenda.poscosecha.com\/","logo":{"@type":"ImageObject","inLanguage":"en-GB","@id":"https:\/\/agenda.poscosecha.com\/#\/schema\/logo\/image\/","url":"https:\/\/agenda.poscosecha.com\/wp-content\/uploads\/2023\/06\/cropped-Agenda-logo-vs-1.png","contentUrl":"https:\/\/agenda.poscosecha.com\/wp-content\/uploads\/2023\/06\/cropped-Agenda-logo-vs-1.png","width":512,"height":512,"caption":"Agenda de Eventos"},"image":{"@id":"https:\/\/agenda.poscosecha.com\/#\/schema\/logo\/image\/"},"sameAs":["https:\/\/www.facebook.com\/Poscosecha.Postharvest\/","https:\/\/x.com\/poscosecha","https:\/\/www.linkedin.com\/company\/poscosecha.com\/"]}]}},"_links":{"self":[{"href":"https:\/\/agenda.poscosecha.com\/en\/wp-json\/wp\/v2\/mec-events\/7130","targetHints":{"allow":["GET"]}}],"collection":[{"href":"https:\/\/agenda.poscosecha.com\/en\/wp-json\/wp\/v2\/mec-events"}],"about":[{"href":"https:\/\/agenda.poscosecha.com\/en\/wp-json\/wp\/v2\/types\/mec-events"}],"author":[{"embeddable":true,"href":"https:\/\/agenda.poscosecha.com\/en\/wp-json\/wp\/v2\/users\/25"}],"wp:featuredmedia":[{"embeddable":true,"href":"https:\/\/agenda.poscosecha.com\/en\/wp-json\/wp\/v2\/media\/7127"}],"wp:attachment":[{"href":"https:\/\/agenda.poscosecha.com\/en\/wp-json\/wp\/v2\/media?parent=7130"}],"wp:term":[{"taxonomy":"post_tag","embeddable":true,"href":"https:\/\/agenda.poscosecha.com\/en\/wp-json\/wp\/v2\/tags?post=7130"},{"taxonomy":"mec_category","embeddable":true,"href":"https:\/\/agenda.poscosecha.com\/en\/wp-json\/wp\/v2\/mec_category?post=7130"}],"curies":[{"name":"wp","href":"https:\/\/api.w.org\/{rel}","templated":true}]}}