{"id":6471,"date":"2025-06-18T11:14:39","date_gmt":"2025-06-18T09:14:39","guid":{"rendered":"https:\/\/agenda.poscosecha.com\/?post_type=mec-events&#038;p=6471"},"modified":"2025-06-18T11:19:45","modified_gmt":"2025-06-18T09:19:45","slug":"imp-essen-2026-world-leading-horticulture-trade-fair","status":"publish","type":"mec-events","link":"https:\/\/agenda.poscosecha.com\/en\/eventos\/imp-essen-2026-world-leading-horticulture-trade-fair\/","title":{"rendered":"IPM ESSEN 2026 \u2013 World\u2019s Leading Horticulture Trade Fair"},"content":{"rendered":"<p>Del <strong>27 al 30 de enero de 2026<\/strong>, en el <strong>Messe Essen<\/strong> (Essen, Alemania), se celebrar\u00e1 la pr\u00f3xima edici\u00f3n de <strong>IPM ESSEN<\/strong>, la feria de referencia mundial en horticultura ornamental, tecnolog\u00eda verde, florister\u00eda y art\u00edculos de jardiner\u00eda. Re\u00fane a miles de profesionales de todo el mundo para descubrir novedades, generar contactos y planificar la nueva temporada hort\u00edcola.<\/p>\n<h3><strong>Forma parte de IPM ESSEN 2026<\/strong><\/h3>\n<p>La feria l\u00edder mundial de horticultura, fuerza motriz del sector verde y potente catalizador de la innovaci\u00f3n, marca cada a\u00f1o nuevos est\u00e1ndares en la industria. Presente sus variedades de plantas m\u00e1s recientes, innovaciones t\u00e9cnicas, tendencias de florister\u00eda y elementos de jard\u00edn ante un p\u00fablico profesional internacional. Aproveche esta oportunidad \u00fanica cuando el sector verde mundial se re\u00fana en Essen para inaugurar la nueva temporada hort\u00edcola. \u00a1IPM ESSEN es su llave hacia un \u00e9xito sostenible!<\/p>\n<p>En IPM ESSEN, se reunir\u00e1n responsables internacionales del sector de plantas ornamentales\/perennes, entre otros, as\u00ed como con operadores de viveros de \u00e1rboles y plantas, horticultores, paisajistas, floristas y operadores de centros de jardiner\u00eda. Aproveche el alto nivel de responsabilidad en materia de adquisiciones y toma de decisiones y entre en contacto directo con directivos, compradores y expertos del sector<\/p>\n<h3><strong>\u00c1reas de exhibici\u00f3n<\/strong><\/h3>\n<p>Como feria l\u00edder mundial del sector, IPM ESSEN cubre las cuatro \u00e1reas clave de la horticultura, abarcando as\u00ed toda la cadena de valor en un solo lugar:<\/p>\n<ul>\n<li>Plantas<\/li>\n<li>Tecnolog\u00eda<\/li>\n<li>Florister\u00eda<\/li>\n<li>Art\u00edculos de jardiner\u00eda<\/li>\n<\/ul>\n<p>La inscripci\u00f3n para empresas expositoras ya est\u00e1 disponible. La\u00a0venta de entradas para visitantes profesionales todav\u00eda no est\u00e1 habilitada; est\u00e1 previsto que se abra a lo largo del <strong data-start=\"430\" data-end=\"447\">oto\u00f1o de 2025<\/strong>.<\/p>","protected":false},"excerpt":{"rendered":"<p>IPM ESSEN 2026 se celebrar\u00e1 del 27 al 30 de enero en Alemania y reunir\u00e1 a expertos en horticultura, viverismo, florister\u00eda y tecnolog\u00eda para jardiner\u00eda.<\/p>","protected":false},"author":18,"featured_media":6472,"template":"","tags":[],"mec_category":[19,26],"class_list":["post-6471","mec-events","type-mec-events","status-publish","has-post-thumbnail","hentry","mec_category-ferias","mec_category-interesantes"],"yoast_head":"<!-- This site is optimized with the Yoast SEO plugin v27.4 - https:\/\/yoast.com\/product\/yoast-seo-wordpress\/ -->\n<title>IPM ESSEN 2026 \u2013 World\u2019s Leading Horticulture Trade Fair<\/title>\n<meta name=\"description\" content=\"IPM ESSEN 2026 se celebrar\u00e1 del 27 al 30 de enero en Alemania. Re\u00fane a profesionales del sector hort\u00edcola, florister\u00eda y tecnolog\u00eda verde.\" \/>\n<meta name=\"robots\" content=\"index, follow, max-snippet:-1, max-image-preview:large, max-video-preview:-1\" \/>\n<link rel=\"canonical\" href=\"https:\/\/agenda.poscosecha.com\/en\/eventos\/imp-essen-2026-world-leading-horticulture-trade-fair\/\" \/>\n<meta property=\"og:locale\" content=\"en_GB\" \/>\n<meta property=\"og:type\" content=\"article\" \/>\n<meta property=\"og:title\" content=\"IPM ESSEN 2026 \u2013 World\u2019s Leading Horticulture Trade Fair\" \/>\n<meta property=\"og:description\" content=\"IPM ESSEN 2026 se celebrar\u00e1 del 27 al 30 de enero en Alemania. Re\u00fane a profesionales del sector hort\u00edcola, florister\u00eda y tecnolog\u00eda verde.\" \/>\n<meta property=\"og:url\" content=\"https:\/\/agenda.poscosecha.com\/en\/eventos\/imp-essen-2026-world-leading-horticulture-trade-fair\/\" \/>\n<meta property=\"og:site_name\" content=\"AGENDA\" \/>\n<meta property=\"article:publisher\" content=\"https:\/\/www.facebook.com\/Poscosecha.Postharvest\/\" \/>\n<meta property=\"article:modified_time\" content=\"2025-06-18T09:19:45+00:00\" \/>\n<meta property=\"og:image\" content=\"https:\/\/agenda.poscosecha.com\/wp-content\/uploads\/2025\/06\/IMP-Essen.png\" \/>\n\t<meta property=\"og:image:width\" content=\"1200\" \/>\n\t<meta property=\"og:image:height\" content=\"675\" \/>\n\t<meta property=\"og:image:type\" content=\"image\/png\" \/>\n<meta name=\"twitter:card\" content=\"summary_large_image\" \/>\n<meta name=\"twitter:site\" content=\"@poscosecha\" \/>\n<meta name=\"twitter:label1\" content=\"Estimated reading time\" \/>\n\t<meta name=\"twitter:data1\" content=\"2 minutes\" \/>\n<script type=\"application\/ld+json\" class=\"yoast-schema-graph\">{\"@context\":\"https:\\\/\\\/schema.org\",\"@graph\":[{\"@type\":\"WebPage\",\"@id\":\"https:\\\/\\\/agenda.poscosecha.com\\\/eventos\\\/imp-essen-2026-world-leading-horticulture-trade-fair\\\/\",\"url\":\"https:\\\/\\\/agenda.poscosecha.com\\\/eventos\\\/imp-essen-2026-world-leading-horticulture-trade-fair\\\/\",\"name\":\"IPM ESSEN 2026 \u2013 World\u2019s Leading Horticulture Trade Fair\",\"isPartOf\":{\"@id\":\"https:\\\/\\\/agenda.poscosecha.com\\\/#website\"},\"primaryImageOfPage\":{\"@id\":\"https:\\\/\\\/agenda.poscosecha.com\\\/eventos\\\/imp-essen-2026-world-leading-horticulture-trade-fair\\\/#primaryimage\"},\"image\":{\"@id\":\"https:\\\/\\\/agenda.poscosecha.com\\\/eventos\\\/imp-essen-2026-world-leading-horticulture-trade-fair\\\/#primaryimage\"},\"thumbnailUrl\":\"https:\\\/\\\/agenda.poscosecha.com\\\/wp-content\\\/uploads\\\/2025\\\/06\\\/IMP-Essen.png\",\"datePublished\":\"2025-06-18T09:14:39+00:00\",\"dateModified\":\"2025-06-18T09:19:45+00:00\",\"description\":\"IPM ESSEN 2026 se celebrar\u00e1 del 27 al 30 de enero en Alemania. Re\u00fane a profesionales del sector hort\u00edcola, florister\u00eda y tecnolog\u00eda verde.\",\"breadcrumb\":{\"@id\":\"https:\\\/\\\/agenda.poscosecha.com\\\/eventos\\\/imp-essen-2026-world-leading-horticulture-trade-fair\\\/#breadcrumb\"},\"inLanguage\":\"en-GB\",\"potentialAction\":[{\"@type\":\"ReadAction\",\"target\":[\"https:\\\/\\\/agenda.poscosecha.com\\\/eventos\\\/imp-essen-2026-world-leading-horticulture-trade-fair\\\/\"]}]},{\"@type\":\"ImageObject\",\"inLanguage\":\"en-GB\",\"@id\":\"https:\\\/\\\/agenda.poscosecha.com\\\/eventos\\\/imp-essen-2026-world-leading-horticulture-trade-fair\\\/#primaryimage\",\"url\":\"https:\\\/\\\/agenda.poscosecha.com\\\/wp-content\\\/uploads\\\/2025\\\/06\\\/IMP-Essen.png\",\"contentUrl\":\"https:\\\/\\\/agenda.poscosecha.com\\\/wp-content\\\/uploads\\\/2025\\\/06\\\/IMP-Essen.png\",\"width\":1200,\"height\":675},{\"@type\":\"BreadcrumbList\",\"@id\":\"https:\\\/\\\/agenda.poscosecha.com\\\/eventos\\\/imp-essen-2026-world-leading-horticulture-trade-fair\\\/#breadcrumb\",\"itemListElement\":[{\"@type\":\"ListItem\",\"position\":1,\"name\":\"Portada\",\"item\":\"https:\\\/\\\/agenda.poscosecha.com\\\/\"},{\"@type\":\"ListItem\",\"position\":2,\"name\":\"Eventos\",\"item\":\"https:\\\/\\\/agenda.poscosecha.com\\\/eventos\\\/\"},{\"@type\":\"ListItem\",\"position\":3,\"name\":\"IPM ESSEN 2026 \u2013 World\u2019s Leading Horticulture Trade Fair\"}]},{\"@type\":\"WebSite\",\"@id\":\"https:\\\/\\\/agenda.poscosecha.com\\\/#website\",\"url\":\"https:\\\/\\\/agenda.poscosecha.com\\\/\",\"name\":\"Agenda de Eventos\",\"description\":\"Conectando comunidades poscosecha globales\",\"publisher\":{\"@id\":\"https:\\\/\\\/agenda.poscosecha.com\\\/#organization\"},\"potentialAction\":[{\"@type\":\"SearchAction\",\"target\":{\"@type\":\"EntryPoint\",\"urlTemplate\":\"https:\\\/\\\/agenda.poscosecha.com\\\/?s={search_term_string}\"},\"query-input\":{\"@type\":\"PropertyValueSpecification\",\"valueRequired\":true,\"valueName\":\"search_term_string\"}}],\"inLanguage\":\"en-GB\"},{\"@type\":\"Organization\",\"@id\":\"https:\\\/\\\/agenda.poscosecha.com\\\/#organization\",\"name\":\"Agenda de Eventos\",\"url\":\"https:\\\/\\\/agenda.poscosecha.com\\\/\",\"logo\":{\"@type\":\"ImageObject\",\"inLanguage\":\"en-GB\",\"@id\":\"https:\\\/\\\/agenda.poscosecha.com\\\/#\\\/schema\\\/logo\\\/image\\\/\",\"url\":\"https:\\\/\\\/agenda.poscosecha.com\\\/wp-content\\\/uploads\\\/2023\\\/06\\\/cropped-Agenda-logo-vs-1.png\",\"contentUrl\":\"https:\\\/\\\/agenda.poscosecha.com\\\/wp-content\\\/uploads\\\/2023\\\/06\\\/cropped-Agenda-logo-vs-1.png\",\"width\":512,\"height\":512,\"caption\":\"Agenda de Eventos\"},\"image\":{\"@id\":\"https:\\\/\\\/agenda.poscosecha.com\\\/#\\\/schema\\\/logo\\\/image\\\/\"},\"sameAs\":[\"https:\\\/\\\/www.facebook.com\\\/Poscosecha.Postharvest\\\/\",\"https:\\\/\\\/x.com\\\/poscosecha\",\"https:\\\/\\\/www.linkedin.com\\\/company\\\/poscosecha.com\\\/\"]}]}<\/script>\n<!-- \/ Yoast SEO plugin. -->","yoast_head_json":{"title":"IPM ESSEN 2026 \u2013 World\u2019s Leading Horticulture Trade Fair","description":"IPM ESSEN 2026 se celebrar\u00e1 del 27 al 30 de enero en Alemania. Re\u00fane a profesionales del sector hort\u00edcola, florister\u00eda y tecnolog\u00eda verde.","robots":{"index":"index","follow":"follow","max-snippet":"max-snippet:-1","max-image-preview":"max-image-preview:large","max-video-preview":"max-video-preview:-1"},"canonical":"https:\/\/agenda.poscosecha.com\/en\/eventos\/imp-essen-2026-world-leading-horticulture-trade-fair\/","og_locale":"en_GB","og_type":"article","og_title":"IPM ESSEN 2026 \u2013 World\u2019s Leading Horticulture Trade Fair","og_description":"IPM ESSEN 2026 se celebrar\u00e1 del 27 al 30 de enero en Alemania. Re\u00fane a profesionales del sector hort\u00edcola, florister\u00eda y tecnolog\u00eda verde.","og_url":"https:\/\/agenda.poscosecha.com\/en\/eventos\/imp-essen-2026-world-leading-horticulture-trade-fair\/","og_site_name":"AGENDA","article_publisher":"https:\/\/www.facebook.com\/Poscosecha.Postharvest\/","article_modified_time":"2025-06-18T09:19:45+00:00","og_image":[{"width":1200,"height":675,"url":"https:\/\/agenda.poscosecha.com\/wp-content\/uploads\/2025\/06\/IMP-Essen.png","type":"image\/png"}],"twitter_card":"summary_large_image","twitter_site":"@poscosecha","twitter_misc":{"Estimated reading time":"2 minutes"},"schema":{"@context":"https:\/\/schema.org","@graph":[{"@type":"WebPage","@id":"https:\/\/agenda.poscosecha.com\/eventos\/imp-essen-2026-world-leading-horticulture-trade-fair\/","url":"https:\/\/agenda.poscosecha.com\/eventos\/imp-essen-2026-world-leading-horticulture-trade-fair\/","name":"IPM ESSEN 2026 \u2013 World\u2019s Leading Horticulture Trade Fair","isPartOf":{"@id":"https:\/\/agenda.poscosecha.com\/#website"},"primaryImageOfPage":{"@id":"https:\/\/agenda.poscosecha.com\/eventos\/imp-essen-2026-world-leading-horticulture-trade-fair\/#primaryimage"},"image":{"@id":"https:\/\/agenda.poscosecha.com\/eventos\/imp-essen-2026-world-leading-horticulture-trade-fair\/#primaryimage"},"thumbnailUrl":"https:\/\/agenda.poscosecha.com\/wp-content\/uploads\/2025\/06\/IMP-Essen.png","datePublished":"2025-06-18T09:14:39+00:00","dateModified":"2025-06-18T09:19:45+00:00","description":"IPM ESSEN 2026 se celebrar\u00e1 del 27 al 30 de enero en Alemania. Re\u00fane a profesionales del sector hort\u00edcola, florister\u00eda y tecnolog\u00eda verde.","breadcrumb":{"@id":"https:\/\/agenda.poscosecha.com\/eventos\/imp-essen-2026-world-leading-horticulture-trade-fair\/#breadcrumb"},"inLanguage":"en-GB","potentialAction":[{"@type":"ReadAction","target":["https:\/\/agenda.poscosecha.com\/eventos\/imp-essen-2026-world-leading-horticulture-trade-fair\/"]}]},{"@type":"ImageObject","inLanguage":"en-GB","@id":"https:\/\/agenda.poscosecha.com\/eventos\/imp-essen-2026-world-leading-horticulture-trade-fair\/#primaryimage","url":"https:\/\/agenda.poscosecha.com\/wp-content\/uploads\/2025\/06\/IMP-Essen.png","contentUrl":"https:\/\/agenda.poscosecha.com\/wp-content\/uploads\/2025\/06\/IMP-Essen.png","width":1200,"height":675},{"@type":"BreadcrumbList","@id":"https:\/\/agenda.poscosecha.com\/eventos\/imp-essen-2026-world-leading-horticulture-trade-fair\/#breadcrumb","itemListElement":[{"@type":"ListItem","position":1,"name":"Portada","item":"https:\/\/agenda.poscosecha.com\/"},{"@type":"ListItem","position":2,"name":"Eventos","item":"https:\/\/agenda.poscosecha.com\/eventos\/"},{"@type":"ListItem","position":3,"name":"IPM ESSEN 2026 \u2013 World\u2019s Leading Horticulture Trade Fair"}]},{"@type":"WebSite","@id":"https:\/\/agenda.poscosecha.com\/#website","url":"https:\/\/agenda.poscosecha.com\/","name":"Agenda de Eventos","description":"Conectando comunidades poscosecha globales","publisher":{"@id":"https:\/\/agenda.poscosecha.com\/#organization"},"potentialAction":[{"@type":"SearchAction","target":{"@type":"EntryPoint","urlTemplate":"https:\/\/agenda.poscosecha.com\/?s={search_term_string}"},"query-input":{"@type":"PropertyValueSpecification","valueRequired":true,"valueName":"search_term_string"}}],"inLanguage":"en-GB"},{"@type":"Organization","@id":"https:\/\/agenda.poscosecha.com\/#organization","name":"Agenda de Eventos","url":"https:\/\/agenda.poscosecha.com\/","logo":{"@type":"ImageObject","inLanguage":"en-GB","@id":"https:\/\/agenda.poscosecha.com\/#\/schema\/logo\/image\/","url":"https:\/\/agenda.poscosecha.com\/wp-content\/uploads\/2023\/06\/cropped-Agenda-logo-vs-1.png","contentUrl":"https:\/\/agenda.poscosecha.com\/wp-content\/uploads\/2023\/06\/cropped-Agenda-logo-vs-1.png","width":512,"height":512,"caption":"Agenda de Eventos"},"image":{"@id":"https:\/\/agenda.poscosecha.com\/#\/schema\/logo\/image\/"},"sameAs":["https:\/\/www.facebook.com\/Poscosecha.Postharvest\/","https:\/\/x.com\/poscosecha","https:\/\/www.linkedin.com\/company\/poscosecha.com\/"]}]}},"_links":{"self":[{"href":"https:\/\/agenda.poscosecha.com\/en\/wp-json\/wp\/v2\/mec-events\/6471","targetHints":{"allow":["GET"]}}],"collection":[{"href":"https:\/\/agenda.poscosecha.com\/en\/wp-json\/wp\/v2\/mec-events"}],"about":[{"href":"https:\/\/agenda.poscosecha.com\/en\/wp-json\/wp\/v2\/types\/mec-events"}],"author":[{"embeddable":true,"href":"https:\/\/agenda.poscosecha.com\/en\/wp-json\/wp\/v2\/users\/18"}],"wp:featuredmedia":[{"embeddable":true,"href":"https:\/\/agenda.poscosecha.com\/en\/wp-json\/wp\/v2\/media\/6472"}],"wp:attachment":[{"href":"https:\/\/agenda.poscosecha.com\/en\/wp-json\/wp\/v2\/media?parent=6471"}],"wp:term":[{"taxonomy":"post_tag","embeddable":true,"href":"https:\/\/agenda.poscosecha.com\/en\/wp-json\/wp\/v2\/tags?post=6471"},{"taxonomy":"mec_category","embeddable":true,"href":"https:\/\/agenda.poscosecha.com\/en\/wp-json\/wp\/v2\/mec_category?post=6471"}],"curies":[{"name":"wp","href":"https:\/\/api.w.org\/{rel}","templated":true}]}}