{"id":6238,"date":"2025-04-05T13:00:23","date_gmt":"2025-04-05T11:00:23","guid":{"rendered":"https:\/\/agenda.poscosecha.com\/eventos\/presentacion-libro-laderas-verdes\/"},"modified":"2025-06-23T17:30:22","modified_gmt":"2025-06-23T15:30:22","slug":"laderas-verdes-mediterraneo-iberico","status":"publish","type":"mec-events","link":"https:\/\/agenda.poscosecha.com\/en\/eventos\/laderas-verdes-mediterraneo-iberico\/","title":{"rendered":"Presentaci\u00f3n Libro Laderas Verdes &#8211; Revegetaci\u00f3n en el Mediterr\u00e1neo Ib\u00e9rico"},"content":{"rendered":"<h3 style=\"text-align: center;\">La restauraci\u00f3n de los paisajes vegetales en el semi\u00e1rido ib\u00e9rico mediterr\u00e1neo<\/h3>\n<h4><em><strong>26 de junio 2025\u00a0 &#8211;\u00a0 Museo Arqueol\u00f3gico de Murcia, MAM\u00a0 &#8211;\u00a0 Av. Alfonso X el Sabio, 7, 30008 &#8211; Murcia<\/strong><\/em><\/h4>\n<h3><img loading=\"lazy\" decoding=\"async\" class=\"aligncenter size-full wp-image-6377\" src=\"https:\/\/agenda.poscosecha.com\/wp-content\/uploads\/2025\/04\/IMG-20250519-WA0013.jpg\" alt=\"\" width=\"512\" height=\"162\" srcset=\"https:\/\/agenda.poscosecha.com\/wp-content\/uploads\/2025\/04\/IMG-20250519-WA0013.jpg 512w, https:\/\/agenda.poscosecha.com\/wp-content\/uploads\/2025\/04\/IMG-20250519-WA0013-480x152.jpg 480w\" sizes=\"(min-width: 0px) and (max-width: 480px) 480px, (min-width: 481px) 512px, 100vw\" \/><\/h3>\n<h3 style=\"text-align: center;\"><em>Un reto para la lucha contra la desertificaci\u00f3n<\/em><\/h3>\n<h3 style=\"text-align: center;\"><em>Revegetaci\u00f3n en el Mediterr\u00e1neo Ib\u00e9rico<\/em><\/h3>\n<p><em>Participan los Autores de la publicaci\u00f3n<\/em><br \/>\n<em>Plazas limitadas<\/em><\/p>\n<h2 style=\"text-align: center;\"><a href=\"https:\/\/docs.google.com\/forms\/d\/e\/1FAIpQLSeeXzbI-Z0VHlSwXj-ZXpxVjpEz5FIbwzcOox002BlzmspzHQ\/viewform\" target=\"_blank\" rel=\"noopener\">INSCRIPCIONES, AQU\u00cd<\/a><\/h2>\n<h4 style=\"text-align: center;\"><a href=\"https:\/\/www.google.com\/maps\/dir\/\/Museo+Arqueol%C3%B3gico+de+Murcia+(MAM)+Av.+Alfonso+X+el+Sabio,+7+30008+Murcia\/@37.9897081,-1.1305829,17z\/data=!4m8!4m7!1m0!1m5!1m1!1s0xd63821956bc9c7d:0x8a3a8e0c6e634d0f!2m2!1d-1.1303836!2d37.9897247?entry=ttu&amp;g_ep=EgoyMDI1MDQwMi4xIKXMDSoJLDEwMjExNjQwSAFQAw%3D%3D\" target=\"_blank\" rel=\"noopener\">C\u00f3mo llegar, AQU\u00cd<\/a><\/h4>\n<h3>PROGRAMA presentaci\u00f3n del Libro<\/h3>\n<p><strong>Programa<\/strong><br \/>\n10.00 &#8211; 10.30 &#8211; Rueda de prensa: Laderas Verdes<br \/>\nFrancisco Carre\u00f1o, COSE, PEFC, Juntos por los bosques; FECOAM,\u00a0 y Pere Papasseit, SPE3 y ACTUALfruveg.com<\/p>\n<p>10.30 &#8211; 12.30 &#8211; <strong>Presentaci\u00f3n del libro<\/strong><br \/>\nAgricultura &amp; Restauraci\u00f3n, Carlos Garc\u00eda Izquierdo, CEBAS-CSIC<br \/>\nDegradaci\u00f3n de zonas afectadas por la desertificaci\u00f3n, V\u00edctor Castillo, CEBAS-CSIC<br \/>\nRestauraci\u00f3n de sistemas \u00e1ridos, Rafael Navarro, UCO<br \/>\nBosques en la cadena costera mediterr\u00e1nea, Antonio Ruiz de Elvira, UAH<br \/>\nSelvicultura eco-hidrol\u00f3gica en contextos semi\u00e1ridos, una gesti\u00f3n que mira y se articula en base al agua, Antonio del Campo; UPV<br \/>\nLa interceptaci\u00f3n de la precipitaci\u00f3n por las cubiertas vegetales (..), Francisco Belonte, Universidad de Murcia<br \/>\nLa ingenier\u00eda forestal calve eb la defensa del medioambiente,\u00a0Esteban Jordan; Colegio Of de Ingenieros T\u00e9cnicos Forestales<\/p>\n<p>&#8211; <strong>Presentaci\u00f3n del Manifiesto Mediterr\u00e1neo<\/strong><\/p>\n<p>Clausura: 12.30 &#8211; 13.00 &#8211; C\u00f3ctel networking<\/p>\n<p>Actualmente <strong>apoyan<\/strong> esta iniciativa las organizaciones siguientes: Juntos por los Bosques -COSE-,<em> AgroBank, GrupoTragsa, Desert Leaves, la Fundaci\u00f3n Biodiversidad, el Proyecto DesFutur , PEFC, Desert Leaves, Desfutur, y SPE3(..)\u00a0<\/em><\/p>\n<p><img loading=\"lazy\" decoding=\"async\" class=\"alignleft wp-image-6479\" src=\"https:\/\/agenda.poscosecha.com\/wp-content\/uploads\/2025\/04\/Portada-Libro-LD.jpg\" alt=\"\" width=\"403\" height=\"527\" \/><\/p>\n<p>En el marco de la iniciativa Laderas Verdes el 26 de junio 2025 tendr\u00e1 lugar la <strong>presentaci\u00f3n del libro \u201cLa restauraci\u00f3n de los paisajes vegetales en el semi\u00e1rido ib\u00e9rico mediterr\u00e1neo\u201d y el \u201cManifiesto del Mediterr\u00e1neo\u00bb\u00a0 <\/strong>cuyos objetivos son agrupar y promover la colaboraci\u00f3n entre instituciones, asociaciones, empresas, t\u00e9cnicos y ciudadan\u00eda en general con <span style=\"color: #808080;\"><strong>la finalidad de facilitar acciones de revegetaci\u00f3n en la fachada mediterr\u00e1nea de la Pen\u00ednsula Ib\u00e9rica <\/strong><\/span>en altitudes y zonas que no compitan con la producci\u00f3n de alimentos.<\/p>\n<div id=\"attachment_6239\" style=\"width: 310px\" class=\"wp-caption alignleft\"><img loading=\"lazy\" decoding=\"async\" aria-describedby=\"caption-attachment-6239\" class=\"wp-image-6239 size-medium\" src=\"https:\/\/agenda.poscosecha.com\/wp-content\/uploads\/2025\/04\/Re-vegetacion-iberica-300x300.jpg\" alt=\"\" width=\"300\" height=\"300\" \/><p id=\"caption-attachment-6239\" class=\"wp-caption-text\">2.2 Vertiente Mediterr\u00e1nea Sur: Periodos prolongados de sequ\u00eda y frecuentes lluvias torrenciales Imagen del Cat\u00e1logo Cantueso<\/p><\/div>\n<p>Parte de la Pen\u00ednsula Ib\u00e9rica experimenta una progresiva <strong>aridificaci\u00f3n<\/strong>, que abarca las zonas adyacentes al Mar Mediterr\u00e1neo (Este de Andaluc\u00eda, Murcia, Comunidad Valenciana y sur de Catalu\u00f1a). Paralelamente se han intensificado los episodios de lluvias mayores que las habituales e inundaciones en Europa del Norte. Los estudios realizados indican que en este fen\u00f3meno influye la deforestaci\u00f3n de las laderas adyacentes al Mediterr\u00e1neo.<\/p>\n<p>Las brisas cargadas de humedad de esta superficie de agua no reciben el aporte adicional de humedad por parte de la vegetaci\u00f3n que permitir\u00eda la generaci\u00f3n de lluvias en la zona; con lo que estos aires cargados de la humedad del Mediterr\u00e1neo acaban en Alemania, Holanda, Austria.<\/p>\n<p><strong>La revegetaci\u00f3n interesa<\/strong> no solo a nivel local. Existe un<strong> cuerpo de conocimientos<\/strong> en relaci\u00f3n a las caracter\u00edsticas \u00f3ptimas de la vegetaci\u00f3n en cuanto a su composici\u00f3n y densidad cuyo aprovechamiento permitir\u00e1 cumplir con la responsabilidad de <strong>parar el proceso de desertificaci\u00f3n<\/strong> en la zona este de la Pen\u00ednsula Ib\u00e9rica y al mismo tiempo evitar fen\u00f3menos meteorol\u00f3gicos indeseables en el centro de Europa.<\/p>\n<p>Contar con <strong>suelos vegetados<\/strong> permite reducir la erosi\u00f3n y evita la p\u00e9rdida de nutrientes del suelo, mejora la capacidad de percolaci\u00f3n del agua y a la recarga de los acu\u00edferos, contribuye con su humedad al ciclo h\u00eddrico, reduce las temperaturas, favorece la biodiversidad, aumenta el valor paisaj\u00edstico del territorio y su disfrute por parte de la ciudadan\u00eda. Puede reducir la huella de carbono y una opci\u00f3n de explotaci\u00f3n como recursos maderero.<\/p>\n<p><strong>El libro Laderas Verdes para el Mediterr\u00e1neo Ib\u00e9rico<\/strong> presenta el parecer de muchos autores de la comunidad cient\u00edfica sobre la necesidad de actuar en las laderas de los montes situados en las regiones del Mediterr\u00e1neo Ib\u00e9rico.<\/p>\n<p>La Iniciativa Laderas Verdes tiene por objetivo promover la vegetaci\u00f3n en la vertiente mediterr\u00e1nea de la Pen\u00ednsula Ib\u00e9rica de terrenos que no sean de uso para especies vegetales comestibles, ornamentales o pecuarias.<\/p>\n<h3>Autores y Temas del Libro: <em>Laderas Verdes para el Mediterr\u00e1neo Ib\u00e9rico<\/em><\/h3>\n<p>&#8211; Bosques, cambio clim\u00e1tico y ciclo del agua: <strong>Antonio Ruiz de Elvira<\/strong>, UA<br \/>\n&#8211; Bosques y lluvia en la cadena costera mediterr\u00e1nea; Antonio Ruiz de Elvira (con textos de <strong>Mill\u00e1n Mill\u00e1n<\/strong>, CEAM)<br \/>\n&#8211; La interceptaci\u00f3n de la precipitaci\u00f3n por las cubiertas vegetales y sus efectos sobre el suelo y los recursos h\u00eddricos; <strong>Francisco Belmonte Serrato<\/strong>, UM<br \/>\n&#8211; Erosi\u00f3n y forestaci\u00f3n \u2013 Una concisa visi\u00f3n integral; <strong>Jos\u00e9 Alfonso G\u00f3mez Calero<\/strong>, IAS<br \/>\n&#8211; Necesidad y posibilidad de la Restauraci\u00f3n Forestal en Espa\u00f1a &#8211; Facilidades para su realizaci\u00f3n; <strong>Luis Oca\u00f1a<\/strong>, Colegio Oficial de Ingenieros T\u00e9cnicos Forestales<br \/>\n&#8211; Restauraci\u00f3n de sistemas \u00e1ridos en Murcia: abordando los desaf\u00edos de las pr\u00f3ximas d\u00e9cadas<br \/>\n<strong>Rafael Navarro<\/strong>, UCO<br \/>\n&#8211; Selvicultura eco-hidrol\u00f3gica en contextos semi\u00e1ridos: una gesti\u00f3n que mira y se articula en base al agua; <strong>Antonio J. Molina<\/strong>, UCO, y Antonio del Campo, UPV<br \/>\n&#8211; Espa\u00f1a, entre olas de calor, noches sin tregua y lluvias extremas: la cuenta atr\u00e1s clim\u00e1tica<br \/>\n<strong>Mar\u00eda Jos\u00e9 Estrela Navarro<\/strong>, Universitat de Val\u00e8ncia<br \/>\n&#8211; Reflexiones &#8211; Reforestar desde la comprensi\u00f3n del Paisaje; <strong>Francisco Marco,<\/strong> AEJE<\/p>\n<p><a href=\"https:\/\/issuu.com\/horticulturaposcosecha\/docs\/0_-_forestar_-_indice\" target=\"_blank\" rel=\"noopener\">Informaciones relacionadas: el \u00cdNDICE y los Autores, AQU\u00cd.<\/a><br \/>\nVersi\u00f3n DRAFT de la publicaci\u00f3n<\/p>\n<p><img loading=\"lazy\" decoding=\"async\" class=\"aligncenter size-full wp-image-6378\" src=\"https:\/\/agenda.poscosecha.com\/wp-content\/uploads\/2025\/04\/Notes_250519_164219_f892.jpg\" alt=\"\" width=\"586\" height=\"237\" srcset=\"https:\/\/agenda.poscosecha.com\/wp-content\/uploads\/2025\/04\/Notes_250519_164219_f892.jpg 586w, https:\/\/agenda.poscosecha.com\/wp-content\/uploads\/2025\/04\/Notes_250519_164219_f892-480x194.jpg 480w\" sizes=\"(min-width: 0px) and (max-width: 480px) 480px, (min-width: 481px) 586px, 100vw\" \/><\/p>\n<p>Las 3 im\u00e1genes son de la Agencia Europea del Medioambiente. La AEMA declara que la resta.uraci\u00f3n de la naturaleza es un objetivo clave de la Estrategia\u00a0 de Biodiversidad 2030 en los estados de la Uni\u00f3n Europea<!--\/data\/user\/0\/com.samsung.android.app.notes\/files\/clipdata\/clipdata_bodytext_250522_110217_291.sdocx--><\/p>","protected":false},"excerpt":{"rendered":"<p>La restauraci\u00f3n de los paisajes vegetales en el semi\u00e1rido espa\u00f1ol. Un reto para la lucha contra la desertificaci\u00f3n<\/p>","protected":false},"author":25,"featured_media":6478,"template":"","tags":[],"mec_category":[20,26],"class_list":["post-6238","mec-events","type-mec-events","status-publish","has-post-thumbnail","hentry","mec_category-congresos-forums-jornadas","mec_category-interesantes"],"yoast_head":"<!-- This site is optimized with the Yoast SEO plugin v27.5 - https:\/\/yoast.com\/product\/yoast-seo-wordpress\/ -->\n<title>Laderas Verdes para el Mediterr\u00e1neo Ib\u00e9rico-AGENDA Poscosecha<\/title>\n<meta name=\"description\" content=\"La restauraci\u00f3n de los paisajes vegetales en el semi\u00e1rido ib\u00e9rico mediterraneo. Un reto para la lucha contra la desertificaci\u00f3n\" \/>\n<meta name=\"robots\" content=\"index, follow, max-snippet:-1, max-image-preview:large, max-video-preview:-1\" \/>\n<link rel=\"canonical\" href=\"https:\/\/agenda.poscosecha.com\/en\/eventos\/laderas-verdes-mediterraneo-iberico\/\" \/>\n<meta property=\"og:locale\" content=\"en_GB\" \/>\n<meta property=\"og:type\" content=\"article\" \/>\n<meta property=\"og:title\" content=\"Laderas Verdes para el Mediterr\u00e1neo Ib\u00e9rico-AGENDA Poscosecha\" \/>\n<meta property=\"og:description\" content=\"La restauraci\u00f3n de los paisajes vegetales en el semi\u00e1rido ib\u00e9rico mediterraneo. Un reto para la lucha contra la desertificaci\u00f3n\" \/>\n<meta property=\"og:url\" content=\"https:\/\/agenda.poscosecha.com\/en\/eventos\/laderas-verdes-mediterraneo-iberico\/\" \/>\n<meta property=\"og:site_name\" content=\"AGENDA\" \/>\n<meta property=\"article:publisher\" content=\"https:\/\/www.facebook.com\/Poscosecha.Postharvest\/\" \/>\n<meta property=\"article:modified_time\" content=\"2025-06-23T15:30:22+00:00\" \/>\n<meta property=\"og:image\" content=\"https:\/\/agenda.poscosecha.com\/wp-content\/uploads\/2025\/04\/laderas-verdes-Ilustracion-portada-16x9-1-scaled.jpg\" \/>\n\t<meta property=\"og:image:width\" content=\"2560\" \/>\n\t<meta property=\"og:image:height\" content=\"1440\" \/>\n\t<meta property=\"og:image:type\" content=\"image\/jpeg\" \/>\n<meta name=\"twitter:card\" content=\"summary_large_image\" \/>\n<meta name=\"twitter:site\" content=\"@poscosecha\" \/>\n<meta name=\"twitter:label1\" content=\"Estimated reading time\" \/>\n\t<meta name=\"twitter:data1\" content=\"5 minutes\" \/>\n<script type=\"application\/ld+json\" class=\"yoast-schema-graph\">{\"@context\":\"https:\\\/\\\/schema.org\",\"@graph\":[{\"@type\":\"WebPage\",\"@id\":\"https:\\\/\\\/agenda.poscosecha.com\\\/eventos\\\/laderas-verdes-mediterraneo-iberico\\\/\",\"url\":\"https:\\\/\\\/agenda.poscosecha.com\\\/eventos\\\/laderas-verdes-mediterraneo-iberico\\\/\",\"name\":\"Laderas Verdes para el Mediterr\u00e1neo Ib\u00e9rico-AGENDA Poscosecha\",\"isPartOf\":{\"@id\":\"https:\\\/\\\/agenda.poscosecha.com\\\/#website\"},\"primaryImageOfPage\":{\"@id\":\"https:\\\/\\\/agenda.poscosecha.com\\\/eventos\\\/laderas-verdes-mediterraneo-iberico\\\/#primaryimage\"},\"image\":{\"@id\":\"https:\\\/\\\/agenda.poscosecha.com\\\/eventos\\\/laderas-verdes-mediterraneo-iberico\\\/#primaryimage\"},\"thumbnailUrl\":\"https:\\\/\\\/agenda.poscosecha.com\\\/wp-content\\\/uploads\\\/2025\\\/04\\\/laderas-verdes-Ilustracion-portada-16x9-1-scaled.jpg\",\"datePublished\":\"2025-04-05T11:00:23+00:00\",\"dateModified\":\"2025-06-23T15:30:22+00:00\",\"description\":\"La restauraci\u00f3n de los paisajes vegetales en el semi\u00e1rido ib\u00e9rico mediterraneo. Un reto para la lucha contra la desertificaci\u00f3n\",\"breadcrumb\":{\"@id\":\"https:\\\/\\\/agenda.poscosecha.com\\\/eventos\\\/laderas-verdes-mediterraneo-iberico\\\/#breadcrumb\"},\"inLanguage\":\"en-GB\",\"potentialAction\":[{\"@type\":\"ReadAction\",\"target\":[\"https:\\\/\\\/agenda.poscosecha.com\\\/eventos\\\/laderas-verdes-mediterraneo-iberico\\\/\"]}]},{\"@type\":\"ImageObject\",\"inLanguage\":\"en-GB\",\"@id\":\"https:\\\/\\\/agenda.poscosecha.com\\\/eventos\\\/laderas-verdes-mediterraneo-iberico\\\/#primaryimage\",\"url\":\"https:\\\/\\\/agenda.poscosecha.com\\\/wp-content\\\/uploads\\\/2025\\\/04\\\/laderas-verdes-Ilustracion-portada-16x9-1-scaled.jpg\",\"contentUrl\":\"https:\\\/\\\/agenda.poscosecha.com\\\/wp-content\\\/uploads\\\/2025\\\/04\\\/laderas-verdes-Ilustracion-portada-16x9-1-scaled.jpg\",\"width\":2560,\"height\":1440},{\"@type\":\"BreadcrumbList\",\"@id\":\"https:\\\/\\\/agenda.poscosecha.com\\\/eventos\\\/laderas-verdes-mediterraneo-iberico\\\/#breadcrumb\",\"itemListElement\":[{\"@type\":\"ListItem\",\"position\":1,\"name\":\"Portada\",\"item\":\"https:\\\/\\\/agenda.poscosecha.com\\\/\"},{\"@type\":\"ListItem\",\"position\":2,\"name\":\"Eventos\",\"item\":\"https:\\\/\\\/agenda.poscosecha.com\\\/eventos\\\/\"},{\"@type\":\"ListItem\",\"position\":3,\"name\":\"Presentaci\u00f3n Libro Laderas Verdes &#8211; Revegetaci\u00f3n en el Mediterr\u00e1neo Ib\u00e9rico\"}]},{\"@type\":\"WebSite\",\"@id\":\"https:\\\/\\\/agenda.poscosecha.com\\\/#website\",\"url\":\"https:\\\/\\\/agenda.poscosecha.com\\\/\",\"name\":\"Agenda de Eventos\",\"description\":\"Conectando comunidades poscosecha globales\",\"publisher\":{\"@id\":\"https:\\\/\\\/agenda.poscosecha.com\\\/#organization\"},\"potentialAction\":[{\"@type\":\"SearchAction\",\"target\":{\"@type\":\"EntryPoint\",\"urlTemplate\":\"https:\\\/\\\/agenda.poscosecha.com\\\/?s={search_term_string}\"},\"query-input\":{\"@type\":\"PropertyValueSpecification\",\"valueRequired\":true,\"valueName\":\"search_term_string\"}}],\"inLanguage\":\"en-GB\"},{\"@type\":\"Organization\",\"@id\":\"https:\\\/\\\/agenda.poscosecha.com\\\/#organization\",\"name\":\"Agenda de Eventos\",\"url\":\"https:\\\/\\\/agenda.poscosecha.com\\\/\",\"logo\":{\"@type\":\"ImageObject\",\"inLanguage\":\"en-GB\",\"@id\":\"https:\\\/\\\/agenda.poscosecha.com\\\/#\\\/schema\\\/logo\\\/image\\\/\",\"url\":\"https:\\\/\\\/agenda.poscosecha.com\\\/wp-content\\\/uploads\\\/2023\\\/06\\\/cropped-Agenda-logo-vs-1.png\",\"contentUrl\":\"https:\\\/\\\/agenda.poscosecha.com\\\/wp-content\\\/uploads\\\/2023\\\/06\\\/cropped-Agenda-logo-vs-1.png\",\"width\":512,\"height\":512,\"caption\":\"Agenda de Eventos\"},\"image\":{\"@id\":\"https:\\\/\\\/agenda.poscosecha.com\\\/#\\\/schema\\\/logo\\\/image\\\/\"},\"sameAs\":[\"https:\\\/\\\/www.facebook.com\\\/Poscosecha.Postharvest\\\/\",\"https:\\\/\\\/x.com\\\/poscosecha\",\"https:\\\/\\\/www.linkedin.com\\\/company\\\/poscosecha.com\\\/\"]}]}<\/script>\n<!-- \/ Yoast SEO plugin. -->","yoast_head_json":{"title":"Laderas Verdes para el Mediterr\u00e1neo Ib\u00e9rico-AGENDA Poscosecha","description":"La restauraci\u00f3n de los paisajes vegetales en el semi\u00e1rido ib\u00e9rico mediterraneo. Un reto para la lucha contra la desertificaci\u00f3n","robots":{"index":"index","follow":"follow","max-snippet":"max-snippet:-1","max-image-preview":"max-image-preview:large","max-video-preview":"max-video-preview:-1"},"canonical":"https:\/\/agenda.poscosecha.com\/en\/eventos\/laderas-verdes-mediterraneo-iberico\/","og_locale":"en_GB","og_type":"article","og_title":"Laderas Verdes para el Mediterr\u00e1neo Ib\u00e9rico-AGENDA Poscosecha","og_description":"La restauraci\u00f3n de los paisajes vegetales en el semi\u00e1rido ib\u00e9rico mediterraneo. Un reto para la lucha contra la desertificaci\u00f3n","og_url":"https:\/\/agenda.poscosecha.com\/en\/eventos\/laderas-verdes-mediterraneo-iberico\/","og_site_name":"AGENDA","article_publisher":"https:\/\/www.facebook.com\/Poscosecha.Postharvest\/","article_modified_time":"2025-06-23T15:30:22+00:00","og_image":[{"width":2560,"height":1440,"url":"https:\/\/agenda.poscosecha.com\/wp-content\/uploads\/2025\/04\/laderas-verdes-Ilustracion-portada-16x9-1-scaled.jpg","type":"image\/jpeg"}],"twitter_card":"summary_large_image","twitter_site":"@poscosecha","twitter_misc":{"Estimated reading time":"5 minutes"},"schema":{"@context":"https:\/\/schema.org","@graph":[{"@type":"WebPage","@id":"https:\/\/agenda.poscosecha.com\/eventos\/laderas-verdes-mediterraneo-iberico\/","url":"https:\/\/agenda.poscosecha.com\/eventos\/laderas-verdes-mediterraneo-iberico\/","name":"Laderas Verdes para el Mediterr\u00e1neo Ib\u00e9rico-AGENDA Poscosecha","isPartOf":{"@id":"https:\/\/agenda.poscosecha.com\/#website"},"primaryImageOfPage":{"@id":"https:\/\/agenda.poscosecha.com\/eventos\/laderas-verdes-mediterraneo-iberico\/#primaryimage"},"image":{"@id":"https:\/\/agenda.poscosecha.com\/eventos\/laderas-verdes-mediterraneo-iberico\/#primaryimage"},"thumbnailUrl":"https:\/\/agenda.poscosecha.com\/wp-content\/uploads\/2025\/04\/laderas-verdes-Ilustracion-portada-16x9-1-scaled.jpg","datePublished":"2025-04-05T11:00:23+00:00","dateModified":"2025-06-23T15:30:22+00:00","description":"La restauraci\u00f3n de los paisajes vegetales en el semi\u00e1rido ib\u00e9rico mediterraneo. Un reto para la lucha contra la desertificaci\u00f3n","breadcrumb":{"@id":"https:\/\/agenda.poscosecha.com\/eventos\/laderas-verdes-mediterraneo-iberico\/#breadcrumb"},"inLanguage":"en-GB","potentialAction":[{"@type":"ReadAction","target":["https:\/\/agenda.poscosecha.com\/eventos\/laderas-verdes-mediterraneo-iberico\/"]}]},{"@type":"ImageObject","inLanguage":"en-GB","@id":"https:\/\/agenda.poscosecha.com\/eventos\/laderas-verdes-mediterraneo-iberico\/#primaryimage","url":"https:\/\/agenda.poscosecha.com\/wp-content\/uploads\/2025\/04\/laderas-verdes-Ilustracion-portada-16x9-1-scaled.jpg","contentUrl":"https:\/\/agenda.poscosecha.com\/wp-content\/uploads\/2025\/04\/laderas-verdes-Ilustracion-portada-16x9-1-scaled.jpg","width":2560,"height":1440},{"@type":"BreadcrumbList","@id":"https:\/\/agenda.poscosecha.com\/eventos\/laderas-verdes-mediterraneo-iberico\/#breadcrumb","itemListElement":[{"@type":"ListItem","position":1,"name":"Portada","item":"https:\/\/agenda.poscosecha.com\/"},{"@type":"ListItem","position":2,"name":"Eventos","item":"https:\/\/agenda.poscosecha.com\/eventos\/"},{"@type":"ListItem","position":3,"name":"Presentaci\u00f3n Libro Laderas Verdes &#8211; Revegetaci\u00f3n en el Mediterr\u00e1neo Ib\u00e9rico"}]},{"@type":"WebSite","@id":"https:\/\/agenda.poscosecha.com\/#website","url":"https:\/\/agenda.poscosecha.com\/","name":"Agenda de Eventos","description":"Conectando comunidades poscosecha globales","publisher":{"@id":"https:\/\/agenda.poscosecha.com\/#organization"},"potentialAction":[{"@type":"SearchAction","target":{"@type":"EntryPoint","urlTemplate":"https:\/\/agenda.poscosecha.com\/?s={search_term_string}"},"query-input":{"@type":"PropertyValueSpecification","valueRequired":true,"valueName":"search_term_string"}}],"inLanguage":"en-GB"},{"@type":"Organization","@id":"https:\/\/agenda.poscosecha.com\/#organization","name":"Agenda de Eventos","url":"https:\/\/agenda.poscosecha.com\/","logo":{"@type":"ImageObject","inLanguage":"en-GB","@id":"https:\/\/agenda.poscosecha.com\/#\/schema\/logo\/image\/","url":"https:\/\/agenda.poscosecha.com\/wp-content\/uploads\/2023\/06\/cropped-Agenda-logo-vs-1.png","contentUrl":"https:\/\/agenda.poscosecha.com\/wp-content\/uploads\/2023\/06\/cropped-Agenda-logo-vs-1.png","width":512,"height":512,"caption":"Agenda de Eventos"},"image":{"@id":"https:\/\/agenda.poscosecha.com\/#\/schema\/logo\/image\/"},"sameAs":["https:\/\/www.facebook.com\/Poscosecha.Postharvest\/","https:\/\/x.com\/poscosecha","https:\/\/www.linkedin.com\/company\/poscosecha.com\/"]}]}},"_links":{"self":[{"href":"https:\/\/agenda.poscosecha.com\/en\/wp-json\/wp\/v2\/mec-events\/6238","targetHints":{"allow":["GET"]}}],"collection":[{"href":"https:\/\/agenda.poscosecha.com\/en\/wp-json\/wp\/v2\/mec-events"}],"about":[{"href":"https:\/\/agenda.poscosecha.com\/en\/wp-json\/wp\/v2\/types\/mec-events"}],"author":[{"embeddable":true,"href":"https:\/\/agenda.poscosecha.com\/en\/wp-json\/wp\/v2\/users\/25"}],"wp:featuredmedia":[{"embeddable":true,"href":"https:\/\/agenda.poscosecha.com\/en\/wp-json\/wp\/v2\/media\/6478"}],"wp:attachment":[{"href":"https:\/\/agenda.poscosecha.com\/en\/wp-json\/wp\/v2\/media?parent=6238"}],"wp:term":[{"taxonomy":"post_tag","embeddable":true,"href":"https:\/\/agenda.poscosecha.com\/en\/wp-json\/wp\/v2\/tags?post=6238"},{"taxonomy":"mec_category","embeddable":true,"href":"https:\/\/agenda.poscosecha.com\/en\/wp-json\/wp\/v2\/mec_category?post=6238"}],"curies":[{"name":"wp","href":"https:\/\/api.w.org\/{rel}","templated":true}]}}