{"id":5338,"date":"2024-04-16T16:21:33","date_gmt":"2024-04-16T14:21:33","guid":{"rendered":"https:\/\/agenda.poscosecha.com\/eventos\/alcachofa-de-semilla-un-proyecto-de-presente-y-futuro\/"},"modified":"2024-04-22T13:01:47","modified_gmt":"2024-04-22T11:01:47","slug":"alcachofa-de-semilla-un-proyecto-de-presente-y-futuro","status":"publish","type":"mec-events","link":"https:\/\/agenda.poscosecha.com\/en\/eventos\/alcachofa-de-semilla-un-proyecto-de-presente-y-futuro\/","title":{"rendered":"Alcachofa de semilla, un proyecto de presente y futuro"},"content":{"rendered":"<div class=\"pt-0 pb-4 bg-white\">\n<div class=\"pt-markdown\">\n<p>El cultivo de alcachofa multiplicada por semilla est\u00e1 desplazando al de alcachofa de multiplicaci\u00f3n vegetativa, debido especialmente a cuestiones fitosanitarias y de rentabilidad.<\/p>\n<p>En esta jornada se analizar\u00e1n las principales t\u00e9cnicas de producci\u00f3n, las nuevas variedades y estrategias de control biol\u00f3gico por conservaci\u00f3n, especialmente en lo que hace referencia al control de pulg\u00f3n.<\/p>\n<\/div>\n<\/div>\n<div>\n<h2>\u00bfCu\u00e1l es el contenido de este presencial?<\/h2>\n<div>\n<div class=\"mb-4\">\n<p><button class=\"flex justify-between w-full p-4 items-center\" type=\"button\"><span class=\"text-gray-dark\">23 abril 2024\u00a0|\u00a0Programa\u00a0|\u00a0Duraci\u00f3n: 4 h 00 min<\/span><i class=\"pt-icon pt-angle-up text-blue\" data-v-55852a92=\"\" aria-hidden=\"true\"><\/i><\/button><\/p>\n<div class=\"pt-scheduler-detail\">\n<ol>\n<li class=\"pt-scheduler-detail__session\">\n<div class=\"pt-scheduler-detail__session--content\">\n<p><span class=\"font-bold text-sm lg:text-base text-gray-dark\">09:00 h &#8211; Bienvenida y presentaci\u00f3n<\/span><\/p>\n<\/div>\n<\/li>\n<li class=\"pt-scheduler-detail__session\">\n<div class=\"pt-scheduler-detail__session--content\">\n<p><span class=\"font-bold text-sm lg:text-base text-gray-dark\">09:10 h &#8211; Cultivo de alcachofa multiplicada por semilla\u00a0<\/span><a class=\"pt-scheduler-detail__session--speakers\" href=\"https:\/\/www.plataformatierra.es\/autor\/carlos-baixauli-soria\">Carlos Baixauli Soria<\/a><\/p>\n<\/div>\n<\/li>\n<li class=\"pt-scheduler-detail__session\">\n<div class=\"pt-scheduler-detail__session--content\">\n<p><span class=\"font-bold text-sm lg:text-base text-gray-dark\">09:45 h &#8211; Desde la gen\u00e9tica hasta la comercializaci\u00f3n.\u00a0<\/span><a class=\"pt-scheduler-detail__session--speakers\" href=\"https:\/\/www.plataformatierra.es\/autor\/roberto-ballester-delgado\">Roberto Ballester Delgado<\/a><\/p>\n<\/div>\n<\/li>\n<li class=\"pt-scheduler-detail__session\">\n<div class=\"pt-scheduler-detail__session--content\">\n<p><span class=\"font-bold text-sm lg:text-base text-gray-dark\">11:00 h &#8211; Estrategias de control biol\u00f3gico por conservaci\u00f3n de plagas en alcachofa.\u00a0<\/span><a class=\"pt-scheduler-detail__session--speakers\" href=\"https:\/\/www.plataformatierra.es\/autor\/miguel-calvo-agudo\">Miguel Calvo Agudo<\/a><\/p>\n<\/div>\n<\/li>\n<li class=\"pt-scheduler-detail__session\">\n<div class=\"pt-scheduler-detail__session--content\">\n<p><span class=\"font-bold text-sm lg:text-base text-gray-dark\">11:30 h &#8211; Visita de parcelas experimentales y colecci\u00f3n de variedades.\u00a0<\/span><a class=\"pt-scheduler-detail__session--speakers\" href=\"https:\/\/www.plataformatierra.es\/autor\/alfonso-gabriel-giner-martorell\">Alfonso Gabriel Giner Martorell<\/a><\/p>\n<\/div>\n<\/li>\n<\/ol>\n<\/div>\n<p>Inscr\u00edbete <a href=\"https:\/\/www.plataformatierra.es\/formacion\/alcachofa-de-semilla-un-proyecto-de-presente-y-futuro?utm_medium=email&amp;_hsenc=p2ANqtz--2pi6kaPmCWADyC97wO0BNuydbll4K1eZNhif_oo5kGqBxPPyTp8TacH203UywMejUzBxGtXrWRSFb1LAMfl68X6rqLw&amp;_hsmi=302185195&amp;utm_content=302185195&amp;utm_source=hs_email\" target=\"_blank\" rel=\"noopener\">AQU\u00cd<\/a>.<\/p>\n<\/div>\n<\/div>\n<\/div>","protected":false},"excerpt":{"rendered":"<p>El cultivo de alcachofa multiplicada por semilla est\u00e1 desplazando al de alcachofa de multiplicaci\u00f3n vegetativa, debido especialmente a cuestiones fitosanitarias y de rentabilidad. En esta jornada se analizar\u00e1n las principales t\u00e9cnicas de producci\u00f3n, las nuevas variedades y estrategias de control biol\u00f3gico por conservaci\u00f3n, especialmente en lo que hace referencia al control de pulg\u00f3n. \u00bfCu\u00e1l es [&hellip;]<\/p>\n","protected":false},"author":25,"featured_media":5337,"template":"","tags":[],"mec_category":[20],"class_list":["post-5338","mec-events","type-mec-events","status-publish","has-post-thumbnail","hentry","mec_category-congresos-forums-jornadas"],"yoast_head":"<!-- This site is optimized with the Yoast SEO plugin v27.5 - https:\/\/yoast.com\/product\/yoast-seo-wordpress\/ -->\n<title>Alcachofa de semilla, un proyecto de presente y futuro<\/title>\n<meta name=\"description\" content=\"El cultivo de alcachofa multiplicada por semilla est\u00e1 desplazando al de alcachofa de multiplicaci\u00f3n vegetativa\" \/>\n<meta name=\"robots\" content=\"index, follow, max-snippet:-1, max-image-preview:large, max-video-preview:-1\" \/>\n<link rel=\"canonical\" href=\"https:\/\/agenda.poscosecha.com\/en\/eventos\/alcachofa-de-semilla-un-proyecto-de-presente-y-futuro\/\" \/>\n<meta property=\"og:locale\" content=\"en_GB\" \/>\n<meta property=\"og:type\" content=\"article\" \/>\n<meta property=\"og:title\" content=\"Alcachofa de semilla, un proyecto de presente y futuro\" \/>\n<meta property=\"og:description\" content=\"El cultivo de alcachofa multiplicada por semilla est\u00e1 desplazando al de alcachofa de multiplicaci\u00f3n vegetativa\" \/>\n<meta property=\"og:url\" content=\"https:\/\/agenda.poscosecha.com\/en\/eventos\/alcachofa-de-semilla-un-proyecto-de-presente-y-futuro\/\" \/>\n<meta property=\"og:site_name\" content=\"AGENDA\" \/>\n<meta property=\"article:publisher\" content=\"https:\/\/www.facebook.com\/Poscosecha.Postharvest\/\" \/>\n<meta property=\"article:modified_time\" content=\"2024-04-22T11:01:47+00:00\" \/>\n<meta property=\"og:image\" content=\"https:\/\/agenda.poscosecha.com\/wp-content\/uploads\/2024\/04\/imagen_strapi_fcf6d21708.jpg\" \/>\n\t<meta property=\"og:image:width\" content=\"1275\" \/>\n\t<meta property=\"og:image:height\" content=\"603\" \/>\n\t<meta property=\"og:image:type\" content=\"image\/jpeg\" \/>\n<meta name=\"twitter:card\" content=\"summary_large_image\" \/>\n<meta name=\"twitter:site\" content=\"@poscosecha\" \/>\n<meta name=\"twitter:label1\" content=\"Estimated reading time\" \/>\n\t<meta name=\"twitter:data1\" content=\"1 minute\" \/>\n<script type=\"application\/ld+json\" class=\"yoast-schema-graph\">{\"@context\":\"https:\\\/\\\/schema.org\",\"@graph\":[{\"@type\":\"WebPage\",\"@id\":\"https:\\\/\\\/agenda.poscosecha.com\\\/eventos\\\/alcachofa-de-semilla-un-proyecto-de-presente-y-futuro\\\/\",\"url\":\"https:\\\/\\\/agenda.poscosecha.com\\\/eventos\\\/alcachofa-de-semilla-un-proyecto-de-presente-y-futuro\\\/\",\"name\":\"Alcachofa de semilla, un proyecto de presente y futuro\",\"isPartOf\":{\"@id\":\"https:\\\/\\\/agenda.poscosecha.com\\\/#website\"},\"primaryImageOfPage\":{\"@id\":\"https:\\\/\\\/agenda.poscosecha.com\\\/eventos\\\/alcachofa-de-semilla-un-proyecto-de-presente-y-futuro\\\/#primaryimage\"},\"image\":{\"@id\":\"https:\\\/\\\/agenda.poscosecha.com\\\/eventos\\\/alcachofa-de-semilla-un-proyecto-de-presente-y-futuro\\\/#primaryimage\"},\"thumbnailUrl\":\"https:\\\/\\\/agenda.poscosecha.com\\\/wp-content\\\/uploads\\\/2024\\\/04\\\/imagen_strapi_fcf6d21708.jpg\",\"datePublished\":\"2024-04-16T14:21:33+00:00\",\"dateModified\":\"2024-04-22T11:01:47+00:00\",\"description\":\"El cultivo de alcachofa multiplicada por semilla est\u00e1 desplazando al de alcachofa de multiplicaci\u00f3n vegetativa\",\"breadcrumb\":{\"@id\":\"https:\\\/\\\/agenda.poscosecha.com\\\/eventos\\\/alcachofa-de-semilla-un-proyecto-de-presente-y-futuro\\\/#breadcrumb\"},\"inLanguage\":\"en-GB\",\"potentialAction\":[{\"@type\":\"ReadAction\",\"target\":[\"https:\\\/\\\/agenda.poscosecha.com\\\/eventos\\\/alcachofa-de-semilla-un-proyecto-de-presente-y-futuro\\\/\"]}]},{\"@type\":\"ImageObject\",\"inLanguage\":\"en-GB\",\"@id\":\"https:\\\/\\\/agenda.poscosecha.com\\\/eventos\\\/alcachofa-de-semilla-un-proyecto-de-presente-y-futuro\\\/#primaryimage\",\"url\":\"https:\\\/\\\/agenda.poscosecha.com\\\/wp-content\\\/uploads\\\/2024\\\/04\\\/imagen_strapi_fcf6d21708.jpg\",\"contentUrl\":\"https:\\\/\\\/agenda.poscosecha.com\\\/wp-content\\\/uploads\\\/2024\\\/04\\\/imagen_strapi_fcf6d21708.jpg\",\"width\":1275,\"height\":603},{\"@type\":\"BreadcrumbList\",\"@id\":\"https:\\\/\\\/agenda.poscosecha.com\\\/eventos\\\/alcachofa-de-semilla-un-proyecto-de-presente-y-futuro\\\/#breadcrumb\",\"itemListElement\":[{\"@type\":\"ListItem\",\"position\":1,\"name\":\"Portada\",\"item\":\"https:\\\/\\\/agenda.poscosecha.com\\\/\"},{\"@type\":\"ListItem\",\"position\":2,\"name\":\"Eventos\",\"item\":\"https:\\\/\\\/agenda.poscosecha.com\\\/eventos\\\/\"},{\"@type\":\"ListItem\",\"position\":3,\"name\":\"Alcachofa de semilla, un proyecto de presente y futuro\"}]},{\"@type\":\"WebSite\",\"@id\":\"https:\\\/\\\/agenda.poscosecha.com\\\/#website\",\"url\":\"https:\\\/\\\/agenda.poscosecha.com\\\/\",\"name\":\"Agenda de Eventos\",\"description\":\"Conectando comunidades poscosecha globales\",\"publisher\":{\"@id\":\"https:\\\/\\\/agenda.poscosecha.com\\\/#organization\"},\"potentialAction\":[{\"@type\":\"SearchAction\",\"target\":{\"@type\":\"EntryPoint\",\"urlTemplate\":\"https:\\\/\\\/agenda.poscosecha.com\\\/?s={search_term_string}\"},\"query-input\":{\"@type\":\"PropertyValueSpecification\",\"valueRequired\":true,\"valueName\":\"search_term_string\"}}],\"inLanguage\":\"en-GB\"},{\"@type\":\"Organization\",\"@id\":\"https:\\\/\\\/agenda.poscosecha.com\\\/#organization\",\"name\":\"Agenda de Eventos\",\"url\":\"https:\\\/\\\/agenda.poscosecha.com\\\/\",\"logo\":{\"@type\":\"ImageObject\",\"inLanguage\":\"en-GB\",\"@id\":\"https:\\\/\\\/agenda.poscosecha.com\\\/#\\\/schema\\\/logo\\\/image\\\/\",\"url\":\"https:\\\/\\\/agenda.poscosecha.com\\\/wp-content\\\/uploads\\\/2023\\\/06\\\/cropped-Agenda-logo-vs-1.png\",\"contentUrl\":\"https:\\\/\\\/agenda.poscosecha.com\\\/wp-content\\\/uploads\\\/2023\\\/06\\\/cropped-Agenda-logo-vs-1.png\",\"width\":512,\"height\":512,\"caption\":\"Agenda de Eventos\"},\"image\":{\"@id\":\"https:\\\/\\\/agenda.poscosecha.com\\\/#\\\/schema\\\/logo\\\/image\\\/\"},\"sameAs\":[\"https:\\\/\\\/www.facebook.com\\\/Poscosecha.Postharvest\\\/\",\"https:\\\/\\\/x.com\\\/poscosecha\",\"https:\\\/\\\/www.linkedin.com\\\/company\\\/poscosecha.com\\\/\"]}]}<\/script>\n<!-- \/ Yoast SEO plugin. -->","yoast_head_json":{"title":"Alcachofa de semilla, un proyecto de presente y futuro","description":"El cultivo de alcachofa multiplicada por semilla est\u00e1 desplazando al de alcachofa de multiplicaci\u00f3n vegetativa","robots":{"index":"index","follow":"follow","max-snippet":"max-snippet:-1","max-image-preview":"max-image-preview:large","max-video-preview":"max-video-preview:-1"},"canonical":"https:\/\/agenda.poscosecha.com\/en\/eventos\/alcachofa-de-semilla-un-proyecto-de-presente-y-futuro\/","og_locale":"en_GB","og_type":"article","og_title":"Alcachofa de semilla, un proyecto de presente y futuro","og_description":"El cultivo de alcachofa multiplicada por semilla est\u00e1 desplazando al de alcachofa de multiplicaci\u00f3n vegetativa","og_url":"https:\/\/agenda.poscosecha.com\/en\/eventos\/alcachofa-de-semilla-un-proyecto-de-presente-y-futuro\/","og_site_name":"AGENDA","article_publisher":"https:\/\/www.facebook.com\/Poscosecha.Postharvest\/","article_modified_time":"2024-04-22T11:01:47+00:00","og_image":[{"width":1275,"height":603,"url":"https:\/\/agenda.poscosecha.com\/wp-content\/uploads\/2024\/04\/imagen_strapi_fcf6d21708.jpg","type":"image\/jpeg"}],"twitter_card":"summary_large_image","twitter_site":"@poscosecha","twitter_misc":{"Estimated reading time":"1 minute"},"schema":{"@context":"https:\/\/schema.org","@graph":[{"@type":"WebPage","@id":"https:\/\/agenda.poscosecha.com\/eventos\/alcachofa-de-semilla-un-proyecto-de-presente-y-futuro\/","url":"https:\/\/agenda.poscosecha.com\/eventos\/alcachofa-de-semilla-un-proyecto-de-presente-y-futuro\/","name":"Alcachofa de semilla, un proyecto de presente y futuro","isPartOf":{"@id":"https:\/\/agenda.poscosecha.com\/#website"},"primaryImageOfPage":{"@id":"https:\/\/agenda.poscosecha.com\/eventos\/alcachofa-de-semilla-un-proyecto-de-presente-y-futuro\/#primaryimage"},"image":{"@id":"https:\/\/agenda.poscosecha.com\/eventos\/alcachofa-de-semilla-un-proyecto-de-presente-y-futuro\/#primaryimage"},"thumbnailUrl":"https:\/\/agenda.poscosecha.com\/wp-content\/uploads\/2024\/04\/imagen_strapi_fcf6d21708.jpg","datePublished":"2024-04-16T14:21:33+00:00","dateModified":"2024-04-22T11:01:47+00:00","description":"El cultivo de alcachofa multiplicada por semilla est\u00e1 desplazando al de alcachofa de multiplicaci\u00f3n vegetativa","breadcrumb":{"@id":"https:\/\/agenda.poscosecha.com\/eventos\/alcachofa-de-semilla-un-proyecto-de-presente-y-futuro\/#breadcrumb"},"inLanguage":"en-GB","potentialAction":[{"@type":"ReadAction","target":["https:\/\/agenda.poscosecha.com\/eventos\/alcachofa-de-semilla-un-proyecto-de-presente-y-futuro\/"]}]},{"@type":"ImageObject","inLanguage":"en-GB","@id":"https:\/\/agenda.poscosecha.com\/eventos\/alcachofa-de-semilla-un-proyecto-de-presente-y-futuro\/#primaryimage","url":"https:\/\/agenda.poscosecha.com\/wp-content\/uploads\/2024\/04\/imagen_strapi_fcf6d21708.jpg","contentUrl":"https:\/\/agenda.poscosecha.com\/wp-content\/uploads\/2024\/04\/imagen_strapi_fcf6d21708.jpg","width":1275,"height":603},{"@type":"BreadcrumbList","@id":"https:\/\/agenda.poscosecha.com\/eventos\/alcachofa-de-semilla-un-proyecto-de-presente-y-futuro\/#breadcrumb","itemListElement":[{"@type":"ListItem","position":1,"name":"Portada","item":"https:\/\/agenda.poscosecha.com\/"},{"@type":"ListItem","position":2,"name":"Eventos","item":"https:\/\/agenda.poscosecha.com\/eventos\/"},{"@type":"ListItem","position":3,"name":"Alcachofa de semilla, un proyecto de presente y futuro"}]},{"@type":"WebSite","@id":"https:\/\/agenda.poscosecha.com\/#website","url":"https:\/\/agenda.poscosecha.com\/","name":"Agenda de Eventos","description":"Conectando comunidades poscosecha globales","publisher":{"@id":"https:\/\/agenda.poscosecha.com\/#organization"},"potentialAction":[{"@type":"SearchAction","target":{"@type":"EntryPoint","urlTemplate":"https:\/\/agenda.poscosecha.com\/?s={search_term_string}"},"query-input":{"@type":"PropertyValueSpecification","valueRequired":true,"valueName":"search_term_string"}}],"inLanguage":"en-GB"},{"@type":"Organization","@id":"https:\/\/agenda.poscosecha.com\/#organization","name":"Agenda de Eventos","url":"https:\/\/agenda.poscosecha.com\/","logo":{"@type":"ImageObject","inLanguage":"en-GB","@id":"https:\/\/agenda.poscosecha.com\/#\/schema\/logo\/image\/","url":"https:\/\/agenda.poscosecha.com\/wp-content\/uploads\/2023\/06\/cropped-Agenda-logo-vs-1.png","contentUrl":"https:\/\/agenda.poscosecha.com\/wp-content\/uploads\/2023\/06\/cropped-Agenda-logo-vs-1.png","width":512,"height":512,"caption":"Agenda de Eventos"},"image":{"@id":"https:\/\/agenda.poscosecha.com\/#\/schema\/logo\/image\/"},"sameAs":["https:\/\/www.facebook.com\/Poscosecha.Postharvest\/","https:\/\/x.com\/poscosecha","https:\/\/www.linkedin.com\/company\/poscosecha.com\/"]}]}},"_links":{"self":[{"href":"https:\/\/agenda.poscosecha.com\/en\/wp-json\/wp\/v2\/mec-events\/5338","targetHints":{"allow":["GET"]}}],"collection":[{"href":"https:\/\/agenda.poscosecha.com\/en\/wp-json\/wp\/v2\/mec-events"}],"about":[{"href":"https:\/\/agenda.poscosecha.com\/en\/wp-json\/wp\/v2\/types\/mec-events"}],"author":[{"embeddable":true,"href":"https:\/\/agenda.poscosecha.com\/en\/wp-json\/wp\/v2\/users\/25"}],"wp:featuredmedia":[{"embeddable":true,"href":"https:\/\/agenda.poscosecha.com\/en\/wp-json\/wp\/v2\/media\/5337"}],"wp:attachment":[{"href":"https:\/\/agenda.poscosecha.com\/en\/wp-json\/wp\/v2\/media?parent=5338"}],"wp:term":[{"taxonomy":"post_tag","embeddable":true,"href":"https:\/\/agenda.poscosecha.com\/en\/wp-json\/wp\/v2\/tags?post=5338"},{"taxonomy":"mec_category","embeddable":true,"href":"https:\/\/agenda.poscosecha.com\/en\/wp-json\/wp\/v2\/mec_category?post=5338"}],"curies":[{"name":"wp","href":"https:\/\/api.w.org\/{rel}","templated":true}]}}