{"id":4760,"date":"2023-10-16T13:02:01","date_gmt":"2023-10-16T11:02:01","guid":{"rendered":"https:\/\/agenda.poscosecha.com\/eventos\/catedra-de-agricultura-sostenible-y-alimentacion-saludable\/"},"modified":"2023-10-16T13:11:06","modified_gmt":"2023-10-16T11:11:06","slug":"primaflor-catedra-ual-alimentacion-saludable","status":"publish","type":"mec-events","link":"https:\/\/agenda.poscosecha.com\/en\/eventos\/primaflor-catedra-ual-alimentacion-saludable\/","title":{"rendered":"C\u00e1tedra de Agricultura Sostenible y Alimentaci\u00f3n Saludable"},"content":{"rendered":"<h2 style=\"text-align: center;\">\u201cCultivando una sociedad basada en el valor\u00bb<\/h2>\n<p>III Jornada de la C\u00e1tedra Primaflor de Agricultura Sostenible y Alimentaci\u00f3n Saludable de la UAL bajo el nombre \u201cCultivando una sociedad basada en el valor\u201d.<\/p>\n<p>El evento se desarrollar\u00e1 en el Espacio Esc\u00e9nico de Pulp\u00ed (Almer\u00eda) y contar\u00e1 con un amplio elenco de expertos y profesionales del sector, que compartir\u00e1n su experiencia y visi\u00f3n participando en las distintas ponencias magistrales y mesa redonda.<\/p>\n<div class=\"x11i5rnm xat24cr x1mh8g0r x1vvkbs xtlvy1s x126k92a\">\n<div dir=\"auto\">\u2013 Pedro Ba\u00f1os Bajo, Coronel y experto en geoestrategia.<\/div>\n<div dir=\"auto\">\u2013 Antonio Garc\u00eda Herraiz, Ejecutivo de Compras Frutas y Hortalizas en Consum.<\/div>\n<div dir=\"auto\">\u2013 \u00c1ngel Gil Hern\u00e1ndez, Catedr\u00e1tico de Bioqu\u00edmica y Biolog\u00eda Molecular en la Universidad de Granada.<\/div>\n<div dir=\"auto\">\u2013 Juan Valero de Palma Manglano, Secretario General de la Federaci\u00f3n Nacional de Comunidades de Regantes de Espa\u00f1a.<\/div>\n<div dir=\"auto\"><\/div>\n<\/div>\n<div class=\"x11i5rnm xat24cr x1mh8g0r x1vvkbs xtlvy1s x126k92a\">\n<div dir=\"auto\"><span class=\"x3nfvp2 x1j61x8r x1fcty0u xdj266r xhhsvwb xat24cr xgzva0m xxymvpz xlup9mm x1kky2od\"><img loading=\"lazy\" decoding=\"async\" src=\"https:\/\/static.xx.fbcdn.net\/images\/emoji.php\/v9\/tac\/1\/16\/1f4cc.png\" alt=\"\ud83d\udccc\" width=\"16\" height=\"16\" \/><\/span>\u00a0Durante el evento, se tratar\u00e1n temas tan importantes como el agua en el Mundo y en Espa\u00f1a, la importancia de la Dieta Mediterr\u00e1nea y el papel de los vegetales en relaci\u00f3n con la salud, las claves de futuro de la distribuci\u00f3n alimentaria o el panorama geopol\u00edtico y geoecon\u00f3mico mundial.<\/div>\n<\/div>","protected":false},"excerpt":{"rendered":"<p>III Jornada de la C\u00e1tedra Primaflor con la Universidad de Almer\u00eda<\/p>","protected":false},"author":25,"featured_media":4759,"template":"","tags":[],"mec_category":[20,26],"class_list":["post-4760","mec-events","type-mec-events","status-publish","has-post-thumbnail","hentry","mec_category-congresos-forums-jornadas","mec_category-interesantes"],"yoast_head":"<!-- This site is optimized with the Yoast SEO plugin v27.4 - https:\/\/yoast.com\/product\/yoast-seo-wordpress\/ -->\n<title>C\u00e1tedra Primaflor y UAL-Jornada-AGENDA Poscosecha<\/title>\n<meta name=\"description\" content=\"La Fundaci\u00f3n Primaflor anuncia la III Jornada de Agricultura Sostenible y Alimentaci\u00f3n Saludable: Cultivando una sociedad basada en el valor\" \/>\n<meta name=\"robots\" content=\"index, follow, max-snippet:-1, max-image-preview:large, max-video-preview:-1\" \/>\n<link rel=\"canonical\" href=\"https:\/\/agenda.poscosecha.com\/en\/eventos\/primaflor-catedra-ual-alimentacion-saludable\/\" \/>\n<meta property=\"og:locale\" content=\"en_GB\" \/>\n<meta property=\"og:type\" content=\"article\" \/>\n<meta property=\"og:title\" content=\"C\u00e1tedra Primaflor y UAL-Jornada-AGENDA Poscosecha\" \/>\n<meta property=\"og:description\" content=\"La Fundaci\u00f3n Primaflor anuncia la III Jornada de Agricultura Sostenible y Alimentaci\u00f3n Saludable: Cultivando una sociedad basada en el valor\" \/>\n<meta property=\"og:url\" content=\"https:\/\/agenda.poscosecha.com\/en\/eventos\/primaflor-catedra-ual-alimentacion-saludable\/\" \/>\n<meta property=\"og:site_name\" content=\"AGENDA\" \/>\n<meta property=\"article:publisher\" content=\"https:\/\/www.facebook.com\/Poscosecha.Postharvest\/\" \/>\n<meta property=\"article:modified_time\" content=\"2023-10-16T11:11:06+00:00\" \/>\n<meta property=\"og:image\" content=\"https:\/\/agenda.poscosecha.com\/wp-content\/uploads\/2023\/10\/Primaflor-Jornada-III.jpg\" \/>\n\t<meta property=\"og:image:width\" content=\"1353\" \/>\n\t<meta property=\"og:image:height\" content=\"761\" \/>\n\t<meta property=\"og:image:type\" content=\"image\/jpeg\" \/>\n<meta name=\"twitter:card\" content=\"summary_large_image\" \/>\n<meta name=\"twitter:site\" content=\"@poscosecha\" \/>\n<meta name=\"twitter:label1\" content=\"Estimated reading time\" \/>\n\t<meta name=\"twitter:data1\" content=\"1 minute\" \/>\n<script type=\"application\/ld+json\" class=\"yoast-schema-graph\">{\"@context\":\"https:\\\/\\\/schema.org\",\"@graph\":[{\"@type\":\"WebPage\",\"@id\":\"https:\\\/\\\/agenda.poscosecha.com\\\/eventos\\\/primaflor-catedra-ual-alimentacion-saludable\\\/\",\"url\":\"https:\\\/\\\/agenda.poscosecha.com\\\/eventos\\\/primaflor-catedra-ual-alimentacion-saludable\\\/\",\"name\":\"C\u00e1tedra Primaflor y UAL-Jornada-AGENDA Poscosecha\",\"isPartOf\":{\"@id\":\"https:\\\/\\\/agenda.poscosecha.com\\\/#website\"},\"primaryImageOfPage\":{\"@id\":\"https:\\\/\\\/agenda.poscosecha.com\\\/eventos\\\/primaflor-catedra-ual-alimentacion-saludable\\\/#primaryimage\"},\"image\":{\"@id\":\"https:\\\/\\\/agenda.poscosecha.com\\\/eventos\\\/primaflor-catedra-ual-alimentacion-saludable\\\/#primaryimage\"},\"thumbnailUrl\":\"https:\\\/\\\/agenda.poscosecha.com\\\/wp-content\\\/uploads\\\/2023\\\/10\\\/Primaflor-Jornada-III.jpg\",\"datePublished\":\"2023-10-16T11:02:01+00:00\",\"dateModified\":\"2023-10-16T11:11:06+00:00\",\"description\":\"La Fundaci\u00f3n Primaflor anuncia la III Jornada de Agricultura Sostenible y Alimentaci\u00f3n Saludable: Cultivando una sociedad basada en el valor\",\"breadcrumb\":{\"@id\":\"https:\\\/\\\/agenda.poscosecha.com\\\/eventos\\\/primaflor-catedra-ual-alimentacion-saludable\\\/#breadcrumb\"},\"inLanguage\":\"en-GB\",\"potentialAction\":[{\"@type\":\"ReadAction\",\"target\":[\"https:\\\/\\\/agenda.poscosecha.com\\\/eventos\\\/primaflor-catedra-ual-alimentacion-saludable\\\/\"]}]},{\"@type\":\"ImageObject\",\"inLanguage\":\"en-GB\",\"@id\":\"https:\\\/\\\/agenda.poscosecha.com\\\/eventos\\\/primaflor-catedra-ual-alimentacion-saludable\\\/#primaryimage\",\"url\":\"https:\\\/\\\/agenda.poscosecha.com\\\/wp-content\\\/uploads\\\/2023\\\/10\\\/Primaflor-Jornada-III.jpg\",\"contentUrl\":\"https:\\\/\\\/agenda.poscosecha.com\\\/wp-content\\\/uploads\\\/2023\\\/10\\\/Primaflor-Jornada-III.jpg\",\"width\":1353,\"height\":761},{\"@type\":\"BreadcrumbList\",\"@id\":\"https:\\\/\\\/agenda.poscosecha.com\\\/eventos\\\/primaflor-catedra-ual-alimentacion-saludable\\\/#breadcrumb\",\"itemListElement\":[{\"@type\":\"ListItem\",\"position\":1,\"name\":\"Portada\",\"item\":\"https:\\\/\\\/agenda.poscosecha.com\\\/\"},{\"@type\":\"ListItem\",\"position\":2,\"name\":\"Eventos\",\"item\":\"https:\\\/\\\/agenda.poscosecha.com\\\/eventos\\\/\"},{\"@type\":\"ListItem\",\"position\":3,\"name\":\"C\u00e1tedra de Agricultura Sostenible y Alimentaci\u00f3n Saludable\"}]},{\"@type\":\"WebSite\",\"@id\":\"https:\\\/\\\/agenda.poscosecha.com\\\/#website\",\"url\":\"https:\\\/\\\/agenda.poscosecha.com\\\/\",\"name\":\"Agenda de Eventos\",\"description\":\"Conectando comunidades poscosecha globales\",\"publisher\":{\"@id\":\"https:\\\/\\\/agenda.poscosecha.com\\\/#organization\"},\"potentialAction\":[{\"@type\":\"SearchAction\",\"target\":{\"@type\":\"EntryPoint\",\"urlTemplate\":\"https:\\\/\\\/agenda.poscosecha.com\\\/?s={search_term_string}\"},\"query-input\":{\"@type\":\"PropertyValueSpecification\",\"valueRequired\":true,\"valueName\":\"search_term_string\"}}],\"inLanguage\":\"en-GB\"},{\"@type\":\"Organization\",\"@id\":\"https:\\\/\\\/agenda.poscosecha.com\\\/#organization\",\"name\":\"Agenda de Eventos\",\"url\":\"https:\\\/\\\/agenda.poscosecha.com\\\/\",\"logo\":{\"@type\":\"ImageObject\",\"inLanguage\":\"en-GB\",\"@id\":\"https:\\\/\\\/agenda.poscosecha.com\\\/#\\\/schema\\\/logo\\\/image\\\/\",\"url\":\"https:\\\/\\\/agenda.poscosecha.com\\\/wp-content\\\/uploads\\\/2023\\\/06\\\/cropped-Agenda-logo-vs-1.png\",\"contentUrl\":\"https:\\\/\\\/agenda.poscosecha.com\\\/wp-content\\\/uploads\\\/2023\\\/06\\\/cropped-Agenda-logo-vs-1.png\",\"width\":512,\"height\":512,\"caption\":\"Agenda de Eventos\"},\"image\":{\"@id\":\"https:\\\/\\\/agenda.poscosecha.com\\\/#\\\/schema\\\/logo\\\/image\\\/\"},\"sameAs\":[\"https:\\\/\\\/www.facebook.com\\\/Poscosecha.Postharvest\\\/\",\"https:\\\/\\\/x.com\\\/poscosecha\",\"https:\\\/\\\/www.linkedin.com\\\/company\\\/poscosecha.com\\\/\"]}]}<\/script>\n<!-- \/ Yoast SEO plugin. -->","yoast_head_json":{"title":"C\u00e1tedra Primaflor y UAL-Jornada-AGENDA Poscosecha","description":"La Fundaci\u00f3n Primaflor anuncia la III Jornada de Agricultura Sostenible y Alimentaci\u00f3n Saludable: Cultivando una sociedad basada en el valor","robots":{"index":"index","follow":"follow","max-snippet":"max-snippet:-1","max-image-preview":"max-image-preview:large","max-video-preview":"max-video-preview:-1"},"canonical":"https:\/\/agenda.poscosecha.com\/en\/eventos\/primaflor-catedra-ual-alimentacion-saludable\/","og_locale":"en_GB","og_type":"article","og_title":"C\u00e1tedra Primaflor y UAL-Jornada-AGENDA Poscosecha","og_description":"La Fundaci\u00f3n Primaflor anuncia la III Jornada de Agricultura Sostenible y Alimentaci\u00f3n Saludable: Cultivando una sociedad basada en el valor","og_url":"https:\/\/agenda.poscosecha.com\/en\/eventos\/primaflor-catedra-ual-alimentacion-saludable\/","og_site_name":"AGENDA","article_publisher":"https:\/\/www.facebook.com\/Poscosecha.Postharvest\/","article_modified_time":"2023-10-16T11:11:06+00:00","og_image":[{"width":1353,"height":761,"url":"https:\/\/agenda.poscosecha.com\/wp-content\/uploads\/2023\/10\/Primaflor-Jornada-III.jpg","type":"image\/jpeg"}],"twitter_card":"summary_large_image","twitter_site":"@poscosecha","twitter_misc":{"Estimated reading time":"1 minute"},"schema":{"@context":"https:\/\/schema.org","@graph":[{"@type":"WebPage","@id":"https:\/\/agenda.poscosecha.com\/eventos\/primaflor-catedra-ual-alimentacion-saludable\/","url":"https:\/\/agenda.poscosecha.com\/eventos\/primaflor-catedra-ual-alimentacion-saludable\/","name":"C\u00e1tedra Primaflor y UAL-Jornada-AGENDA Poscosecha","isPartOf":{"@id":"https:\/\/agenda.poscosecha.com\/#website"},"primaryImageOfPage":{"@id":"https:\/\/agenda.poscosecha.com\/eventos\/primaflor-catedra-ual-alimentacion-saludable\/#primaryimage"},"image":{"@id":"https:\/\/agenda.poscosecha.com\/eventos\/primaflor-catedra-ual-alimentacion-saludable\/#primaryimage"},"thumbnailUrl":"https:\/\/agenda.poscosecha.com\/wp-content\/uploads\/2023\/10\/Primaflor-Jornada-III.jpg","datePublished":"2023-10-16T11:02:01+00:00","dateModified":"2023-10-16T11:11:06+00:00","description":"La Fundaci\u00f3n Primaflor anuncia la III Jornada de Agricultura Sostenible y Alimentaci\u00f3n Saludable: Cultivando una sociedad basada en el valor","breadcrumb":{"@id":"https:\/\/agenda.poscosecha.com\/eventos\/primaflor-catedra-ual-alimentacion-saludable\/#breadcrumb"},"inLanguage":"en-GB","potentialAction":[{"@type":"ReadAction","target":["https:\/\/agenda.poscosecha.com\/eventos\/primaflor-catedra-ual-alimentacion-saludable\/"]}]},{"@type":"ImageObject","inLanguage":"en-GB","@id":"https:\/\/agenda.poscosecha.com\/eventos\/primaflor-catedra-ual-alimentacion-saludable\/#primaryimage","url":"https:\/\/agenda.poscosecha.com\/wp-content\/uploads\/2023\/10\/Primaflor-Jornada-III.jpg","contentUrl":"https:\/\/agenda.poscosecha.com\/wp-content\/uploads\/2023\/10\/Primaflor-Jornada-III.jpg","width":1353,"height":761},{"@type":"BreadcrumbList","@id":"https:\/\/agenda.poscosecha.com\/eventos\/primaflor-catedra-ual-alimentacion-saludable\/#breadcrumb","itemListElement":[{"@type":"ListItem","position":1,"name":"Portada","item":"https:\/\/agenda.poscosecha.com\/"},{"@type":"ListItem","position":2,"name":"Eventos","item":"https:\/\/agenda.poscosecha.com\/eventos\/"},{"@type":"ListItem","position":3,"name":"C\u00e1tedra de Agricultura Sostenible y Alimentaci\u00f3n Saludable"}]},{"@type":"WebSite","@id":"https:\/\/agenda.poscosecha.com\/#website","url":"https:\/\/agenda.poscosecha.com\/","name":"Agenda de Eventos","description":"Conectando comunidades poscosecha globales","publisher":{"@id":"https:\/\/agenda.poscosecha.com\/#organization"},"potentialAction":[{"@type":"SearchAction","target":{"@type":"EntryPoint","urlTemplate":"https:\/\/agenda.poscosecha.com\/?s={search_term_string}"},"query-input":{"@type":"PropertyValueSpecification","valueRequired":true,"valueName":"search_term_string"}}],"inLanguage":"en-GB"},{"@type":"Organization","@id":"https:\/\/agenda.poscosecha.com\/#organization","name":"Agenda de Eventos","url":"https:\/\/agenda.poscosecha.com\/","logo":{"@type":"ImageObject","inLanguage":"en-GB","@id":"https:\/\/agenda.poscosecha.com\/#\/schema\/logo\/image\/","url":"https:\/\/agenda.poscosecha.com\/wp-content\/uploads\/2023\/06\/cropped-Agenda-logo-vs-1.png","contentUrl":"https:\/\/agenda.poscosecha.com\/wp-content\/uploads\/2023\/06\/cropped-Agenda-logo-vs-1.png","width":512,"height":512,"caption":"Agenda de Eventos"},"image":{"@id":"https:\/\/agenda.poscosecha.com\/#\/schema\/logo\/image\/"},"sameAs":["https:\/\/www.facebook.com\/Poscosecha.Postharvest\/","https:\/\/x.com\/poscosecha","https:\/\/www.linkedin.com\/company\/poscosecha.com\/"]}]}},"_links":{"self":[{"href":"https:\/\/agenda.poscosecha.com\/en\/wp-json\/wp\/v2\/mec-events\/4760","targetHints":{"allow":["GET"]}}],"collection":[{"href":"https:\/\/agenda.poscosecha.com\/en\/wp-json\/wp\/v2\/mec-events"}],"about":[{"href":"https:\/\/agenda.poscosecha.com\/en\/wp-json\/wp\/v2\/types\/mec-events"}],"author":[{"embeddable":true,"href":"https:\/\/agenda.poscosecha.com\/en\/wp-json\/wp\/v2\/users\/25"}],"wp:featuredmedia":[{"embeddable":true,"href":"https:\/\/agenda.poscosecha.com\/en\/wp-json\/wp\/v2\/media\/4759"}],"wp:attachment":[{"href":"https:\/\/agenda.poscosecha.com\/en\/wp-json\/wp\/v2\/media?parent=4760"}],"wp:term":[{"taxonomy":"post_tag","embeddable":true,"href":"https:\/\/agenda.poscosecha.com\/en\/wp-json\/wp\/v2\/tags?post=4760"},{"taxonomy":"mec_category","embeddable":true,"href":"https:\/\/agenda.poscosecha.com\/en\/wp-json\/wp\/v2\/mec_category?post=4760"}],"curies":[{"name":"wp","href":"https:\/\/api.w.org\/{rel}","templated":true}]}}