{"id":4623,"date":"2023-09-16T17:56:34","date_gmt":"2023-09-16T15:56:34","guid":{"rendered":"https:\/\/agenda.poscosecha.com\/eventos\/semana-bio\/"},"modified":"2023-09-16T19:19:19","modified_gmt":"2023-09-16T17:19:19","slug":"semana-bio-ecovalia-veritas","status":"publish","type":"mec-events","link":"https:\/\/agenda.poscosecha.com\/en\/eventos\/semana-bio-ecovalia-veritas\/","title":{"rendered":"Semana BIO"},"content":{"rendered":"<p>La\u00a0<strong>Semana Bio\u00a0<\/strong>es un evento de una semana de duraci\u00f3n para crear conciencia sobre los muchos beneficios de la agricultura y los alimentos ecol\u00f3gicos.<\/p>\n<p>La Semana Bio 2023 culminar\u00e1 con la celebraci\u00f3n del D\u00eda Europeo de la Producci\u00f3n Ecol\u00f3gica, el 23 de Septiembre<\/p>\n<blockquote class=\"wp-embedded-content\" data-secret=\"XYCqrTSZd9\"><p><a href=\"https:\/\/actualfruveg.com\/2023\/09\/16\/semana-bio-eco-actual\/\">La Semana Bio, una iniciativa organizada por Bio Eco Actual<\/a><\/p><\/blockquote>\n<p><iframe loading=\"lazy\" class=\"wp-embedded-content\" sandbox=\"allow-scripts\" security=\"restricted\" style=\"position: absolute; clip: rect(1px, 1px, 1px, 1px);\" title=\"&#8220;La Semana Bio, una iniciativa organizada por Bio Eco Actual&#8221; &#8212; ActualFruVeg\" src=\"https:\/\/actualfruveg.com\/2023\/09\/16\/semana-bio-eco-actual\/embed\/#?secret=kip9MEm6Mq#?secret=XYCqrTSZd9\" data-secret=\"XYCqrTSZd9\" width=\"600\" height=\"338\" frameborder=\"0\" marginwidth=\"0\" marginheight=\"0\" scrolling=\"no\"><\/iframe><\/p>\n<blockquote class=\"wp-embedded-content\" data-secret=\"F3FyeUaYt5\"><p><a href=\"https:\/\/actualfruveg.com\/2023\/08\/27\/alimentacion-modelos-alternativos-bio-local\/\">Modelos de alimentaci\u00f3n alternativos, las iniciativas de los BIO y LOCAL<\/a><\/p><\/blockquote>\n<p><iframe loading=\"lazy\" class=\"wp-embedded-content\" sandbox=\"allow-scripts\" security=\"restricted\" style=\"position: absolute; clip: rect(1px, 1px, 1px, 1px);\" title=\"&#8220;Modelos de alimentaci\u00f3n alternativos, las iniciativas de los BIO y LOCAL&#8221; &#8212; ActualFruVeg\" src=\"https:\/\/actualfruveg.com\/2023\/08\/27\/alimentacion-modelos-alternativos-bio-local\/embed\/#?secret=EfoRzBiM1O#?secret=F3FyeUaYt5\" data-secret=\"F3FyeUaYt5\" width=\"600\" height=\"338\" frameborder=\"0\" marginwidth=\"0\" marginheight=\"0\" scrolling=\"no\"><\/iframe><\/p>\n<p>&nbsp;<\/p>","protected":false},"excerpt":{"rendered":"<p>La\u00a0Semana Bio\u00a0es un evento de una semana de duraci\u00f3n para crear conciencia sobre los muchos beneficios de la agricultura y los alimentos ecol\u00f3gicos. La Semana Bio 2023 culminar\u00e1 con la celebraci\u00f3n del D\u00eda Europeo de la Producci\u00f3n Ecol\u00f3gica, el 23 de Septiembre La Semana Bio, una iniciativa organizada por Bio Eco Actual Modelos de alimentaci\u00f3n [&hellip;]<\/p>\n","protected":false},"author":25,"featured_media":4622,"template":"","tags":[],"mec_category":[18,26],"class_list":["post-4623","mec-events","type-mec-events","status-publish","has-post-thumbnail","hentry","mec_category-formacion-cursos","mec_category-interesantes"],"yoast_head":"<!-- This site is optimized with the Yoast SEO plugin v27.5 - https:\/\/yoast.com\/product\/yoast-seo-wordpress\/ -->\n<title>Semana BIO-Cursos-Congresos-AGENDA Poscosecha<\/title>\n<meta name=\"description\" content=\"La Semana Bio es un evento con esta duraci\u00f3n para crear conciencia sobre los muchos beneficios de la agricultura y los alimentos ecol\u00f3gicos.\" \/>\n<meta name=\"robots\" content=\"index, follow, max-snippet:-1, max-image-preview:large, max-video-preview:-1\" \/>\n<link rel=\"canonical\" href=\"https:\/\/agenda.poscosecha.com\/en\/eventos\/semana-bio-ecovalia-veritas\/\" \/>\n<meta property=\"og:locale\" content=\"en_GB\" \/>\n<meta property=\"og:type\" content=\"article\" \/>\n<meta property=\"og:title\" content=\"Semana BIO-Cursos-Congresos-AGENDA Poscosecha\" \/>\n<meta property=\"og:description\" content=\"La Semana Bio es un evento con esta duraci\u00f3n para crear conciencia sobre los muchos beneficios de la agricultura y los alimentos ecol\u00f3gicos.\" \/>\n<meta property=\"og:url\" content=\"https:\/\/agenda.poscosecha.com\/en\/eventos\/semana-bio-ecovalia-veritas\/\" \/>\n<meta property=\"og:site_name\" content=\"AGENDA\" \/>\n<meta property=\"article:publisher\" content=\"https:\/\/www.facebook.com\/Poscosecha.Postharvest\/\" \/>\n<meta property=\"article:modified_time\" content=\"2023-09-16T17:19:19+00:00\" \/>\n<meta property=\"og:image\" content=\"https:\/\/agenda.poscosecha.com\/wp-content\/uploads\/2023\/09\/SEMANA-bio-1.jpg\" \/>\n\t<meta property=\"og:image:width\" content=\"944\" \/>\n\t<meta property=\"og:image:height\" content=\"531\" \/>\n\t<meta property=\"og:image:type\" content=\"image\/jpeg\" \/>\n<meta name=\"twitter:card\" content=\"summary_large_image\" \/>\n<meta name=\"twitter:site\" content=\"@poscosecha\" \/>\n<meta name=\"twitter:label1\" content=\"Estimated reading time\" \/>\n\t<meta name=\"twitter:data1\" content=\"1 minute\" \/>\n<script type=\"application\/ld+json\" class=\"yoast-schema-graph\">{\"@context\":\"https:\\\/\\\/schema.org\",\"@graph\":[{\"@type\":\"WebPage\",\"@id\":\"https:\\\/\\\/agenda.poscosecha.com\\\/eventos\\\/semana-bio-ecovalia-veritas\\\/\",\"url\":\"https:\\\/\\\/agenda.poscosecha.com\\\/eventos\\\/semana-bio-ecovalia-veritas\\\/\",\"name\":\"Semana BIO-Cursos-Congresos-AGENDA Poscosecha\",\"isPartOf\":{\"@id\":\"https:\\\/\\\/agenda.poscosecha.com\\\/#website\"},\"primaryImageOfPage\":{\"@id\":\"https:\\\/\\\/agenda.poscosecha.com\\\/eventos\\\/semana-bio-ecovalia-veritas\\\/#primaryimage\"},\"image\":{\"@id\":\"https:\\\/\\\/agenda.poscosecha.com\\\/eventos\\\/semana-bio-ecovalia-veritas\\\/#primaryimage\"},\"thumbnailUrl\":\"https:\\\/\\\/agenda.poscosecha.com\\\/wp-content\\\/uploads\\\/2023\\\/09\\\/SEMANA-bio-1.jpg\",\"datePublished\":\"2023-09-16T15:56:34+00:00\",\"dateModified\":\"2023-09-16T17:19:19+00:00\",\"description\":\"La Semana Bio es un evento con esta duraci\u00f3n para crear conciencia sobre los muchos beneficios de la agricultura y los alimentos ecol\u00f3gicos.\",\"breadcrumb\":{\"@id\":\"https:\\\/\\\/agenda.poscosecha.com\\\/eventos\\\/semana-bio-ecovalia-veritas\\\/#breadcrumb\"},\"inLanguage\":\"en-GB\",\"potentialAction\":[{\"@type\":\"ReadAction\",\"target\":[\"https:\\\/\\\/agenda.poscosecha.com\\\/eventos\\\/semana-bio-ecovalia-veritas\\\/\"]}]},{\"@type\":\"ImageObject\",\"inLanguage\":\"en-GB\",\"@id\":\"https:\\\/\\\/agenda.poscosecha.com\\\/eventos\\\/semana-bio-ecovalia-veritas\\\/#primaryimage\",\"url\":\"https:\\\/\\\/agenda.poscosecha.com\\\/wp-content\\\/uploads\\\/2023\\\/09\\\/SEMANA-bio-1.jpg\",\"contentUrl\":\"https:\\\/\\\/agenda.poscosecha.com\\\/wp-content\\\/uploads\\\/2023\\\/09\\\/SEMANA-bio-1.jpg\",\"width\":944,\"height\":531},{\"@type\":\"BreadcrumbList\",\"@id\":\"https:\\\/\\\/agenda.poscosecha.com\\\/eventos\\\/semana-bio-ecovalia-veritas\\\/#breadcrumb\",\"itemListElement\":[{\"@type\":\"ListItem\",\"position\":1,\"name\":\"Portada\",\"item\":\"https:\\\/\\\/agenda.poscosecha.com\\\/\"},{\"@type\":\"ListItem\",\"position\":2,\"name\":\"Eventos\",\"item\":\"https:\\\/\\\/agenda.poscosecha.com\\\/eventos\\\/\"},{\"@type\":\"ListItem\",\"position\":3,\"name\":\"Semana BIO\"}]},{\"@type\":\"WebSite\",\"@id\":\"https:\\\/\\\/agenda.poscosecha.com\\\/#website\",\"url\":\"https:\\\/\\\/agenda.poscosecha.com\\\/\",\"name\":\"Agenda de Eventos\",\"description\":\"Conectando comunidades poscosecha globales\",\"publisher\":{\"@id\":\"https:\\\/\\\/agenda.poscosecha.com\\\/#organization\"},\"potentialAction\":[{\"@type\":\"SearchAction\",\"target\":{\"@type\":\"EntryPoint\",\"urlTemplate\":\"https:\\\/\\\/agenda.poscosecha.com\\\/?s={search_term_string}\"},\"query-input\":{\"@type\":\"PropertyValueSpecification\",\"valueRequired\":true,\"valueName\":\"search_term_string\"}}],\"inLanguage\":\"en-GB\"},{\"@type\":\"Organization\",\"@id\":\"https:\\\/\\\/agenda.poscosecha.com\\\/#organization\",\"name\":\"Agenda de Eventos\",\"url\":\"https:\\\/\\\/agenda.poscosecha.com\\\/\",\"logo\":{\"@type\":\"ImageObject\",\"inLanguage\":\"en-GB\",\"@id\":\"https:\\\/\\\/agenda.poscosecha.com\\\/#\\\/schema\\\/logo\\\/image\\\/\",\"url\":\"https:\\\/\\\/agenda.poscosecha.com\\\/wp-content\\\/uploads\\\/2023\\\/06\\\/cropped-Agenda-logo-vs-1.png\",\"contentUrl\":\"https:\\\/\\\/agenda.poscosecha.com\\\/wp-content\\\/uploads\\\/2023\\\/06\\\/cropped-Agenda-logo-vs-1.png\",\"width\":512,\"height\":512,\"caption\":\"Agenda de Eventos\"},\"image\":{\"@id\":\"https:\\\/\\\/agenda.poscosecha.com\\\/#\\\/schema\\\/logo\\\/image\\\/\"},\"sameAs\":[\"https:\\\/\\\/www.facebook.com\\\/Poscosecha.Postharvest\\\/\",\"https:\\\/\\\/x.com\\\/poscosecha\",\"https:\\\/\\\/www.linkedin.com\\\/company\\\/poscosecha.com\\\/\"]}]}<\/script>\n<!-- \/ Yoast SEO plugin. -->","yoast_head_json":{"title":"Semana BIO-Cursos-Congresos-AGENDA Poscosecha","description":"La Semana Bio es un evento con esta duraci\u00f3n para crear conciencia sobre los muchos beneficios de la agricultura y los alimentos ecol\u00f3gicos.","robots":{"index":"index","follow":"follow","max-snippet":"max-snippet:-1","max-image-preview":"max-image-preview:large","max-video-preview":"max-video-preview:-1"},"canonical":"https:\/\/agenda.poscosecha.com\/en\/eventos\/semana-bio-ecovalia-veritas\/","og_locale":"en_GB","og_type":"article","og_title":"Semana BIO-Cursos-Congresos-AGENDA Poscosecha","og_description":"La Semana Bio es un evento con esta duraci\u00f3n para crear conciencia sobre los muchos beneficios de la agricultura y los alimentos ecol\u00f3gicos.","og_url":"https:\/\/agenda.poscosecha.com\/en\/eventos\/semana-bio-ecovalia-veritas\/","og_site_name":"AGENDA","article_publisher":"https:\/\/www.facebook.com\/Poscosecha.Postharvest\/","article_modified_time":"2023-09-16T17:19:19+00:00","og_image":[{"width":944,"height":531,"url":"https:\/\/agenda.poscosecha.com\/wp-content\/uploads\/2023\/09\/SEMANA-bio-1.jpg","type":"image\/jpeg"}],"twitter_card":"summary_large_image","twitter_site":"@poscosecha","twitter_misc":{"Estimated reading time":"1 minute"},"schema":{"@context":"https:\/\/schema.org","@graph":[{"@type":"WebPage","@id":"https:\/\/agenda.poscosecha.com\/eventos\/semana-bio-ecovalia-veritas\/","url":"https:\/\/agenda.poscosecha.com\/eventos\/semana-bio-ecovalia-veritas\/","name":"Semana BIO-Cursos-Congresos-AGENDA Poscosecha","isPartOf":{"@id":"https:\/\/agenda.poscosecha.com\/#website"},"primaryImageOfPage":{"@id":"https:\/\/agenda.poscosecha.com\/eventos\/semana-bio-ecovalia-veritas\/#primaryimage"},"image":{"@id":"https:\/\/agenda.poscosecha.com\/eventos\/semana-bio-ecovalia-veritas\/#primaryimage"},"thumbnailUrl":"https:\/\/agenda.poscosecha.com\/wp-content\/uploads\/2023\/09\/SEMANA-bio-1.jpg","datePublished":"2023-09-16T15:56:34+00:00","dateModified":"2023-09-16T17:19:19+00:00","description":"La Semana Bio es un evento con esta duraci\u00f3n para crear conciencia sobre los muchos beneficios de la agricultura y los alimentos ecol\u00f3gicos.","breadcrumb":{"@id":"https:\/\/agenda.poscosecha.com\/eventos\/semana-bio-ecovalia-veritas\/#breadcrumb"},"inLanguage":"en-GB","potentialAction":[{"@type":"ReadAction","target":["https:\/\/agenda.poscosecha.com\/eventos\/semana-bio-ecovalia-veritas\/"]}]},{"@type":"ImageObject","inLanguage":"en-GB","@id":"https:\/\/agenda.poscosecha.com\/eventos\/semana-bio-ecovalia-veritas\/#primaryimage","url":"https:\/\/agenda.poscosecha.com\/wp-content\/uploads\/2023\/09\/SEMANA-bio-1.jpg","contentUrl":"https:\/\/agenda.poscosecha.com\/wp-content\/uploads\/2023\/09\/SEMANA-bio-1.jpg","width":944,"height":531},{"@type":"BreadcrumbList","@id":"https:\/\/agenda.poscosecha.com\/eventos\/semana-bio-ecovalia-veritas\/#breadcrumb","itemListElement":[{"@type":"ListItem","position":1,"name":"Portada","item":"https:\/\/agenda.poscosecha.com\/"},{"@type":"ListItem","position":2,"name":"Eventos","item":"https:\/\/agenda.poscosecha.com\/eventos\/"},{"@type":"ListItem","position":3,"name":"Semana BIO"}]},{"@type":"WebSite","@id":"https:\/\/agenda.poscosecha.com\/#website","url":"https:\/\/agenda.poscosecha.com\/","name":"Agenda de Eventos","description":"Conectando comunidades poscosecha globales","publisher":{"@id":"https:\/\/agenda.poscosecha.com\/#organization"},"potentialAction":[{"@type":"SearchAction","target":{"@type":"EntryPoint","urlTemplate":"https:\/\/agenda.poscosecha.com\/?s={search_term_string}"},"query-input":{"@type":"PropertyValueSpecification","valueRequired":true,"valueName":"search_term_string"}}],"inLanguage":"en-GB"},{"@type":"Organization","@id":"https:\/\/agenda.poscosecha.com\/#organization","name":"Agenda de Eventos","url":"https:\/\/agenda.poscosecha.com\/","logo":{"@type":"ImageObject","inLanguage":"en-GB","@id":"https:\/\/agenda.poscosecha.com\/#\/schema\/logo\/image\/","url":"https:\/\/agenda.poscosecha.com\/wp-content\/uploads\/2023\/06\/cropped-Agenda-logo-vs-1.png","contentUrl":"https:\/\/agenda.poscosecha.com\/wp-content\/uploads\/2023\/06\/cropped-Agenda-logo-vs-1.png","width":512,"height":512,"caption":"Agenda de Eventos"},"image":{"@id":"https:\/\/agenda.poscosecha.com\/#\/schema\/logo\/image\/"},"sameAs":["https:\/\/www.facebook.com\/Poscosecha.Postharvest\/","https:\/\/x.com\/poscosecha","https:\/\/www.linkedin.com\/company\/poscosecha.com\/"]}]}},"_links":{"self":[{"href":"https:\/\/agenda.poscosecha.com\/en\/wp-json\/wp\/v2\/mec-events\/4623","targetHints":{"allow":["GET"]}}],"collection":[{"href":"https:\/\/agenda.poscosecha.com\/en\/wp-json\/wp\/v2\/mec-events"}],"about":[{"href":"https:\/\/agenda.poscosecha.com\/en\/wp-json\/wp\/v2\/types\/mec-events"}],"author":[{"embeddable":true,"href":"https:\/\/agenda.poscosecha.com\/en\/wp-json\/wp\/v2\/users\/25"}],"wp:featuredmedia":[{"embeddable":true,"href":"https:\/\/agenda.poscosecha.com\/en\/wp-json\/wp\/v2\/media\/4622"}],"wp:attachment":[{"href":"https:\/\/agenda.poscosecha.com\/en\/wp-json\/wp\/v2\/media?parent=4623"}],"wp:term":[{"taxonomy":"post_tag","embeddable":true,"href":"https:\/\/agenda.poscosecha.com\/en\/wp-json\/wp\/v2\/tags?post=4623"},{"taxonomy":"mec_category","embeddable":true,"href":"https:\/\/agenda.poscosecha.com\/en\/wp-json\/wp\/v2\/mec_category?post=4623"}],"curies":[{"name":"wp","href":"https:\/\/api.w.org\/{rel}","templated":true}]}}