{"id":4512,"date":"2023-08-17T18:55:05","date_gmt":"2023-08-17T16:55:05","guid":{"rendered":"https:\/\/agenda.poscosecha.com\/?post_type=mec-events&#038;p=4512"},"modified":"2025-06-29T14:38:08","modified_gmt":"2025-06-29T12:38:08","slug":"forum-gastronomic-barcelona","status":"publish","type":"mec-events","link":"https:\/\/agenda.poscosecha.com\/en\/eventos\/forum-gastronomic-barcelona\/","title":{"rendered":"Forum Gastronomic Barcelona"},"content":{"rendered":"<h2 style=\"text-align: center;\">Cambiar el mundo desde la cocina<\/h2>\n<h3 style=\"text-align: center;\"><em>#GASTRONOMICFORUMBARCELONA<\/em><\/h3>\n<h2 style=\"text-align: center;\">Fira Barcelona Recinto MONTJUIC<\/h2>\n<p>La cocina que apuesta por preservar la biodiversidad y est\u00e1 guiada por un prop\u00f3sito social y transformador ser\u00e1 el eje del programa de la pr\u00f3xima edici\u00f3n del Gastronomic Forum Barcelona (GFB), que tendr\u00e1 lugar del 3 al 5 de noviembre de 2025 en el palacio 8 del recinto Montju\u00efc de Fira de Barcelona. Una vez m\u00e1s, se sumar\u00e1n al acontecimiento chefs consagrados y emergentes, con propuestas con sello propio y que a la vez marcan tendencia.<\/p>\n<p><img loading=\"lazy\" decoding=\"async\" class=\"aligncenter wp-image-4706 size-full\" src=\"https:\/\/agenda.poscosecha.com\/wp-content\/uploads\/2023\/08\/gastronomic-forum-BCN-16x9-1.jpg\" alt=\"\" width=\"590\" height=\"332\" srcset=\"https:\/\/agenda.poscosecha.com\/wp-content\/uploads\/2023\/08\/gastronomic-forum-BCN-16x9-1.jpg 590w, https:\/\/agenda.poscosecha.com\/wp-content\/uploads\/2023\/08\/gastronomic-forum-BCN-16x9-1-480x270.jpg 480w\" sizes=\"(min-width: 0px) and (max-width: 480px) 480px, (min-width: 481px) 590px, 100vw\" \/><\/p>\n<p><a href=\"https:\/\/www.gastronomicforumbarcelona.com\/\" target=\"_blank\" rel=\"noopener\">Actividades, Premios y Concursos, AQU\u00cd<\/a><\/p>\n<p>El compromiso de la cocina y la gastronom\u00eda por la sostenibilidad y la protecci\u00f3n de la biodiversidad ser\u00e1 el tema central de Gastronomic Forum Barcelona 2024, que de la mano de grandes chefs visibilizar\u00e1 los proyectos que est\u00e1n llevando a cabo en defensa de las especies nativas y variedades de plantas locales, y para recuperar m\u00e9todos de elaboraci\u00f3n tradicionales, a la vez que impulsan la transformaci\u00f3n social desde sus establecimientos. Adem\u00e1s, a trav\u00e9s de clases magistrales, sesiones tem\u00e1ticas y presentaciones, expertos y profesionales del panorama gastron\u00f3mico desvelar\u00e1n las \u00faltimas tendencias y debatir\u00e1n sobre los grandes retos de futuro del sector.<\/p>\n<p>Pep Palau, codirector de Gastronomic Forum Barcelona y responsable del programa de actividades, avanza que \u201cdesde Groenlandia hasta Cantabria y Galicia, pasando por B\u00e9lgica, Suiza y llegando a Barcelona, asistiremos a ponencias magistrales que claman, desde la cocina, por la necesidad vital de salvaguardar el medio ambiente y la biodiversidad en todo el planeta\u201d.<\/p>","protected":false},"excerpt":{"rendered":"<p>Fira Barcelona Recinto MONTJUIC: Cambiar el mundo desde la cocina<\/p>","protected":false},"author":25,"featured_media":4513,"template":"","tags":[],"mec_category":[20,19,26],"class_list":["post-4512","mec-events","type-mec-events","status-publish","has-post-thumbnail","hentry","mec_category-congresos-forums-jornadas","mec_category-ferias","mec_category-interesantes"],"yoast_head":"<!-- This site is optimized with the Yoast SEO plugin v27.5 - https:\/\/yoast.com\/product\/yoast-seo-wordpress\/ -->\n<title>Gastronomic-Forum-Congresos-AGENDA Poscosecha<\/title>\n<meta name=\"description\" content=\"Cambiar el mundo desde la cocina, propuestas para preservar la biodiversidad y una gu\u00eda social y transformadora en el Gastronomic Forum BCN\" \/>\n<meta name=\"robots\" content=\"index, follow, max-snippet:-1, max-image-preview:large, max-video-preview:-1\" \/>\n<link rel=\"canonical\" href=\"https:\/\/agenda.poscosecha.com\/en\/eventos\/forum-gastronomic-barcelona\/\" \/>\n<meta property=\"og:locale\" content=\"en_GB\" \/>\n<meta property=\"og:type\" content=\"article\" \/>\n<meta property=\"og:title\" content=\"Gastronomic-Forum-Congresos-AGENDA Poscosecha\" \/>\n<meta property=\"og:description\" content=\"Cambiar el mundo desde la cocina, propuestas para preservar la biodiversidad y una gu\u00eda social y transformadora en el Gastronomic Forum BCN\" \/>\n<meta property=\"og:url\" content=\"https:\/\/agenda.poscosecha.com\/en\/eventos\/forum-gastronomic-barcelona\/\" \/>\n<meta property=\"og:site_name\" content=\"AGENDA\" \/>\n<meta property=\"article:publisher\" content=\"https:\/\/www.facebook.com\/Poscosecha.Postharvest\/\" \/>\n<meta property=\"article:modified_time\" content=\"2025-06-29T12:38:08+00:00\" \/>\n<meta property=\"og:image\" content=\"https:\/\/agenda.poscosecha.com\/wp-content\/uploads\/2023\/08\/Gastronomic-BCN.jpeg\" \/>\n\t<meta property=\"og:image:width\" content=\"2043\" \/>\n\t<meta property=\"og:image:height\" content=\"1149\" \/>\n\t<meta property=\"og:image:type\" content=\"image\/jpeg\" \/>\n<meta name=\"twitter:card\" content=\"summary_large_image\" \/>\n<meta name=\"twitter:site\" content=\"@poscosecha\" \/>\n<meta name=\"twitter:label1\" content=\"Estimated reading time\" \/>\n\t<meta name=\"twitter:data1\" content=\"2 minutes\" \/>\n<script type=\"application\/ld+json\" class=\"yoast-schema-graph\">{\"@context\":\"https:\\\/\\\/schema.org\",\"@graph\":[{\"@type\":\"WebPage\",\"@id\":\"https:\\\/\\\/agenda.poscosecha.com\\\/eventos\\\/forum-gastronomic-barcelona\\\/\",\"url\":\"https:\\\/\\\/agenda.poscosecha.com\\\/eventos\\\/forum-gastronomic-barcelona\\\/\",\"name\":\"Gastronomic-Forum-Congresos-AGENDA Poscosecha\",\"isPartOf\":{\"@id\":\"https:\\\/\\\/agenda.poscosecha.com\\\/#website\"},\"primaryImageOfPage\":{\"@id\":\"https:\\\/\\\/agenda.poscosecha.com\\\/eventos\\\/forum-gastronomic-barcelona\\\/#primaryimage\"},\"image\":{\"@id\":\"https:\\\/\\\/agenda.poscosecha.com\\\/eventos\\\/forum-gastronomic-barcelona\\\/#primaryimage\"},\"thumbnailUrl\":\"https:\\\/\\\/agenda.poscosecha.com\\\/wp-content\\\/uploads\\\/2023\\\/08\\\/Gastronomic-BCN.jpeg\",\"datePublished\":\"2023-08-17T16:55:05+00:00\",\"dateModified\":\"2025-06-29T12:38:08+00:00\",\"description\":\"Cambiar el mundo desde la cocina, propuestas para preservar la biodiversidad y una gu\u00eda social y transformadora en el Gastronomic Forum BCN\",\"breadcrumb\":{\"@id\":\"https:\\\/\\\/agenda.poscosecha.com\\\/eventos\\\/forum-gastronomic-barcelona\\\/#breadcrumb\"},\"inLanguage\":\"en-GB\",\"potentialAction\":[{\"@type\":\"ReadAction\",\"target\":[\"https:\\\/\\\/agenda.poscosecha.com\\\/eventos\\\/forum-gastronomic-barcelona\\\/\"]}]},{\"@type\":\"ImageObject\",\"inLanguage\":\"en-GB\",\"@id\":\"https:\\\/\\\/agenda.poscosecha.com\\\/eventos\\\/forum-gastronomic-barcelona\\\/#primaryimage\",\"url\":\"https:\\\/\\\/agenda.poscosecha.com\\\/wp-content\\\/uploads\\\/2023\\\/08\\\/Gastronomic-BCN.jpeg\",\"contentUrl\":\"https:\\\/\\\/agenda.poscosecha.com\\\/wp-content\\\/uploads\\\/2023\\\/08\\\/Gastronomic-BCN.jpeg\",\"width\":2043,\"height\":1149},{\"@type\":\"BreadcrumbList\",\"@id\":\"https:\\\/\\\/agenda.poscosecha.com\\\/eventos\\\/forum-gastronomic-barcelona\\\/#breadcrumb\",\"itemListElement\":[{\"@type\":\"ListItem\",\"position\":1,\"name\":\"Portada\",\"item\":\"https:\\\/\\\/agenda.poscosecha.com\\\/\"},{\"@type\":\"ListItem\",\"position\":2,\"name\":\"Eventos\",\"item\":\"https:\\\/\\\/agenda.poscosecha.com\\\/eventos\\\/\"},{\"@type\":\"ListItem\",\"position\":3,\"name\":\"Forum Gastronomic Barcelona\"}]},{\"@type\":\"WebSite\",\"@id\":\"https:\\\/\\\/agenda.poscosecha.com\\\/#website\",\"url\":\"https:\\\/\\\/agenda.poscosecha.com\\\/\",\"name\":\"Agenda de Eventos\",\"description\":\"Conectando comunidades poscosecha globales\",\"publisher\":{\"@id\":\"https:\\\/\\\/agenda.poscosecha.com\\\/#organization\"},\"potentialAction\":[{\"@type\":\"SearchAction\",\"target\":{\"@type\":\"EntryPoint\",\"urlTemplate\":\"https:\\\/\\\/agenda.poscosecha.com\\\/?s={search_term_string}\"},\"query-input\":{\"@type\":\"PropertyValueSpecification\",\"valueRequired\":true,\"valueName\":\"search_term_string\"}}],\"inLanguage\":\"en-GB\"},{\"@type\":\"Organization\",\"@id\":\"https:\\\/\\\/agenda.poscosecha.com\\\/#organization\",\"name\":\"Agenda de Eventos\",\"url\":\"https:\\\/\\\/agenda.poscosecha.com\\\/\",\"logo\":{\"@type\":\"ImageObject\",\"inLanguage\":\"en-GB\",\"@id\":\"https:\\\/\\\/agenda.poscosecha.com\\\/#\\\/schema\\\/logo\\\/image\\\/\",\"url\":\"https:\\\/\\\/agenda.poscosecha.com\\\/wp-content\\\/uploads\\\/2023\\\/06\\\/cropped-Agenda-logo-vs-1.png\",\"contentUrl\":\"https:\\\/\\\/agenda.poscosecha.com\\\/wp-content\\\/uploads\\\/2023\\\/06\\\/cropped-Agenda-logo-vs-1.png\",\"width\":512,\"height\":512,\"caption\":\"Agenda de Eventos\"},\"image\":{\"@id\":\"https:\\\/\\\/agenda.poscosecha.com\\\/#\\\/schema\\\/logo\\\/image\\\/\"},\"sameAs\":[\"https:\\\/\\\/www.facebook.com\\\/Poscosecha.Postharvest\\\/\",\"https:\\\/\\\/x.com\\\/poscosecha\",\"https:\\\/\\\/www.linkedin.com\\\/company\\\/poscosecha.com\\\/\"]}]}<\/script>\n<!-- \/ Yoast SEO plugin. -->","yoast_head_json":{"title":"Gastronomic-Forum-Congresos-AGENDA Poscosecha","description":"Cambiar el mundo desde la cocina, propuestas para preservar la biodiversidad y una gu\u00eda social y transformadora en el Gastronomic Forum BCN","robots":{"index":"index","follow":"follow","max-snippet":"max-snippet:-1","max-image-preview":"max-image-preview:large","max-video-preview":"max-video-preview:-1"},"canonical":"https:\/\/agenda.poscosecha.com\/en\/eventos\/forum-gastronomic-barcelona\/","og_locale":"en_GB","og_type":"article","og_title":"Gastronomic-Forum-Congresos-AGENDA Poscosecha","og_description":"Cambiar el mundo desde la cocina, propuestas para preservar la biodiversidad y una gu\u00eda social y transformadora en el Gastronomic Forum BCN","og_url":"https:\/\/agenda.poscosecha.com\/en\/eventos\/forum-gastronomic-barcelona\/","og_site_name":"AGENDA","article_publisher":"https:\/\/www.facebook.com\/Poscosecha.Postharvest\/","article_modified_time":"2025-06-29T12:38:08+00:00","og_image":[{"width":2043,"height":1149,"url":"https:\/\/agenda.poscosecha.com\/wp-content\/uploads\/2023\/08\/Gastronomic-BCN.jpeg","type":"image\/jpeg"}],"twitter_card":"summary_large_image","twitter_site":"@poscosecha","twitter_misc":{"Estimated reading time":"2 minutes"},"schema":{"@context":"https:\/\/schema.org","@graph":[{"@type":"WebPage","@id":"https:\/\/agenda.poscosecha.com\/eventos\/forum-gastronomic-barcelona\/","url":"https:\/\/agenda.poscosecha.com\/eventos\/forum-gastronomic-barcelona\/","name":"Gastronomic-Forum-Congresos-AGENDA Poscosecha","isPartOf":{"@id":"https:\/\/agenda.poscosecha.com\/#website"},"primaryImageOfPage":{"@id":"https:\/\/agenda.poscosecha.com\/eventos\/forum-gastronomic-barcelona\/#primaryimage"},"image":{"@id":"https:\/\/agenda.poscosecha.com\/eventos\/forum-gastronomic-barcelona\/#primaryimage"},"thumbnailUrl":"https:\/\/agenda.poscosecha.com\/wp-content\/uploads\/2023\/08\/Gastronomic-BCN.jpeg","datePublished":"2023-08-17T16:55:05+00:00","dateModified":"2025-06-29T12:38:08+00:00","description":"Cambiar el mundo desde la cocina, propuestas para preservar la biodiversidad y una gu\u00eda social y transformadora en el Gastronomic Forum BCN","breadcrumb":{"@id":"https:\/\/agenda.poscosecha.com\/eventos\/forum-gastronomic-barcelona\/#breadcrumb"},"inLanguage":"en-GB","potentialAction":[{"@type":"ReadAction","target":["https:\/\/agenda.poscosecha.com\/eventos\/forum-gastronomic-barcelona\/"]}]},{"@type":"ImageObject","inLanguage":"en-GB","@id":"https:\/\/agenda.poscosecha.com\/eventos\/forum-gastronomic-barcelona\/#primaryimage","url":"https:\/\/agenda.poscosecha.com\/wp-content\/uploads\/2023\/08\/Gastronomic-BCN.jpeg","contentUrl":"https:\/\/agenda.poscosecha.com\/wp-content\/uploads\/2023\/08\/Gastronomic-BCN.jpeg","width":2043,"height":1149},{"@type":"BreadcrumbList","@id":"https:\/\/agenda.poscosecha.com\/eventos\/forum-gastronomic-barcelona\/#breadcrumb","itemListElement":[{"@type":"ListItem","position":1,"name":"Portada","item":"https:\/\/agenda.poscosecha.com\/"},{"@type":"ListItem","position":2,"name":"Eventos","item":"https:\/\/agenda.poscosecha.com\/eventos\/"},{"@type":"ListItem","position":3,"name":"Forum Gastronomic Barcelona"}]},{"@type":"WebSite","@id":"https:\/\/agenda.poscosecha.com\/#website","url":"https:\/\/agenda.poscosecha.com\/","name":"Agenda de Eventos","description":"Conectando comunidades poscosecha globales","publisher":{"@id":"https:\/\/agenda.poscosecha.com\/#organization"},"potentialAction":[{"@type":"SearchAction","target":{"@type":"EntryPoint","urlTemplate":"https:\/\/agenda.poscosecha.com\/?s={search_term_string}"},"query-input":{"@type":"PropertyValueSpecification","valueRequired":true,"valueName":"search_term_string"}}],"inLanguage":"en-GB"},{"@type":"Organization","@id":"https:\/\/agenda.poscosecha.com\/#organization","name":"Agenda de Eventos","url":"https:\/\/agenda.poscosecha.com\/","logo":{"@type":"ImageObject","inLanguage":"en-GB","@id":"https:\/\/agenda.poscosecha.com\/#\/schema\/logo\/image\/","url":"https:\/\/agenda.poscosecha.com\/wp-content\/uploads\/2023\/06\/cropped-Agenda-logo-vs-1.png","contentUrl":"https:\/\/agenda.poscosecha.com\/wp-content\/uploads\/2023\/06\/cropped-Agenda-logo-vs-1.png","width":512,"height":512,"caption":"Agenda de Eventos"},"image":{"@id":"https:\/\/agenda.poscosecha.com\/#\/schema\/logo\/image\/"},"sameAs":["https:\/\/www.facebook.com\/Poscosecha.Postharvest\/","https:\/\/x.com\/poscosecha","https:\/\/www.linkedin.com\/company\/poscosecha.com\/"]}]}},"_links":{"self":[{"href":"https:\/\/agenda.poscosecha.com\/en\/wp-json\/wp\/v2\/mec-events\/4512","targetHints":{"allow":["GET"]}}],"collection":[{"href":"https:\/\/agenda.poscosecha.com\/en\/wp-json\/wp\/v2\/mec-events"}],"about":[{"href":"https:\/\/agenda.poscosecha.com\/en\/wp-json\/wp\/v2\/types\/mec-events"}],"author":[{"embeddable":true,"href":"https:\/\/agenda.poscosecha.com\/en\/wp-json\/wp\/v2\/users\/25"}],"wp:featuredmedia":[{"embeddable":true,"href":"https:\/\/agenda.poscosecha.com\/en\/wp-json\/wp\/v2\/media\/4513"}],"wp:attachment":[{"href":"https:\/\/agenda.poscosecha.com\/en\/wp-json\/wp\/v2\/media?parent=4512"}],"wp:term":[{"taxonomy":"post_tag","embeddable":true,"href":"https:\/\/agenda.poscosecha.com\/en\/wp-json\/wp\/v2\/tags?post=4512"},{"taxonomy":"mec_category","embeddable":true,"href":"https:\/\/agenda.poscosecha.com\/en\/wp-json\/wp\/v2\/mec_category?post=4512"}],"curies":[{"name":"wp","href":"https:\/\/api.w.org\/{rel}","templated":true}]}}