{"id":2960,"date":"2023-05-01T09:50:14","date_gmt":"2023-05-01T09:50:14","guid":{"rendered":"https:\/\/agenda.poscosecha.com\/events\/mediterranea-gastronoma-2022\/"},"modified":"2025-05-23T11:10:44","modified_gmt":"2025-05-23T09:10:44","slug":"valencia-mediterranea-gastronoma","status":"publish","type":"mec-events","link":"https:\/\/agenda.poscosecha.com\/en\/eventos\/valencia-mediterranea-gastronoma\/","title":{"rendered":"Val\u00e8ncia Mediterr\u00e1nea Gastr\u00f3noma 2025"},"content":{"rendered":"<h3 style=\"text-align: center;\"><span style=\"color: #808080;\"><em><strong>La feria gastron\u00f3mica m\u00e1s importante del Mediterr\u00e1neo se prepara con deliciosas propuestas para la programaci\u00f3n de actividades<\/strong><\/em><\/span><\/h3>\n<h2 style=\"text-align: center;\">La Mediterr\u00e1nea Gastr\u00f3noma de Val\u00e8ncia celebra su 10\u00aa edici\u00f3n en 2025 del 26 al 28 de octubre<\/h2>\n<p>&nbsp;<\/p>\n<p><b>Del 26 al 28 de octubre, Feria Valencia se convertir\u00e1 en un aut\u00e9ntico escaparate comercial gracias al evento de referencia en el sector, que sigue creciendo en exposici\u00f3n y en superficie. Una cita \u00fanica en Espa\u00f1a que, adem\u00e1s, contar\u00e1 con un espacio congresual en el que participar\u00e1n referentes de cada sector de la gastronom\u00eda.<\/b><\/p>\n<p><strong>Feria Valencia<\/strong> volver\u00e1 a acoger as\u00ed toda la gastronom\u00eda y las novedades de uno de los sectores m\u00e1s vivos y activos tras poner fin a una de las ediciones m\u00e1s profesionales de su historia, con gran acogida y miles de visitantes.<\/p>\n<p>Ponentes, espacios, zona expositiva y mucha formaci\u00f3n volver\u00e1n a hacer de este certamen el m\u00e1s importante del Mediterr\u00e1neo, un<strong> punto de encuentro esencial para todos los profesionales<\/strong>. Panader\u00eda, alta cocina, pasteler\u00eda, el mundo del vino, el producto y el productor\u2026 todos est\u00e1n invitados a esta cita tan importante para la gastronom\u00eda.<\/p>\n<blockquote class=\"wp-embedded-content\" data-secret=\"3xwjbrSQ3c\"><p><a href=\"https:\/\/actualfruveg.com\/2024\/07\/04\/gastronoma-valencia\/\">Ya van 10 Gastr\u00f3noma&#8217;s en Val\u00e8ncia<\/a><\/p><\/blockquote>\n<p><iframe loading=\"lazy\" class=\"wp-embedded-content\" sandbox=\"allow-scripts\" security=\"restricted\" style=\"position: absolute; visibility: hidden;\" title=\"&#8220;Ya van 10 Gastr\u00f3noma&#8217;s en Val\u00e8ncia&#8221; &#8212; ActualFruVeg\" src=\"https:\/\/actualfruveg.com\/2024\/07\/04\/gastronoma-valencia\/embed\/#?secret=aqttkKgbru#?secret=3xwjbrSQ3c\" data-secret=\"3xwjbrSQ3c\" width=\"600\" height=\"338\" frameborder=\"0\" marginwidth=\"0\" marginheight=\"0\" scrolling=\"no\"><\/iframe><\/p>","protected":false},"excerpt":{"rendered":"<p>Gastr\u00f3noma celebra su 10\u00ba aniversario. El mayor congreso gourmet y showroom sectorial del pa\u00eds est\u00e1 preparando unos contenidos que miran al futuro<\/p>","protected":false},"author":1,"featured_media":4515,"template":"","tags":[],"mec_category":[20,19,26],"class_list":["post-2960","mec-events","type-mec-events","status-publish","has-post-thumbnail","hentry","mec_category-congresos-forums-jornadas","mec_category-ferias","mec_category-interesantes"],"yoast_head":"<!-- This site is optimized with the Yoast SEO plugin v27.4 - https:\/\/yoast.com\/product\/yoast-seo-wordpress\/ -->\n<title>Gastr\u00f3noma, feria del Mediterr\u00e1neo-Ferias-AGENDA Poscosecha<\/title>\n<meta name=\"description\" content=\"Exquisito Mediterr\u00e1neo, la cuina del molt de gust, #pandeverdad, be Sweet, la pasteler\u00eda profesional, el aula de cooking y la wine experience\" \/>\n<meta name=\"robots\" content=\"index, follow, max-snippet:-1, max-image-preview:large, max-video-preview:-1\" \/>\n<link rel=\"canonical\" href=\"https:\/\/agenda.poscosecha.com\/en\/eventos\/valencia-mediterranea-gastronoma\/\" \/>\n<meta property=\"og:locale\" content=\"en_GB\" \/>\n<meta property=\"og:type\" content=\"article\" \/>\n<meta property=\"og:title\" content=\"Gastr\u00f3noma, feria del Mediterr\u00e1neo-Ferias-AGENDA Poscosecha\" \/>\n<meta property=\"og:description\" content=\"Exquisito Mediterr\u00e1neo, la cuina del molt de gust, #pandeverdad, be Sweet, la pasteler\u00eda profesional, el aula de cooking y la wine experience\" \/>\n<meta property=\"og:url\" content=\"https:\/\/agenda.poscosecha.com\/en\/eventos\/valencia-mediterranea-gastronoma\/\" \/>\n<meta property=\"og:site_name\" content=\"AGENDA\" \/>\n<meta property=\"article:publisher\" content=\"https:\/\/www.facebook.com\/Poscosecha.Postharvest\/\" \/>\n<meta property=\"article:modified_time\" content=\"2025-05-23T09:10:44+00:00\" \/>\n<meta property=\"og:image\" content=\"https:\/\/agenda.poscosecha.com\/wp-content\/uploads\/2023\/05\/VLC-Gastronoma.jpg\" \/>\n\t<meta property=\"og:image:width\" content=\"975\" \/>\n\t<meta property=\"og:image:height\" content=\"686\" \/>\n\t<meta property=\"og:image:type\" content=\"image\/jpeg\" \/>\n<meta name=\"twitter:card\" content=\"summary_large_image\" \/>\n<meta name=\"twitter:site\" content=\"@poscosecha\" \/>\n<meta name=\"twitter:label1\" content=\"Estimated reading time\" \/>\n\t<meta name=\"twitter:data1\" content=\"2 minutes\" \/>\n<script type=\"application\/ld+json\" class=\"yoast-schema-graph\">{\"@context\":\"https:\\\/\\\/schema.org\",\"@graph\":[{\"@type\":\"WebPage\",\"@id\":\"https:\\\/\\\/agenda.poscosecha.com\\\/eventos\\\/valencia-mediterranea-gastronoma\\\/\",\"url\":\"https:\\\/\\\/agenda.poscosecha.com\\\/eventos\\\/valencia-mediterranea-gastronoma\\\/\",\"name\":\"Gastr\u00f3noma, feria del Mediterr\u00e1neo-Ferias-AGENDA Poscosecha\",\"isPartOf\":{\"@id\":\"https:\\\/\\\/agenda.poscosecha.com\\\/#website\"},\"primaryImageOfPage\":{\"@id\":\"https:\\\/\\\/agenda.poscosecha.com\\\/eventos\\\/valencia-mediterranea-gastronoma\\\/#primaryimage\"},\"image\":{\"@id\":\"https:\\\/\\\/agenda.poscosecha.com\\\/eventos\\\/valencia-mediterranea-gastronoma\\\/#primaryimage\"},\"thumbnailUrl\":\"https:\\\/\\\/agenda.poscosecha.com\\\/wp-content\\\/uploads\\\/2023\\\/05\\\/VLC-Gastronoma.jpg\",\"datePublished\":\"2023-05-01T09:50:14+00:00\",\"dateModified\":\"2025-05-23T09:10:44+00:00\",\"description\":\"Exquisito Mediterr\u00e1neo, la cuina del molt de gust, #pandeverdad, be Sweet, la pasteler\u00eda profesional, el aula de cooking y la wine experience\",\"breadcrumb\":{\"@id\":\"https:\\\/\\\/agenda.poscosecha.com\\\/eventos\\\/valencia-mediterranea-gastronoma\\\/#breadcrumb\"},\"inLanguage\":\"en-GB\",\"potentialAction\":[{\"@type\":\"ReadAction\",\"target\":[\"https:\\\/\\\/agenda.poscosecha.com\\\/eventos\\\/valencia-mediterranea-gastronoma\\\/\"]}]},{\"@type\":\"ImageObject\",\"inLanguage\":\"en-GB\",\"@id\":\"https:\\\/\\\/agenda.poscosecha.com\\\/eventos\\\/valencia-mediterranea-gastronoma\\\/#primaryimage\",\"url\":\"https:\\\/\\\/agenda.poscosecha.com\\\/wp-content\\\/uploads\\\/2023\\\/05\\\/VLC-Gastronoma.jpg\",\"contentUrl\":\"https:\\\/\\\/agenda.poscosecha.com\\\/wp-content\\\/uploads\\\/2023\\\/05\\\/VLC-Gastronoma.jpg\",\"width\":975,\"height\":686},{\"@type\":\"BreadcrumbList\",\"@id\":\"https:\\\/\\\/agenda.poscosecha.com\\\/eventos\\\/valencia-mediterranea-gastronoma\\\/#breadcrumb\",\"itemListElement\":[{\"@type\":\"ListItem\",\"position\":1,\"name\":\"Portada\",\"item\":\"https:\\\/\\\/agenda.poscosecha.com\\\/\"},{\"@type\":\"ListItem\",\"position\":2,\"name\":\"Eventos\",\"item\":\"https:\\\/\\\/agenda.poscosecha.com\\\/eventos\\\/\"},{\"@type\":\"ListItem\",\"position\":3,\"name\":\"Val\u00e8ncia Mediterr\u00e1nea Gastr\u00f3noma 2025\"}]},{\"@type\":\"WebSite\",\"@id\":\"https:\\\/\\\/agenda.poscosecha.com\\\/#website\",\"url\":\"https:\\\/\\\/agenda.poscosecha.com\\\/\",\"name\":\"Agenda de Eventos\",\"description\":\"Conectando comunidades poscosecha globales\",\"publisher\":{\"@id\":\"https:\\\/\\\/agenda.poscosecha.com\\\/#organization\"},\"potentialAction\":[{\"@type\":\"SearchAction\",\"target\":{\"@type\":\"EntryPoint\",\"urlTemplate\":\"https:\\\/\\\/agenda.poscosecha.com\\\/?s={search_term_string}\"},\"query-input\":{\"@type\":\"PropertyValueSpecification\",\"valueRequired\":true,\"valueName\":\"search_term_string\"}}],\"inLanguage\":\"en-GB\"},{\"@type\":\"Organization\",\"@id\":\"https:\\\/\\\/agenda.poscosecha.com\\\/#organization\",\"name\":\"Agenda de Eventos\",\"url\":\"https:\\\/\\\/agenda.poscosecha.com\\\/\",\"logo\":{\"@type\":\"ImageObject\",\"inLanguage\":\"en-GB\",\"@id\":\"https:\\\/\\\/agenda.poscosecha.com\\\/#\\\/schema\\\/logo\\\/image\\\/\",\"url\":\"https:\\\/\\\/agenda.poscosecha.com\\\/wp-content\\\/uploads\\\/2023\\\/06\\\/cropped-Agenda-logo-vs-1.png\",\"contentUrl\":\"https:\\\/\\\/agenda.poscosecha.com\\\/wp-content\\\/uploads\\\/2023\\\/06\\\/cropped-Agenda-logo-vs-1.png\",\"width\":512,\"height\":512,\"caption\":\"Agenda de Eventos\"},\"image\":{\"@id\":\"https:\\\/\\\/agenda.poscosecha.com\\\/#\\\/schema\\\/logo\\\/image\\\/\"},\"sameAs\":[\"https:\\\/\\\/www.facebook.com\\\/Poscosecha.Postharvest\\\/\",\"https:\\\/\\\/x.com\\\/poscosecha\",\"https:\\\/\\\/www.linkedin.com\\\/company\\\/poscosecha.com\\\/\"]}]}<\/script>\n<!-- \/ Yoast SEO plugin. -->","yoast_head_json":{"title":"Gastr\u00f3noma, feria del Mediterr\u00e1neo-Ferias-AGENDA Poscosecha","description":"Exquisito Mediterr\u00e1neo, la cuina del molt de gust, #pandeverdad, be Sweet, la pasteler\u00eda profesional, el aula de cooking y la wine experience","robots":{"index":"index","follow":"follow","max-snippet":"max-snippet:-1","max-image-preview":"max-image-preview:large","max-video-preview":"max-video-preview:-1"},"canonical":"https:\/\/agenda.poscosecha.com\/en\/eventos\/valencia-mediterranea-gastronoma\/","og_locale":"en_GB","og_type":"article","og_title":"Gastr\u00f3noma, feria del Mediterr\u00e1neo-Ferias-AGENDA Poscosecha","og_description":"Exquisito Mediterr\u00e1neo, la cuina del molt de gust, #pandeverdad, be Sweet, la pasteler\u00eda profesional, el aula de cooking y la wine experience","og_url":"https:\/\/agenda.poscosecha.com\/en\/eventos\/valencia-mediterranea-gastronoma\/","og_site_name":"AGENDA","article_publisher":"https:\/\/www.facebook.com\/Poscosecha.Postharvest\/","article_modified_time":"2025-05-23T09:10:44+00:00","og_image":[{"width":975,"height":686,"url":"https:\/\/agenda.poscosecha.com\/wp-content\/uploads\/2023\/05\/VLC-Gastronoma.jpg","type":"image\/jpeg"}],"twitter_card":"summary_large_image","twitter_site":"@poscosecha","twitter_misc":{"Estimated reading time":"2 minutes"},"schema":{"@context":"https:\/\/schema.org","@graph":[{"@type":"WebPage","@id":"https:\/\/agenda.poscosecha.com\/eventos\/valencia-mediterranea-gastronoma\/","url":"https:\/\/agenda.poscosecha.com\/eventos\/valencia-mediterranea-gastronoma\/","name":"Gastr\u00f3noma, feria del Mediterr\u00e1neo-Ferias-AGENDA Poscosecha","isPartOf":{"@id":"https:\/\/agenda.poscosecha.com\/#website"},"primaryImageOfPage":{"@id":"https:\/\/agenda.poscosecha.com\/eventos\/valencia-mediterranea-gastronoma\/#primaryimage"},"image":{"@id":"https:\/\/agenda.poscosecha.com\/eventos\/valencia-mediterranea-gastronoma\/#primaryimage"},"thumbnailUrl":"https:\/\/agenda.poscosecha.com\/wp-content\/uploads\/2023\/05\/VLC-Gastronoma.jpg","datePublished":"2023-05-01T09:50:14+00:00","dateModified":"2025-05-23T09:10:44+00:00","description":"Exquisito Mediterr\u00e1neo, la cuina del molt de gust, #pandeverdad, be Sweet, la pasteler\u00eda profesional, el aula de cooking y la wine experience","breadcrumb":{"@id":"https:\/\/agenda.poscosecha.com\/eventos\/valencia-mediterranea-gastronoma\/#breadcrumb"},"inLanguage":"en-GB","potentialAction":[{"@type":"ReadAction","target":["https:\/\/agenda.poscosecha.com\/eventos\/valencia-mediterranea-gastronoma\/"]}]},{"@type":"ImageObject","inLanguage":"en-GB","@id":"https:\/\/agenda.poscosecha.com\/eventos\/valencia-mediterranea-gastronoma\/#primaryimage","url":"https:\/\/agenda.poscosecha.com\/wp-content\/uploads\/2023\/05\/VLC-Gastronoma.jpg","contentUrl":"https:\/\/agenda.poscosecha.com\/wp-content\/uploads\/2023\/05\/VLC-Gastronoma.jpg","width":975,"height":686},{"@type":"BreadcrumbList","@id":"https:\/\/agenda.poscosecha.com\/eventos\/valencia-mediterranea-gastronoma\/#breadcrumb","itemListElement":[{"@type":"ListItem","position":1,"name":"Portada","item":"https:\/\/agenda.poscosecha.com\/"},{"@type":"ListItem","position":2,"name":"Eventos","item":"https:\/\/agenda.poscosecha.com\/eventos\/"},{"@type":"ListItem","position":3,"name":"Val\u00e8ncia Mediterr\u00e1nea Gastr\u00f3noma 2025"}]},{"@type":"WebSite","@id":"https:\/\/agenda.poscosecha.com\/#website","url":"https:\/\/agenda.poscosecha.com\/","name":"Agenda de Eventos","description":"Conectando comunidades poscosecha globales","publisher":{"@id":"https:\/\/agenda.poscosecha.com\/#organization"},"potentialAction":[{"@type":"SearchAction","target":{"@type":"EntryPoint","urlTemplate":"https:\/\/agenda.poscosecha.com\/?s={search_term_string}"},"query-input":{"@type":"PropertyValueSpecification","valueRequired":true,"valueName":"search_term_string"}}],"inLanguage":"en-GB"},{"@type":"Organization","@id":"https:\/\/agenda.poscosecha.com\/#organization","name":"Agenda de Eventos","url":"https:\/\/agenda.poscosecha.com\/","logo":{"@type":"ImageObject","inLanguage":"en-GB","@id":"https:\/\/agenda.poscosecha.com\/#\/schema\/logo\/image\/","url":"https:\/\/agenda.poscosecha.com\/wp-content\/uploads\/2023\/06\/cropped-Agenda-logo-vs-1.png","contentUrl":"https:\/\/agenda.poscosecha.com\/wp-content\/uploads\/2023\/06\/cropped-Agenda-logo-vs-1.png","width":512,"height":512,"caption":"Agenda de Eventos"},"image":{"@id":"https:\/\/agenda.poscosecha.com\/#\/schema\/logo\/image\/"},"sameAs":["https:\/\/www.facebook.com\/Poscosecha.Postharvest\/","https:\/\/x.com\/poscosecha","https:\/\/www.linkedin.com\/company\/poscosecha.com\/"]}]}},"_links":{"self":[{"href":"https:\/\/agenda.poscosecha.com\/en\/wp-json\/wp\/v2\/mec-events\/2960","targetHints":{"allow":["GET"]}}],"collection":[{"href":"https:\/\/agenda.poscosecha.com\/en\/wp-json\/wp\/v2\/mec-events"}],"about":[{"href":"https:\/\/agenda.poscosecha.com\/en\/wp-json\/wp\/v2\/types\/mec-events"}],"author":[{"embeddable":true,"href":"https:\/\/agenda.poscosecha.com\/en\/wp-json\/wp\/v2\/users\/1"}],"wp:featuredmedia":[{"embeddable":true,"href":"https:\/\/agenda.poscosecha.com\/en\/wp-json\/wp\/v2\/media\/4515"}],"wp:attachment":[{"href":"https:\/\/agenda.poscosecha.com\/en\/wp-json\/wp\/v2\/media?parent=2960"}],"wp:term":[{"taxonomy":"post_tag","embeddable":true,"href":"https:\/\/agenda.poscosecha.com\/en\/wp-json\/wp\/v2\/tags?post=2960"},{"taxonomy":"mec_category","embeddable":true,"href":"https:\/\/agenda.poscosecha.com\/en\/wp-json\/wp\/v2\/mec_category?post=2960"}],"curies":[{"name":"wp","href":"https:\/\/api.w.org\/{rel}","templated":true}]}}