{"id":2948,"date":"2023-05-01T09:50:04","date_gmt":"2023-05-01T09:50:04","guid":{"rendered":"https:\/\/agenda.poscosecha.com\/events\/jornadas-del-grupo-de-viticultura-de-la-sech\/"},"modified":"2023-05-01T09:50:04","modified_gmt":"2023-05-01T09:50:04","slug":"jornadas-del-grupo-de-viticultura-de-la-sech","status":"publish","type":"mec-events","link":"https:\/\/agenda.poscosecha.com\/en\/eventos\/jornadas-del-grupo-de-viticultura-de-la-sech\/","title":{"rendered":"Jornadas del Grupo de Viticultura de la SECH"},"content":{"rendered":"<div>El programa cient\u00edfico abarcar\u00e1 las novedades e innovaciones relacionadas con las tendencias actuales en materia de la producci\u00f3n vit\u00edcola y se organizar\u00e1 en <b>sesiones tem\u00e1ticas\u00a0<\/b>entre las que podemos destacar:<\/div>\n<div><\/div>\n<div>&#8211; caracterizaci\u00f3n agron\u00f3mica, gen\u00e9tica y molecular del material vegetal<\/div>\n<div>&#8211; manejo del vi\u00f1edo y nuevas tecnolog\u00edas al servicio de la Viticultura<\/div>\n<div>&#8211; ecofisiolog\u00eda vit\u00edcola: respuestas a estreses bi\u00f3ticos y abit\u00f3ticos<\/div>\n<div>&#8211; el agrosistema vit\u00edcola sostenible. Terroir y adaptaci\u00f3n a un escenario de cambio clim\u00e1tico<\/div>\n<div>\n<p>La Sociedad Espa\u00f1ola de Ciencias Hort\u00edcolas y la Universidad P\u00fablica de Navarra les invitan a participar en las\u00a0<strong>IV Jornadas del grupo de Viticultura de la SECH<\/strong>, que se celebrar\u00e1n en Pamplona\/Iru\u00f1a entre los d\u00edas 26 y 28 de octubre de 2022.<\/p>\n<p>Las Jornadas, promovidas por el\u00a0<strong>Grupo de Trabajo de Viticultura de la SECH<\/strong>, tienen como objetivo principal poner en com\u00fan los trabajos realizados en los \u00faltimos a\u00f1os en el \u00e1mbito de la viticultura y de la investigaci\u00f3n vit\u00edcola. Los \u00faltimos a\u00f1os, marcados por la crisis provocada por la pandemia del COVID-19, impidieron la realizaci\u00f3n de las Jornadas del grupo con anterioridad, por lo que el comit\u00e9 organizador est\u00e1 muy ilusionado con volver a reunirnos. Estas IV Jornadas las queremos dedicar a reflexionar sobre la\u00a0<strong>investigaci\u00f3n en el sector en los \u00faltimos a\u00f1os, su transferencia y su impacto en la sociedad<\/strong>.<\/p>\n<p>En este contexto, las Jornadas pretenden ser un encuentro abierto en el que los investigadores, docentes, t\u00e9cnicos, centros de investigaci\u00f3n, sectores econ\u00f3micos y productivos expongan sus trabajos de investigaci\u00f3n, de desarrollo y de aplicaci\u00f3n tecnol\u00f3gica.<\/p>\n<\/div>","protected":false},"excerpt":{"rendered":"<p>El programa cient\u00edfico abarcar\u00e1 las novedades e innovaciones relacionadas con las tendencias actuales en materia de la producci\u00f3n vit\u00edcola y se organizar\u00e1 en sesiones tem\u00e1ticas\u00a0entre las que podemos destacar: &#8211; caracterizaci\u00f3n agron\u00f3mica, gen\u00e9tica y molecular del material vegetal &#8211; manejo del vi\u00f1edo y nuevas tecnolog\u00edas al servicio de la Viticultura &#8211; ecofisiolog\u00eda vit\u00edcola: respuestas a [&hellip;]<\/p>\n","protected":false},"author":1,"featured_media":1491,"template":"","tags":[],"mec_category":[20,18],"class_list":["post-2948","mec-events","type-mec-events","status-publish","has-post-thumbnail","hentry","mec_category-congresos-forums-jornadas","mec_category-formacion-cursos"],"yoast_head":"<!-- This site is optimized with the Yoast SEO plugin v27.5 - https:\/\/yoast.com\/product\/yoast-seo-wordpress\/ -->\n<title>Jornadas del Grupo de Viticultura de la SECH - AGENDA<\/title>\n<meta name=\"robots\" content=\"index, follow, max-snippet:-1, max-image-preview:large, max-video-preview:-1\" \/>\n<link rel=\"canonical\" href=\"https:\/\/agenda.poscosecha.com\/en\/eventos\/jornadas-del-grupo-de-viticultura-de-la-sech\/\" \/>\n<meta property=\"og:locale\" content=\"en_GB\" \/>\n<meta property=\"og:type\" content=\"article\" \/>\n<meta property=\"og:title\" content=\"Jornadas del Grupo de Viticultura de la SECH - AGENDA\" \/>\n<meta property=\"og:description\" content=\"El programa cient\u00edfico abarcar\u00e1 las novedades e innovaciones relacionadas con las tendencias actuales en materia de la producci\u00f3n vit\u00edcola y se organizar\u00e1 en sesiones tem\u00e1ticas\u00a0entre las que podemos destacar: &#8211; caracterizaci\u00f3n agron\u00f3mica, gen\u00e9tica y molecular del material vegetal &#8211; manejo del vi\u00f1edo y nuevas tecnolog\u00edas al servicio de la Viticultura &#8211; ecofisiolog\u00eda vit\u00edcola: respuestas a [&hellip;]\" \/>\n<meta property=\"og:url\" content=\"https:\/\/agenda.poscosecha.com\/en\/eventos\/jornadas-del-grupo-de-viticultura-de-la-sech\/\" \/>\n<meta property=\"og:site_name\" content=\"AGENDA\" \/>\n<meta property=\"article:publisher\" content=\"https:\/\/www.facebook.com\/Poscosecha.Postharvest\/\" \/>\n<meta property=\"og:image\" content=\"https:\/\/agenda.poscosecha.com\/wp-content\/uploads\/2023\/04\/Viticultura-SECH-copia-sBxm3Y.tmp_.jpg\" \/>\n\t<meta property=\"og:image:width\" content=\"1280\" \/>\n\t<meta property=\"og:image:height\" content=\"720\" \/>\n\t<meta property=\"og:image:type\" content=\"image\/jpeg\" \/>\n<meta name=\"twitter:card\" content=\"summary_large_image\" \/>\n<meta name=\"twitter:site\" content=\"@poscosecha\" \/>\n<meta name=\"twitter:label1\" content=\"Estimated reading time\" \/>\n\t<meta name=\"twitter:data1\" content=\"1 minute\" \/>\n<script type=\"application\/ld+json\" class=\"yoast-schema-graph\">{\"@context\":\"https:\\\/\\\/schema.org\",\"@graph\":[{\"@type\":\"WebPage\",\"@id\":\"https:\\\/\\\/agenda.poscosecha.com\\\/eventos\\\/jornadas-del-grupo-de-viticultura-de-la-sech\\\/\",\"url\":\"https:\\\/\\\/agenda.poscosecha.com\\\/eventos\\\/jornadas-del-grupo-de-viticultura-de-la-sech\\\/\",\"name\":\"Jornadas del Grupo de Viticultura de la SECH - AGENDA\",\"isPartOf\":{\"@id\":\"https:\\\/\\\/agenda.poscosecha.com\\\/#website\"},\"primaryImageOfPage\":{\"@id\":\"https:\\\/\\\/agenda.poscosecha.com\\\/eventos\\\/jornadas-del-grupo-de-viticultura-de-la-sech\\\/#primaryimage\"},\"image\":{\"@id\":\"https:\\\/\\\/agenda.poscosecha.com\\\/eventos\\\/jornadas-del-grupo-de-viticultura-de-la-sech\\\/#primaryimage\"},\"thumbnailUrl\":\"https:\\\/\\\/agenda.poscosecha.com\\\/wp-content\\\/uploads\\\/2023\\\/04\\\/Viticultura-SECH-copia-sBxm3Y.tmp_.jpg\",\"datePublished\":\"2023-05-01T09:50:04+00:00\",\"breadcrumb\":{\"@id\":\"https:\\\/\\\/agenda.poscosecha.com\\\/eventos\\\/jornadas-del-grupo-de-viticultura-de-la-sech\\\/#breadcrumb\"},\"inLanguage\":\"en-GB\",\"potentialAction\":[{\"@type\":\"ReadAction\",\"target\":[\"https:\\\/\\\/agenda.poscosecha.com\\\/eventos\\\/jornadas-del-grupo-de-viticultura-de-la-sech\\\/\"]}]},{\"@type\":\"ImageObject\",\"inLanguage\":\"en-GB\",\"@id\":\"https:\\\/\\\/agenda.poscosecha.com\\\/eventos\\\/jornadas-del-grupo-de-viticultura-de-la-sech\\\/#primaryimage\",\"url\":\"https:\\\/\\\/agenda.poscosecha.com\\\/wp-content\\\/uploads\\\/2023\\\/04\\\/Viticultura-SECH-copia-sBxm3Y.tmp_.jpg\",\"contentUrl\":\"https:\\\/\\\/agenda.poscosecha.com\\\/wp-content\\\/uploads\\\/2023\\\/04\\\/Viticultura-SECH-copia-sBxm3Y.tmp_.jpg\",\"width\":1280,\"height\":720},{\"@type\":\"BreadcrumbList\",\"@id\":\"https:\\\/\\\/agenda.poscosecha.com\\\/eventos\\\/jornadas-del-grupo-de-viticultura-de-la-sech\\\/#breadcrumb\",\"itemListElement\":[{\"@type\":\"ListItem\",\"position\":1,\"name\":\"Portada\",\"item\":\"https:\\\/\\\/agenda.poscosecha.com\\\/\"},{\"@type\":\"ListItem\",\"position\":2,\"name\":\"Eventos\",\"item\":\"https:\\\/\\\/agenda.poscosecha.com\\\/eventos\\\/\"},{\"@type\":\"ListItem\",\"position\":3,\"name\":\"Jornadas del Grupo de Viticultura de la SECH\"}]},{\"@type\":\"WebSite\",\"@id\":\"https:\\\/\\\/agenda.poscosecha.com\\\/#website\",\"url\":\"https:\\\/\\\/agenda.poscosecha.com\\\/\",\"name\":\"Agenda de Eventos\",\"description\":\"Conectando comunidades poscosecha globales\",\"publisher\":{\"@id\":\"https:\\\/\\\/agenda.poscosecha.com\\\/#organization\"},\"potentialAction\":[{\"@type\":\"SearchAction\",\"target\":{\"@type\":\"EntryPoint\",\"urlTemplate\":\"https:\\\/\\\/agenda.poscosecha.com\\\/?s={search_term_string}\"},\"query-input\":{\"@type\":\"PropertyValueSpecification\",\"valueRequired\":true,\"valueName\":\"search_term_string\"}}],\"inLanguage\":\"en-GB\"},{\"@type\":\"Organization\",\"@id\":\"https:\\\/\\\/agenda.poscosecha.com\\\/#organization\",\"name\":\"Agenda de Eventos\",\"url\":\"https:\\\/\\\/agenda.poscosecha.com\\\/\",\"logo\":{\"@type\":\"ImageObject\",\"inLanguage\":\"en-GB\",\"@id\":\"https:\\\/\\\/agenda.poscosecha.com\\\/#\\\/schema\\\/logo\\\/image\\\/\",\"url\":\"https:\\\/\\\/agenda.poscosecha.com\\\/wp-content\\\/uploads\\\/2023\\\/06\\\/cropped-Agenda-logo-vs-1.png\",\"contentUrl\":\"https:\\\/\\\/agenda.poscosecha.com\\\/wp-content\\\/uploads\\\/2023\\\/06\\\/cropped-Agenda-logo-vs-1.png\",\"width\":512,\"height\":512,\"caption\":\"Agenda de Eventos\"},\"image\":{\"@id\":\"https:\\\/\\\/agenda.poscosecha.com\\\/#\\\/schema\\\/logo\\\/image\\\/\"},\"sameAs\":[\"https:\\\/\\\/www.facebook.com\\\/Poscosecha.Postharvest\\\/\",\"https:\\\/\\\/x.com\\\/poscosecha\",\"https:\\\/\\\/www.linkedin.com\\\/company\\\/poscosecha.com\\\/\"]}]}<\/script>\n<!-- \/ Yoast SEO plugin. -->","yoast_head_json":{"title":"Jornadas del Grupo de Viticultura de la SECH - AGENDA","robots":{"index":"index","follow":"follow","max-snippet":"max-snippet:-1","max-image-preview":"max-image-preview:large","max-video-preview":"max-video-preview:-1"},"canonical":"https:\/\/agenda.poscosecha.com\/en\/eventos\/jornadas-del-grupo-de-viticultura-de-la-sech\/","og_locale":"en_GB","og_type":"article","og_title":"Jornadas del Grupo de Viticultura de la SECH - AGENDA","og_description":"El programa cient\u00edfico abarcar\u00e1 las novedades e innovaciones relacionadas con las tendencias actuales en materia de la producci\u00f3n vit\u00edcola y se organizar\u00e1 en sesiones tem\u00e1ticas\u00a0entre las que podemos destacar: &#8211; caracterizaci\u00f3n agron\u00f3mica, gen\u00e9tica y molecular del material vegetal &#8211; manejo del vi\u00f1edo y nuevas tecnolog\u00edas al servicio de la Viticultura &#8211; ecofisiolog\u00eda vit\u00edcola: respuestas a [&hellip;]","og_url":"https:\/\/agenda.poscosecha.com\/en\/eventos\/jornadas-del-grupo-de-viticultura-de-la-sech\/","og_site_name":"AGENDA","article_publisher":"https:\/\/www.facebook.com\/Poscosecha.Postharvest\/","og_image":[{"width":1280,"height":720,"url":"https:\/\/agenda.poscosecha.com\/wp-content\/uploads\/2023\/04\/Viticultura-SECH-copia-sBxm3Y.tmp_.jpg","type":"image\/jpeg"}],"twitter_card":"summary_large_image","twitter_site":"@poscosecha","twitter_misc":{"Estimated reading time":"1 minute"},"schema":{"@context":"https:\/\/schema.org","@graph":[{"@type":"WebPage","@id":"https:\/\/agenda.poscosecha.com\/eventos\/jornadas-del-grupo-de-viticultura-de-la-sech\/","url":"https:\/\/agenda.poscosecha.com\/eventos\/jornadas-del-grupo-de-viticultura-de-la-sech\/","name":"Jornadas del Grupo de Viticultura de la SECH - AGENDA","isPartOf":{"@id":"https:\/\/agenda.poscosecha.com\/#website"},"primaryImageOfPage":{"@id":"https:\/\/agenda.poscosecha.com\/eventos\/jornadas-del-grupo-de-viticultura-de-la-sech\/#primaryimage"},"image":{"@id":"https:\/\/agenda.poscosecha.com\/eventos\/jornadas-del-grupo-de-viticultura-de-la-sech\/#primaryimage"},"thumbnailUrl":"https:\/\/agenda.poscosecha.com\/wp-content\/uploads\/2023\/04\/Viticultura-SECH-copia-sBxm3Y.tmp_.jpg","datePublished":"2023-05-01T09:50:04+00:00","breadcrumb":{"@id":"https:\/\/agenda.poscosecha.com\/eventos\/jornadas-del-grupo-de-viticultura-de-la-sech\/#breadcrumb"},"inLanguage":"en-GB","potentialAction":[{"@type":"ReadAction","target":["https:\/\/agenda.poscosecha.com\/eventos\/jornadas-del-grupo-de-viticultura-de-la-sech\/"]}]},{"@type":"ImageObject","inLanguage":"en-GB","@id":"https:\/\/agenda.poscosecha.com\/eventos\/jornadas-del-grupo-de-viticultura-de-la-sech\/#primaryimage","url":"https:\/\/agenda.poscosecha.com\/wp-content\/uploads\/2023\/04\/Viticultura-SECH-copia-sBxm3Y.tmp_.jpg","contentUrl":"https:\/\/agenda.poscosecha.com\/wp-content\/uploads\/2023\/04\/Viticultura-SECH-copia-sBxm3Y.tmp_.jpg","width":1280,"height":720},{"@type":"BreadcrumbList","@id":"https:\/\/agenda.poscosecha.com\/eventos\/jornadas-del-grupo-de-viticultura-de-la-sech\/#breadcrumb","itemListElement":[{"@type":"ListItem","position":1,"name":"Portada","item":"https:\/\/agenda.poscosecha.com\/"},{"@type":"ListItem","position":2,"name":"Eventos","item":"https:\/\/agenda.poscosecha.com\/eventos\/"},{"@type":"ListItem","position":3,"name":"Jornadas del Grupo de Viticultura de la SECH"}]},{"@type":"WebSite","@id":"https:\/\/agenda.poscosecha.com\/#website","url":"https:\/\/agenda.poscosecha.com\/","name":"Agenda de Eventos","description":"Conectando comunidades poscosecha globales","publisher":{"@id":"https:\/\/agenda.poscosecha.com\/#organization"},"potentialAction":[{"@type":"SearchAction","target":{"@type":"EntryPoint","urlTemplate":"https:\/\/agenda.poscosecha.com\/?s={search_term_string}"},"query-input":{"@type":"PropertyValueSpecification","valueRequired":true,"valueName":"search_term_string"}}],"inLanguage":"en-GB"},{"@type":"Organization","@id":"https:\/\/agenda.poscosecha.com\/#organization","name":"Agenda de Eventos","url":"https:\/\/agenda.poscosecha.com\/","logo":{"@type":"ImageObject","inLanguage":"en-GB","@id":"https:\/\/agenda.poscosecha.com\/#\/schema\/logo\/image\/","url":"https:\/\/agenda.poscosecha.com\/wp-content\/uploads\/2023\/06\/cropped-Agenda-logo-vs-1.png","contentUrl":"https:\/\/agenda.poscosecha.com\/wp-content\/uploads\/2023\/06\/cropped-Agenda-logo-vs-1.png","width":512,"height":512,"caption":"Agenda de Eventos"},"image":{"@id":"https:\/\/agenda.poscosecha.com\/#\/schema\/logo\/image\/"},"sameAs":["https:\/\/www.facebook.com\/Poscosecha.Postharvest\/","https:\/\/x.com\/poscosecha","https:\/\/www.linkedin.com\/company\/poscosecha.com\/"]}]}},"_links":{"self":[{"href":"https:\/\/agenda.poscosecha.com\/en\/wp-json\/wp\/v2\/mec-events\/2948","targetHints":{"allow":["GET"]}}],"collection":[{"href":"https:\/\/agenda.poscosecha.com\/en\/wp-json\/wp\/v2\/mec-events"}],"about":[{"href":"https:\/\/agenda.poscosecha.com\/en\/wp-json\/wp\/v2\/types\/mec-events"}],"author":[{"embeddable":true,"href":"https:\/\/agenda.poscosecha.com\/en\/wp-json\/wp\/v2\/users\/1"}],"wp:featuredmedia":[{"embeddable":true,"href":"https:\/\/agenda.poscosecha.com\/en\/wp-json\/wp\/v2\/media\/1491"}],"wp:attachment":[{"href":"https:\/\/agenda.poscosecha.com\/en\/wp-json\/wp\/v2\/media?parent=2948"}],"wp:term":[{"taxonomy":"post_tag","embeddable":true,"href":"https:\/\/agenda.poscosecha.com\/en\/wp-json\/wp\/v2\/tags?post=2948"},{"taxonomy":"mec_category","embeddable":true,"href":"https:\/\/agenda.poscosecha.com\/en\/wp-json\/wp\/v2\/mec_category?post=2948"}],"curies":[{"name":"wp","href":"https:\/\/api.w.org\/{rel}","templated":true}]}}