{"id":2945,"date":"2023-05-01T09:50:01","date_gmt":"2023-05-01T09:50:01","guid":{"rendered":"https:\/\/agenda.poscosecha.com\/events\/xx-congreso-de-la-sociedad-espanola-de-fitopatologia-sef\/"},"modified":"2023-05-01T09:50:01","modified_gmt":"2023-05-01T09:50:01","slug":"xx-congreso-de-la-sociedad-espanola-de-fitopatologia-sef","status":"publish","type":"mec-events","link":"https:\/\/agenda.poscosecha.com\/en\/eventos\/xx-congreso-de-la-sociedad-espanola-de-fitopatologia-sef\/","title":{"rendered":"XX Congreso de la Sociedad Espa\u00f1ola de Fitopatolog\u00eda, SEF"},"content":{"rendered":"<p>El Congreso se estructurar\u00e1 en sesiones que abarcar\u00e1n los \u00e1mbitos fundamentales de la Fitopatolog\u00eda (Control, Resistencia a enfermedades, Manejo integrado, Detecci\u00f3n y diagn\u00f3stico, Epidemiolog\u00eda, Interacci\u00f3n planta-pat\u00f3geno, Manejo de enfermedades en la era gen\u00f3mica, Enfermedades emergentes, etc.) desde un punto de vista multidisciplinar, incluyendo abordajes agron\u00f3micos, moleculares, celulares y bioqu\u00edmicos, entre otros.<br \/>\nAdem\u00e1s de a nuestros expertos nacionales, invitaremos a ponentes de reconocido prestigio internacional en las tem\u00e1ticas m\u00e1s actuales y daremos cabida a que nuestros j\u00f3venes fitopat\u00f3logos tengan la oportunidad de presentar sus principales progresos en las m\u00e1s de 70 comunicaciones orales que vamos a programar o entre los m\u00e1s de 200 posters que pondremos a su disposici\u00f3n. Como es costumbre, queremos premiar el esfuerzo y dedicaci\u00f3n a estas presentaciones con los habituales premios a la mejor comunicaci\u00f3n, al mejor p\u00f3ster y a la mejor fotograf\u00eda cient\u00edfica y con el objeto de incentivar la divulgaci\u00f3n de la Fitopatolog\u00eda, convocaremos por segunda vez el premio de relatos cortos en Fitopatolog\u00eda (Fito-Relatos).<\/p>\n<p>La ciudad de Valencia es una ciudad acogedora, luminosa y afable, en la que es posible degustar algo m\u00e1s que una paella y que alberga uno de los cascos hist\u00f3ricos m\u00e1s grandes de Europa en el que se pueden percibir las confluencias de las diferentes culturas que la han habitado. La sede del Congreso reside en el marco incomparable de la Universitat Polit\u00e8cnica de Val\u00e8ncia, moderna, innovadora y uno de los principales destinos de los estudiantes erasmus europeos.<\/p>","protected":false},"excerpt":{"rendered":"<p>El Congreso se estructurar\u00e1 en sesiones que abarcar\u00e1n los \u00e1mbitos fundamentales de la Fitopatolog\u00eda (Control, Resistencia a enfermedades, Manejo integrado, Detecci\u00f3n y diagn\u00f3stico, Epidemiolog\u00eda, Interacci\u00f3n planta-pat\u00f3geno, Manejo de enfermedades en la era gen\u00f3mica, Enfermedades emergentes, etc.) desde un punto de vista multidisciplinar, incluyendo abordajes agron\u00f3micos, moleculares, celulares y bioqu\u00edmicos, entre otros. Adem\u00e1s de a nuestros [&hellip;]<\/p>\n","protected":false},"author":1,"featured_media":1550,"template":"","tags":[],"mec_category":[20,18],"class_list":["post-2945","mec-events","type-mec-events","status-publish","has-post-thumbnail","hentry","mec_category-congresos-forums-jornadas","mec_category-formacion-cursos"],"yoast_head":"<!-- This site is optimized with the Yoast SEO plugin v27.5 - https:\/\/yoast.com\/product\/yoast-seo-wordpress\/ -->\n<title>XX Congreso de la Sociedad Espa\u00f1ola de Fitopatolog\u00eda, SEF - AGENDA<\/title>\n<meta name=\"robots\" content=\"index, follow, max-snippet:-1, max-image-preview:large, max-video-preview:-1\" \/>\n<link rel=\"canonical\" href=\"https:\/\/agenda.poscosecha.com\/en\/eventos\/xx-congreso-de-la-sociedad-espanola-de-fitopatologia-sef\/\" \/>\n<meta property=\"og:locale\" content=\"en_GB\" \/>\n<meta property=\"og:type\" content=\"article\" \/>\n<meta property=\"og:title\" content=\"XX Congreso de la Sociedad Espa\u00f1ola de Fitopatolog\u00eda, SEF - AGENDA\" \/>\n<meta property=\"og:description\" content=\"El Congreso se estructurar\u00e1 en sesiones que abarcar\u00e1n los \u00e1mbitos fundamentales de la Fitopatolog\u00eda (Control, Resistencia a enfermedades, Manejo integrado, Detecci\u00f3n y diagn\u00f3stico, Epidemiolog\u00eda, Interacci\u00f3n planta-pat\u00f3geno, Manejo de enfermedades en la era gen\u00f3mica, Enfermedades emergentes, etc.) desde un punto de vista multidisciplinar, incluyendo abordajes agron\u00f3micos, moleculares, celulares y bioqu\u00edmicos, entre otros. Adem\u00e1s de a nuestros [&hellip;]\" \/>\n<meta property=\"og:url\" content=\"https:\/\/agenda.poscosecha.com\/en\/eventos\/xx-congreso-de-la-sociedad-espanola-de-fitopatologia-sef\/\" \/>\n<meta property=\"og:site_name\" content=\"AGENDA\" \/>\n<meta property=\"article:publisher\" content=\"https:\/\/www.facebook.com\/Poscosecha.Postharvest\/\" \/>\n<meta property=\"og:image\" content=\"https:\/\/agenda.poscosecha.com\/wp-content\/uploads\/2023\/04\/UPV-campus-upv-civat-2-TyfMcU.tmp_.jpg\" \/>\n\t<meta property=\"og:image:width\" content=\"438\" \/>\n\t<meta property=\"og:image:height\" content=\"246\" \/>\n\t<meta property=\"og:image:type\" content=\"image\/jpeg\" \/>\n<meta name=\"twitter:card\" content=\"summary_large_image\" \/>\n<meta name=\"twitter:site\" content=\"@poscosecha\" \/>\n<meta name=\"twitter:label1\" content=\"Estimated reading time\" \/>\n\t<meta name=\"twitter:data1\" content=\"1 minute\" \/>\n<script type=\"application\/ld+json\" class=\"yoast-schema-graph\">{\"@context\":\"https:\\\/\\\/schema.org\",\"@graph\":[{\"@type\":\"WebPage\",\"@id\":\"https:\\\/\\\/agenda.poscosecha.com\\\/eventos\\\/xx-congreso-de-la-sociedad-espanola-de-fitopatologia-sef\\\/\",\"url\":\"https:\\\/\\\/agenda.poscosecha.com\\\/eventos\\\/xx-congreso-de-la-sociedad-espanola-de-fitopatologia-sef\\\/\",\"name\":\"XX Congreso de la Sociedad Espa\u00f1ola de Fitopatolog\u00eda, SEF - AGENDA\",\"isPartOf\":{\"@id\":\"https:\\\/\\\/agenda.poscosecha.com\\\/#website\"},\"primaryImageOfPage\":{\"@id\":\"https:\\\/\\\/agenda.poscosecha.com\\\/eventos\\\/xx-congreso-de-la-sociedad-espanola-de-fitopatologia-sef\\\/#primaryimage\"},\"image\":{\"@id\":\"https:\\\/\\\/agenda.poscosecha.com\\\/eventos\\\/xx-congreso-de-la-sociedad-espanola-de-fitopatologia-sef\\\/#primaryimage\"},\"thumbnailUrl\":\"https:\\\/\\\/agenda.poscosecha.com\\\/wp-content\\\/uploads\\\/2023\\\/04\\\/UPV-campus-upv-civat-2-TyfMcU.tmp_.jpg\",\"datePublished\":\"2023-05-01T09:50:01+00:00\",\"breadcrumb\":{\"@id\":\"https:\\\/\\\/agenda.poscosecha.com\\\/eventos\\\/xx-congreso-de-la-sociedad-espanola-de-fitopatologia-sef\\\/#breadcrumb\"},\"inLanguage\":\"en-GB\",\"potentialAction\":[{\"@type\":\"ReadAction\",\"target\":[\"https:\\\/\\\/agenda.poscosecha.com\\\/eventos\\\/xx-congreso-de-la-sociedad-espanola-de-fitopatologia-sef\\\/\"]}]},{\"@type\":\"ImageObject\",\"inLanguage\":\"en-GB\",\"@id\":\"https:\\\/\\\/agenda.poscosecha.com\\\/eventos\\\/xx-congreso-de-la-sociedad-espanola-de-fitopatologia-sef\\\/#primaryimage\",\"url\":\"https:\\\/\\\/agenda.poscosecha.com\\\/wp-content\\\/uploads\\\/2023\\\/04\\\/UPV-campus-upv-civat-2-TyfMcU.tmp_.jpg\",\"contentUrl\":\"https:\\\/\\\/agenda.poscosecha.com\\\/wp-content\\\/uploads\\\/2023\\\/04\\\/UPV-campus-upv-civat-2-TyfMcU.tmp_.jpg\",\"width\":438,\"height\":246},{\"@type\":\"BreadcrumbList\",\"@id\":\"https:\\\/\\\/agenda.poscosecha.com\\\/eventos\\\/xx-congreso-de-la-sociedad-espanola-de-fitopatologia-sef\\\/#breadcrumb\",\"itemListElement\":[{\"@type\":\"ListItem\",\"position\":1,\"name\":\"Portada\",\"item\":\"https:\\\/\\\/agenda.poscosecha.com\\\/\"},{\"@type\":\"ListItem\",\"position\":2,\"name\":\"Eventos\",\"item\":\"https:\\\/\\\/agenda.poscosecha.com\\\/eventos\\\/\"},{\"@type\":\"ListItem\",\"position\":3,\"name\":\"XX Congreso de la Sociedad Espa\u00f1ola de Fitopatolog\u00eda, SEF\"}]},{\"@type\":\"WebSite\",\"@id\":\"https:\\\/\\\/agenda.poscosecha.com\\\/#website\",\"url\":\"https:\\\/\\\/agenda.poscosecha.com\\\/\",\"name\":\"Agenda de Eventos\",\"description\":\"Conectando comunidades poscosecha globales\",\"publisher\":{\"@id\":\"https:\\\/\\\/agenda.poscosecha.com\\\/#organization\"},\"potentialAction\":[{\"@type\":\"SearchAction\",\"target\":{\"@type\":\"EntryPoint\",\"urlTemplate\":\"https:\\\/\\\/agenda.poscosecha.com\\\/?s={search_term_string}\"},\"query-input\":{\"@type\":\"PropertyValueSpecification\",\"valueRequired\":true,\"valueName\":\"search_term_string\"}}],\"inLanguage\":\"en-GB\"},{\"@type\":\"Organization\",\"@id\":\"https:\\\/\\\/agenda.poscosecha.com\\\/#organization\",\"name\":\"Agenda de Eventos\",\"url\":\"https:\\\/\\\/agenda.poscosecha.com\\\/\",\"logo\":{\"@type\":\"ImageObject\",\"inLanguage\":\"en-GB\",\"@id\":\"https:\\\/\\\/agenda.poscosecha.com\\\/#\\\/schema\\\/logo\\\/image\\\/\",\"url\":\"https:\\\/\\\/agenda.poscosecha.com\\\/wp-content\\\/uploads\\\/2023\\\/06\\\/cropped-Agenda-logo-vs-1.png\",\"contentUrl\":\"https:\\\/\\\/agenda.poscosecha.com\\\/wp-content\\\/uploads\\\/2023\\\/06\\\/cropped-Agenda-logo-vs-1.png\",\"width\":512,\"height\":512,\"caption\":\"Agenda de Eventos\"},\"image\":{\"@id\":\"https:\\\/\\\/agenda.poscosecha.com\\\/#\\\/schema\\\/logo\\\/image\\\/\"},\"sameAs\":[\"https:\\\/\\\/www.facebook.com\\\/Poscosecha.Postharvest\\\/\",\"https:\\\/\\\/x.com\\\/poscosecha\",\"https:\\\/\\\/www.linkedin.com\\\/company\\\/poscosecha.com\\\/\"]}]}<\/script>\n<!-- \/ Yoast SEO plugin. -->","yoast_head_json":{"title":"XX Congreso de la Sociedad Espa\u00f1ola de Fitopatolog\u00eda, SEF - AGENDA","robots":{"index":"index","follow":"follow","max-snippet":"max-snippet:-1","max-image-preview":"max-image-preview:large","max-video-preview":"max-video-preview:-1"},"canonical":"https:\/\/agenda.poscosecha.com\/en\/eventos\/xx-congreso-de-la-sociedad-espanola-de-fitopatologia-sef\/","og_locale":"en_GB","og_type":"article","og_title":"XX Congreso de la Sociedad Espa\u00f1ola de Fitopatolog\u00eda, SEF - AGENDA","og_description":"El Congreso se estructurar\u00e1 en sesiones que abarcar\u00e1n los \u00e1mbitos fundamentales de la Fitopatolog\u00eda (Control, Resistencia a enfermedades, Manejo integrado, Detecci\u00f3n y diagn\u00f3stico, Epidemiolog\u00eda, Interacci\u00f3n planta-pat\u00f3geno, Manejo de enfermedades en la era gen\u00f3mica, Enfermedades emergentes, etc.) desde un punto de vista multidisciplinar, incluyendo abordajes agron\u00f3micos, moleculares, celulares y bioqu\u00edmicos, entre otros. Adem\u00e1s de a nuestros [&hellip;]","og_url":"https:\/\/agenda.poscosecha.com\/en\/eventos\/xx-congreso-de-la-sociedad-espanola-de-fitopatologia-sef\/","og_site_name":"AGENDA","article_publisher":"https:\/\/www.facebook.com\/Poscosecha.Postharvest\/","og_image":[{"width":438,"height":246,"url":"https:\/\/agenda.poscosecha.com\/wp-content\/uploads\/2023\/04\/UPV-campus-upv-civat-2-TyfMcU.tmp_.jpg","type":"image\/jpeg"}],"twitter_card":"summary_large_image","twitter_site":"@poscosecha","twitter_misc":{"Estimated reading time":"1 minute"},"schema":{"@context":"https:\/\/schema.org","@graph":[{"@type":"WebPage","@id":"https:\/\/agenda.poscosecha.com\/eventos\/xx-congreso-de-la-sociedad-espanola-de-fitopatologia-sef\/","url":"https:\/\/agenda.poscosecha.com\/eventos\/xx-congreso-de-la-sociedad-espanola-de-fitopatologia-sef\/","name":"XX Congreso de la Sociedad Espa\u00f1ola de Fitopatolog\u00eda, SEF - AGENDA","isPartOf":{"@id":"https:\/\/agenda.poscosecha.com\/#website"},"primaryImageOfPage":{"@id":"https:\/\/agenda.poscosecha.com\/eventos\/xx-congreso-de-la-sociedad-espanola-de-fitopatologia-sef\/#primaryimage"},"image":{"@id":"https:\/\/agenda.poscosecha.com\/eventos\/xx-congreso-de-la-sociedad-espanola-de-fitopatologia-sef\/#primaryimage"},"thumbnailUrl":"https:\/\/agenda.poscosecha.com\/wp-content\/uploads\/2023\/04\/UPV-campus-upv-civat-2-TyfMcU.tmp_.jpg","datePublished":"2023-05-01T09:50:01+00:00","breadcrumb":{"@id":"https:\/\/agenda.poscosecha.com\/eventos\/xx-congreso-de-la-sociedad-espanola-de-fitopatologia-sef\/#breadcrumb"},"inLanguage":"en-GB","potentialAction":[{"@type":"ReadAction","target":["https:\/\/agenda.poscosecha.com\/eventos\/xx-congreso-de-la-sociedad-espanola-de-fitopatologia-sef\/"]}]},{"@type":"ImageObject","inLanguage":"en-GB","@id":"https:\/\/agenda.poscosecha.com\/eventos\/xx-congreso-de-la-sociedad-espanola-de-fitopatologia-sef\/#primaryimage","url":"https:\/\/agenda.poscosecha.com\/wp-content\/uploads\/2023\/04\/UPV-campus-upv-civat-2-TyfMcU.tmp_.jpg","contentUrl":"https:\/\/agenda.poscosecha.com\/wp-content\/uploads\/2023\/04\/UPV-campus-upv-civat-2-TyfMcU.tmp_.jpg","width":438,"height":246},{"@type":"BreadcrumbList","@id":"https:\/\/agenda.poscosecha.com\/eventos\/xx-congreso-de-la-sociedad-espanola-de-fitopatologia-sef\/#breadcrumb","itemListElement":[{"@type":"ListItem","position":1,"name":"Portada","item":"https:\/\/agenda.poscosecha.com\/"},{"@type":"ListItem","position":2,"name":"Eventos","item":"https:\/\/agenda.poscosecha.com\/eventos\/"},{"@type":"ListItem","position":3,"name":"XX Congreso de la Sociedad Espa\u00f1ola de Fitopatolog\u00eda, SEF"}]},{"@type":"WebSite","@id":"https:\/\/agenda.poscosecha.com\/#website","url":"https:\/\/agenda.poscosecha.com\/","name":"Agenda de Eventos","description":"Conectando comunidades poscosecha globales","publisher":{"@id":"https:\/\/agenda.poscosecha.com\/#organization"},"potentialAction":[{"@type":"SearchAction","target":{"@type":"EntryPoint","urlTemplate":"https:\/\/agenda.poscosecha.com\/?s={search_term_string}"},"query-input":{"@type":"PropertyValueSpecification","valueRequired":true,"valueName":"search_term_string"}}],"inLanguage":"en-GB"},{"@type":"Organization","@id":"https:\/\/agenda.poscosecha.com\/#organization","name":"Agenda de Eventos","url":"https:\/\/agenda.poscosecha.com\/","logo":{"@type":"ImageObject","inLanguage":"en-GB","@id":"https:\/\/agenda.poscosecha.com\/#\/schema\/logo\/image\/","url":"https:\/\/agenda.poscosecha.com\/wp-content\/uploads\/2023\/06\/cropped-Agenda-logo-vs-1.png","contentUrl":"https:\/\/agenda.poscosecha.com\/wp-content\/uploads\/2023\/06\/cropped-Agenda-logo-vs-1.png","width":512,"height":512,"caption":"Agenda de Eventos"},"image":{"@id":"https:\/\/agenda.poscosecha.com\/#\/schema\/logo\/image\/"},"sameAs":["https:\/\/www.facebook.com\/Poscosecha.Postharvest\/","https:\/\/x.com\/poscosecha","https:\/\/www.linkedin.com\/company\/poscosecha.com\/"]}]}},"_links":{"self":[{"href":"https:\/\/agenda.poscosecha.com\/en\/wp-json\/wp\/v2\/mec-events\/2945","targetHints":{"allow":["GET"]}}],"collection":[{"href":"https:\/\/agenda.poscosecha.com\/en\/wp-json\/wp\/v2\/mec-events"}],"about":[{"href":"https:\/\/agenda.poscosecha.com\/en\/wp-json\/wp\/v2\/types\/mec-events"}],"author":[{"embeddable":true,"href":"https:\/\/agenda.poscosecha.com\/en\/wp-json\/wp\/v2\/users\/1"}],"wp:featuredmedia":[{"embeddable":true,"href":"https:\/\/agenda.poscosecha.com\/en\/wp-json\/wp\/v2\/media\/1550"}],"wp:attachment":[{"href":"https:\/\/agenda.poscosecha.com\/en\/wp-json\/wp\/v2\/media?parent=2945"}],"wp:term":[{"taxonomy":"post_tag","embeddable":true,"href":"https:\/\/agenda.poscosecha.com\/en\/wp-json\/wp\/v2\/tags?post=2945"},{"taxonomy":"mec_category","embeddable":true,"href":"https:\/\/agenda.poscosecha.com\/en\/wp-json\/wp\/v2\/mec_category?post=2945"}],"curies":[{"name":"wp","href":"https:\/\/api.w.org\/{rel}","templated":true}]}}