{"id":2912,"date":"2023-05-01T09:49:47","date_gmt":"2023-05-01T09:49:47","guid":{"rendered":"https:\/\/agenda.poscosecha.com\/events\/1o-jornada-poscosecha-de-citricos\/"},"modified":"2025-09-05T12:37:15","modified_gmt":"2025-09-05T10:37:15","slug":"poscosecha-de-citricos-ivia-jornada","status":"publish","type":"mec-events","link":"https:\/\/agenda.poscosecha.com\/en\/eventos\/poscosecha-de-citricos-ivia-jornada\/","title":{"rendered":"4\u00aa  Jornada Poscosecha de C\u00edtricos del IVIA, Val\u00e8ncia y el portal Poscosecha.com"},"content":{"rendered":"<h3>En Valencia, Caixabank Banca Privada &#8211; Antiguo Edificio Bancaja<\/h3>\n<h3>El Jueves 11 de Setiembre, de 15.30 a 19.00<\/h3>\n<h2><a href=\"https:\/\/www.poscosecha.com\/iv-jornada-poscosecha-de-citricos\" target=\"_blank\" rel=\"noopener\">PROGRAMA y PONENTES, AQU\u00cd en el portal Poscosecha.com<\/a><\/h2>\n<p><strong>La Comunidad Valenciana<\/strong> es la primera zona productora y exportadora de c\u00edtricos en Espa\u00f1a. En este contexto, resulta fundamental extender la vida comercial de estos productos en condiciones \u00f3ptimas de calidad as\u00ed como reducir las p\u00e9rdidas en las diferentes fases de la cadena de manipulaci\u00f3n, transporte y distribuci\u00f3n, y ampliar la \u00e9poca de comercializaci\u00f3n de cada variedad. Por ello, podemos afirmar que la poscosecha, culminaci\u00f3n de los esfuerzos realizados durante el cultivo, es una etapa clave en la cadena de valor de la citricultura valenciana.<\/p>\n<div class=\"et_pb_module et_pb_text et_pb_text_0 et_pb_text_align_left et_pb_bg_layout_light\">\n<div class=\"et_pb_text_inner\">\n<p>Por ello, el\u00a0<a href=\"https:\/\/ivia.gva.es\/es\/\" target=\"_blank\" rel=\"noopener noreferrer\">Instituto Valenciano de Investigaciones Agrarias<\/a> (IVIA) y <a href=\"https:\/\/www.poscosecha.com\/\" target=\"_blank\" rel=\"noopener\">Poscosecha.com<\/a>\u00a0organizan la <a href=\"https:\/\/www.poscosecha.com\/iv-jornada-poscosecha-de-citricos\" target=\"_blank\" rel=\"noopener\">IV<strong>\u00a0Jornada Poscosecha de C\u00edtricos<\/strong><\/a>\u00a0que tendr\u00e1 lugar el\u00a0<strong>jueves 11 de septiembre, de 15:30 a 19:00 h.\u00a0<\/strong><\/p>\n<h3><a href=\"https:\/\/www.poscosecha.com\/iv-jornada-poscosecha-de-citricos\" target=\"_blank\" rel=\"noopener\">VER el PROGRAMA, AQU\u00cd<\/a><\/h3>\n<p>El\u00a0<strong>objetivo<\/strong>\u00a0de la Jornada es que sea\u00a0<strong>un punto de encuentro anual entre la comercializaci\u00f3n, la industria y la investigaci\u00f3n<\/strong>\u00a0y un foro de discusi\u00f3n entre los principales actores de la cadena de valor.<\/p>\n<p>Para ello se realizar\u00e1 un an\u00e1lisis comercial y t\u00e9cnico de la campa\u00f1a anterior y se presentar\u00e1n las previsiones y novedades comerciales en poscosecha para la pr\u00f3xima campa\u00f1a citr\u00edcola.<\/p>\n<p><em>P\u00f3ster de partners\u00a0 en 2024:<\/em><\/p>\n<p><img loading=\"lazy\" decoding=\"async\" class=\"aligncenter wp-image-5736\" src=\"https:\/\/agenda.poscosecha.com\/wp-content\/uploads\/2023\/05\/Jornada-Poscosecha-2024-OK.jpg\" alt=\"\" width=\"700\" height=\"436\" srcset=\"https:\/\/agenda.poscosecha.com\/wp-content\/uploads\/2023\/05\/Jornada-Poscosecha-2024-OK.jpg 700w, https:\/\/agenda.poscosecha.com\/wp-content\/uploads\/2023\/05\/Jornada-Poscosecha-2024-OK-480x299.jpg 480w\" sizes=\"(min-width: 0px) and (max-width: 480px) 480px, (min-width: 481px) 700px, 100vw\" \/><\/p>\n<\/div>\n<\/div>\n<p>Ver en YouTube III Jornada Poscosecha C\u00edtricos<\/p>\n<p><iframe loading=\"lazy\" title=\"III Jornada Poscosecha de C\u00edtricos\" width=\"1080\" height=\"608\" src=\"https:\/\/www.youtube.com\/embed\/sKhe5Uig9hc?feature=oembed&#038;enablejsapi=1&#038;origin=https:\/\/agenda.poscosecha.com\"  allow=\"accelerometer; autoplay; clipboard-write; encrypted-media; gyroscope; picture-in-picture; web-share\" referrerpolicy=\"strict-origin-when-cross-origin\" allowfullscreen><\/iframe><\/p>","protected":false},"excerpt":{"rendered":"<p>El\u00a0Instituto Valenciano de Investigaciones Agrarias\u00a0(IVIA) y\u00a0Poscosecha.com\u00a0organizan la\u00a0III Jornada Poscosecha de C\u00edtricos\u00a0<\/p>","protected":false},"author":1,"featured_media":6693,"template":"","tags":[],"mec_category":[20,26,23],"class_list":["post-2912","mec-events","type-mec-events","status-publish","has-post-thumbnail","hentry","mec_category-congresos-forums-jornadas","mec_category-interesantes","mec_category-on-line-webinars"],"yoast_head":"<!-- This site is optimized with the Yoast SEO plugin v27.4 - https:\/\/yoast.com\/product\/yoast-seo-wordpress\/ -->\n<title>4\u00aa Jornada Poscosecha de C\u00edtricos C.V-AGENDA Poscosecha<\/title>\n<meta name=\"description\" content=\"El\u00a0Instituto Valenciano de Investigaciones Agrarias, IVIA y\u00a0Poscosecha.com\u00a0organizan la\u00a0IV Jornada Poscosecha de C\u00edtricos\u00a0\" \/>\n<meta name=\"robots\" content=\"index, follow, max-snippet:-1, max-image-preview:large, max-video-preview:-1\" \/>\n<link rel=\"canonical\" href=\"https:\/\/agenda.poscosecha.com\/en\/eventos\/poscosecha-de-citricos-ivia-jornada\/\" \/>\n<meta property=\"og:locale\" content=\"en_GB\" \/>\n<meta property=\"og:type\" content=\"article\" \/>\n<meta property=\"og:title\" content=\"4\u00aa Jornada Poscosecha de C\u00edtricos C.V-AGENDA Poscosecha\" \/>\n<meta property=\"og:description\" content=\"El\u00a0Instituto Valenciano de Investigaciones Agrarias, IVIA y\u00a0Poscosecha.com\u00a0organizan la\u00a0IV Jornada Poscosecha de C\u00edtricos\u00a0\" \/>\n<meta property=\"og:url\" content=\"https:\/\/agenda.poscosecha.com\/en\/eventos\/poscosecha-de-citricos-ivia-jornada\/\" \/>\n<meta property=\"og:site_name\" content=\"AGENDA\" \/>\n<meta property=\"article:publisher\" content=\"https:\/\/www.facebook.com\/Poscosecha.Postharvest\/\" \/>\n<meta property=\"article:modified_time\" content=\"2025-09-05T10:37:15+00:00\" \/>\n<meta property=\"og:image\" content=\"https:\/\/agenda.poscosecha.com\/wp-content\/uploads\/2023\/05\/banners-JORNADA-POSCOSECHA-CITRICOS-2025-02-1-1.jpg\" \/>\n\t<meta property=\"og:image:width\" content=\"1200\" \/>\n\t<meta property=\"og:image:height\" content=\"675\" \/>\n\t<meta property=\"og:image:type\" content=\"image\/jpeg\" \/>\n<meta name=\"twitter:card\" content=\"summary_large_image\" \/>\n<meta name=\"twitter:site\" content=\"@poscosecha\" \/>\n<meta name=\"twitter:label1\" content=\"Estimated reading time\" \/>\n\t<meta name=\"twitter:data1\" content=\"2 minutes\" \/>\n<script type=\"application\/ld+json\" class=\"yoast-schema-graph\">{\"@context\":\"https:\\\/\\\/schema.org\",\"@graph\":[{\"@type\":\"WebPage\",\"@id\":\"https:\\\/\\\/agenda.poscosecha.com\\\/eventos\\\/poscosecha-de-citricos-ivia-jornada\\\/\",\"url\":\"https:\\\/\\\/agenda.poscosecha.com\\\/eventos\\\/poscosecha-de-citricos-ivia-jornada\\\/\",\"name\":\"4\u00aa Jornada Poscosecha de C\u00edtricos C.V-AGENDA Poscosecha\",\"isPartOf\":{\"@id\":\"https:\\\/\\\/agenda.poscosecha.com\\\/#website\"},\"primaryImageOfPage\":{\"@id\":\"https:\\\/\\\/agenda.poscosecha.com\\\/eventos\\\/poscosecha-de-citricos-ivia-jornada\\\/#primaryimage\"},\"image\":{\"@id\":\"https:\\\/\\\/agenda.poscosecha.com\\\/eventos\\\/poscosecha-de-citricos-ivia-jornada\\\/#primaryimage\"},\"thumbnailUrl\":\"https:\\\/\\\/agenda.poscosecha.com\\\/wp-content\\\/uploads\\\/2023\\\/05\\\/banners-JORNADA-POSCOSECHA-CITRICOS-2025-02-1-1.jpg\",\"datePublished\":\"2023-05-01T09:49:47+00:00\",\"dateModified\":\"2025-09-05T10:37:15+00:00\",\"description\":\"El\u00a0Instituto Valenciano de Investigaciones Agrarias, IVIA y\u00a0Poscosecha.com\u00a0organizan la\u00a0IV Jornada Poscosecha de C\u00edtricos\u00a0\",\"breadcrumb\":{\"@id\":\"https:\\\/\\\/agenda.poscosecha.com\\\/eventos\\\/poscosecha-de-citricos-ivia-jornada\\\/#breadcrumb\"},\"inLanguage\":\"en-GB\",\"potentialAction\":[{\"@type\":\"ReadAction\",\"target\":[\"https:\\\/\\\/agenda.poscosecha.com\\\/eventos\\\/poscosecha-de-citricos-ivia-jornada\\\/\"]}]},{\"@type\":\"ImageObject\",\"inLanguage\":\"en-GB\",\"@id\":\"https:\\\/\\\/agenda.poscosecha.com\\\/eventos\\\/poscosecha-de-citricos-ivia-jornada\\\/#primaryimage\",\"url\":\"https:\\\/\\\/agenda.poscosecha.com\\\/wp-content\\\/uploads\\\/2023\\\/05\\\/banners-JORNADA-POSCOSECHA-CITRICOS-2025-02-1-1.jpg\",\"contentUrl\":\"https:\\\/\\\/agenda.poscosecha.com\\\/wp-content\\\/uploads\\\/2023\\\/05\\\/banners-JORNADA-POSCOSECHA-CITRICOS-2025-02-1-1.jpg\",\"width\":1200,\"height\":675},{\"@type\":\"BreadcrumbList\",\"@id\":\"https:\\\/\\\/agenda.poscosecha.com\\\/eventos\\\/poscosecha-de-citricos-ivia-jornada\\\/#breadcrumb\",\"itemListElement\":[{\"@type\":\"ListItem\",\"position\":1,\"name\":\"Portada\",\"item\":\"https:\\\/\\\/agenda.poscosecha.com\\\/\"},{\"@type\":\"ListItem\",\"position\":2,\"name\":\"Eventos\",\"item\":\"https:\\\/\\\/agenda.poscosecha.com\\\/eventos\\\/\"},{\"@type\":\"ListItem\",\"position\":3,\"name\":\"4\u00aa Jornada Poscosecha de C\u00edtricos del IVIA, Val\u00e8ncia y el portal Poscosecha.com\"}]},{\"@type\":\"WebSite\",\"@id\":\"https:\\\/\\\/agenda.poscosecha.com\\\/#website\",\"url\":\"https:\\\/\\\/agenda.poscosecha.com\\\/\",\"name\":\"Agenda de Eventos\",\"description\":\"Conectando comunidades poscosecha globales\",\"publisher\":{\"@id\":\"https:\\\/\\\/agenda.poscosecha.com\\\/#organization\"},\"potentialAction\":[{\"@type\":\"SearchAction\",\"target\":{\"@type\":\"EntryPoint\",\"urlTemplate\":\"https:\\\/\\\/agenda.poscosecha.com\\\/?s={search_term_string}\"},\"query-input\":{\"@type\":\"PropertyValueSpecification\",\"valueRequired\":true,\"valueName\":\"search_term_string\"}}],\"inLanguage\":\"en-GB\"},{\"@type\":\"Organization\",\"@id\":\"https:\\\/\\\/agenda.poscosecha.com\\\/#organization\",\"name\":\"Agenda de Eventos\",\"url\":\"https:\\\/\\\/agenda.poscosecha.com\\\/\",\"logo\":{\"@type\":\"ImageObject\",\"inLanguage\":\"en-GB\",\"@id\":\"https:\\\/\\\/agenda.poscosecha.com\\\/#\\\/schema\\\/logo\\\/image\\\/\",\"url\":\"https:\\\/\\\/agenda.poscosecha.com\\\/wp-content\\\/uploads\\\/2023\\\/06\\\/cropped-Agenda-logo-vs-1.png\",\"contentUrl\":\"https:\\\/\\\/agenda.poscosecha.com\\\/wp-content\\\/uploads\\\/2023\\\/06\\\/cropped-Agenda-logo-vs-1.png\",\"width\":512,\"height\":512,\"caption\":\"Agenda de Eventos\"},\"image\":{\"@id\":\"https:\\\/\\\/agenda.poscosecha.com\\\/#\\\/schema\\\/logo\\\/image\\\/\"},\"sameAs\":[\"https:\\\/\\\/www.facebook.com\\\/Poscosecha.Postharvest\\\/\",\"https:\\\/\\\/x.com\\\/poscosecha\",\"https:\\\/\\\/www.linkedin.com\\\/company\\\/poscosecha.com\\\/\"]}]}<\/script>\n<!-- \/ Yoast SEO plugin. -->","yoast_head_json":{"title":"4\u00aa Jornada Poscosecha de C\u00edtricos C.V-AGENDA Poscosecha","description":"El\u00a0Instituto Valenciano de Investigaciones Agrarias, IVIA y\u00a0Poscosecha.com\u00a0organizan la\u00a0IV Jornada Poscosecha de C\u00edtricos\u00a0","robots":{"index":"index","follow":"follow","max-snippet":"max-snippet:-1","max-image-preview":"max-image-preview:large","max-video-preview":"max-video-preview:-1"},"canonical":"https:\/\/agenda.poscosecha.com\/en\/eventos\/poscosecha-de-citricos-ivia-jornada\/","og_locale":"en_GB","og_type":"article","og_title":"4\u00aa Jornada Poscosecha de C\u00edtricos C.V-AGENDA Poscosecha","og_description":"El\u00a0Instituto Valenciano de Investigaciones Agrarias, IVIA y\u00a0Poscosecha.com\u00a0organizan la\u00a0IV Jornada Poscosecha de C\u00edtricos\u00a0","og_url":"https:\/\/agenda.poscosecha.com\/en\/eventos\/poscosecha-de-citricos-ivia-jornada\/","og_site_name":"AGENDA","article_publisher":"https:\/\/www.facebook.com\/Poscosecha.Postharvest\/","article_modified_time":"2025-09-05T10:37:15+00:00","og_image":[{"width":1200,"height":675,"url":"https:\/\/agenda.poscosecha.com\/wp-content\/uploads\/2023\/05\/banners-JORNADA-POSCOSECHA-CITRICOS-2025-02-1-1.jpg","type":"image\/jpeg"}],"twitter_card":"summary_large_image","twitter_site":"@poscosecha","twitter_misc":{"Estimated reading time":"2 minutes"},"schema":{"@context":"https:\/\/schema.org","@graph":[{"@type":"WebPage","@id":"https:\/\/agenda.poscosecha.com\/eventos\/poscosecha-de-citricos-ivia-jornada\/","url":"https:\/\/agenda.poscosecha.com\/eventos\/poscosecha-de-citricos-ivia-jornada\/","name":"4\u00aa Jornada Poscosecha de C\u00edtricos C.V-AGENDA Poscosecha","isPartOf":{"@id":"https:\/\/agenda.poscosecha.com\/#website"},"primaryImageOfPage":{"@id":"https:\/\/agenda.poscosecha.com\/eventos\/poscosecha-de-citricos-ivia-jornada\/#primaryimage"},"image":{"@id":"https:\/\/agenda.poscosecha.com\/eventos\/poscosecha-de-citricos-ivia-jornada\/#primaryimage"},"thumbnailUrl":"https:\/\/agenda.poscosecha.com\/wp-content\/uploads\/2023\/05\/banners-JORNADA-POSCOSECHA-CITRICOS-2025-02-1-1.jpg","datePublished":"2023-05-01T09:49:47+00:00","dateModified":"2025-09-05T10:37:15+00:00","description":"El\u00a0Instituto Valenciano de Investigaciones Agrarias, IVIA y\u00a0Poscosecha.com\u00a0organizan la\u00a0IV Jornada Poscosecha de C\u00edtricos\u00a0","breadcrumb":{"@id":"https:\/\/agenda.poscosecha.com\/eventos\/poscosecha-de-citricos-ivia-jornada\/#breadcrumb"},"inLanguage":"en-GB","potentialAction":[{"@type":"ReadAction","target":["https:\/\/agenda.poscosecha.com\/eventos\/poscosecha-de-citricos-ivia-jornada\/"]}]},{"@type":"ImageObject","inLanguage":"en-GB","@id":"https:\/\/agenda.poscosecha.com\/eventos\/poscosecha-de-citricos-ivia-jornada\/#primaryimage","url":"https:\/\/agenda.poscosecha.com\/wp-content\/uploads\/2023\/05\/banners-JORNADA-POSCOSECHA-CITRICOS-2025-02-1-1.jpg","contentUrl":"https:\/\/agenda.poscosecha.com\/wp-content\/uploads\/2023\/05\/banners-JORNADA-POSCOSECHA-CITRICOS-2025-02-1-1.jpg","width":1200,"height":675},{"@type":"BreadcrumbList","@id":"https:\/\/agenda.poscosecha.com\/eventos\/poscosecha-de-citricos-ivia-jornada\/#breadcrumb","itemListElement":[{"@type":"ListItem","position":1,"name":"Portada","item":"https:\/\/agenda.poscosecha.com\/"},{"@type":"ListItem","position":2,"name":"Eventos","item":"https:\/\/agenda.poscosecha.com\/eventos\/"},{"@type":"ListItem","position":3,"name":"4\u00aa Jornada Poscosecha de C\u00edtricos del IVIA, Val\u00e8ncia y el portal Poscosecha.com"}]},{"@type":"WebSite","@id":"https:\/\/agenda.poscosecha.com\/#website","url":"https:\/\/agenda.poscosecha.com\/","name":"Agenda de Eventos","description":"Conectando comunidades poscosecha globales","publisher":{"@id":"https:\/\/agenda.poscosecha.com\/#organization"},"potentialAction":[{"@type":"SearchAction","target":{"@type":"EntryPoint","urlTemplate":"https:\/\/agenda.poscosecha.com\/?s={search_term_string}"},"query-input":{"@type":"PropertyValueSpecification","valueRequired":true,"valueName":"search_term_string"}}],"inLanguage":"en-GB"},{"@type":"Organization","@id":"https:\/\/agenda.poscosecha.com\/#organization","name":"Agenda de Eventos","url":"https:\/\/agenda.poscosecha.com\/","logo":{"@type":"ImageObject","inLanguage":"en-GB","@id":"https:\/\/agenda.poscosecha.com\/#\/schema\/logo\/image\/","url":"https:\/\/agenda.poscosecha.com\/wp-content\/uploads\/2023\/06\/cropped-Agenda-logo-vs-1.png","contentUrl":"https:\/\/agenda.poscosecha.com\/wp-content\/uploads\/2023\/06\/cropped-Agenda-logo-vs-1.png","width":512,"height":512,"caption":"Agenda de Eventos"},"image":{"@id":"https:\/\/agenda.poscosecha.com\/#\/schema\/logo\/image\/"},"sameAs":["https:\/\/www.facebook.com\/Poscosecha.Postharvest\/","https:\/\/x.com\/poscosecha","https:\/\/www.linkedin.com\/company\/poscosecha.com\/"]}]}},"_links":{"self":[{"href":"https:\/\/agenda.poscosecha.com\/en\/wp-json\/wp\/v2\/mec-events\/2912","targetHints":{"allow":["GET"]}}],"collection":[{"href":"https:\/\/agenda.poscosecha.com\/en\/wp-json\/wp\/v2\/mec-events"}],"about":[{"href":"https:\/\/agenda.poscosecha.com\/en\/wp-json\/wp\/v2\/types\/mec-events"}],"author":[{"embeddable":true,"href":"https:\/\/agenda.poscosecha.com\/en\/wp-json\/wp\/v2\/users\/1"}],"wp:featuredmedia":[{"embeddable":true,"href":"https:\/\/agenda.poscosecha.com\/en\/wp-json\/wp\/v2\/media\/6693"}],"wp:attachment":[{"href":"https:\/\/agenda.poscosecha.com\/en\/wp-json\/wp\/v2\/media?parent=2912"}],"wp:term":[{"taxonomy":"post_tag","embeddable":true,"href":"https:\/\/agenda.poscosecha.com\/en\/wp-json\/wp\/v2\/tags?post=2912"},{"taxonomy":"mec_category","embeddable":true,"href":"https:\/\/agenda.poscosecha.com\/en\/wp-json\/wp\/v2\/mec_category?post=2912"}],"curies":[{"name":"wp","href":"https:\/\/api.w.org\/{rel}","templated":true}]}}