{"id":2907,"date":"2023-05-01T09:49:45","date_gmt":"2023-05-01T09:49:45","guid":{"rendered":"https:\/\/agenda.poscosecha.com\/events\/va-de-agro\/"},"modified":"2023-05-01T09:49:45","modified_gmt":"2023-05-01T09:49:45","slug":"va-de-agro","status":"publish","type":"mec-events","link":"https:\/\/agenda.poscosecha.com\/en\/eventos\/va-de-agro\/","title":{"rendered":"Va de Agro"},"content":{"rendered":"<h3 style=\"text-align: center\">Los grupos operativos AVIENERGY, MICOALGA-FEED, PROTEINLEG y TIRAC y coordinada por la Fundaci\u00f3n Empresa-Universidad Gallega, se celebrar\u00e1 el 8 de septiembre en Santiago de Compostela<\/h3>\n<h3 style=\"text-align: center\">El evento contar\u00e1 con un \u00e1rea expositiva con productos innovadores como harina para<br \/>\nalimentaci\u00f3n animal realizada a partir de gusanos o una alternativa al at\u00fan hecho a base de<br \/>\nleguminosas<\/h3>\n<p>&nbsp;<\/p>\n<p>La sede de<span style=\"color: #808080\"><strong> FEUGA<\/strong><\/span> se convertir\u00e1 en un<br \/>\npunto de encuentro de la innovaci\u00f3n en el sector agroalimentario. El pr\u00f3ximo jueves, 8 de<br \/>\nseptiembre, se celebrar\u00e1 \u201cVa de Agro. Co-innovando en el sector agroalimentario y forestal\u201d.<br \/>\nUn evento organizado por los grupos operativos AVIENERGY, MICOALGA-FEED,<br \/>\nPROTEINLEG y TIRAC, y coordinado por la Fundaci\u00f3n Empresa-Universidad Gallega que<br \/>\nreunir\u00e1 m\u00e1s de 30 proyectos regionales, nacionales y europeos.<br \/>\nLa cita estar\u00e1 centrada en la presentaci\u00f3n de avances y resultados, en un formato din\u00e1mico e<br \/>\ninteractivo, para fomentar la transferencia de resultados al sector y lograr poner en contacto a<br \/>\nlos diferentes actores del \u00e1mbito para explorar posibilidades de colaboraci\u00f3n conjuntas que<br \/>\nconduzcan a la mejora de la productividad y sostenibilidad agr\u00edcolas.<\/p>\n<p><span style=\"color: #808080\"><strong>At\u00fan de leguminosas y harina de gusanos<\/strong><\/span><br \/>\nEl evento contar\u00e1 con un bloque de ponencias, mesas redondas como espacios de co-<br \/>\ninnovaci\u00f3n y con un \u00e1rea expositiva donde se podr\u00e1 conocer en detalle los distintos proyectos<br \/>\nque participan en Va de Agro. En esta \u00e1rea de stands destacan, entre otros, la presencia del<br \/>\nproyecto piloto Bioproinsect, que busca soluciones pioneras en el sector de la alimentaci\u00f3n a<br \/>\nbase de insectos. Los asistentes podr\u00e1n ver una muestra de su granja y conocer los trabajos<br \/>\nque est\u00e1n realizando para obtener del gusano de la harina productos de alto valor a\u00f1adido para<br \/>\nalimentaci\u00f3n animal. Su gran contenido en prote\u00ednas y su bajo impacto medioambiental hacen<br \/>\nque el sector de la alimentaci\u00f3n apueste por este insecto para hacer frente a la creciente<br \/>\ndemanda de alimentos de alto valor nutritivo.<br \/>\nEn ese espacio se podr\u00e1n observar de primera mano los resultados del Grupo Operativo<br \/>\nProteinleg, que ha elaborado un sustituto de at\u00fan de origen vegetal\u00a0a base de especies<br \/>\nleguminosas. Este proyecto, que apuesta por las variedades tradicionales de leguminosas,<br \/>\ntiene como objetivo promover alternativas a las prote\u00ednas de origen animal y reducir la<br \/>\ndependencia de la ganader\u00eda respecto a la soja.<\/p>\n<p>Ponencias y espacios de co-innovaci\u00f3n<br \/>\nLas jornadas se abrir\u00e1n con un ciclo de ponencias que inaugurar\u00e1 la Policy Officer y directora<br \/>\ngeneral de Agricultura y Desarrollo Rural de la Comisi\u00f3n Europea, Inge Van Oost, que explicar\u00e1<br \/>\nlas claves de la estrategia europea de innovaci\u00f3n en agricultura. Tambi\u00e9n intervendr\u00e1nrepresentantes del Ministerio de Agricultura y de la Xunta de Galicia para abordar la<br \/>\nimportancia de la innovaci\u00f3n y la generaci\u00f3n de conocimiento en el presente y futuro del medio<br \/>\nrural, as\u00ed como los instrumentos e iniciativas p\u00fablicas para impulsar el medio rural en Galicia.<\/p>\n<p>Los temas centrales que se tratar\u00e1n en el bloque dedicado a espacios de co-innovaci\u00f3n ser\u00e1n<br \/>\nla reducci\u00f3n de antibi\u00f3ticos en ganader\u00eda; una alimentaci\u00f3n m\u00e1s sostenible; la revalorizaci\u00f3n de<br \/>\nsubproductos y residuos en agricultura y ganader\u00eda mediante el aprovechamiento energ\u00e9tico de<br \/>\nlas deyecciones o creando nuevos insumos agr\u00edcolas para la mejora de cultivos en ecol\u00f3gico; e<br \/>\ninnovaci\u00f3n para la conservaci\u00f3n de la biodiversidad.<\/p>\n<p>La jornada se completar\u00e1 con comida networking en el \u00e1rea expositiva y visitas demostrativas a<br \/>\nproyectos de innovaci\u00f3n. En concreto, a las instalaciones de Hifas da Terra para observar los<br \/>\navances t\u00e9cnicos de Micoalga-feed y Greencastanea; y a la Misi\u00f3n Biol\u00f3gica de Galicia (CSIC),<br \/>\ndonde se desarrollan parte de las actividades de los proyectos Proteinleg y Algaterra.<\/p>\n<p>Va de Agro se enmarca en las actividades de divulgaci\u00f3n de los proyectos de innovaci\u00f3n<br \/>\nAVIENERGY, MICOALGA-FEED, PROTEINLEG y TIRAC. Adem\u00e1s de dar visibilidad al trabajo<br \/>\nen estos cuatro grupos operativos, el objetivo es presentar, en un formato din\u00e1mico e<br \/>\ninteractivo, diferentes redes tem\u00e1ticas del sector, otros proyectos de innovaci\u00f3n y proyectos<br \/>\npiloto y multi-actor, que permitan no solo dar a conocer las iniciativas, sino tambi\u00e9n promover<br \/>\nnuevas ideas y actividades en el sector agroalimentario y forestal.<\/p>\n<p>Esta jornada cuenta con la financiaci\u00f3n del Ministerio de Agricultura, Pesca y Alimentaci\u00f3n, y la<br \/>\nparticipaci\u00f3n y colaboraci\u00f3n de la Red Rural Nacional y la Xunta de Galicia.<\/p>","protected":false},"excerpt":{"rendered":"<p>Los grupos operativos AVIENERGY, MICOALGA-FEED, PROTEINLEG y TIRAC y coordinada por la Fundaci\u00f3n Empresa-Universidad Gallega, se celebrar\u00e1 el 8 de septiembre en Santiago de Compostela El evento contar\u00e1 con un \u00e1rea expositiva con productos innovadores como harina para alimentaci\u00f3n animal realizada a partir de gusanos o una alternativa al at\u00fan hecho a base de leguminosas [&hellip;]<\/p>\n","protected":false},"author":1,"featured_media":1586,"template":"","tags":[],"mec_category":[20,26],"class_list":["post-2907","mec-events","type-mec-events","status-publish","has-post-thumbnail","hentry","mec_category-congresos-forums-jornadas","mec_category-interesantes"],"yoast_head":"<!-- This site is optimized with the Yoast SEO plugin v27.5 - https:\/\/yoast.com\/product\/yoast-seo-wordpress\/ -->\n<title>Va de Agro - AGENDA<\/title>\n<meta name=\"robots\" content=\"index, follow, max-snippet:-1, max-image-preview:large, max-video-preview:-1\" \/>\n<link rel=\"canonical\" href=\"https:\/\/agenda.poscosecha.com\/en\/eventos\/va-de-agro\/\" \/>\n<meta property=\"og:locale\" content=\"en_GB\" \/>\n<meta property=\"og:type\" content=\"article\" \/>\n<meta property=\"og:title\" content=\"Va de Agro - AGENDA\" \/>\n<meta property=\"og:description\" content=\"Los grupos operativos AVIENERGY, MICOALGA-FEED, PROTEINLEG y TIRAC y coordinada por la Fundaci\u00f3n Empresa-Universidad Gallega, se celebrar\u00e1 el 8 de septiembre en Santiago de Compostela El evento contar\u00e1 con un \u00e1rea expositiva con productos innovadores como harina para alimentaci\u00f3n animal realizada a partir de gusanos o una alternativa al at\u00fan hecho a base de leguminosas [&hellip;]\" \/>\n<meta property=\"og:url\" content=\"https:\/\/agenda.poscosecha.com\/en\/eventos\/va-de-agro\/\" \/>\n<meta property=\"og:site_name\" content=\"AGENDA\" \/>\n<meta property=\"article:publisher\" content=\"https:\/\/www.facebook.com\/Poscosecha.Postharvest\/\" \/>\n<meta property=\"og:image\" content=\"https:\/\/agenda.poscosecha.com\/wp-content\/uploads\/2023\/04\/Cartel-va-de-agro-2-JrrAQS.tmp_.png\" \/>\n\t<meta property=\"og:image:width\" content=\"1920\" \/>\n\t<meta property=\"og:image:height\" content=\"1080\" \/>\n\t<meta property=\"og:image:type\" content=\"image\/png\" \/>\n<meta name=\"twitter:card\" content=\"summary_large_image\" \/>\n<meta name=\"twitter:site\" content=\"@poscosecha\" \/>\n<meta name=\"twitter:label1\" content=\"Estimated reading time\" \/>\n\t<meta name=\"twitter:data1\" content=\"4 minutes\" \/>\n<script type=\"application\/ld+json\" class=\"yoast-schema-graph\">{\"@context\":\"https:\\\/\\\/schema.org\",\"@graph\":[{\"@type\":\"WebPage\",\"@id\":\"https:\\\/\\\/agenda.poscosecha.com\\\/eventos\\\/va-de-agro\\\/\",\"url\":\"https:\\\/\\\/agenda.poscosecha.com\\\/eventos\\\/va-de-agro\\\/\",\"name\":\"Va de Agro - AGENDA\",\"isPartOf\":{\"@id\":\"https:\\\/\\\/agenda.poscosecha.com\\\/#website\"},\"primaryImageOfPage\":{\"@id\":\"https:\\\/\\\/agenda.poscosecha.com\\\/eventos\\\/va-de-agro\\\/#primaryimage\"},\"image\":{\"@id\":\"https:\\\/\\\/agenda.poscosecha.com\\\/eventos\\\/va-de-agro\\\/#primaryimage\"},\"thumbnailUrl\":\"https:\\\/\\\/agenda.poscosecha.com\\\/wp-content\\\/uploads\\\/2023\\\/04\\\/Cartel-va-de-agro-2-JrrAQS.tmp_.png\",\"datePublished\":\"2023-05-01T09:49:45+00:00\",\"breadcrumb\":{\"@id\":\"https:\\\/\\\/agenda.poscosecha.com\\\/eventos\\\/va-de-agro\\\/#breadcrumb\"},\"inLanguage\":\"en-GB\",\"potentialAction\":[{\"@type\":\"ReadAction\",\"target\":[\"https:\\\/\\\/agenda.poscosecha.com\\\/eventos\\\/va-de-agro\\\/\"]}]},{\"@type\":\"ImageObject\",\"inLanguage\":\"en-GB\",\"@id\":\"https:\\\/\\\/agenda.poscosecha.com\\\/eventos\\\/va-de-agro\\\/#primaryimage\",\"url\":\"https:\\\/\\\/agenda.poscosecha.com\\\/wp-content\\\/uploads\\\/2023\\\/04\\\/Cartel-va-de-agro-2-JrrAQS.tmp_.png\",\"contentUrl\":\"https:\\\/\\\/agenda.poscosecha.com\\\/wp-content\\\/uploads\\\/2023\\\/04\\\/Cartel-va-de-agro-2-JrrAQS.tmp_.png\",\"width\":1920,\"height\":1080},{\"@type\":\"BreadcrumbList\",\"@id\":\"https:\\\/\\\/agenda.poscosecha.com\\\/eventos\\\/va-de-agro\\\/#breadcrumb\",\"itemListElement\":[{\"@type\":\"ListItem\",\"position\":1,\"name\":\"Portada\",\"item\":\"https:\\\/\\\/agenda.poscosecha.com\\\/\"},{\"@type\":\"ListItem\",\"position\":2,\"name\":\"Eventos\",\"item\":\"https:\\\/\\\/agenda.poscosecha.com\\\/eventos\\\/\"},{\"@type\":\"ListItem\",\"position\":3,\"name\":\"Va de Agro\"}]},{\"@type\":\"WebSite\",\"@id\":\"https:\\\/\\\/agenda.poscosecha.com\\\/#website\",\"url\":\"https:\\\/\\\/agenda.poscosecha.com\\\/\",\"name\":\"Agenda de Eventos\",\"description\":\"Conectando comunidades poscosecha globales\",\"publisher\":{\"@id\":\"https:\\\/\\\/agenda.poscosecha.com\\\/#organization\"},\"potentialAction\":[{\"@type\":\"SearchAction\",\"target\":{\"@type\":\"EntryPoint\",\"urlTemplate\":\"https:\\\/\\\/agenda.poscosecha.com\\\/?s={search_term_string}\"},\"query-input\":{\"@type\":\"PropertyValueSpecification\",\"valueRequired\":true,\"valueName\":\"search_term_string\"}}],\"inLanguage\":\"en-GB\"},{\"@type\":\"Organization\",\"@id\":\"https:\\\/\\\/agenda.poscosecha.com\\\/#organization\",\"name\":\"Agenda de Eventos\",\"url\":\"https:\\\/\\\/agenda.poscosecha.com\\\/\",\"logo\":{\"@type\":\"ImageObject\",\"inLanguage\":\"en-GB\",\"@id\":\"https:\\\/\\\/agenda.poscosecha.com\\\/#\\\/schema\\\/logo\\\/image\\\/\",\"url\":\"https:\\\/\\\/agenda.poscosecha.com\\\/wp-content\\\/uploads\\\/2023\\\/06\\\/cropped-Agenda-logo-vs-1.png\",\"contentUrl\":\"https:\\\/\\\/agenda.poscosecha.com\\\/wp-content\\\/uploads\\\/2023\\\/06\\\/cropped-Agenda-logo-vs-1.png\",\"width\":512,\"height\":512,\"caption\":\"Agenda de Eventos\"},\"image\":{\"@id\":\"https:\\\/\\\/agenda.poscosecha.com\\\/#\\\/schema\\\/logo\\\/image\\\/\"},\"sameAs\":[\"https:\\\/\\\/www.facebook.com\\\/Poscosecha.Postharvest\\\/\",\"https:\\\/\\\/x.com\\\/poscosecha\",\"https:\\\/\\\/www.linkedin.com\\\/company\\\/poscosecha.com\\\/\"]}]}<\/script>\n<!-- \/ Yoast SEO plugin. -->","yoast_head_json":{"title":"Va de Agro - AGENDA","robots":{"index":"index","follow":"follow","max-snippet":"max-snippet:-1","max-image-preview":"max-image-preview:large","max-video-preview":"max-video-preview:-1"},"canonical":"https:\/\/agenda.poscosecha.com\/en\/eventos\/va-de-agro\/","og_locale":"en_GB","og_type":"article","og_title":"Va de Agro - AGENDA","og_description":"Los grupos operativos AVIENERGY, MICOALGA-FEED, PROTEINLEG y TIRAC y coordinada por la Fundaci\u00f3n Empresa-Universidad Gallega, se celebrar\u00e1 el 8 de septiembre en Santiago de Compostela El evento contar\u00e1 con un \u00e1rea expositiva con productos innovadores como harina para alimentaci\u00f3n animal realizada a partir de gusanos o una alternativa al at\u00fan hecho a base de leguminosas [&hellip;]","og_url":"https:\/\/agenda.poscosecha.com\/en\/eventos\/va-de-agro\/","og_site_name":"AGENDA","article_publisher":"https:\/\/www.facebook.com\/Poscosecha.Postharvest\/","og_image":[{"width":1920,"height":1080,"url":"https:\/\/agenda.poscosecha.com\/wp-content\/uploads\/2023\/04\/Cartel-va-de-agro-2-JrrAQS.tmp_.png","type":"image\/png"}],"twitter_card":"summary_large_image","twitter_site":"@poscosecha","twitter_misc":{"Estimated reading time":"4 minutes"},"schema":{"@context":"https:\/\/schema.org","@graph":[{"@type":"WebPage","@id":"https:\/\/agenda.poscosecha.com\/eventos\/va-de-agro\/","url":"https:\/\/agenda.poscosecha.com\/eventos\/va-de-agro\/","name":"Va de Agro - AGENDA","isPartOf":{"@id":"https:\/\/agenda.poscosecha.com\/#website"},"primaryImageOfPage":{"@id":"https:\/\/agenda.poscosecha.com\/eventos\/va-de-agro\/#primaryimage"},"image":{"@id":"https:\/\/agenda.poscosecha.com\/eventos\/va-de-agro\/#primaryimage"},"thumbnailUrl":"https:\/\/agenda.poscosecha.com\/wp-content\/uploads\/2023\/04\/Cartel-va-de-agro-2-JrrAQS.tmp_.png","datePublished":"2023-05-01T09:49:45+00:00","breadcrumb":{"@id":"https:\/\/agenda.poscosecha.com\/eventos\/va-de-agro\/#breadcrumb"},"inLanguage":"en-GB","potentialAction":[{"@type":"ReadAction","target":["https:\/\/agenda.poscosecha.com\/eventos\/va-de-agro\/"]}]},{"@type":"ImageObject","inLanguage":"en-GB","@id":"https:\/\/agenda.poscosecha.com\/eventos\/va-de-agro\/#primaryimage","url":"https:\/\/agenda.poscosecha.com\/wp-content\/uploads\/2023\/04\/Cartel-va-de-agro-2-JrrAQS.tmp_.png","contentUrl":"https:\/\/agenda.poscosecha.com\/wp-content\/uploads\/2023\/04\/Cartel-va-de-agro-2-JrrAQS.tmp_.png","width":1920,"height":1080},{"@type":"BreadcrumbList","@id":"https:\/\/agenda.poscosecha.com\/eventos\/va-de-agro\/#breadcrumb","itemListElement":[{"@type":"ListItem","position":1,"name":"Portada","item":"https:\/\/agenda.poscosecha.com\/"},{"@type":"ListItem","position":2,"name":"Eventos","item":"https:\/\/agenda.poscosecha.com\/eventos\/"},{"@type":"ListItem","position":3,"name":"Va de Agro"}]},{"@type":"WebSite","@id":"https:\/\/agenda.poscosecha.com\/#website","url":"https:\/\/agenda.poscosecha.com\/","name":"Agenda de Eventos","description":"Conectando comunidades poscosecha globales","publisher":{"@id":"https:\/\/agenda.poscosecha.com\/#organization"},"potentialAction":[{"@type":"SearchAction","target":{"@type":"EntryPoint","urlTemplate":"https:\/\/agenda.poscosecha.com\/?s={search_term_string}"},"query-input":{"@type":"PropertyValueSpecification","valueRequired":true,"valueName":"search_term_string"}}],"inLanguage":"en-GB"},{"@type":"Organization","@id":"https:\/\/agenda.poscosecha.com\/#organization","name":"Agenda de Eventos","url":"https:\/\/agenda.poscosecha.com\/","logo":{"@type":"ImageObject","inLanguage":"en-GB","@id":"https:\/\/agenda.poscosecha.com\/#\/schema\/logo\/image\/","url":"https:\/\/agenda.poscosecha.com\/wp-content\/uploads\/2023\/06\/cropped-Agenda-logo-vs-1.png","contentUrl":"https:\/\/agenda.poscosecha.com\/wp-content\/uploads\/2023\/06\/cropped-Agenda-logo-vs-1.png","width":512,"height":512,"caption":"Agenda de Eventos"},"image":{"@id":"https:\/\/agenda.poscosecha.com\/#\/schema\/logo\/image\/"},"sameAs":["https:\/\/www.facebook.com\/Poscosecha.Postharvest\/","https:\/\/x.com\/poscosecha","https:\/\/www.linkedin.com\/company\/poscosecha.com\/"]}]}},"_links":{"self":[{"href":"https:\/\/agenda.poscosecha.com\/en\/wp-json\/wp\/v2\/mec-events\/2907","targetHints":{"allow":["GET"]}}],"collection":[{"href":"https:\/\/agenda.poscosecha.com\/en\/wp-json\/wp\/v2\/mec-events"}],"about":[{"href":"https:\/\/agenda.poscosecha.com\/en\/wp-json\/wp\/v2\/types\/mec-events"}],"author":[{"embeddable":true,"href":"https:\/\/agenda.poscosecha.com\/en\/wp-json\/wp\/v2\/users\/1"}],"wp:featuredmedia":[{"embeddable":true,"href":"https:\/\/agenda.poscosecha.com\/en\/wp-json\/wp\/v2\/media\/1586"}],"wp:attachment":[{"href":"https:\/\/agenda.poscosecha.com\/en\/wp-json\/wp\/v2\/media?parent=2907"}],"wp:term":[{"taxonomy":"post_tag","embeddable":true,"href":"https:\/\/agenda.poscosecha.com\/en\/wp-json\/wp\/v2\/tags?post=2907"},{"taxonomy":"mec_category","embeddable":true,"href":"https:\/\/agenda.poscosecha.com\/en\/wp-json\/wp\/v2\/mec_category?post=2907"}],"curies":[{"name":"wp","href":"https:\/\/api.w.org\/{rel}","templated":true}]}}