{"id":2851,"date":"2023-05-01T09:49:20","date_gmt":"2023-05-01T09:49:20","guid":{"rendered":"https:\/\/agenda.poscosecha.com\/events\/charlas-en-la-biblioteca-gestion-de-residuos-en-invernaderos\/"},"modified":"2023-05-02T08:25:04","modified_gmt":"2023-05-02T08:25:04","slug":"charlas-en-la-biblioteca-gestion-de-residuos-en-invernaderos","status":"publish","type":"mec-events","link":"https:\/\/agenda.poscosecha.com\/en\/eventos\/charlas-en-la-biblioteca-gestion-de-residuos-en-invernaderos\/","title":{"rendered":"Charlas en la Biblioteca &#8211; Gesti\u00f3n de residuos en invernaderos"},"content":{"rendered":"<p>[et_pb_section fb_built=\u00bb1&#8243; _builder_version=\u00bb4.16&#8243; global_colors_info=\u00bb{}\u00bb][et_pb_row _builder_version=\u00bb4.16&#8243; background_size=\u00bbinitial\u00bb background_position=\u00bbtop_left\u00bb background_repeat=\u00bbrepeat\u00bb global_colors_info=\u00bb{}\u00bb][et_pb_column type=\u00bb4_4&#8243; _builder_version=\u00bb4.16&#8243; custom_padding=\u00bb|||\u00bb global_colors_info=\u00bb{}\u00bb custom_padding__hover=\u00bb|||\u00bb][et_pb_text _builder_version=\u00bb4.17.3&#8243; background_size=\u00bbinitial\u00bb background_position=\u00bbtop_left\u00bb background_repeat=\u00bbrepeat\u00bb global_colors_info=\u00bb{}\u00bb]<\/p>\n<h2 class=\"row\" style=\"text-align: center\" data-font-props=\"{&quot;fontType&quot;:&quot;google&quot;}\">Gesti\u00f3n de residuos en invernaderos<\/h2>\n<h3 style=\"text-align: center\"><span style=\"color: #808080\"><em>Charla n\u00famero 42 de la iniciativa \u00abCharlas en la Biblioteca\u00bb<\/em><\/span><\/h3>\n<p>Martes, 26 abril 2022 a las 16.30 h &#8211; El enlace inferior es del canal de YouTube<\/p>\n<p><span style=\"color: #333399\"><strong>Gesti\u00f3n de residuos agrarios en invernaderos<br \/><\/strong><\/span><span data-sheets-value=\"{&quot;1&quot;:2,&quot;2&quot;:&quot;La horticultura protegida origina una serie de residuos s\u00f3lidos que tienen la caracter\u00edstica de generarse en un determinado momento del a\u00f1o y cuya adecuada gesti\u00f3n es necesaria para la sostenibilidad de este tipo de producci\u00f3n. Las medidas incluyen una incorporaci\u00f3n al suelo de los residuos vegetales y\/o su compostaje; la gesti\u00f3n y valorizaci\u00f3n de los residuos s\u00f3lidos, incluyendo su compactaci\u00f3n. Los insumos pl\u00e1sticos exigen tambi\u00e9n una adecuada gesti\u00f3n as\u00ed como la conveniencia de utilizar insumos alternativos. Determinadas opciones de manipulaci\u00f3n de los residuos agrarios pueden ayudar tambi\u00e9n a mejorar el control biol\u00f3gico y la biodiversidad. El proyecto Recicland, que se desarrolla en Almer\u00eda, la zona del mundo con mayor densidad de invernaderos, tiene por objetivo dar a conocer las opciones de gesti\u00f3n de los residuos agrarios..&quot;}\" data-sheets-userformat=\"{&quot;2&quot;:11009,&quot;3&quot;:{&quot;1&quot;:0},&quot;11&quot;:3,&quot;12&quot;:0,&quot;14&quot;:{&quot;1&quot;:2,&quot;2&quot;:2307654},&quot;16&quot;:11}\">La horticultura protegida origina una serie de residuos s\u00f3lidos que tienen la caracter\u00edstica de generarse en un determinado momento del a\u00f1o y cuya adecuada gesti\u00f3n es necesaria para la sostenibilidad de este tipo de producci\u00f3n. Las medidas incluyen la incorporaci\u00f3n al suelo de los residuos vegetales y\/o su compostaje; la gesti\u00f3n y valorizaci\u00f3n de los residuos s\u00f3lidos, incluyendo su compactaci\u00f3n. Los insumos pl\u00e1sticos exigen tambi\u00e9n una adecuada gesti\u00f3n as\u00ed como la conveniencia de utilizar insumos alternativos. Determinadas opciones de manipulaci\u00f3n de los residuos agrarios pueden ayudar tambi\u00e9n a mejorar el control biol\u00f3gico y la biodiversidad. El proyecto Recicland, que se desarrolla en Almer\u00eda, la zona del mundo con mayor densidad de invernaderos, tiene por objetivo dar a conocer las opciones de gesti\u00f3n de los residuos agrarios.<\/span><\/p>\n<p><b>Ma. Rosa Granados, IFAPA<br \/>Jos\u00e9 Ignacio Mar\u00edn-Guirado, IFAPA<br \/><\/b><\/p>\n<p><b>COLOQUIO<br \/>Ester Molina, Agricultora, producci\u00f3n en invernadero<\/b><\/p>\n<h3>\u00a0<\/h3>\n<p><a href=\"https:\/\/www.bibliotecahorticultura.com\/charlas-en-la-biblioteca\/\" target=\"_blank\" rel=\"noopener\">VER CHARLAS anteriores en el Blog de la Biblioteca de Horticultura, AQU\u00cd<\/a><br \/>Se publican los contenidos en YouTube y en Podcast<\/p>\n<p><strong>El porqu\u00e9 de las charlas<\/strong><br \/>La transmisi\u00f3n del conocimiento es, en todos los \u00e1mbitos de actividad, un aspecto clave en su avance. La producci\u00f3n de alimentos, en el caso de nuestro \u00e1mbito de inter\u00e9s, de origen vegetal, y, en particular, los de alta calidad, como son frutas y hortalizas, son el n\u00facleo de la actividad de SPE3, la empresa que organiza las \u201cCharlas en la Biblioteca\u201d.<\/p>\n<p>La industria hort\u00edcola se enfrenta a desaf\u00edos para atender las demandas de sostenibilidad de la sociedad, entre los que se encuentran t\u00e9cnicas amistosas con el medio ambiente , que consuman menos recursos, y un largo etc\u00e9tera de aspectos a los cuales tanto desde el \u00e1mbito de la academia como de la producci\u00f3n se dedican numerosos esfuerzos.<\/p>\n<p>Las \u201cCharlas en la Biblioteca\u201d pretenden contribuir a dar a conocer estas iniciativas. <span style=\"color: #808080\"><em><strong>Se publican los contenidos en YouTube y en Podcast.<\/strong><\/em><\/span><\/p>\n<p><a href=\"https:\/\/www.bibliotecahorticultura.com\/biblioteca\/charlas-proximamente\/\" target=\"_blank\" rel=\"noopener\">VER otras CHARLAS en PROXIMAMENTE<\/a><\/p>\n<p>[\/et_pb_text][\/et_pb_column][\/et_pb_row][\/et_pb_section]<\/p>\n","protected":false},"excerpt":{"rendered":"<p>[et_pb_section fb_built=\u00bb1&#8243; _builder_version=\u00bb4.16&#8243; global_colors_info=\u00bb{}\u00bb][et_pb_row _builder_version=\u00bb4.16&#8243; background_size=\u00bbinitial\u00bb background_position=\u00bbtop_left\u00bb background_repeat=\u00bbrepeat\u00bb global_colors_info=\u00bb{}\u00bb][et_pb_column type=\u00bb4_4&#8243; _builder_version=\u00bb4.16&#8243; custom_padding=\u00bb|||\u00bb global_colors_info=\u00bb{}\u00bb custom_padding__hover=\u00bb|||\u00bb][et_pb_text _builder_version=\u00bb4.17.3&#8243; background_size=\u00bbinitial\u00bb background_position=\u00bbtop_left\u00bb background_repeat=\u00bbrepeat\u00bb global_colors_info=\u00bb{}\u00bb] Gesti\u00f3n de residuos en invernaderos Charla n\u00famero 42 de la iniciativa \u00abCharlas en la Biblioteca\u00bb Martes, 26 abril 2022 a las 16.30 h &#8211; El enlace inferior es del canal de YouTube Gesti\u00f3n de residuos agrarios [&hellip;]<\/p>\n","protected":false},"author":1,"featured_media":948,"template":"","tags":[],"mec_category":[20,26,23],"class_list":["post-2851","mec-events","type-mec-events","status-publish","has-post-thumbnail","hentry","mec_category-congresos-forums-jornadas","mec_category-interesantes","mec_category-on-line-webinars"],"yoast_head":"<!-- This site is optimized with the Yoast SEO plugin v27.5 - https:\/\/yoast.com\/product\/yoast-seo-wordpress\/ -->\n<title>Charlas en la Biblioteca - Gesti\u00f3n de residuos en invernaderos - AGENDA<\/title>\n<meta name=\"robots\" content=\"index, follow, max-snippet:-1, max-image-preview:large, max-video-preview:-1\" \/>\n<link rel=\"canonical\" href=\"https:\/\/agenda.poscosecha.com\/en\/eventos\/charlas-en-la-biblioteca-gestion-de-residuos-en-invernaderos\/\" \/>\n<meta property=\"og:locale\" content=\"en_GB\" \/>\n<meta property=\"og:type\" content=\"article\" \/>\n<meta property=\"og:title\" content=\"Charlas en la Biblioteca - Gesti\u00f3n de residuos en invernaderos - AGENDA\" \/>\n<meta property=\"og:description\" content=\"[et_pb_section fb_built=\u00bb1&#8243; _builder_version=\u00bb4.16&#8243; global_colors_info=\u00bb{}\u00bb][et_pb_row _builder_version=\u00bb4.16&#8243; background_size=\u00bbinitial\u00bb background_position=\u00bbtop_left\u00bb background_repeat=\u00bbrepeat\u00bb global_colors_info=\u00bb{}\u00bb][et_pb_column type=\u00bb4_4&#8243; _builder_version=\u00bb4.16&#8243; custom_padding=\u00bb|||\u00bb global_colors_info=\u00bb{}\u00bb custom_padding__hover=\u00bb|||\u00bb][et_pb_text _builder_version=\u00bb4.17.3&#8243; background_size=\u00bbinitial\u00bb background_position=\u00bbtop_left\u00bb background_repeat=\u00bbrepeat\u00bb global_colors_info=\u00bb{}\u00bb] Gesti\u00f3n de residuos en invernaderos Charla n\u00famero 42 de la iniciativa \u00abCharlas en la Biblioteca\u00bb Martes, 26 abril 2022 a las 16.30 h &#8211; El enlace inferior es del canal de YouTube Gesti\u00f3n de residuos agrarios [&hellip;]\" \/>\n<meta property=\"og:url\" content=\"https:\/\/agenda.poscosecha.com\/en\/eventos\/charlas-en-la-biblioteca-gestion-de-residuos-en-invernaderos\/\" \/>\n<meta property=\"og:site_name\" content=\"AGENDA\" \/>\n<meta property=\"article:publisher\" content=\"https:\/\/www.facebook.com\/Poscosecha.Postharvest\/\" \/>\n<meta property=\"article:modified_time\" content=\"2023-05-02T08:25:04+00:00\" \/>\n<meta property=\"og:image\" content=\"https:\/\/agenda.poscosecha.com\/wp-content\/uploads\/2023\/04\/Charla-42-Gestion-sostenible-de-residuos-de-invernadero-1-E5UH87.tmp_.jpg\" \/>\n\t<meta property=\"og:image:width\" content=\"1280\" \/>\n\t<meta property=\"og:image:height\" content=\"720\" \/>\n\t<meta property=\"og:image:type\" content=\"image\/jpeg\" \/>\n<meta name=\"twitter:card\" content=\"summary_large_image\" \/>\n<meta name=\"twitter:site\" content=\"@poscosecha\" \/>\n<meta name=\"twitter:label1\" content=\"Estimated reading time\" \/>\n\t<meta name=\"twitter:data1\" content=\"2 minutes\" \/>\n<script type=\"application\/ld+json\" class=\"yoast-schema-graph\">{\"@context\":\"https:\\\/\\\/schema.org\",\"@graph\":[{\"@type\":\"WebPage\",\"@id\":\"https:\\\/\\\/agenda.poscosecha.com\\\/eventos\\\/charlas-en-la-biblioteca-gestion-de-residuos-en-invernaderos\\\/\",\"url\":\"https:\\\/\\\/agenda.poscosecha.com\\\/eventos\\\/charlas-en-la-biblioteca-gestion-de-residuos-en-invernaderos\\\/\",\"name\":\"Charlas en la Biblioteca - Gesti\u00f3n de residuos en invernaderos - AGENDA\",\"isPartOf\":{\"@id\":\"https:\\\/\\\/agenda.poscosecha.com\\\/#website\"},\"primaryImageOfPage\":{\"@id\":\"https:\\\/\\\/agenda.poscosecha.com\\\/eventos\\\/charlas-en-la-biblioteca-gestion-de-residuos-en-invernaderos\\\/#primaryimage\"},\"image\":{\"@id\":\"https:\\\/\\\/agenda.poscosecha.com\\\/eventos\\\/charlas-en-la-biblioteca-gestion-de-residuos-en-invernaderos\\\/#primaryimage\"},\"thumbnailUrl\":\"https:\\\/\\\/agenda.poscosecha.com\\\/wp-content\\\/uploads\\\/2023\\\/04\\\/Charla-42-Gestion-sostenible-de-residuos-de-invernadero-1-E5UH87.tmp_.jpg\",\"datePublished\":\"2023-05-01T09:49:20+00:00\",\"dateModified\":\"2023-05-02T08:25:04+00:00\",\"breadcrumb\":{\"@id\":\"https:\\\/\\\/agenda.poscosecha.com\\\/eventos\\\/charlas-en-la-biblioteca-gestion-de-residuos-en-invernaderos\\\/#breadcrumb\"},\"inLanguage\":\"en-GB\",\"potentialAction\":[{\"@type\":\"ReadAction\",\"target\":[\"https:\\\/\\\/agenda.poscosecha.com\\\/eventos\\\/charlas-en-la-biblioteca-gestion-de-residuos-en-invernaderos\\\/\"]}]},{\"@type\":\"ImageObject\",\"inLanguage\":\"en-GB\",\"@id\":\"https:\\\/\\\/agenda.poscosecha.com\\\/eventos\\\/charlas-en-la-biblioteca-gestion-de-residuos-en-invernaderos\\\/#primaryimage\",\"url\":\"https:\\\/\\\/agenda.poscosecha.com\\\/wp-content\\\/uploads\\\/2023\\\/04\\\/Charla-42-Gestion-sostenible-de-residuos-de-invernadero-1-E5UH87.tmp_.jpg\",\"contentUrl\":\"https:\\\/\\\/agenda.poscosecha.com\\\/wp-content\\\/uploads\\\/2023\\\/04\\\/Charla-42-Gestion-sostenible-de-residuos-de-invernadero-1-E5UH87.tmp_.jpg\",\"width\":1280,\"height\":720},{\"@type\":\"BreadcrumbList\",\"@id\":\"https:\\\/\\\/agenda.poscosecha.com\\\/eventos\\\/charlas-en-la-biblioteca-gestion-de-residuos-en-invernaderos\\\/#breadcrumb\",\"itemListElement\":[{\"@type\":\"ListItem\",\"position\":1,\"name\":\"Portada\",\"item\":\"https:\\\/\\\/agenda.poscosecha.com\\\/\"},{\"@type\":\"ListItem\",\"position\":2,\"name\":\"Eventos\",\"item\":\"https:\\\/\\\/agenda.poscosecha.com\\\/eventos\\\/\"},{\"@type\":\"ListItem\",\"position\":3,\"name\":\"Charlas en la Biblioteca &#8211; Gesti\u00f3n de residuos en invernaderos\"}]},{\"@type\":\"WebSite\",\"@id\":\"https:\\\/\\\/agenda.poscosecha.com\\\/#website\",\"url\":\"https:\\\/\\\/agenda.poscosecha.com\\\/\",\"name\":\"Agenda de Eventos\",\"description\":\"Conectando comunidades poscosecha globales\",\"publisher\":{\"@id\":\"https:\\\/\\\/agenda.poscosecha.com\\\/#organization\"},\"potentialAction\":[{\"@type\":\"SearchAction\",\"target\":{\"@type\":\"EntryPoint\",\"urlTemplate\":\"https:\\\/\\\/agenda.poscosecha.com\\\/?s={search_term_string}\"},\"query-input\":{\"@type\":\"PropertyValueSpecification\",\"valueRequired\":true,\"valueName\":\"search_term_string\"}}],\"inLanguage\":\"en-GB\"},{\"@type\":\"Organization\",\"@id\":\"https:\\\/\\\/agenda.poscosecha.com\\\/#organization\",\"name\":\"Agenda de Eventos\",\"url\":\"https:\\\/\\\/agenda.poscosecha.com\\\/\",\"logo\":{\"@type\":\"ImageObject\",\"inLanguage\":\"en-GB\",\"@id\":\"https:\\\/\\\/agenda.poscosecha.com\\\/#\\\/schema\\\/logo\\\/image\\\/\",\"url\":\"https:\\\/\\\/agenda.poscosecha.com\\\/wp-content\\\/uploads\\\/2023\\\/06\\\/cropped-Agenda-logo-vs-1.png\",\"contentUrl\":\"https:\\\/\\\/agenda.poscosecha.com\\\/wp-content\\\/uploads\\\/2023\\\/06\\\/cropped-Agenda-logo-vs-1.png\",\"width\":512,\"height\":512,\"caption\":\"Agenda de Eventos\"},\"image\":{\"@id\":\"https:\\\/\\\/agenda.poscosecha.com\\\/#\\\/schema\\\/logo\\\/image\\\/\"},\"sameAs\":[\"https:\\\/\\\/www.facebook.com\\\/Poscosecha.Postharvest\\\/\",\"https:\\\/\\\/x.com\\\/poscosecha\",\"https:\\\/\\\/www.linkedin.com\\\/company\\\/poscosecha.com\\\/\"]}]}<\/script>\n<!-- \/ Yoast SEO plugin. -->","yoast_head_json":{"title":"Charlas en la Biblioteca - Gesti\u00f3n de residuos en invernaderos - AGENDA","robots":{"index":"index","follow":"follow","max-snippet":"max-snippet:-1","max-image-preview":"max-image-preview:large","max-video-preview":"max-video-preview:-1"},"canonical":"https:\/\/agenda.poscosecha.com\/en\/eventos\/charlas-en-la-biblioteca-gestion-de-residuos-en-invernaderos\/","og_locale":"en_GB","og_type":"article","og_title":"Charlas en la Biblioteca - Gesti\u00f3n de residuos en invernaderos - AGENDA","og_description":"[et_pb_section fb_built=\u00bb1&#8243; _builder_version=\u00bb4.16&#8243; global_colors_info=\u00bb{}\u00bb][et_pb_row _builder_version=\u00bb4.16&#8243; background_size=\u00bbinitial\u00bb background_position=\u00bbtop_left\u00bb background_repeat=\u00bbrepeat\u00bb global_colors_info=\u00bb{}\u00bb][et_pb_column type=\u00bb4_4&#8243; _builder_version=\u00bb4.16&#8243; custom_padding=\u00bb|||\u00bb global_colors_info=\u00bb{}\u00bb custom_padding__hover=\u00bb|||\u00bb][et_pb_text _builder_version=\u00bb4.17.3&#8243; background_size=\u00bbinitial\u00bb background_position=\u00bbtop_left\u00bb background_repeat=\u00bbrepeat\u00bb global_colors_info=\u00bb{}\u00bb] Gesti\u00f3n de residuos en invernaderos Charla n\u00famero 42 de la iniciativa \u00abCharlas en la Biblioteca\u00bb Martes, 26 abril 2022 a las 16.30 h &#8211; El enlace inferior es del canal de YouTube Gesti\u00f3n de residuos agrarios [&hellip;]","og_url":"https:\/\/agenda.poscosecha.com\/en\/eventos\/charlas-en-la-biblioteca-gestion-de-residuos-en-invernaderos\/","og_site_name":"AGENDA","article_publisher":"https:\/\/www.facebook.com\/Poscosecha.Postharvest\/","article_modified_time":"2023-05-02T08:25:04+00:00","og_image":[{"width":1280,"height":720,"url":"https:\/\/agenda.poscosecha.com\/wp-content\/uploads\/2023\/04\/Charla-42-Gestion-sostenible-de-residuos-de-invernadero-1-E5UH87.tmp_.jpg","type":"image\/jpeg"}],"twitter_card":"summary_large_image","twitter_site":"@poscosecha","twitter_misc":{"Estimated reading time":"2 minutes"},"schema":{"@context":"https:\/\/schema.org","@graph":[{"@type":"WebPage","@id":"https:\/\/agenda.poscosecha.com\/eventos\/charlas-en-la-biblioteca-gestion-de-residuos-en-invernaderos\/","url":"https:\/\/agenda.poscosecha.com\/eventos\/charlas-en-la-biblioteca-gestion-de-residuos-en-invernaderos\/","name":"Charlas en la Biblioteca - Gesti\u00f3n de residuos en invernaderos - AGENDA","isPartOf":{"@id":"https:\/\/agenda.poscosecha.com\/#website"},"primaryImageOfPage":{"@id":"https:\/\/agenda.poscosecha.com\/eventos\/charlas-en-la-biblioteca-gestion-de-residuos-en-invernaderos\/#primaryimage"},"image":{"@id":"https:\/\/agenda.poscosecha.com\/eventos\/charlas-en-la-biblioteca-gestion-de-residuos-en-invernaderos\/#primaryimage"},"thumbnailUrl":"https:\/\/agenda.poscosecha.com\/wp-content\/uploads\/2023\/04\/Charla-42-Gestion-sostenible-de-residuos-de-invernadero-1-E5UH87.tmp_.jpg","datePublished":"2023-05-01T09:49:20+00:00","dateModified":"2023-05-02T08:25:04+00:00","breadcrumb":{"@id":"https:\/\/agenda.poscosecha.com\/eventos\/charlas-en-la-biblioteca-gestion-de-residuos-en-invernaderos\/#breadcrumb"},"inLanguage":"en-GB","potentialAction":[{"@type":"ReadAction","target":["https:\/\/agenda.poscosecha.com\/eventos\/charlas-en-la-biblioteca-gestion-de-residuos-en-invernaderos\/"]}]},{"@type":"ImageObject","inLanguage":"en-GB","@id":"https:\/\/agenda.poscosecha.com\/eventos\/charlas-en-la-biblioteca-gestion-de-residuos-en-invernaderos\/#primaryimage","url":"https:\/\/agenda.poscosecha.com\/wp-content\/uploads\/2023\/04\/Charla-42-Gestion-sostenible-de-residuos-de-invernadero-1-E5UH87.tmp_.jpg","contentUrl":"https:\/\/agenda.poscosecha.com\/wp-content\/uploads\/2023\/04\/Charla-42-Gestion-sostenible-de-residuos-de-invernadero-1-E5UH87.tmp_.jpg","width":1280,"height":720},{"@type":"BreadcrumbList","@id":"https:\/\/agenda.poscosecha.com\/eventos\/charlas-en-la-biblioteca-gestion-de-residuos-en-invernaderos\/#breadcrumb","itemListElement":[{"@type":"ListItem","position":1,"name":"Portada","item":"https:\/\/agenda.poscosecha.com\/"},{"@type":"ListItem","position":2,"name":"Eventos","item":"https:\/\/agenda.poscosecha.com\/eventos\/"},{"@type":"ListItem","position":3,"name":"Charlas en la Biblioteca &#8211; Gesti\u00f3n de residuos en invernaderos"}]},{"@type":"WebSite","@id":"https:\/\/agenda.poscosecha.com\/#website","url":"https:\/\/agenda.poscosecha.com\/","name":"Agenda de Eventos","description":"Conectando comunidades poscosecha globales","publisher":{"@id":"https:\/\/agenda.poscosecha.com\/#organization"},"potentialAction":[{"@type":"SearchAction","target":{"@type":"EntryPoint","urlTemplate":"https:\/\/agenda.poscosecha.com\/?s={search_term_string}"},"query-input":{"@type":"PropertyValueSpecification","valueRequired":true,"valueName":"search_term_string"}}],"inLanguage":"en-GB"},{"@type":"Organization","@id":"https:\/\/agenda.poscosecha.com\/#organization","name":"Agenda de Eventos","url":"https:\/\/agenda.poscosecha.com\/","logo":{"@type":"ImageObject","inLanguage":"en-GB","@id":"https:\/\/agenda.poscosecha.com\/#\/schema\/logo\/image\/","url":"https:\/\/agenda.poscosecha.com\/wp-content\/uploads\/2023\/06\/cropped-Agenda-logo-vs-1.png","contentUrl":"https:\/\/agenda.poscosecha.com\/wp-content\/uploads\/2023\/06\/cropped-Agenda-logo-vs-1.png","width":512,"height":512,"caption":"Agenda de Eventos"},"image":{"@id":"https:\/\/agenda.poscosecha.com\/#\/schema\/logo\/image\/"},"sameAs":["https:\/\/www.facebook.com\/Poscosecha.Postharvest\/","https:\/\/x.com\/poscosecha","https:\/\/www.linkedin.com\/company\/poscosecha.com\/"]}]}},"_links":{"self":[{"href":"https:\/\/agenda.poscosecha.com\/en\/wp-json\/wp\/v2\/mec-events\/2851","targetHints":{"allow":["GET"]}}],"collection":[{"href":"https:\/\/agenda.poscosecha.com\/en\/wp-json\/wp\/v2\/mec-events"}],"about":[{"href":"https:\/\/agenda.poscosecha.com\/en\/wp-json\/wp\/v2\/types\/mec-events"}],"author":[{"embeddable":true,"href":"https:\/\/agenda.poscosecha.com\/en\/wp-json\/wp\/v2\/users\/1"}],"wp:featuredmedia":[{"embeddable":true,"href":"https:\/\/agenda.poscosecha.com\/en\/wp-json\/wp\/v2\/media\/948"}],"wp:attachment":[{"href":"https:\/\/agenda.poscosecha.com\/en\/wp-json\/wp\/v2\/media?parent=2851"}],"wp:term":[{"taxonomy":"post_tag","embeddable":true,"href":"https:\/\/agenda.poscosecha.com\/en\/wp-json\/wp\/v2\/tags?post=2851"},{"taxonomy":"mec_category","embeddable":true,"href":"https:\/\/agenda.poscosecha.com\/en\/wp-json\/wp\/v2\/mec_category?post=2851"}],"curies":[{"name":"wp","href":"https:\/\/api.w.org\/{rel}","templated":true}]}}