{"id":2630,"date":"2023-05-01T09:47:29","date_gmt":"2023-05-01T09:47:29","guid":{"rendered":"https:\/\/agenda.poscosecha.com\/events\/jornada-final-del-grupo-operativo-quercus-seleccion\/"},"modified":"2023-05-01T09:47:29","modified_gmt":"2023-05-01T09:47:29","slug":"jornada-final-del-grupo-operativo-quercus-seleccion","status":"publish","type":"mec-events","link":"https:\/\/agenda.poscosecha.com\/en\/eventos\/jornada-final-del-grupo-operativo-quercus-seleccion\/","title":{"rendered":"Jornada final del Grupo Operativo QUERCUS SELECCI\u00d3N"},"content":{"rendered":"<p style=\"font-weight: 400\">El Grupo Operativo\u00a0QUERCUS SELECCI\u00d3N,\u00a0formado por\u00a0ASAJA C\u00e1diz,\u00a0ASAJA\u00a0Nacional, IMIDRA, La Almoraima, CICYTEX, Viveros la Veguilla y MONTARSA, celebra un nuevo webinar para dar a conocer las actividades desarrolladas y los resultados obtenidos en el proyecto: \u201cObtenci\u00f3n de variedades de alcornoque (<em>Quercus suber<\/em>) con alta producci\u00f3n de corcho y tolerantes a la Seca en Extremadura y C\u00e1diz\u201d, el pr\u00f3ximo\u00a030 de junio\u00a0a las\u00a010:00h.<\/p>\n<p style=\"font-weight: 400\">En esta jornada final se presentar\u00e1n las actividades realizadas en este proyecto de innovaci\u00f3n (AEI-Agri), financiado por el Ministerio de Agricultura, Pesca y Alimentaci\u00f3n (MAPA) y el Fondo Europeo Agrario de Desarrollo Rural (FEADER), a trav\u00e9s de la convocatoria de proyectos a ejecutar por grupos operativos, dentro del Programa Nacional de Desarrollo Rural 2014-2020, del a\u00f1o 2019.<\/p>\n<p style=\"font-weight: 400\">La bienvenida de la jornada correr\u00e1 a cargo de\u00a0Pedro Gallardo, presidente de ASAJA C\u00e1diz, y posteriormente intervendr\u00e1n\u00a0\u00d3scar P\u00e9rula, ingeniero de Montes, que realizar\u00e1 la presentaci\u00f3n del Grupo Operativo QUERCUS SELECCI\u00d3N;\u00a0Enrique Cardillo\u00a0de CICYTEX, que hablar\u00e1 sobre la selecci\u00f3n de focos de Seca y de alcornoques tolerantes;\u00a0Arantxa \u00c1vila\u00a0de MONTARSA, que expondr\u00e1 los resultados de la recogida y el an\u00e1lisis de las muestras del grupo opertivo;\u00a0Thomas de C. Vrtis\u00a0de ASAJA C\u00e1diz, que hablar\u00e1 sobre los focos de Seca y los \u00e1rboles de escape en C\u00e1diz;\u00a0Inmaculada Hern\u00e1ndez\u00a0de IMIDRA, que comentar\u00e1 la propagaci\u00f3n in vitro de alcornoques seleccionados;\u00a0Silvia Valladares\u00a0de Viveros La Veguilla, que expondr\u00e1 la propagaci\u00f3n in vitro comercial;\u00a0Lu\u00eds Luque\u00a0de La Almoraima, que comentar\u00e1 las plantaciones y los bancos clonales de alcornoques plus; y\u00a0M. Mar Ruiz-Galea\u00a0de IMIDRA, que hablar\u00e1 sobre los avances y las oportunidades de QUERCUS SELECCI\u00d3N.<\/p>\n<p style=\"font-weight: 400\">Puedes descargar el programa completo a trav\u00e9s de este enlace:\u00a0<a href=\"https:\/\/www.agrifoodcongress.es\/key\/g.o.-quercus-seleccion\/programa_291_1_ap.html\" data-saferedirecturl=\"https:\/\/www.google.com\/url?q=https:\/\/www.agrifoodcongress.es\/key\/g.o.-quercus-seleccion\/programa_291_1_ap.html&amp;source=gmail&amp;ust=1625028794834000&amp;usg=AFQjCNFsAzdHBHRyI9wAf5c1oXGbDoftgA\" data-mt-detrack-inspected=\"true\">https:\/\/www.agrifoodcongress.es\/key\/g.o.-quercus-seleccion\/programa_291_1_ap.html<\/a>.<\/p>","protected":false},"excerpt":{"rendered":"<p>El Grupo Operativo\u00a0QUERCUS SELECCI\u00d3N,\u00a0formado por\u00a0ASAJA C\u00e1diz,\u00a0ASAJA\u00a0Nacional, IMIDRA, La Almoraima, CICYTEX, Viveros la Veguilla y MONTARSA, celebra un nuevo webinar para dar a conocer las actividades desarrolladas y los resultados obtenidos en el proyecto: \u201cObtenci\u00f3n de variedades de alcornoque (Quercus suber) con alta producci\u00f3n de corcho y tolerantes a la Seca en Extremadura y C\u00e1diz\u201d, el [&hellip;]<\/p>\n","protected":false},"author":1,"featured_media":1116,"template":"","tags":[],"mec_category":[23],"class_list":["post-2630","mec-events","type-mec-events","status-publish","has-post-thumbnail","hentry","mec_category-on-line-webinars"],"yoast_head":"<!-- This site is optimized with the Yoast SEO plugin v27.5 - https:\/\/yoast.com\/product\/yoast-seo-wordpress\/ -->\n<title>Jornada final del Grupo Operativo QUERCUS SELECCI\u00d3N - AGENDA<\/title>\n<meta name=\"robots\" content=\"index, follow, max-snippet:-1, max-image-preview:large, max-video-preview:-1\" \/>\n<link rel=\"canonical\" href=\"https:\/\/agenda.poscosecha.com\/en\/eventos\/jornada-final-del-grupo-operativo-quercus-seleccion\/\" \/>\n<meta property=\"og:locale\" content=\"en_GB\" \/>\n<meta property=\"og:type\" content=\"article\" \/>\n<meta property=\"og:title\" content=\"Jornada final del Grupo Operativo QUERCUS SELECCI\u00d3N - AGENDA\" \/>\n<meta property=\"og:description\" content=\"El Grupo Operativo\u00a0QUERCUS SELECCI\u00d3N,\u00a0formado por\u00a0ASAJA C\u00e1diz,\u00a0ASAJA\u00a0Nacional, IMIDRA, La Almoraima, CICYTEX, Viveros la Veguilla y MONTARSA, celebra un nuevo webinar para dar a conocer las actividades desarrolladas y los resultados obtenidos en el proyecto: \u201cObtenci\u00f3n de variedades de alcornoque (Quercus suber) con alta producci\u00f3n de corcho y tolerantes a la Seca en Extremadura y C\u00e1diz\u201d, el [&hellip;]\" \/>\n<meta property=\"og:url\" content=\"https:\/\/agenda.poscosecha.com\/en\/eventos\/jornada-final-del-grupo-operativo-quercus-seleccion\/\" \/>\n<meta property=\"og:site_name\" content=\"AGENDA\" \/>\n<meta property=\"article:publisher\" content=\"https:\/\/www.facebook.com\/Poscosecha.Postharvest\/\" \/>\n<meta property=\"og:image\" content=\"https:\/\/agenda.poscosecha.com\/wp-content\/uploads\/2023\/04\/unnamed-33-1-e1624942903491-XKwj3m.tmp_.jpg\" \/>\n\t<meta property=\"og:image:width\" content=\"512\" \/>\n\t<meta property=\"og:image:height\" content=\"288\" \/>\n\t<meta property=\"og:image:type\" content=\"image\/jpeg\" \/>\n<meta name=\"twitter:card\" content=\"summary_large_image\" \/>\n<meta name=\"twitter:site\" content=\"@poscosecha\" \/>\n<meta name=\"twitter:label1\" content=\"Estimated reading time\" \/>\n\t<meta name=\"twitter:data1\" content=\"2 minutes\" \/>\n<script type=\"application\/ld+json\" class=\"yoast-schema-graph\">{\"@context\":\"https:\\\/\\\/schema.org\",\"@graph\":[{\"@type\":\"WebPage\",\"@id\":\"https:\\\/\\\/agenda.poscosecha.com\\\/eventos\\\/jornada-final-del-grupo-operativo-quercus-seleccion\\\/\",\"url\":\"https:\\\/\\\/agenda.poscosecha.com\\\/eventos\\\/jornada-final-del-grupo-operativo-quercus-seleccion\\\/\",\"name\":\"Jornada final del Grupo Operativo QUERCUS SELECCI\u00d3N - AGENDA\",\"isPartOf\":{\"@id\":\"https:\\\/\\\/agenda.poscosecha.com\\\/#website\"},\"primaryImageOfPage\":{\"@id\":\"https:\\\/\\\/agenda.poscosecha.com\\\/eventos\\\/jornada-final-del-grupo-operativo-quercus-seleccion\\\/#primaryimage\"},\"image\":{\"@id\":\"https:\\\/\\\/agenda.poscosecha.com\\\/eventos\\\/jornada-final-del-grupo-operativo-quercus-seleccion\\\/#primaryimage\"},\"thumbnailUrl\":\"https:\\\/\\\/agenda.poscosecha.com\\\/wp-content\\\/uploads\\\/2023\\\/04\\\/unnamed-33-1-e1624942903491-XKwj3m.tmp_.jpg\",\"datePublished\":\"2023-05-01T09:47:29+00:00\",\"breadcrumb\":{\"@id\":\"https:\\\/\\\/agenda.poscosecha.com\\\/eventos\\\/jornada-final-del-grupo-operativo-quercus-seleccion\\\/#breadcrumb\"},\"inLanguage\":\"en-GB\",\"potentialAction\":[{\"@type\":\"ReadAction\",\"target\":[\"https:\\\/\\\/agenda.poscosecha.com\\\/eventos\\\/jornada-final-del-grupo-operativo-quercus-seleccion\\\/\"]}]},{\"@type\":\"ImageObject\",\"inLanguage\":\"en-GB\",\"@id\":\"https:\\\/\\\/agenda.poscosecha.com\\\/eventos\\\/jornada-final-del-grupo-operativo-quercus-seleccion\\\/#primaryimage\",\"url\":\"https:\\\/\\\/agenda.poscosecha.com\\\/wp-content\\\/uploads\\\/2023\\\/04\\\/unnamed-33-1-e1624942903491-XKwj3m.tmp_.jpg\",\"contentUrl\":\"https:\\\/\\\/agenda.poscosecha.com\\\/wp-content\\\/uploads\\\/2023\\\/04\\\/unnamed-33-1-e1624942903491-XKwj3m.tmp_.jpg\",\"width\":512,\"height\":288},{\"@type\":\"BreadcrumbList\",\"@id\":\"https:\\\/\\\/agenda.poscosecha.com\\\/eventos\\\/jornada-final-del-grupo-operativo-quercus-seleccion\\\/#breadcrumb\",\"itemListElement\":[{\"@type\":\"ListItem\",\"position\":1,\"name\":\"Portada\",\"item\":\"https:\\\/\\\/agenda.poscosecha.com\\\/\"},{\"@type\":\"ListItem\",\"position\":2,\"name\":\"Eventos\",\"item\":\"https:\\\/\\\/agenda.poscosecha.com\\\/eventos\\\/\"},{\"@type\":\"ListItem\",\"position\":3,\"name\":\"Jornada final del Grupo Operativo QUERCUS SELECCI\u00d3N\"}]},{\"@type\":\"WebSite\",\"@id\":\"https:\\\/\\\/agenda.poscosecha.com\\\/#website\",\"url\":\"https:\\\/\\\/agenda.poscosecha.com\\\/\",\"name\":\"Agenda de Eventos\",\"description\":\"Conectando comunidades poscosecha globales\",\"publisher\":{\"@id\":\"https:\\\/\\\/agenda.poscosecha.com\\\/#organization\"},\"potentialAction\":[{\"@type\":\"SearchAction\",\"target\":{\"@type\":\"EntryPoint\",\"urlTemplate\":\"https:\\\/\\\/agenda.poscosecha.com\\\/?s={search_term_string}\"},\"query-input\":{\"@type\":\"PropertyValueSpecification\",\"valueRequired\":true,\"valueName\":\"search_term_string\"}}],\"inLanguage\":\"en-GB\"},{\"@type\":\"Organization\",\"@id\":\"https:\\\/\\\/agenda.poscosecha.com\\\/#organization\",\"name\":\"Agenda de Eventos\",\"url\":\"https:\\\/\\\/agenda.poscosecha.com\\\/\",\"logo\":{\"@type\":\"ImageObject\",\"inLanguage\":\"en-GB\",\"@id\":\"https:\\\/\\\/agenda.poscosecha.com\\\/#\\\/schema\\\/logo\\\/image\\\/\",\"url\":\"https:\\\/\\\/agenda.poscosecha.com\\\/wp-content\\\/uploads\\\/2023\\\/06\\\/cropped-Agenda-logo-vs-1.png\",\"contentUrl\":\"https:\\\/\\\/agenda.poscosecha.com\\\/wp-content\\\/uploads\\\/2023\\\/06\\\/cropped-Agenda-logo-vs-1.png\",\"width\":512,\"height\":512,\"caption\":\"Agenda de Eventos\"},\"image\":{\"@id\":\"https:\\\/\\\/agenda.poscosecha.com\\\/#\\\/schema\\\/logo\\\/image\\\/\"},\"sameAs\":[\"https:\\\/\\\/www.facebook.com\\\/Poscosecha.Postharvest\\\/\",\"https:\\\/\\\/x.com\\\/poscosecha\",\"https:\\\/\\\/www.linkedin.com\\\/company\\\/poscosecha.com\\\/\"]}]}<\/script>\n<!-- \/ Yoast SEO plugin. -->","yoast_head_json":{"title":"Jornada final del Grupo Operativo QUERCUS SELECCI\u00d3N - AGENDA","robots":{"index":"index","follow":"follow","max-snippet":"max-snippet:-1","max-image-preview":"max-image-preview:large","max-video-preview":"max-video-preview:-1"},"canonical":"https:\/\/agenda.poscosecha.com\/en\/eventos\/jornada-final-del-grupo-operativo-quercus-seleccion\/","og_locale":"en_GB","og_type":"article","og_title":"Jornada final del Grupo Operativo QUERCUS SELECCI\u00d3N - AGENDA","og_description":"El Grupo Operativo\u00a0QUERCUS SELECCI\u00d3N,\u00a0formado por\u00a0ASAJA C\u00e1diz,\u00a0ASAJA\u00a0Nacional, IMIDRA, La Almoraima, CICYTEX, Viveros la Veguilla y MONTARSA, celebra un nuevo webinar para dar a conocer las actividades desarrolladas y los resultados obtenidos en el proyecto: \u201cObtenci\u00f3n de variedades de alcornoque (Quercus suber) con alta producci\u00f3n de corcho y tolerantes a la Seca en Extremadura y C\u00e1diz\u201d, el [&hellip;]","og_url":"https:\/\/agenda.poscosecha.com\/en\/eventos\/jornada-final-del-grupo-operativo-quercus-seleccion\/","og_site_name":"AGENDA","article_publisher":"https:\/\/www.facebook.com\/Poscosecha.Postharvest\/","og_image":[{"width":512,"height":288,"url":"https:\/\/agenda.poscosecha.com\/wp-content\/uploads\/2023\/04\/unnamed-33-1-e1624942903491-XKwj3m.tmp_.jpg","type":"image\/jpeg"}],"twitter_card":"summary_large_image","twitter_site":"@poscosecha","twitter_misc":{"Estimated reading time":"2 minutes"},"schema":{"@context":"https:\/\/schema.org","@graph":[{"@type":"WebPage","@id":"https:\/\/agenda.poscosecha.com\/eventos\/jornada-final-del-grupo-operativo-quercus-seleccion\/","url":"https:\/\/agenda.poscosecha.com\/eventos\/jornada-final-del-grupo-operativo-quercus-seleccion\/","name":"Jornada final del Grupo Operativo QUERCUS SELECCI\u00d3N - AGENDA","isPartOf":{"@id":"https:\/\/agenda.poscosecha.com\/#website"},"primaryImageOfPage":{"@id":"https:\/\/agenda.poscosecha.com\/eventos\/jornada-final-del-grupo-operativo-quercus-seleccion\/#primaryimage"},"image":{"@id":"https:\/\/agenda.poscosecha.com\/eventos\/jornada-final-del-grupo-operativo-quercus-seleccion\/#primaryimage"},"thumbnailUrl":"https:\/\/agenda.poscosecha.com\/wp-content\/uploads\/2023\/04\/unnamed-33-1-e1624942903491-XKwj3m.tmp_.jpg","datePublished":"2023-05-01T09:47:29+00:00","breadcrumb":{"@id":"https:\/\/agenda.poscosecha.com\/eventos\/jornada-final-del-grupo-operativo-quercus-seleccion\/#breadcrumb"},"inLanguage":"en-GB","potentialAction":[{"@type":"ReadAction","target":["https:\/\/agenda.poscosecha.com\/eventos\/jornada-final-del-grupo-operativo-quercus-seleccion\/"]}]},{"@type":"ImageObject","inLanguage":"en-GB","@id":"https:\/\/agenda.poscosecha.com\/eventos\/jornada-final-del-grupo-operativo-quercus-seleccion\/#primaryimage","url":"https:\/\/agenda.poscosecha.com\/wp-content\/uploads\/2023\/04\/unnamed-33-1-e1624942903491-XKwj3m.tmp_.jpg","contentUrl":"https:\/\/agenda.poscosecha.com\/wp-content\/uploads\/2023\/04\/unnamed-33-1-e1624942903491-XKwj3m.tmp_.jpg","width":512,"height":288},{"@type":"BreadcrumbList","@id":"https:\/\/agenda.poscosecha.com\/eventos\/jornada-final-del-grupo-operativo-quercus-seleccion\/#breadcrumb","itemListElement":[{"@type":"ListItem","position":1,"name":"Portada","item":"https:\/\/agenda.poscosecha.com\/"},{"@type":"ListItem","position":2,"name":"Eventos","item":"https:\/\/agenda.poscosecha.com\/eventos\/"},{"@type":"ListItem","position":3,"name":"Jornada final del Grupo Operativo QUERCUS SELECCI\u00d3N"}]},{"@type":"WebSite","@id":"https:\/\/agenda.poscosecha.com\/#website","url":"https:\/\/agenda.poscosecha.com\/","name":"Agenda de Eventos","description":"Conectando comunidades poscosecha globales","publisher":{"@id":"https:\/\/agenda.poscosecha.com\/#organization"},"potentialAction":[{"@type":"SearchAction","target":{"@type":"EntryPoint","urlTemplate":"https:\/\/agenda.poscosecha.com\/?s={search_term_string}"},"query-input":{"@type":"PropertyValueSpecification","valueRequired":true,"valueName":"search_term_string"}}],"inLanguage":"en-GB"},{"@type":"Organization","@id":"https:\/\/agenda.poscosecha.com\/#organization","name":"Agenda de Eventos","url":"https:\/\/agenda.poscosecha.com\/","logo":{"@type":"ImageObject","inLanguage":"en-GB","@id":"https:\/\/agenda.poscosecha.com\/#\/schema\/logo\/image\/","url":"https:\/\/agenda.poscosecha.com\/wp-content\/uploads\/2023\/06\/cropped-Agenda-logo-vs-1.png","contentUrl":"https:\/\/agenda.poscosecha.com\/wp-content\/uploads\/2023\/06\/cropped-Agenda-logo-vs-1.png","width":512,"height":512,"caption":"Agenda de Eventos"},"image":{"@id":"https:\/\/agenda.poscosecha.com\/#\/schema\/logo\/image\/"},"sameAs":["https:\/\/www.facebook.com\/Poscosecha.Postharvest\/","https:\/\/x.com\/poscosecha","https:\/\/www.linkedin.com\/company\/poscosecha.com\/"]}]}},"_links":{"self":[{"href":"https:\/\/agenda.poscosecha.com\/en\/wp-json\/wp\/v2\/mec-events\/2630","targetHints":{"allow":["GET"]}}],"collection":[{"href":"https:\/\/agenda.poscosecha.com\/en\/wp-json\/wp\/v2\/mec-events"}],"about":[{"href":"https:\/\/agenda.poscosecha.com\/en\/wp-json\/wp\/v2\/types\/mec-events"}],"author":[{"embeddable":true,"href":"https:\/\/agenda.poscosecha.com\/en\/wp-json\/wp\/v2\/users\/1"}],"wp:featuredmedia":[{"embeddable":true,"href":"https:\/\/agenda.poscosecha.com\/en\/wp-json\/wp\/v2\/media\/1116"}],"wp:attachment":[{"href":"https:\/\/agenda.poscosecha.com\/en\/wp-json\/wp\/v2\/media?parent=2630"}],"wp:term":[{"taxonomy":"post_tag","embeddable":true,"href":"https:\/\/agenda.poscosecha.com\/en\/wp-json\/wp\/v2\/tags?post=2630"},{"taxonomy":"mec_category","embeddable":true,"href":"https:\/\/agenda.poscosecha.com\/en\/wp-json\/wp\/v2\/mec_category?post=2630"}],"curies":[{"name":"wp","href":"https:\/\/api.w.org\/{rel}","templated":true}]}}