{"id":2548,"date":"2023-05-01T09:46:51","date_gmt":"2023-05-01T09:46:51","guid":{"rendered":"https:\/\/agenda.poscosecha.com\/events\/la-sostenibilidad-en-la-produccion-agricola\/"},"modified":"2023-05-01T09:46:51","modified_gmt":"2023-05-01T09:46:51","slug":"la-sostenibilidad-en-la-produccion-agricola","status":"publish","type":"mec-events","link":"https:\/\/agenda.poscosecha.com\/en\/eventos\/la-sostenibilidad-en-la-produccion-agricola\/","title":{"rendered":"La sostenibilidad en la producci\u00f3n agr\u00edcola"},"content":{"rendered":"<p style=\"font-weight: 400\">Los modelos productivos del siglo XX est\u00e1n provocando calentamiento global, el agotamiento de algunos recursos y un fuerte impacto en el entorno. Desde hace a\u00f1os estamos viviendo un cambio en la opini\u00f3n de la sociedad y tambi\u00e9n en las pol\u00edticas que nos gobiernan relacionadas con esta situaci\u00f3n, la Cumbre del Clima de Paris en 2015 o el Pacto Verde de la UE de 2019 son ejemplo de ello.<\/p>\n<p style=\"font-weight: 400\">La agricultura, como un sector econ\u00f3mico m\u00e1s, no est\u00e1 ajeno a esos objetivos de mitigaci\u00f3n del cambio clim\u00e1tico, de mejora de la eficiencia en el uso de los recursos, de pr\u00e1cticas amigables con el entorno o de reducci\u00f3n del empleo de productos qu\u00edmicos. Las diferentes pol\u00edticas de la UE y de las Administraciones Espa\u00f1olas est\u00e1n marcando los objetivos que se deben alcanzar, y que se engloban dentro del concepto de la\u00a0<strong>sostenibilidad<\/strong>.<\/p>\n<p style=\"font-weight: 400\">Sostenibilidad que es ya una realidad en nuestra agricultura, que est\u00e1 en continua evoluci\u00f3n, de manera que el agricultor dispone cada d\u00eda de m\u00e1s herramientas para hacer posible una mejora de la productividad asociada a una eficiencia en el uso de los recursos.<\/p>\n<p style=\"font-weight: 400\">Por ello Cajamar ha decidido organizar una serie de diez seminarios bajo el t\u00edtulo\u00a0<strong>\u2018La sostenibilidad en la producci\u00f3n agr\u00edcola\u2019,\u00a0<\/strong>en los que abordaremos una primera sesi\u00f3n introductoria dedicada a definiciones y a conocer la opini\u00f3n de los agentes de la cadena. Trataremos el control de plagas y el uso de fitosanitarios, el manejo del agua, de los fertilizantes y del suelo, la utilizaci\u00f3n de bioestimulantes y la protecci\u00f3n de la biodiversidad, finalizando con el concepto de los ODS.<\/p>\n<p style=\"font-weight: 400\">Los webinars tendr\u00e1n lugar los d\u00edas\u00a0<strong>4, 11, 18 y 25 de mayo, 1, 8, 15, 22 y 29 de junio y 6 de julio.\u00a0\u00a0<\/strong>Te podr\u00e1s conectar<strong>\u00a0<\/strong>en horario de<strong>\u00a016:30 a 18.30 horas<\/strong><\/p>\n<p style=\"font-weight: 400\">Es necesaria\u00a0<strong>inscripci\u00f3n previa a cada sesi\u00f3n:<\/strong><\/p>\n<p style=\"font-weight: 400\"><strong>Programa<\/strong><\/p>\n<p style=\"font-weight: 400\"><strong>16:30 h Bienvenida y presentaci\u00f3n<\/strong><\/p>\n<p style=\"font-weight: 400\">Manuel Lainez. Consultor independiente y colaborador de Cajamar<\/p>\n<p style=\"font-weight: 400\"><strong>16:40 h \u00bfQu\u00e9 es sostenibilidad en la producci\u00f3n agr\u00edcola? El an\u00e1lisis del ciclo de vida<\/strong><\/p>\n<p style=\"font-weight: 400\">Eduardo Aguilera. Investigador Juan de la Cierva &#8211; UPM<\/p>\n<p style=\"font-weight: 400\"><strong>17:00 h El c\u00e1lculo de la huella de carbono en la producci\u00f3n agr\u00edcola<\/strong><\/p>\n<p style=\"font-weight: 400\">Dolores Buend\u00eda. T\u00e9cnica de la Estaci\u00f3n Experimental Cajamar<\/p>\n<p style=\"font-weight: 400\"><strong>17:15 h\u00a0Sostenibilidad y ODS: la visi\u00f3n cooperativa de la distribuci\u00f3n comercial<\/strong><\/p>\n<p style=\"font-weight: 400\">Javier Quiles. Director de Relaciones Externas &#8211; CONSUM<\/p>\n<p style=\"font-weight: 400\"><strong>17:30 h Los consumidores y la sostenibilidad en la producci\u00f3n de alimentos<\/strong><\/p>\n<p style=\"font-weight: 400\">Fernando Moner. Presidente &#8211; CECU<\/p>\n<p style=\"font-weight: 400\"><strong>17:45 h Mesa redonda<\/strong>.<\/p>\n<p style=\"font-weight: 400\">\u00a0\u00a0\u00a0\u00a0\u00a0\u00a0\u00a0\u00a0\u00a0\u00a0\u00a0\u00a0 Los ponentes resuelven las cuestiones planteadas por los asistentes y conclusiones de la jornada<\/p>\n<p style=\"font-weight: 400\"><strong>18:00 h Fin del evento<\/strong><\/p>","protected":false},"excerpt":{"rendered":"<p>Los modelos productivos del siglo XX est\u00e1n provocando calentamiento global, el agotamiento de algunos recursos y un fuerte impacto en el entorno. Desde hace a\u00f1os estamos viviendo un cambio en la opini\u00f3n de la sociedad y tambi\u00e9n en las pol\u00edticas que nos gobiernan relacionadas con esta situaci\u00f3n, la Cumbre del Clima de Paris en 2015 [&hellip;]<\/p>\n","protected":false},"author":1,"featured_media":980,"template":"","tags":[],"mec_category":[23],"class_list":["post-2548","mec-events","type-mec-events","status-publish","has-post-thumbnail","hentry","mec_category-on-line-webinars"],"yoast_head":"<!-- This site is optimized with the Yoast SEO plugin v27.5 - https:\/\/yoast.com\/product\/yoast-seo-wordpress\/ -->\n<title>La sostenibilidad en la producci\u00f3n agr\u00edcola - AGENDA<\/title>\n<meta name=\"robots\" content=\"index, follow, max-snippet:-1, max-image-preview:large, max-video-preview:-1\" \/>\n<link rel=\"canonical\" href=\"https:\/\/agenda.poscosecha.com\/en\/eventos\/la-sostenibilidad-en-la-produccion-agricola\/\" \/>\n<meta property=\"og:locale\" content=\"en_GB\" \/>\n<meta property=\"og:type\" content=\"article\" \/>\n<meta property=\"og:title\" content=\"La sostenibilidad en la producci\u00f3n agr\u00edcola - AGENDA\" \/>\n<meta property=\"og:description\" content=\"Los modelos productivos del siglo XX est\u00e1n provocando calentamiento global, el agotamiento de algunos recursos y un fuerte impacto en el entorno. Desde hace a\u00f1os estamos viviendo un cambio en la opini\u00f3n de la sociedad y tambi\u00e9n en las pol\u00edticas que nos gobiernan relacionadas con esta situaci\u00f3n, la Cumbre del Clima de Paris en 2015 [&hellip;]\" \/>\n<meta property=\"og:url\" content=\"https:\/\/agenda.poscosecha.com\/en\/eventos\/la-sostenibilidad-en-la-produccion-agricola\/\" \/>\n<meta property=\"og:site_name\" content=\"AGENDA\" \/>\n<meta property=\"article:publisher\" content=\"https:\/\/www.facebook.com\/Poscosecha.Postharvest\/\" \/>\n<meta property=\"og:image\" content=\"https:\/\/agenda.poscosecha.com\/wp-content\/uploads\/2023\/04\/956x452_sostenibilidad_233ec1e0c6-e1619605878289-wYwLaJ.tmp_.jpg\" \/>\n\t<meta property=\"og:image:width\" content=\"786\" \/>\n\t<meta property=\"og:image:height\" content=\"442\" \/>\n\t<meta property=\"og:image:type\" content=\"image\/jpeg\" \/>\n<meta name=\"twitter:card\" content=\"summary_large_image\" \/>\n<meta name=\"twitter:site\" content=\"@poscosecha\" \/>\n<meta name=\"twitter:label1\" content=\"Estimated reading time\" \/>\n\t<meta name=\"twitter:data1\" content=\"2 minutes\" \/>\n<script type=\"application\/ld+json\" class=\"yoast-schema-graph\">{\"@context\":\"https:\\\/\\\/schema.org\",\"@graph\":[{\"@type\":\"WebPage\",\"@id\":\"https:\\\/\\\/agenda.poscosecha.com\\\/eventos\\\/la-sostenibilidad-en-la-produccion-agricola\\\/\",\"url\":\"https:\\\/\\\/agenda.poscosecha.com\\\/eventos\\\/la-sostenibilidad-en-la-produccion-agricola\\\/\",\"name\":\"La sostenibilidad en la producci\u00f3n agr\u00edcola - AGENDA\",\"isPartOf\":{\"@id\":\"https:\\\/\\\/agenda.poscosecha.com\\\/#website\"},\"primaryImageOfPage\":{\"@id\":\"https:\\\/\\\/agenda.poscosecha.com\\\/eventos\\\/la-sostenibilidad-en-la-produccion-agricola\\\/#primaryimage\"},\"image\":{\"@id\":\"https:\\\/\\\/agenda.poscosecha.com\\\/eventos\\\/la-sostenibilidad-en-la-produccion-agricola\\\/#primaryimage\"},\"thumbnailUrl\":\"https:\\\/\\\/agenda.poscosecha.com\\\/wp-content\\\/uploads\\\/2023\\\/04\\\/956x452_sostenibilidad_233ec1e0c6-e1619605878289-wYwLaJ.tmp_.jpg\",\"datePublished\":\"2023-05-01T09:46:51+00:00\",\"breadcrumb\":{\"@id\":\"https:\\\/\\\/agenda.poscosecha.com\\\/eventos\\\/la-sostenibilidad-en-la-produccion-agricola\\\/#breadcrumb\"},\"inLanguage\":\"en-GB\",\"potentialAction\":[{\"@type\":\"ReadAction\",\"target\":[\"https:\\\/\\\/agenda.poscosecha.com\\\/eventos\\\/la-sostenibilidad-en-la-produccion-agricola\\\/\"]}]},{\"@type\":\"ImageObject\",\"inLanguage\":\"en-GB\",\"@id\":\"https:\\\/\\\/agenda.poscosecha.com\\\/eventos\\\/la-sostenibilidad-en-la-produccion-agricola\\\/#primaryimage\",\"url\":\"https:\\\/\\\/agenda.poscosecha.com\\\/wp-content\\\/uploads\\\/2023\\\/04\\\/956x452_sostenibilidad_233ec1e0c6-e1619605878289-wYwLaJ.tmp_.jpg\",\"contentUrl\":\"https:\\\/\\\/agenda.poscosecha.com\\\/wp-content\\\/uploads\\\/2023\\\/04\\\/956x452_sostenibilidad_233ec1e0c6-e1619605878289-wYwLaJ.tmp_.jpg\",\"width\":786,\"height\":442},{\"@type\":\"BreadcrumbList\",\"@id\":\"https:\\\/\\\/agenda.poscosecha.com\\\/eventos\\\/la-sostenibilidad-en-la-produccion-agricola\\\/#breadcrumb\",\"itemListElement\":[{\"@type\":\"ListItem\",\"position\":1,\"name\":\"Portada\",\"item\":\"https:\\\/\\\/agenda.poscosecha.com\\\/\"},{\"@type\":\"ListItem\",\"position\":2,\"name\":\"Eventos\",\"item\":\"https:\\\/\\\/agenda.poscosecha.com\\\/eventos\\\/\"},{\"@type\":\"ListItem\",\"position\":3,\"name\":\"La sostenibilidad en la producci\u00f3n agr\u00edcola\"}]},{\"@type\":\"WebSite\",\"@id\":\"https:\\\/\\\/agenda.poscosecha.com\\\/#website\",\"url\":\"https:\\\/\\\/agenda.poscosecha.com\\\/\",\"name\":\"Agenda de Eventos\",\"description\":\"Conectando comunidades poscosecha globales\",\"publisher\":{\"@id\":\"https:\\\/\\\/agenda.poscosecha.com\\\/#organization\"},\"potentialAction\":[{\"@type\":\"SearchAction\",\"target\":{\"@type\":\"EntryPoint\",\"urlTemplate\":\"https:\\\/\\\/agenda.poscosecha.com\\\/?s={search_term_string}\"},\"query-input\":{\"@type\":\"PropertyValueSpecification\",\"valueRequired\":true,\"valueName\":\"search_term_string\"}}],\"inLanguage\":\"en-GB\"},{\"@type\":\"Organization\",\"@id\":\"https:\\\/\\\/agenda.poscosecha.com\\\/#organization\",\"name\":\"Agenda de Eventos\",\"url\":\"https:\\\/\\\/agenda.poscosecha.com\\\/\",\"logo\":{\"@type\":\"ImageObject\",\"inLanguage\":\"en-GB\",\"@id\":\"https:\\\/\\\/agenda.poscosecha.com\\\/#\\\/schema\\\/logo\\\/image\\\/\",\"url\":\"https:\\\/\\\/agenda.poscosecha.com\\\/wp-content\\\/uploads\\\/2023\\\/06\\\/cropped-Agenda-logo-vs-1.png\",\"contentUrl\":\"https:\\\/\\\/agenda.poscosecha.com\\\/wp-content\\\/uploads\\\/2023\\\/06\\\/cropped-Agenda-logo-vs-1.png\",\"width\":512,\"height\":512,\"caption\":\"Agenda de Eventos\"},\"image\":{\"@id\":\"https:\\\/\\\/agenda.poscosecha.com\\\/#\\\/schema\\\/logo\\\/image\\\/\"},\"sameAs\":[\"https:\\\/\\\/www.facebook.com\\\/Poscosecha.Postharvest\\\/\",\"https:\\\/\\\/x.com\\\/poscosecha\",\"https:\\\/\\\/www.linkedin.com\\\/company\\\/poscosecha.com\\\/\"]}]}<\/script>\n<!-- \/ Yoast SEO plugin. -->","yoast_head_json":{"title":"La sostenibilidad en la producci\u00f3n agr\u00edcola - AGENDA","robots":{"index":"index","follow":"follow","max-snippet":"max-snippet:-1","max-image-preview":"max-image-preview:large","max-video-preview":"max-video-preview:-1"},"canonical":"https:\/\/agenda.poscosecha.com\/en\/eventos\/la-sostenibilidad-en-la-produccion-agricola\/","og_locale":"en_GB","og_type":"article","og_title":"La sostenibilidad en la producci\u00f3n agr\u00edcola - AGENDA","og_description":"Los modelos productivos del siglo XX est\u00e1n provocando calentamiento global, el agotamiento de algunos recursos y un fuerte impacto en el entorno. Desde hace a\u00f1os estamos viviendo un cambio en la opini\u00f3n de la sociedad y tambi\u00e9n en las pol\u00edticas que nos gobiernan relacionadas con esta situaci\u00f3n, la Cumbre del Clima de Paris en 2015 [&hellip;]","og_url":"https:\/\/agenda.poscosecha.com\/en\/eventos\/la-sostenibilidad-en-la-produccion-agricola\/","og_site_name":"AGENDA","article_publisher":"https:\/\/www.facebook.com\/Poscosecha.Postharvest\/","og_image":[{"width":786,"height":442,"url":"https:\/\/agenda.poscosecha.com\/wp-content\/uploads\/2023\/04\/956x452_sostenibilidad_233ec1e0c6-e1619605878289-wYwLaJ.tmp_.jpg","type":"image\/jpeg"}],"twitter_card":"summary_large_image","twitter_site":"@poscosecha","twitter_misc":{"Estimated reading time":"2 minutes"},"schema":{"@context":"https:\/\/schema.org","@graph":[{"@type":"WebPage","@id":"https:\/\/agenda.poscosecha.com\/eventos\/la-sostenibilidad-en-la-produccion-agricola\/","url":"https:\/\/agenda.poscosecha.com\/eventos\/la-sostenibilidad-en-la-produccion-agricola\/","name":"La sostenibilidad en la producci\u00f3n agr\u00edcola - AGENDA","isPartOf":{"@id":"https:\/\/agenda.poscosecha.com\/#website"},"primaryImageOfPage":{"@id":"https:\/\/agenda.poscosecha.com\/eventos\/la-sostenibilidad-en-la-produccion-agricola\/#primaryimage"},"image":{"@id":"https:\/\/agenda.poscosecha.com\/eventos\/la-sostenibilidad-en-la-produccion-agricola\/#primaryimage"},"thumbnailUrl":"https:\/\/agenda.poscosecha.com\/wp-content\/uploads\/2023\/04\/956x452_sostenibilidad_233ec1e0c6-e1619605878289-wYwLaJ.tmp_.jpg","datePublished":"2023-05-01T09:46:51+00:00","breadcrumb":{"@id":"https:\/\/agenda.poscosecha.com\/eventos\/la-sostenibilidad-en-la-produccion-agricola\/#breadcrumb"},"inLanguage":"en-GB","potentialAction":[{"@type":"ReadAction","target":["https:\/\/agenda.poscosecha.com\/eventos\/la-sostenibilidad-en-la-produccion-agricola\/"]}]},{"@type":"ImageObject","inLanguage":"en-GB","@id":"https:\/\/agenda.poscosecha.com\/eventos\/la-sostenibilidad-en-la-produccion-agricola\/#primaryimage","url":"https:\/\/agenda.poscosecha.com\/wp-content\/uploads\/2023\/04\/956x452_sostenibilidad_233ec1e0c6-e1619605878289-wYwLaJ.tmp_.jpg","contentUrl":"https:\/\/agenda.poscosecha.com\/wp-content\/uploads\/2023\/04\/956x452_sostenibilidad_233ec1e0c6-e1619605878289-wYwLaJ.tmp_.jpg","width":786,"height":442},{"@type":"BreadcrumbList","@id":"https:\/\/agenda.poscosecha.com\/eventos\/la-sostenibilidad-en-la-produccion-agricola\/#breadcrumb","itemListElement":[{"@type":"ListItem","position":1,"name":"Portada","item":"https:\/\/agenda.poscosecha.com\/"},{"@type":"ListItem","position":2,"name":"Eventos","item":"https:\/\/agenda.poscosecha.com\/eventos\/"},{"@type":"ListItem","position":3,"name":"La sostenibilidad en la producci\u00f3n agr\u00edcola"}]},{"@type":"WebSite","@id":"https:\/\/agenda.poscosecha.com\/#website","url":"https:\/\/agenda.poscosecha.com\/","name":"Agenda de Eventos","description":"Conectando comunidades poscosecha globales","publisher":{"@id":"https:\/\/agenda.poscosecha.com\/#organization"},"potentialAction":[{"@type":"SearchAction","target":{"@type":"EntryPoint","urlTemplate":"https:\/\/agenda.poscosecha.com\/?s={search_term_string}"},"query-input":{"@type":"PropertyValueSpecification","valueRequired":true,"valueName":"search_term_string"}}],"inLanguage":"en-GB"},{"@type":"Organization","@id":"https:\/\/agenda.poscosecha.com\/#organization","name":"Agenda de Eventos","url":"https:\/\/agenda.poscosecha.com\/","logo":{"@type":"ImageObject","inLanguage":"en-GB","@id":"https:\/\/agenda.poscosecha.com\/#\/schema\/logo\/image\/","url":"https:\/\/agenda.poscosecha.com\/wp-content\/uploads\/2023\/06\/cropped-Agenda-logo-vs-1.png","contentUrl":"https:\/\/agenda.poscosecha.com\/wp-content\/uploads\/2023\/06\/cropped-Agenda-logo-vs-1.png","width":512,"height":512,"caption":"Agenda de Eventos"},"image":{"@id":"https:\/\/agenda.poscosecha.com\/#\/schema\/logo\/image\/"},"sameAs":["https:\/\/www.facebook.com\/Poscosecha.Postharvest\/","https:\/\/x.com\/poscosecha","https:\/\/www.linkedin.com\/company\/poscosecha.com\/"]}]}},"_links":{"self":[{"href":"https:\/\/agenda.poscosecha.com\/en\/wp-json\/wp\/v2\/mec-events\/2548","targetHints":{"allow":["GET"]}}],"collection":[{"href":"https:\/\/agenda.poscosecha.com\/en\/wp-json\/wp\/v2\/mec-events"}],"about":[{"href":"https:\/\/agenda.poscosecha.com\/en\/wp-json\/wp\/v2\/types\/mec-events"}],"author":[{"embeddable":true,"href":"https:\/\/agenda.poscosecha.com\/en\/wp-json\/wp\/v2\/users\/1"}],"wp:featuredmedia":[{"embeddable":true,"href":"https:\/\/agenda.poscosecha.com\/en\/wp-json\/wp\/v2\/media\/980"}],"wp:attachment":[{"href":"https:\/\/agenda.poscosecha.com\/en\/wp-json\/wp\/v2\/media?parent=2548"}],"wp:term":[{"taxonomy":"post_tag","embeddable":true,"href":"https:\/\/agenda.poscosecha.com\/en\/wp-json\/wp\/v2\/tags?post=2548"},{"taxonomy":"mec_category","embeddable":true,"href":"https:\/\/agenda.poscosecha.com\/en\/wp-json\/wp\/v2\/mec_category?post=2548"}],"curies":[{"name":"wp","href":"https:\/\/api.w.org\/{rel}","templated":true}]}}