{"id":2513,"date":"2023-05-01T09:46:33","date_gmt":"2023-05-01T09:46:33","guid":{"rendered":"https:\/\/agenda.poscosecha.com\/events\/almendro-una-vision-global-del-campo-al-mercado\/"},"modified":"2023-05-01T09:46:33","modified_gmt":"2023-05-01T09:46:33","slug":"almendro-una-vision-global-del-campo-al-mercado","status":"publish","type":"mec-events","link":"https:\/\/agenda.poscosecha.com\/en\/eventos\/almendro-una-vision-global-del-campo-al-mercado\/","title":{"rendered":"Almendro: Una vision global del campo al mercado"},"content":{"rendered":"<p>Seg\u00fan los datos del Ministerio de Agricultura, Pesca y Alimentaci\u00f3n de Espa\u00f1a (MAPA), la superficie de almendro en este pa\u00eds en 2019 super\u00f3 las 687.000 hect\u00e1reas, una extensi\u00f3n que no parado de creer desde 2014 como una de las consecuencias de la crisis de los frutales de hueso originada, en parte, por el veto ruso. Similar situaci\u00f3n vemos en Portugal, donde el paso de la zona del Alentejo a regad\u00edo ha propiciado el crecimiento de este cultivo en la zona.<br \/>\nEs por esto por lo que Bayer organiza un evento para dar a conocer los beneficios de sus productos para este cultivo, centr\u00e1ndose en estas zonas estrat\u00e9gicas como Andaluc\u00eda, Extremadura, Catalu\u00f1a, Castilla La Mancha, Alicante y Portugal, ante la necesidad de ofrecer al mercado soluciones efectivas y sostenibles.<\/p>\n<p>Entre las soluciones que Bayer presentar\u00e1, destacan una gama de productos con alto espectro: Movento\u00ae Gold, para el control de plagas como el pulg\u00f3n y avispilla; Serenade\u00ae ASO, para el control de enfermedades; y Roundup\u00ae, para el control de malas hierbas.<\/p>\n<p>El webinar se estructurar\u00e1 en dos bloques. El primero abordar\u00e1 las soluciones de Sanidad Vegetal para el almendro, presentando su gama de productos, y en el segundo bloque se transferir\u00e1n conocimientos relativos a la innovaci\u00f3n y buenas pr\u00e1cticas, as\u00ed como la situaci\u00f3n de mercado del almendro bajo el prisma de la sostenibilidad.<\/p>","protected":false},"excerpt":{"rendered":"<p>Seg\u00fan los datos del Ministerio de Agricultura, Pesca y Alimentaci\u00f3n de Espa\u00f1a (MAPA), la superficie de almendro en este pa\u00eds en 2019 super\u00f3 las 687.000 hect\u00e1reas, una extensi\u00f3n que no parado de creer desde 2014 como una de las consecuencias de la crisis de los frutales de hueso originada, en parte, por el veto ruso. [&hellip;]<\/p>\n","protected":false},"author":1,"featured_media":920,"template":"","tags":[],"mec_category":[23],"class_list":["post-2513","mec-events","type-mec-events","status-publish","has-post-thumbnail","hentry","mec_category-on-line-webinars"],"yoast_head":"<!-- This site is optimized with the Yoast SEO plugin v27.5 - https:\/\/yoast.com\/product\/yoast-seo-wordpress\/ -->\n<title>Almendro: Una vision global del campo al mercado - AGENDA<\/title>\n<meta name=\"robots\" content=\"index, follow, max-snippet:-1, max-image-preview:large, max-video-preview:-1\" \/>\n<link rel=\"canonical\" href=\"https:\/\/agenda.poscosecha.com\/en\/eventos\/almendro-una-vision-global-del-campo-al-mercado\/\" \/>\n<meta property=\"og:locale\" content=\"en_GB\" \/>\n<meta property=\"og:type\" content=\"article\" \/>\n<meta property=\"og:title\" content=\"Almendro: Una vision global del campo al mercado - AGENDA\" \/>\n<meta property=\"og:description\" content=\"Seg\u00fan los datos del Ministerio de Agricultura, Pesca y Alimentaci\u00f3n de Espa\u00f1a (MAPA), la superficie de almendro en este pa\u00eds en 2019 super\u00f3 las 687.000 hect\u00e1reas, una extensi\u00f3n que no parado de creer desde 2014 como una de las consecuencias de la crisis de los frutales de hueso originada, en parte, por el veto ruso. [&hellip;]\" \/>\n<meta property=\"og:url\" content=\"https:\/\/agenda.poscosecha.com\/en\/eventos\/almendro-una-vision-global-del-campo-al-mercado\/\" \/>\n<meta property=\"og:site_name\" content=\"AGENDA\" \/>\n<meta property=\"article:publisher\" content=\"https:\/\/www.facebook.com\/Poscosecha.Postharvest\/\" \/>\n<meta property=\"og:image\" content=\"https:\/\/agenda.poscosecha.com\/wp-content\/uploads\/2023\/04\/Cartel-Inscripcion-Formulario.604c82013464a4.80097134-e1616099049709-IoL2cS.tmp_.jpg\" \/>\n\t<meta property=\"og:image:width\" content=\"504\" \/>\n\t<meta property=\"og:image:height\" content=\"283\" \/>\n\t<meta property=\"og:image:type\" content=\"image\/jpeg\" \/>\n<meta name=\"twitter:card\" content=\"summary_large_image\" \/>\n<meta name=\"twitter:site\" content=\"@poscosecha\" \/>\n<meta name=\"twitter:label1\" content=\"Estimated reading time\" \/>\n\t<meta name=\"twitter:data1\" content=\"1 minute\" \/>\n<script type=\"application\/ld+json\" class=\"yoast-schema-graph\">{\"@context\":\"https:\\\/\\\/schema.org\",\"@graph\":[{\"@type\":\"WebPage\",\"@id\":\"https:\\\/\\\/agenda.poscosecha.com\\\/eventos\\\/almendro-una-vision-global-del-campo-al-mercado\\\/\",\"url\":\"https:\\\/\\\/agenda.poscosecha.com\\\/eventos\\\/almendro-una-vision-global-del-campo-al-mercado\\\/\",\"name\":\"Almendro: Una vision global del campo al mercado - AGENDA\",\"isPartOf\":{\"@id\":\"https:\\\/\\\/agenda.poscosecha.com\\\/#website\"},\"primaryImageOfPage\":{\"@id\":\"https:\\\/\\\/agenda.poscosecha.com\\\/eventos\\\/almendro-una-vision-global-del-campo-al-mercado\\\/#primaryimage\"},\"image\":{\"@id\":\"https:\\\/\\\/agenda.poscosecha.com\\\/eventos\\\/almendro-una-vision-global-del-campo-al-mercado\\\/#primaryimage\"},\"thumbnailUrl\":\"https:\\\/\\\/agenda.poscosecha.com\\\/wp-content\\\/uploads\\\/2023\\\/04\\\/Cartel-Inscripcion-Formulario.604c82013464a4.80097134-e1616099049709-IoL2cS.tmp_.jpg\",\"datePublished\":\"2023-05-01T09:46:33+00:00\",\"breadcrumb\":{\"@id\":\"https:\\\/\\\/agenda.poscosecha.com\\\/eventos\\\/almendro-una-vision-global-del-campo-al-mercado\\\/#breadcrumb\"},\"inLanguage\":\"en-GB\",\"potentialAction\":[{\"@type\":\"ReadAction\",\"target\":[\"https:\\\/\\\/agenda.poscosecha.com\\\/eventos\\\/almendro-una-vision-global-del-campo-al-mercado\\\/\"]}]},{\"@type\":\"ImageObject\",\"inLanguage\":\"en-GB\",\"@id\":\"https:\\\/\\\/agenda.poscosecha.com\\\/eventos\\\/almendro-una-vision-global-del-campo-al-mercado\\\/#primaryimage\",\"url\":\"https:\\\/\\\/agenda.poscosecha.com\\\/wp-content\\\/uploads\\\/2023\\\/04\\\/Cartel-Inscripcion-Formulario.604c82013464a4.80097134-e1616099049709-IoL2cS.tmp_.jpg\",\"contentUrl\":\"https:\\\/\\\/agenda.poscosecha.com\\\/wp-content\\\/uploads\\\/2023\\\/04\\\/Cartel-Inscripcion-Formulario.604c82013464a4.80097134-e1616099049709-IoL2cS.tmp_.jpg\",\"width\":504,\"height\":283},{\"@type\":\"BreadcrumbList\",\"@id\":\"https:\\\/\\\/agenda.poscosecha.com\\\/eventos\\\/almendro-una-vision-global-del-campo-al-mercado\\\/#breadcrumb\",\"itemListElement\":[{\"@type\":\"ListItem\",\"position\":1,\"name\":\"Portada\",\"item\":\"https:\\\/\\\/agenda.poscosecha.com\\\/\"},{\"@type\":\"ListItem\",\"position\":2,\"name\":\"Eventos\",\"item\":\"https:\\\/\\\/agenda.poscosecha.com\\\/eventos\\\/\"},{\"@type\":\"ListItem\",\"position\":3,\"name\":\"Almendro: Una vision global del campo al mercado\"}]},{\"@type\":\"WebSite\",\"@id\":\"https:\\\/\\\/agenda.poscosecha.com\\\/#website\",\"url\":\"https:\\\/\\\/agenda.poscosecha.com\\\/\",\"name\":\"Agenda de Eventos\",\"description\":\"Conectando comunidades poscosecha globales\",\"publisher\":{\"@id\":\"https:\\\/\\\/agenda.poscosecha.com\\\/#organization\"},\"potentialAction\":[{\"@type\":\"SearchAction\",\"target\":{\"@type\":\"EntryPoint\",\"urlTemplate\":\"https:\\\/\\\/agenda.poscosecha.com\\\/?s={search_term_string}\"},\"query-input\":{\"@type\":\"PropertyValueSpecification\",\"valueRequired\":true,\"valueName\":\"search_term_string\"}}],\"inLanguage\":\"en-GB\"},{\"@type\":\"Organization\",\"@id\":\"https:\\\/\\\/agenda.poscosecha.com\\\/#organization\",\"name\":\"Agenda de Eventos\",\"url\":\"https:\\\/\\\/agenda.poscosecha.com\\\/\",\"logo\":{\"@type\":\"ImageObject\",\"inLanguage\":\"en-GB\",\"@id\":\"https:\\\/\\\/agenda.poscosecha.com\\\/#\\\/schema\\\/logo\\\/image\\\/\",\"url\":\"https:\\\/\\\/agenda.poscosecha.com\\\/wp-content\\\/uploads\\\/2023\\\/06\\\/cropped-Agenda-logo-vs-1.png\",\"contentUrl\":\"https:\\\/\\\/agenda.poscosecha.com\\\/wp-content\\\/uploads\\\/2023\\\/06\\\/cropped-Agenda-logo-vs-1.png\",\"width\":512,\"height\":512,\"caption\":\"Agenda de Eventos\"},\"image\":{\"@id\":\"https:\\\/\\\/agenda.poscosecha.com\\\/#\\\/schema\\\/logo\\\/image\\\/\"},\"sameAs\":[\"https:\\\/\\\/www.facebook.com\\\/Poscosecha.Postharvest\\\/\",\"https:\\\/\\\/x.com\\\/poscosecha\",\"https:\\\/\\\/www.linkedin.com\\\/company\\\/poscosecha.com\\\/\"]}]}<\/script>\n<!-- \/ Yoast SEO plugin. -->","yoast_head_json":{"title":"Almendro: Una vision global del campo al mercado - AGENDA","robots":{"index":"index","follow":"follow","max-snippet":"max-snippet:-1","max-image-preview":"max-image-preview:large","max-video-preview":"max-video-preview:-1"},"canonical":"https:\/\/agenda.poscosecha.com\/en\/eventos\/almendro-una-vision-global-del-campo-al-mercado\/","og_locale":"en_GB","og_type":"article","og_title":"Almendro: Una vision global del campo al mercado - AGENDA","og_description":"Seg\u00fan los datos del Ministerio de Agricultura, Pesca y Alimentaci\u00f3n de Espa\u00f1a (MAPA), la superficie de almendro en este pa\u00eds en 2019 super\u00f3 las 687.000 hect\u00e1reas, una extensi\u00f3n que no parado de creer desde 2014 como una de las consecuencias de la crisis de los frutales de hueso originada, en parte, por el veto ruso. [&hellip;]","og_url":"https:\/\/agenda.poscosecha.com\/en\/eventos\/almendro-una-vision-global-del-campo-al-mercado\/","og_site_name":"AGENDA","article_publisher":"https:\/\/www.facebook.com\/Poscosecha.Postharvest\/","og_image":[{"width":504,"height":283,"url":"https:\/\/agenda.poscosecha.com\/wp-content\/uploads\/2023\/04\/Cartel-Inscripcion-Formulario.604c82013464a4.80097134-e1616099049709-IoL2cS.tmp_.jpg","type":"image\/jpeg"}],"twitter_card":"summary_large_image","twitter_site":"@poscosecha","twitter_misc":{"Estimated reading time":"1 minute"},"schema":{"@context":"https:\/\/schema.org","@graph":[{"@type":"WebPage","@id":"https:\/\/agenda.poscosecha.com\/eventos\/almendro-una-vision-global-del-campo-al-mercado\/","url":"https:\/\/agenda.poscosecha.com\/eventos\/almendro-una-vision-global-del-campo-al-mercado\/","name":"Almendro: Una vision global del campo al mercado - AGENDA","isPartOf":{"@id":"https:\/\/agenda.poscosecha.com\/#website"},"primaryImageOfPage":{"@id":"https:\/\/agenda.poscosecha.com\/eventos\/almendro-una-vision-global-del-campo-al-mercado\/#primaryimage"},"image":{"@id":"https:\/\/agenda.poscosecha.com\/eventos\/almendro-una-vision-global-del-campo-al-mercado\/#primaryimage"},"thumbnailUrl":"https:\/\/agenda.poscosecha.com\/wp-content\/uploads\/2023\/04\/Cartel-Inscripcion-Formulario.604c82013464a4.80097134-e1616099049709-IoL2cS.tmp_.jpg","datePublished":"2023-05-01T09:46:33+00:00","breadcrumb":{"@id":"https:\/\/agenda.poscosecha.com\/eventos\/almendro-una-vision-global-del-campo-al-mercado\/#breadcrumb"},"inLanguage":"en-GB","potentialAction":[{"@type":"ReadAction","target":["https:\/\/agenda.poscosecha.com\/eventos\/almendro-una-vision-global-del-campo-al-mercado\/"]}]},{"@type":"ImageObject","inLanguage":"en-GB","@id":"https:\/\/agenda.poscosecha.com\/eventos\/almendro-una-vision-global-del-campo-al-mercado\/#primaryimage","url":"https:\/\/agenda.poscosecha.com\/wp-content\/uploads\/2023\/04\/Cartel-Inscripcion-Formulario.604c82013464a4.80097134-e1616099049709-IoL2cS.tmp_.jpg","contentUrl":"https:\/\/agenda.poscosecha.com\/wp-content\/uploads\/2023\/04\/Cartel-Inscripcion-Formulario.604c82013464a4.80097134-e1616099049709-IoL2cS.tmp_.jpg","width":504,"height":283},{"@type":"BreadcrumbList","@id":"https:\/\/agenda.poscosecha.com\/eventos\/almendro-una-vision-global-del-campo-al-mercado\/#breadcrumb","itemListElement":[{"@type":"ListItem","position":1,"name":"Portada","item":"https:\/\/agenda.poscosecha.com\/"},{"@type":"ListItem","position":2,"name":"Eventos","item":"https:\/\/agenda.poscosecha.com\/eventos\/"},{"@type":"ListItem","position":3,"name":"Almendro: Una vision global del campo al mercado"}]},{"@type":"WebSite","@id":"https:\/\/agenda.poscosecha.com\/#website","url":"https:\/\/agenda.poscosecha.com\/","name":"Agenda de Eventos","description":"Conectando comunidades poscosecha globales","publisher":{"@id":"https:\/\/agenda.poscosecha.com\/#organization"},"potentialAction":[{"@type":"SearchAction","target":{"@type":"EntryPoint","urlTemplate":"https:\/\/agenda.poscosecha.com\/?s={search_term_string}"},"query-input":{"@type":"PropertyValueSpecification","valueRequired":true,"valueName":"search_term_string"}}],"inLanguage":"en-GB"},{"@type":"Organization","@id":"https:\/\/agenda.poscosecha.com\/#organization","name":"Agenda de Eventos","url":"https:\/\/agenda.poscosecha.com\/","logo":{"@type":"ImageObject","inLanguage":"en-GB","@id":"https:\/\/agenda.poscosecha.com\/#\/schema\/logo\/image\/","url":"https:\/\/agenda.poscosecha.com\/wp-content\/uploads\/2023\/06\/cropped-Agenda-logo-vs-1.png","contentUrl":"https:\/\/agenda.poscosecha.com\/wp-content\/uploads\/2023\/06\/cropped-Agenda-logo-vs-1.png","width":512,"height":512,"caption":"Agenda de Eventos"},"image":{"@id":"https:\/\/agenda.poscosecha.com\/#\/schema\/logo\/image\/"},"sameAs":["https:\/\/www.facebook.com\/Poscosecha.Postharvest\/","https:\/\/x.com\/poscosecha","https:\/\/www.linkedin.com\/company\/poscosecha.com\/"]}]}},"_links":{"self":[{"href":"https:\/\/agenda.poscosecha.com\/en\/wp-json\/wp\/v2\/mec-events\/2513","targetHints":{"allow":["GET"]}}],"collection":[{"href":"https:\/\/agenda.poscosecha.com\/en\/wp-json\/wp\/v2\/mec-events"}],"about":[{"href":"https:\/\/agenda.poscosecha.com\/en\/wp-json\/wp\/v2\/types\/mec-events"}],"author":[{"embeddable":true,"href":"https:\/\/agenda.poscosecha.com\/en\/wp-json\/wp\/v2\/users\/1"}],"wp:featuredmedia":[{"embeddable":true,"href":"https:\/\/agenda.poscosecha.com\/en\/wp-json\/wp\/v2\/media\/920"}],"wp:attachment":[{"href":"https:\/\/agenda.poscosecha.com\/en\/wp-json\/wp\/v2\/media?parent=2513"}],"wp:term":[{"taxonomy":"post_tag","embeddable":true,"href":"https:\/\/agenda.poscosecha.com\/en\/wp-json\/wp\/v2\/tags?post=2513"},{"taxonomy":"mec_category","embeddable":true,"href":"https:\/\/agenda.poscosecha.com\/en\/wp-json\/wp\/v2\/mec_category?post=2513"}],"curies":[{"name":"wp","href":"https:\/\/api.w.org\/{rel}","templated":true}]}}