{"id":2432,"date":"2023-05-01T09:45:52","date_gmt":"2023-05-01T09:45:52","guid":{"rendered":"https:\/\/agenda.poscosecha.com\/events\/poda-de-invierno-del-caqui\/"},"modified":"2023-05-01T09:45:52","modified_gmt":"2023-05-01T09:45:52","slug":"poda-de-invierno-del-caqui","status":"publish","type":"mec-events","link":"https:\/\/agenda.poscosecha.com\/en\/eventos\/poda-de-invierno-del-caqui\/","title":{"rendered":"Poda de invierno del caqui"},"content":{"rendered":"<p style=\"font-weight: 400\">La poda es uno de los aspectos m\u00e1s importantes en el cultivo para conseguir \u00e1rboles bien formados, equilibrados y poder obtener una m\u00e1xima producci\u00f3n y calidad de fruto. Cada especie frutal requiere de una poda particular. En el taller de poda de invierno del caqui, se abordar\u00e1 como realizar un correcto manejo de dicha poda para mejorar la producci\u00f3n del a\u00f1o y formar el \u00e1rbol para los a\u00f1os sucesivos.<\/p>\n<p style=\"font-weight: 400\">El\u00a0<strong>taller \u2018Poda de invierno del caqui\u2019<\/strong>, organizado por el Grupo Cooperativo Cajamar, tendr\u00e1 lugar el\u00a0<strong>lunes<\/strong>\u00a0<strong>18 de enero\u00a0<\/strong>a las\u00a0<strong>16:30 horas\u00a0<\/strong>en formato webinar.<\/p>\n<p style=\"font-weight: 400\">Programa<\/p>\n<p style=\"font-weight: 400\"><strong>16:30 h. Bienvenida y presentaci\u00f3n<\/strong><\/p>\n<p style=\"font-weight: 400\">Carlos Baixauli Soria. Centro de Experiencias de Cajamar<\/p>\n<p style=\"font-weight: 400\"><strong>16:35 h.\u00a0<\/strong><strong>P<\/strong><strong>oda de invierno del caqui<\/strong><\/p>\n<p style=\"font-weight: 400\">Emilio Mataix Gato. T\u00e9cnico especialista en caqui y frutales de hueso<\/p>\n<p style=\"font-weight: 400\"><strong>17:05 h. Proyecci\u00f3n v\u00eddeo demostraci\u00f3n poda<\/strong><\/p>\n<p style=\"font-weight: 400\"><strong>17:20 h. Mesa debate<\/strong><\/p>\n<p style=\"font-weight: 400\">El ponente responder\u00e1 a las cuestiones planteadas a trav\u00e9s del chat por los asistentes virtuales al webinar.<\/p>\n<p style=\"font-weight: 400\">Estas ser\u00e1n formuladas a trav\u00e9s del moderador.<\/p>\n<p style=\"font-weight: 400\"><strong>18:00 h. Fin del evento<\/strong><\/p>","protected":false},"excerpt":{"rendered":"<p>La poda es uno de los aspectos m\u00e1s importantes en el cultivo para conseguir \u00e1rboles bien formados, equilibrados y poder obtener una m\u00e1xima producci\u00f3n y calidad de fruto. Cada especie frutal requiere de una poda particular. En el taller de poda de invierno del caqui, se abordar\u00e1 como realizar un correcto manejo de dicha poda [&hellip;]<\/p>\n","protected":false},"author":1,"featured_media":769,"template":"","tags":[],"mec_category":[23],"class_list":["post-2432","mec-events","type-mec-events","status-publish","has-post-thumbnail","hentry","mec_category-on-line-webinars"],"yoast_head":"<!-- This site is optimized with the Yoast SEO plugin v27.4 - https:\/\/yoast.com\/product\/yoast-seo-wordpress\/ -->\n<title>Poda de invierno del caqui - AGENDA<\/title>\n<meta name=\"robots\" content=\"index, follow, max-snippet:-1, max-image-preview:large, max-video-preview:-1\" \/>\n<link rel=\"canonical\" href=\"https:\/\/agenda.poscosecha.com\/en\/eventos\/poda-de-invierno-del-caqui\/\" \/>\n<meta property=\"og:locale\" content=\"en_GB\" \/>\n<meta property=\"og:type\" content=\"article\" \/>\n<meta property=\"og:title\" content=\"Poda de invierno del caqui - AGENDA\" \/>\n<meta property=\"og:description\" content=\"La poda es uno de los aspectos m\u00e1s importantes en el cultivo para conseguir \u00e1rboles bien formados, equilibrados y poder obtener una m\u00e1xima producci\u00f3n y calidad de fruto. Cada especie frutal requiere de una poda particular. En el taller de poda de invierno del caqui, se abordar\u00e1 como realizar un correcto manejo de dicha poda [&hellip;]\" \/>\n<meta property=\"og:url\" content=\"https:\/\/agenda.poscosecha.com\/en\/eventos\/poda-de-invierno-del-caqui\/\" \/>\n<meta property=\"og:site_name\" content=\"AGENDA\" \/>\n<meta property=\"article:publisher\" content=\"https:\/\/www.facebook.com\/Poscosecha.Postharvest\/\" \/>\n<meta property=\"og:image\" content=\"https:\/\/agenda.poscosecha.com\/wp-content\/uploads\/2023\/04\/xa-Agenda-xf-Fwd_-Webinar-Poda-de-invierno-del-caqui-18_01_2021-jorgealonso@redepapa.org-Red-Electronica-de-la-Papa-Redepapa-Mail-1-1-e1610389349302-Ap1sI9.tmp_.png\" \/>\n\t<meta property=\"og:image:width\" content=\"806\" \/>\n\t<meta property=\"og:image:height\" content=\"453\" \/>\n\t<meta property=\"og:image:type\" content=\"image\/png\" \/>\n<meta name=\"twitter:card\" content=\"summary_large_image\" \/>\n<meta name=\"twitter:site\" content=\"@poscosecha\" \/>\n<meta name=\"twitter:label1\" content=\"Estimated reading time\" \/>\n\t<meta name=\"twitter:data1\" content=\"1 minute\" \/>\n<script type=\"application\/ld+json\" class=\"yoast-schema-graph\">{\"@context\":\"https:\\\/\\\/schema.org\",\"@graph\":[{\"@type\":\"WebPage\",\"@id\":\"https:\\\/\\\/agenda.poscosecha.com\\\/eventos\\\/poda-de-invierno-del-caqui\\\/\",\"url\":\"https:\\\/\\\/agenda.poscosecha.com\\\/eventos\\\/poda-de-invierno-del-caqui\\\/\",\"name\":\"Poda de invierno del caqui - AGENDA\",\"isPartOf\":{\"@id\":\"https:\\\/\\\/agenda.poscosecha.com\\\/#website\"},\"primaryImageOfPage\":{\"@id\":\"https:\\\/\\\/agenda.poscosecha.com\\\/eventos\\\/poda-de-invierno-del-caqui\\\/#primaryimage\"},\"image\":{\"@id\":\"https:\\\/\\\/agenda.poscosecha.com\\\/eventos\\\/poda-de-invierno-del-caqui\\\/#primaryimage\"},\"thumbnailUrl\":\"https:\\\/\\\/agenda.poscosecha.com\\\/wp-content\\\/uploads\\\/2023\\\/04\\\/xa-Agenda-xf-Fwd_-Webinar-Poda-de-invierno-del-caqui-18_01_2021-jorgealonso@redepapa.org-Red-Electronica-de-la-Papa-Redepapa-Mail-1-1-e1610389349302-Ap1sI9.tmp_.png\",\"datePublished\":\"2023-05-01T09:45:52+00:00\",\"breadcrumb\":{\"@id\":\"https:\\\/\\\/agenda.poscosecha.com\\\/eventos\\\/poda-de-invierno-del-caqui\\\/#breadcrumb\"},\"inLanguage\":\"en-GB\",\"potentialAction\":[{\"@type\":\"ReadAction\",\"target\":[\"https:\\\/\\\/agenda.poscosecha.com\\\/eventos\\\/poda-de-invierno-del-caqui\\\/\"]}]},{\"@type\":\"ImageObject\",\"inLanguage\":\"en-GB\",\"@id\":\"https:\\\/\\\/agenda.poscosecha.com\\\/eventos\\\/poda-de-invierno-del-caqui\\\/#primaryimage\",\"url\":\"https:\\\/\\\/agenda.poscosecha.com\\\/wp-content\\\/uploads\\\/2023\\\/04\\\/xa-Agenda-xf-Fwd_-Webinar-Poda-de-invierno-del-caqui-18_01_2021-jorgealonso@redepapa.org-Red-Electronica-de-la-Papa-Redepapa-Mail-1-1-e1610389349302-Ap1sI9.tmp_.png\",\"contentUrl\":\"https:\\\/\\\/agenda.poscosecha.com\\\/wp-content\\\/uploads\\\/2023\\\/04\\\/xa-Agenda-xf-Fwd_-Webinar-Poda-de-invierno-del-caqui-18_01_2021-jorgealonso@redepapa.org-Red-Electronica-de-la-Papa-Redepapa-Mail-1-1-e1610389349302-Ap1sI9.tmp_.png\",\"width\":806,\"height\":453},{\"@type\":\"BreadcrumbList\",\"@id\":\"https:\\\/\\\/agenda.poscosecha.com\\\/eventos\\\/poda-de-invierno-del-caqui\\\/#breadcrumb\",\"itemListElement\":[{\"@type\":\"ListItem\",\"position\":1,\"name\":\"Portada\",\"item\":\"https:\\\/\\\/agenda.poscosecha.com\\\/\"},{\"@type\":\"ListItem\",\"position\":2,\"name\":\"Eventos\",\"item\":\"https:\\\/\\\/agenda.poscosecha.com\\\/eventos\\\/\"},{\"@type\":\"ListItem\",\"position\":3,\"name\":\"Poda de invierno del caqui\"}]},{\"@type\":\"WebSite\",\"@id\":\"https:\\\/\\\/agenda.poscosecha.com\\\/#website\",\"url\":\"https:\\\/\\\/agenda.poscosecha.com\\\/\",\"name\":\"Agenda de Eventos\",\"description\":\"Conectando comunidades poscosecha globales\",\"publisher\":{\"@id\":\"https:\\\/\\\/agenda.poscosecha.com\\\/#organization\"},\"potentialAction\":[{\"@type\":\"SearchAction\",\"target\":{\"@type\":\"EntryPoint\",\"urlTemplate\":\"https:\\\/\\\/agenda.poscosecha.com\\\/?s={search_term_string}\"},\"query-input\":{\"@type\":\"PropertyValueSpecification\",\"valueRequired\":true,\"valueName\":\"search_term_string\"}}],\"inLanguage\":\"en-GB\"},{\"@type\":\"Organization\",\"@id\":\"https:\\\/\\\/agenda.poscosecha.com\\\/#organization\",\"name\":\"Agenda de Eventos\",\"url\":\"https:\\\/\\\/agenda.poscosecha.com\\\/\",\"logo\":{\"@type\":\"ImageObject\",\"inLanguage\":\"en-GB\",\"@id\":\"https:\\\/\\\/agenda.poscosecha.com\\\/#\\\/schema\\\/logo\\\/image\\\/\",\"url\":\"https:\\\/\\\/agenda.poscosecha.com\\\/wp-content\\\/uploads\\\/2023\\\/06\\\/cropped-Agenda-logo-vs-1.png\",\"contentUrl\":\"https:\\\/\\\/agenda.poscosecha.com\\\/wp-content\\\/uploads\\\/2023\\\/06\\\/cropped-Agenda-logo-vs-1.png\",\"width\":512,\"height\":512,\"caption\":\"Agenda de Eventos\"},\"image\":{\"@id\":\"https:\\\/\\\/agenda.poscosecha.com\\\/#\\\/schema\\\/logo\\\/image\\\/\"},\"sameAs\":[\"https:\\\/\\\/www.facebook.com\\\/Poscosecha.Postharvest\\\/\",\"https:\\\/\\\/x.com\\\/poscosecha\",\"https:\\\/\\\/www.linkedin.com\\\/company\\\/poscosecha.com\\\/\"]}]}<\/script>\n<!-- \/ Yoast SEO plugin. -->","yoast_head_json":{"title":"Poda de invierno del caqui - AGENDA","robots":{"index":"index","follow":"follow","max-snippet":"max-snippet:-1","max-image-preview":"max-image-preview:large","max-video-preview":"max-video-preview:-1"},"canonical":"https:\/\/agenda.poscosecha.com\/en\/eventos\/poda-de-invierno-del-caqui\/","og_locale":"en_GB","og_type":"article","og_title":"Poda de invierno del caqui - AGENDA","og_description":"La poda es uno de los aspectos m\u00e1s importantes en el cultivo para conseguir \u00e1rboles bien formados, equilibrados y poder obtener una m\u00e1xima producci\u00f3n y calidad de fruto. Cada especie frutal requiere de una poda particular. En el taller de poda de invierno del caqui, se abordar\u00e1 como realizar un correcto manejo de dicha poda [&hellip;]","og_url":"https:\/\/agenda.poscosecha.com\/en\/eventos\/poda-de-invierno-del-caqui\/","og_site_name":"AGENDA","article_publisher":"https:\/\/www.facebook.com\/Poscosecha.Postharvest\/","og_image":[{"width":806,"height":453,"url":"https:\/\/agenda.poscosecha.com\/wp-content\/uploads\/2023\/04\/xa-Agenda-xf-Fwd_-Webinar-Poda-de-invierno-del-caqui-18_01_2021-jorgealonso@redepapa.org-Red-Electronica-de-la-Papa-Redepapa-Mail-1-1-e1610389349302-Ap1sI9.tmp_.png","type":"image\/png"}],"twitter_card":"summary_large_image","twitter_site":"@poscosecha","twitter_misc":{"Estimated reading time":"1 minute"},"schema":{"@context":"https:\/\/schema.org","@graph":[{"@type":"WebPage","@id":"https:\/\/agenda.poscosecha.com\/eventos\/poda-de-invierno-del-caqui\/","url":"https:\/\/agenda.poscosecha.com\/eventos\/poda-de-invierno-del-caqui\/","name":"Poda de invierno del caqui - AGENDA","isPartOf":{"@id":"https:\/\/agenda.poscosecha.com\/#website"},"primaryImageOfPage":{"@id":"https:\/\/agenda.poscosecha.com\/eventos\/poda-de-invierno-del-caqui\/#primaryimage"},"image":{"@id":"https:\/\/agenda.poscosecha.com\/eventos\/poda-de-invierno-del-caqui\/#primaryimage"},"thumbnailUrl":"https:\/\/agenda.poscosecha.com\/wp-content\/uploads\/2023\/04\/xa-Agenda-xf-Fwd_-Webinar-Poda-de-invierno-del-caqui-18_01_2021-jorgealonso@redepapa.org-Red-Electronica-de-la-Papa-Redepapa-Mail-1-1-e1610389349302-Ap1sI9.tmp_.png","datePublished":"2023-05-01T09:45:52+00:00","breadcrumb":{"@id":"https:\/\/agenda.poscosecha.com\/eventos\/poda-de-invierno-del-caqui\/#breadcrumb"},"inLanguage":"en-GB","potentialAction":[{"@type":"ReadAction","target":["https:\/\/agenda.poscosecha.com\/eventos\/poda-de-invierno-del-caqui\/"]}]},{"@type":"ImageObject","inLanguage":"en-GB","@id":"https:\/\/agenda.poscosecha.com\/eventos\/poda-de-invierno-del-caqui\/#primaryimage","url":"https:\/\/agenda.poscosecha.com\/wp-content\/uploads\/2023\/04\/xa-Agenda-xf-Fwd_-Webinar-Poda-de-invierno-del-caqui-18_01_2021-jorgealonso@redepapa.org-Red-Electronica-de-la-Papa-Redepapa-Mail-1-1-e1610389349302-Ap1sI9.tmp_.png","contentUrl":"https:\/\/agenda.poscosecha.com\/wp-content\/uploads\/2023\/04\/xa-Agenda-xf-Fwd_-Webinar-Poda-de-invierno-del-caqui-18_01_2021-jorgealonso@redepapa.org-Red-Electronica-de-la-Papa-Redepapa-Mail-1-1-e1610389349302-Ap1sI9.tmp_.png","width":806,"height":453},{"@type":"BreadcrumbList","@id":"https:\/\/agenda.poscosecha.com\/eventos\/poda-de-invierno-del-caqui\/#breadcrumb","itemListElement":[{"@type":"ListItem","position":1,"name":"Portada","item":"https:\/\/agenda.poscosecha.com\/"},{"@type":"ListItem","position":2,"name":"Eventos","item":"https:\/\/agenda.poscosecha.com\/eventos\/"},{"@type":"ListItem","position":3,"name":"Poda de invierno del caqui"}]},{"@type":"WebSite","@id":"https:\/\/agenda.poscosecha.com\/#website","url":"https:\/\/agenda.poscosecha.com\/","name":"Agenda de Eventos","description":"Conectando comunidades poscosecha globales","publisher":{"@id":"https:\/\/agenda.poscosecha.com\/#organization"},"potentialAction":[{"@type":"SearchAction","target":{"@type":"EntryPoint","urlTemplate":"https:\/\/agenda.poscosecha.com\/?s={search_term_string}"},"query-input":{"@type":"PropertyValueSpecification","valueRequired":true,"valueName":"search_term_string"}}],"inLanguage":"en-GB"},{"@type":"Organization","@id":"https:\/\/agenda.poscosecha.com\/#organization","name":"Agenda de Eventos","url":"https:\/\/agenda.poscosecha.com\/","logo":{"@type":"ImageObject","inLanguage":"en-GB","@id":"https:\/\/agenda.poscosecha.com\/#\/schema\/logo\/image\/","url":"https:\/\/agenda.poscosecha.com\/wp-content\/uploads\/2023\/06\/cropped-Agenda-logo-vs-1.png","contentUrl":"https:\/\/agenda.poscosecha.com\/wp-content\/uploads\/2023\/06\/cropped-Agenda-logo-vs-1.png","width":512,"height":512,"caption":"Agenda de Eventos"},"image":{"@id":"https:\/\/agenda.poscosecha.com\/#\/schema\/logo\/image\/"},"sameAs":["https:\/\/www.facebook.com\/Poscosecha.Postharvest\/","https:\/\/x.com\/poscosecha","https:\/\/www.linkedin.com\/company\/poscosecha.com\/"]}]}},"_links":{"self":[{"href":"https:\/\/agenda.poscosecha.com\/en\/wp-json\/wp\/v2\/mec-events\/2432","targetHints":{"allow":["GET"]}}],"collection":[{"href":"https:\/\/agenda.poscosecha.com\/en\/wp-json\/wp\/v2\/mec-events"}],"about":[{"href":"https:\/\/agenda.poscosecha.com\/en\/wp-json\/wp\/v2\/types\/mec-events"}],"author":[{"embeddable":true,"href":"https:\/\/agenda.poscosecha.com\/en\/wp-json\/wp\/v2\/users\/1"}],"wp:featuredmedia":[{"embeddable":true,"href":"https:\/\/agenda.poscosecha.com\/en\/wp-json\/wp\/v2\/media\/769"}],"wp:attachment":[{"href":"https:\/\/agenda.poscosecha.com\/en\/wp-json\/wp\/v2\/media?parent=2432"}],"wp:term":[{"taxonomy":"post_tag","embeddable":true,"href":"https:\/\/agenda.poscosecha.com\/en\/wp-json\/wp\/v2\/tags?post=2432"},{"taxonomy":"mec_category","embeddable":true,"href":"https:\/\/agenda.poscosecha.com\/en\/wp-json\/wp\/v2\/mec_category?post=2432"}],"curies":[{"name":"wp","href":"https:\/\/api.w.org\/{rel}","templated":true}]}}