{"id":2384,"date":"2023-05-01T09:45:33","date_gmt":"2023-05-01T09:45:33","guid":{"rendered":"https:\/\/agenda.poscosecha.com\/events\/i-congreso-de-agroecologia-extremadura-badajoz-y-plasencia\/"},"modified":"2023-05-01T09:45:33","modified_gmt":"2023-05-01T09:45:33","slug":"i-congreso-de-agroecologia-extremadura-badajoz-y-plasencia","status":"publish","type":"mec-events","link":"https:\/\/agenda.poscosecha.com\/en\/eventos\/i-congreso-de-agroecologia-extremadura-badajoz-y-plasencia\/","title":{"rendered":"I Congreso de Agroecolog\u00eda Extremadura. Badajoz y Plasencia"},"content":{"rendered":"<p><b><strong>Entre los objetivos de este primer encuentro, destacan:<\/strong><\/b><br \/>\nSentar las bases del conocimiento cient\u00edfico que puede aportar a una producci\u00f3n y a una alimentaci\u00f3n sostenibles, dando a conocer trabajos de investigaci\u00f3n aplicada y pr\u00e1cticas agroecol\u00f3gicas que existen ya en diferentes territorios de Extremadura y en el resto del pa\u00eds.<\/p>\n<p>Abordar la incidencia en el \u00e1mbito agroalimentario de cuestiones candentes, como el cambio clim\u00e1tico, la p\u00e9rdida de biodiversidad y fertilidad de nuestros suelos, el desconocimiento de t\u00e9cnicas accesibles para la transici\u00f3n agroecol\u00f3gica en nuestros territorios, la convencionalizaci\u00f3n de la agricultura ecol\u00f3gica y otras debilidades de este sector extreme\u00f1o, la presi\u00f3n de los llamados mercados globales, la falta de un derecho a la alimentaci\u00f3n en Extremadura o las normativas que dificultan la transici\u00f3n agroecol\u00f3gica, entre otras.<\/p>\n<p>Impulsar redes de conocimiento y de investigaci\u00f3n aplicada entre las personas participantes, con el objetivo de promover aprendizajes para el desarrollo de pol\u00edticas p\u00fablicas a escala regional, comarcal y local.<\/p>","protected":false},"excerpt":{"rendered":"<p>Entre los objetivos de este primer encuentro, destacan: Sentar las bases del conocimiento cient\u00edfico que puede aportar a una producci\u00f3n y a una alimentaci\u00f3n sostenibles, dando a conocer trabajos de investigaci\u00f3n aplicada y pr\u00e1cticas agroecol\u00f3gicas que existen ya en diferentes territorios de Extremadura y en el resto del pa\u00eds. Abordar la incidencia en el \u00e1mbito [&hellip;]<\/p>\n","protected":false},"author":1,"featured_media":644,"template":"","tags":[],"mec_category":[20,18],"class_list":["post-2384","mec-events","type-mec-events","status-publish","has-post-thumbnail","hentry","mec_category-congresos-forums-jornadas","mec_category-formacion-cursos"],"yoast_head":"<!-- This site is optimized with the Yoast SEO plugin v27.5 - https:\/\/yoast.com\/product\/yoast-seo-wordpress\/ -->\n<title>I Congreso de Agroecolog\u00eda Extremadura. Badajoz y Plasencia - AGENDA<\/title>\n<meta name=\"robots\" content=\"index, follow, max-snippet:-1, max-image-preview:large, max-video-preview:-1\" \/>\n<link rel=\"canonical\" href=\"https:\/\/agenda.poscosecha.com\/en\/eventos\/i-congreso-de-agroecologia-extremadura-badajoz-y-plasencia\/\" \/>\n<meta property=\"og:locale\" content=\"en_GB\" \/>\n<meta property=\"og:type\" content=\"article\" \/>\n<meta property=\"og:title\" content=\"I Congreso de Agroecolog\u00eda Extremadura. Badajoz y Plasencia - AGENDA\" \/>\n<meta property=\"og:description\" content=\"Entre los objetivos de este primer encuentro, destacan: Sentar las bases del conocimiento cient\u00edfico que puede aportar a una producci\u00f3n y a una alimentaci\u00f3n sostenibles, dando a conocer trabajos de investigaci\u00f3n aplicada y pr\u00e1cticas agroecol\u00f3gicas que existen ya en diferentes territorios de Extremadura y en el resto del pa\u00eds. Abordar la incidencia en el \u00e1mbito [&hellip;]\" \/>\n<meta property=\"og:url\" content=\"https:\/\/agenda.poscosecha.com\/en\/eventos\/i-congreso-de-agroecologia-extremadura-badajoz-y-plasencia\/\" \/>\n<meta property=\"og:site_name\" content=\"AGENDA\" \/>\n<meta property=\"article:publisher\" content=\"https:\/\/www.facebook.com\/Poscosecha.Postharvest\/\" \/>\n<meta property=\"og:image\" content=\"https:\/\/agenda.poscosecha.com\/wp-content\/uploads\/2023\/04\/sddefault-e1602894505301-7Qijom.tmp_.jpg\" \/>\n\t<meta property=\"og:image:width\" content=\"635\" \/>\n\t<meta property=\"og:image:height\" content=\"337\" \/>\n\t<meta property=\"og:image:type\" content=\"image\/jpeg\" \/>\n<meta name=\"twitter:card\" content=\"summary_large_image\" \/>\n<meta name=\"twitter:site\" content=\"@poscosecha\" \/>\n<meta name=\"twitter:label1\" content=\"Estimated reading time\" \/>\n\t<meta name=\"twitter:data1\" content=\"1 minute\" \/>\n<script type=\"application\/ld+json\" class=\"yoast-schema-graph\">{\"@context\":\"https:\\\/\\\/schema.org\",\"@graph\":[{\"@type\":\"WebPage\",\"@id\":\"https:\\\/\\\/agenda.poscosecha.com\\\/eventos\\\/i-congreso-de-agroecologia-extremadura-badajoz-y-plasencia\\\/\",\"url\":\"https:\\\/\\\/agenda.poscosecha.com\\\/eventos\\\/i-congreso-de-agroecologia-extremadura-badajoz-y-plasencia\\\/\",\"name\":\"I Congreso de Agroecolog\u00eda Extremadura. Badajoz y Plasencia - AGENDA\",\"isPartOf\":{\"@id\":\"https:\\\/\\\/agenda.poscosecha.com\\\/#website\"},\"primaryImageOfPage\":{\"@id\":\"https:\\\/\\\/agenda.poscosecha.com\\\/eventos\\\/i-congreso-de-agroecologia-extremadura-badajoz-y-plasencia\\\/#primaryimage\"},\"image\":{\"@id\":\"https:\\\/\\\/agenda.poscosecha.com\\\/eventos\\\/i-congreso-de-agroecologia-extremadura-badajoz-y-plasencia\\\/#primaryimage\"},\"thumbnailUrl\":\"https:\\\/\\\/agenda.poscosecha.com\\\/wp-content\\\/uploads\\\/2023\\\/04\\\/sddefault-e1602894505301-7Qijom.tmp_.jpg\",\"datePublished\":\"2023-05-01T09:45:33+00:00\",\"breadcrumb\":{\"@id\":\"https:\\\/\\\/agenda.poscosecha.com\\\/eventos\\\/i-congreso-de-agroecologia-extremadura-badajoz-y-plasencia\\\/#breadcrumb\"},\"inLanguage\":\"en-GB\",\"potentialAction\":[{\"@type\":\"ReadAction\",\"target\":[\"https:\\\/\\\/agenda.poscosecha.com\\\/eventos\\\/i-congreso-de-agroecologia-extremadura-badajoz-y-plasencia\\\/\"]}]},{\"@type\":\"ImageObject\",\"inLanguage\":\"en-GB\",\"@id\":\"https:\\\/\\\/agenda.poscosecha.com\\\/eventos\\\/i-congreso-de-agroecologia-extremadura-badajoz-y-plasencia\\\/#primaryimage\",\"url\":\"https:\\\/\\\/agenda.poscosecha.com\\\/wp-content\\\/uploads\\\/2023\\\/04\\\/sddefault-e1602894505301-7Qijom.tmp_.jpg\",\"contentUrl\":\"https:\\\/\\\/agenda.poscosecha.com\\\/wp-content\\\/uploads\\\/2023\\\/04\\\/sddefault-e1602894505301-7Qijom.tmp_.jpg\",\"width\":635,\"height\":337},{\"@type\":\"BreadcrumbList\",\"@id\":\"https:\\\/\\\/agenda.poscosecha.com\\\/eventos\\\/i-congreso-de-agroecologia-extremadura-badajoz-y-plasencia\\\/#breadcrumb\",\"itemListElement\":[{\"@type\":\"ListItem\",\"position\":1,\"name\":\"Portada\",\"item\":\"https:\\\/\\\/agenda.poscosecha.com\\\/\"},{\"@type\":\"ListItem\",\"position\":2,\"name\":\"Eventos\",\"item\":\"https:\\\/\\\/agenda.poscosecha.com\\\/eventos\\\/\"},{\"@type\":\"ListItem\",\"position\":3,\"name\":\"I Congreso de Agroecolog\u00eda Extremadura. Badajoz y Plasencia\"}]},{\"@type\":\"WebSite\",\"@id\":\"https:\\\/\\\/agenda.poscosecha.com\\\/#website\",\"url\":\"https:\\\/\\\/agenda.poscosecha.com\\\/\",\"name\":\"Agenda de Eventos\",\"description\":\"Conectando comunidades poscosecha globales\",\"publisher\":{\"@id\":\"https:\\\/\\\/agenda.poscosecha.com\\\/#organization\"},\"potentialAction\":[{\"@type\":\"SearchAction\",\"target\":{\"@type\":\"EntryPoint\",\"urlTemplate\":\"https:\\\/\\\/agenda.poscosecha.com\\\/?s={search_term_string}\"},\"query-input\":{\"@type\":\"PropertyValueSpecification\",\"valueRequired\":true,\"valueName\":\"search_term_string\"}}],\"inLanguage\":\"en-GB\"},{\"@type\":\"Organization\",\"@id\":\"https:\\\/\\\/agenda.poscosecha.com\\\/#organization\",\"name\":\"Agenda de Eventos\",\"url\":\"https:\\\/\\\/agenda.poscosecha.com\\\/\",\"logo\":{\"@type\":\"ImageObject\",\"inLanguage\":\"en-GB\",\"@id\":\"https:\\\/\\\/agenda.poscosecha.com\\\/#\\\/schema\\\/logo\\\/image\\\/\",\"url\":\"https:\\\/\\\/agenda.poscosecha.com\\\/wp-content\\\/uploads\\\/2023\\\/06\\\/cropped-Agenda-logo-vs-1.png\",\"contentUrl\":\"https:\\\/\\\/agenda.poscosecha.com\\\/wp-content\\\/uploads\\\/2023\\\/06\\\/cropped-Agenda-logo-vs-1.png\",\"width\":512,\"height\":512,\"caption\":\"Agenda de Eventos\"},\"image\":{\"@id\":\"https:\\\/\\\/agenda.poscosecha.com\\\/#\\\/schema\\\/logo\\\/image\\\/\"},\"sameAs\":[\"https:\\\/\\\/www.facebook.com\\\/Poscosecha.Postharvest\\\/\",\"https:\\\/\\\/x.com\\\/poscosecha\",\"https:\\\/\\\/www.linkedin.com\\\/company\\\/poscosecha.com\\\/\"]}]}<\/script>\n<!-- \/ Yoast SEO plugin. -->","yoast_head_json":{"title":"I Congreso de Agroecolog\u00eda Extremadura. Badajoz y Plasencia - AGENDA","robots":{"index":"index","follow":"follow","max-snippet":"max-snippet:-1","max-image-preview":"max-image-preview:large","max-video-preview":"max-video-preview:-1"},"canonical":"https:\/\/agenda.poscosecha.com\/en\/eventos\/i-congreso-de-agroecologia-extremadura-badajoz-y-plasencia\/","og_locale":"en_GB","og_type":"article","og_title":"I Congreso de Agroecolog\u00eda Extremadura. Badajoz y Plasencia - AGENDA","og_description":"Entre los objetivos de este primer encuentro, destacan: Sentar las bases del conocimiento cient\u00edfico que puede aportar a una producci\u00f3n y a una alimentaci\u00f3n sostenibles, dando a conocer trabajos de investigaci\u00f3n aplicada y pr\u00e1cticas agroecol\u00f3gicas que existen ya en diferentes territorios de Extremadura y en el resto del pa\u00eds. Abordar la incidencia en el \u00e1mbito [&hellip;]","og_url":"https:\/\/agenda.poscosecha.com\/en\/eventos\/i-congreso-de-agroecologia-extremadura-badajoz-y-plasencia\/","og_site_name":"AGENDA","article_publisher":"https:\/\/www.facebook.com\/Poscosecha.Postharvest\/","og_image":[{"width":635,"height":337,"url":"https:\/\/agenda.poscosecha.com\/wp-content\/uploads\/2023\/04\/sddefault-e1602894505301-7Qijom.tmp_.jpg","type":"image\/jpeg"}],"twitter_card":"summary_large_image","twitter_site":"@poscosecha","twitter_misc":{"Estimated reading time":"1 minute"},"schema":{"@context":"https:\/\/schema.org","@graph":[{"@type":"WebPage","@id":"https:\/\/agenda.poscosecha.com\/eventos\/i-congreso-de-agroecologia-extremadura-badajoz-y-plasencia\/","url":"https:\/\/agenda.poscosecha.com\/eventos\/i-congreso-de-agroecologia-extremadura-badajoz-y-plasencia\/","name":"I Congreso de Agroecolog\u00eda Extremadura. Badajoz y Plasencia - AGENDA","isPartOf":{"@id":"https:\/\/agenda.poscosecha.com\/#website"},"primaryImageOfPage":{"@id":"https:\/\/agenda.poscosecha.com\/eventos\/i-congreso-de-agroecologia-extremadura-badajoz-y-plasencia\/#primaryimage"},"image":{"@id":"https:\/\/agenda.poscosecha.com\/eventos\/i-congreso-de-agroecologia-extremadura-badajoz-y-plasencia\/#primaryimage"},"thumbnailUrl":"https:\/\/agenda.poscosecha.com\/wp-content\/uploads\/2023\/04\/sddefault-e1602894505301-7Qijom.tmp_.jpg","datePublished":"2023-05-01T09:45:33+00:00","breadcrumb":{"@id":"https:\/\/agenda.poscosecha.com\/eventos\/i-congreso-de-agroecologia-extremadura-badajoz-y-plasencia\/#breadcrumb"},"inLanguage":"en-GB","potentialAction":[{"@type":"ReadAction","target":["https:\/\/agenda.poscosecha.com\/eventos\/i-congreso-de-agroecologia-extremadura-badajoz-y-plasencia\/"]}]},{"@type":"ImageObject","inLanguage":"en-GB","@id":"https:\/\/agenda.poscosecha.com\/eventos\/i-congreso-de-agroecologia-extremadura-badajoz-y-plasencia\/#primaryimage","url":"https:\/\/agenda.poscosecha.com\/wp-content\/uploads\/2023\/04\/sddefault-e1602894505301-7Qijom.tmp_.jpg","contentUrl":"https:\/\/agenda.poscosecha.com\/wp-content\/uploads\/2023\/04\/sddefault-e1602894505301-7Qijom.tmp_.jpg","width":635,"height":337},{"@type":"BreadcrumbList","@id":"https:\/\/agenda.poscosecha.com\/eventos\/i-congreso-de-agroecologia-extremadura-badajoz-y-plasencia\/#breadcrumb","itemListElement":[{"@type":"ListItem","position":1,"name":"Portada","item":"https:\/\/agenda.poscosecha.com\/"},{"@type":"ListItem","position":2,"name":"Eventos","item":"https:\/\/agenda.poscosecha.com\/eventos\/"},{"@type":"ListItem","position":3,"name":"I Congreso de Agroecolog\u00eda Extremadura. Badajoz y Plasencia"}]},{"@type":"WebSite","@id":"https:\/\/agenda.poscosecha.com\/#website","url":"https:\/\/agenda.poscosecha.com\/","name":"Agenda de Eventos","description":"Conectando comunidades poscosecha globales","publisher":{"@id":"https:\/\/agenda.poscosecha.com\/#organization"},"potentialAction":[{"@type":"SearchAction","target":{"@type":"EntryPoint","urlTemplate":"https:\/\/agenda.poscosecha.com\/?s={search_term_string}"},"query-input":{"@type":"PropertyValueSpecification","valueRequired":true,"valueName":"search_term_string"}}],"inLanguage":"en-GB"},{"@type":"Organization","@id":"https:\/\/agenda.poscosecha.com\/#organization","name":"Agenda de Eventos","url":"https:\/\/agenda.poscosecha.com\/","logo":{"@type":"ImageObject","inLanguage":"en-GB","@id":"https:\/\/agenda.poscosecha.com\/#\/schema\/logo\/image\/","url":"https:\/\/agenda.poscosecha.com\/wp-content\/uploads\/2023\/06\/cropped-Agenda-logo-vs-1.png","contentUrl":"https:\/\/agenda.poscosecha.com\/wp-content\/uploads\/2023\/06\/cropped-Agenda-logo-vs-1.png","width":512,"height":512,"caption":"Agenda de Eventos"},"image":{"@id":"https:\/\/agenda.poscosecha.com\/#\/schema\/logo\/image\/"},"sameAs":["https:\/\/www.facebook.com\/Poscosecha.Postharvest\/","https:\/\/x.com\/poscosecha","https:\/\/www.linkedin.com\/company\/poscosecha.com\/"]}]}},"_links":{"self":[{"href":"https:\/\/agenda.poscosecha.com\/en\/wp-json\/wp\/v2\/mec-events\/2384","targetHints":{"allow":["GET"]}}],"collection":[{"href":"https:\/\/agenda.poscosecha.com\/en\/wp-json\/wp\/v2\/mec-events"}],"about":[{"href":"https:\/\/agenda.poscosecha.com\/en\/wp-json\/wp\/v2\/types\/mec-events"}],"author":[{"embeddable":true,"href":"https:\/\/agenda.poscosecha.com\/en\/wp-json\/wp\/v2\/users\/1"}],"wp:featuredmedia":[{"embeddable":true,"href":"https:\/\/agenda.poscosecha.com\/en\/wp-json\/wp\/v2\/media\/644"}],"wp:attachment":[{"href":"https:\/\/agenda.poscosecha.com\/en\/wp-json\/wp\/v2\/media?parent=2384"}],"wp:term":[{"taxonomy":"post_tag","embeddable":true,"href":"https:\/\/agenda.poscosecha.com\/en\/wp-json\/wp\/v2\/tags?post=2384"},{"taxonomy":"mec_category","embeddable":true,"href":"https:\/\/agenda.poscosecha.com\/en\/wp-json\/wp\/v2\/mec_category?post=2384"}],"curies":[{"name":"wp","href":"https:\/\/api.w.org\/{rel}","templated":true}]}}