{"id":2351,"date":"2023-05-01T09:45:15","date_gmt":"2023-05-01T09:45:15","guid":{"rendered":"https:\/\/agenda.poscosecha.com\/events\/jornada-tecnica-de-agricultura-digital-aplicada-a-la-malherbologia\/"},"modified":"2023-05-01T09:45:15","modified_gmt":"2023-05-01T09:45:15","slug":"jornada-tecnica-de-agricultura-digital-aplicada-a-la-malherbologia","status":"publish","type":"mec-events","link":"https:\/\/agenda.poscosecha.com\/en\/eventos\/jornada-tecnica-de-agricultura-digital-aplicada-a-la-malherbologia\/","title":{"rendered":"Jornada T\u00e9cnica de Agricultura Digital Aplicada a la Malherbolog\u00eda"},"content":{"rendered":"<p>El encuentro reunir\u00e1 a expertos del sector para abordar las \u00faltimas aplicaciones tecnol\u00f3gicas para el control de las malas hierbas. Entre otros temas, se tratar\u00e1n: Sistemas Inteligentes de Detecci\u00f3n en la Protecci\u00f3n de Cultivo; Drones, Agricultura y Fitosanitarios; Teledetecci\u00f3n y Agricultura de Precisi\u00f3n en Malherbolog\u00eda; Control de Malas Hierbas 4.0.<br \/>\nEn la inauguraci\u00f3n participar\u00e1n\u00a0<strong>Dolores Osuna<\/strong>, investigadora de CICYTEX presidenta de la Sociedad Espa\u00f1ola de Malherbolog\u00eda; y\u00a0<strong>Manuel Melgarejo<\/strong>, presidente de Corteva Agriscience para Espa\u00f1a y Portugal.<\/p>","protected":false},"excerpt":{"rendered":"<p>El encuentro reunir\u00e1 a expertos del sector para abordar las \u00faltimas aplicaciones tecnol\u00f3gicas para el control de las malas hierbas. Entre otros temas, se tratar\u00e1n: Sistemas Inteligentes de Detecci\u00f3n en la Protecci\u00f3n de Cultivo; Drones, Agricultura y Fitosanitarios; Teledetecci\u00f3n y Agricultura de Precisi\u00f3n en Malherbolog\u00eda; Control de Malas Hierbas 4.0. En la inauguraci\u00f3n participar\u00e1n\u00a0Dolores Osuna, [&hellip;]<\/p>\n","protected":false},"author":1,"featured_media":660,"template":"","tags":[],"mec_category":[23],"class_list":["post-2351","mec-events","type-mec-events","status-publish","has-post-thumbnail","hentry","mec_category-on-line-webinars"],"yoast_head":"<!-- This site is optimized with the Yoast SEO plugin v27.5 - https:\/\/yoast.com\/product\/yoast-seo-wordpress\/ -->\n<title>Jornada T\u00e9cnica de Agricultura Digital Aplicada a la Malherbolog\u00eda - AGENDA<\/title>\n<meta name=\"robots\" content=\"index, follow, max-snippet:-1, max-image-preview:large, max-video-preview:-1\" \/>\n<link rel=\"canonical\" href=\"https:\/\/agenda.poscosecha.com\/en\/eventos\/jornada-tecnica-de-agricultura-digital-aplicada-a-la-malherbologia\/\" \/>\n<meta property=\"og:locale\" content=\"en_GB\" \/>\n<meta property=\"og:type\" content=\"article\" \/>\n<meta property=\"og:title\" content=\"Jornada T\u00e9cnica de Agricultura Digital Aplicada a la Malherbolog\u00eda - AGENDA\" \/>\n<meta property=\"og:description\" content=\"El encuentro reunir\u00e1 a expertos del sector para abordar las \u00faltimas aplicaciones tecnol\u00f3gicas para el control de las malas hierbas. Entre otros temas, se tratar\u00e1n: Sistemas Inteligentes de Detecci\u00f3n en la Protecci\u00f3n de Cultivo; Drones, Agricultura y Fitosanitarios; Teledetecci\u00f3n y Agricultura de Precisi\u00f3n en Malherbolog\u00eda; Control de Malas Hierbas 4.0. En la inauguraci\u00f3n participar\u00e1n\u00a0Dolores Osuna, [&hellip;]\" \/>\n<meta property=\"og:url\" content=\"https:\/\/agenda.poscosecha.com\/en\/eventos\/jornada-tecnica-de-agricultura-digital-aplicada-a-la-malherbologia\/\" \/>\n<meta property=\"og:site_name\" content=\"AGENDA\" \/>\n<meta property=\"article:publisher\" content=\"https:\/\/www.facebook.com\/Poscosecha.Postharvest\/\" \/>\n<meta property=\"og:image\" content=\"https:\/\/agenda.poscosecha.com\/wp-content\/uploads\/2023\/04\/Jornada-Tecnica-de-Agricultura-Digital-Aplicada-a-la-Malherbologia-e1603734571874-fNDQjM.tmp_.jpg\" \/>\n\t<meta property=\"og:image:width\" content=\"455\" \/>\n\t<meta property=\"og:image:height\" content=\"256\" \/>\n\t<meta property=\"og:image:type\" content=\"image\/jpeg\" \/>\n<meta name=\"twitter:card\" content=\"summary_large_image\" \/>\n<meta name=\"twitter:site\" content=\"@poscosecha\" \/>\n<script type=\"application\/ld+json\" class=\"yoast-schema-graph\">{\"@context\":\"https:\\\/\\\/schema.org\",\"@graph\":[{\"@type\":\"WebPage\",\"@id\":\"https:\\\/\\\/agenda.poscosecha.com\\\/eventos\\\/jornada-tecnica-de-agricultura-digital-aplicada-a-la-malherbologia\\\/\",\"url\":\"https:\\\/\\\/agenda.poscosecha.com\\\/eventos\\\/jornada-tecnica-de-agricultura-digital-aplicada-a-la-malherbologia\\\/\",\"name\":\"Jornada T\u00e9cnica de Agricultura Digital Aplicada a la Malherbolog\u00eda - AGENDA\",\"isPartOf\":{\"@id\":\"https:\\\/\\\/agenda.poscosecha.com\\\/#website\"},\"primaryImageOfPage\":{\"@id\":\"https:\\\/\\\/agenda.poscosecha.com\\\/eventos\\\/jornada-tecnica-de-agricultura-digital-aplicada-a-la-malherbologia\\\/#primaryimage\"},\"image\":{\"@id\":\"https:\\\/\\\/agenda.poscosecha.com\\\/eventos\\\/jornada-tecnica-de-agricultura-digital-aplicada-a-la-malherbologia\\\/#primaryimage\"},\"thumbnailUrl\":\"https:\\\/\\\/agenda.poscosecha.com\\\/wp-content\\\/uploads\\\/2023\\\/04\\\/Jornada-Tecnica-de-Agricultura-Digital-Aplicada-a-la-Malherbologia-e1603734571874-fNDQjM.tmp_.jpg\",\"datePublished\":\"2023-05-01T09:45:15+00:00\",\"breadcrumb\":{\"@id\":\"https:\\\/\\\/agenda.poscosecha.com\\\/eventos\\\/jornada-tecnica-de-agricultura-digital-aplicada-a-la-malherbologia\\\/#breadcrumb\"},\"inLanguage\":\"en-GB\",\"potentialAction\":[{\"@type\":\"ReadAction\",\"target\":[\"https:\\\/\\\/agenda.poscosecha.com\\\/eventos\\\/jornada-tecnica-de-agricultura-digital-aplicada-a-la-malherbologia\\\/\"]}]},{\"@type\":\"ImageObject\",\"inLanguage\":\"en-GB\",\"@id\":\"https:\\\/\\\/agenda.poscosecha.com\\\/eventos\\\/jornada-tecnica-de-agricultura-digital-aplicada-a-la-malherbologia\\\/#primaryimage\",\"url\":\"https:\\\/\\\/agenda.poscosecha.com\\\/wp-content\\\/uploads\\\/2023\\\/04\\\/Jornada-Tecnica-de-Agricultura-Digital-Aplicada-a-la-Malherbologia-e1603734571874-fNDQjM.tmp_.jpg\",\"contentUrl\":\"https:\\\/\\\/agenda.poscosecha.com\\\/wp-content\\\/uploads\\\/2023\\\/04\\\/Jornada-Tecnica-de-Agricultura-Digital-Aplicada-a-la-Malherbologia-e1603734571874-fNDQjM.tmp_.jpg\",\"width\":455,\"height\":256},{\"@type\":\"BreadcrumbList\",\"@id\":\"https:\\\/\\\/agenda.poscosecha.com\\\/eventos\\\/jornada-tecnica-de-agricultura-digital-aplicada-a-la-malherbologia\\\/#breadcrumb\",\"itemListElement\":[{\"@type\":\"ListItem\",\"position\":1,\"name\":\"Portada\",\"item\":\"https:\\\/\\\/agenda.poscosecha.com\\\/\"},{\"@type\":\"ListItem\",\"position\":2,\"name\":\"Eventos\",\"item\":\"https:\\\/\\\/agenda.poscosecha.com\\\/eventos\\\/\"},{\"@type\":\"ListItem\",\"position\":3,\"name\":\"Jornada T\u00e9cnica de Agricultura Digital Aplicada a la Malherbolog\u00eda\"}]},{\"@type\":\"WebSite\",\"@id\":\"https:\\\/\\\/agenda.poscosecha.com\\\/#website\",\"url\":\"https:\\\/\\\/agenda.poscosecha.com\\\/\",\"name\":\"Agenda de Eventos\",\"description\":\"Conectando comunidades poscosecha globales\",\"publisher\":{\"@id\":\"https:\\\/\\\/agenda.poscosecha.com\\\/#organization\"},\"potentialAction\":[{\"@type\":\"SearchAction\",\"target\":{\"@type\":\"EntryPoint\",\"urlTemplate\":\"https:\\\/\\\/agenda.poscosecha.com\\\/?s={search_term_string}\"},\"query-input\":{\"@type\":\"PropertyValueSpecification\",\"valueRequired\":true,\"valueName\":\"search_term_string\"}}],\"inLanguage\":\"en-GB\"},{\"@type\":\"Organization\",\"@id\":\"https:\\\/\\\/agenda.poscosecha.com\\\/#organization\",\"name\":\"Agenda de Eventos\",\"url\":\"https:\\\/\\\/agenda.poscosecha.com\\\/\",\"logo\":{\"@type\":\"ImageObject\",\"inLanguage\":\"en-GB\",\"@id\":\"https:\\\/\\\/agenda.poscosecha.com\\\/#\\\/schema\\\/logo\\\/image\\\/\",\"url\":\"https:\\\/\\\/agenda.poscosecha.com\\\/wp-content\\\/uploads\\\/2023\\\/06\\\/cropped-Agenda-logo-vs-1.png\",\"contentUrl\":\"https:\\\/\\\/agenda.poscosecha.com\\\/wp-content\\\/uploads\\\/2023\\\/06\\\/cropped-Agenda-logo-vs-1.png\",\"width\":512,\"height\":512,\"caption\":\"Agenda de Eventos\"},\"image\":{\"@id\":\"https:\\\/\\\/agenda.poscosecha.com\\\/#\\\/schema\\\/logo\\\/image\\\/\"},\"sameAs\":[\"https:\\\/\\\/www.facebook.com\\\/Poscosecha.Postharvest\\\/\",\"https:\\\/\\\/x.com\\\/poscosecha\",\"https:\\\/\\\/www.linkedin.com\\\/company\\\/poscosecha.com\\\/\"]}]}<\/script>\n<!-- \/ Yoast SEO plugin. -->","yoast_head_json":{"title":"Jornada T\u00e9cnica de Agricultura Digital Aplicada a la Malherbolog\u00eda - AGENDA","robots":{"index":"index","follow":"follow","max-snippet":"max-snippet:-1","max-image-preview":"max-image-preview:large","max-video-preview":"max-video-preview:-1"},"canonical":"https:\/\/agenda.poscosecha.com\/en\/eventos\/jornada-tecnica-de-agricultura-digital-aplicada-a-la-malherbologia\/","og_locale":"en_GB","og_type":"article","og_title":"Jornada T\u00e9cnica de Agricultura Digital Aplicada a la Malherbolog\u00eda - AGENDA","og_description":"El encuentro reunir\u00e1 a expertos del sector para abordar las \u00faltimas aplicaciones tecnol\u00f3gicas para el control de las malas hierbas. Entre otros temas, se tratar\u00e1n: Sistemas Inteligentes de Detecci\u00f3n en la Protecci\u00f3n de Cultivo; Drones, Agricultura y Fitosanitarios; Teledetecci\u00f3n y Agricultura de Precisi\u00f3n en Malherbolog\u00eda; Control de Malas Hierbas 4.0. En la inauguraci\u00f3n participar\u00e1n\u00a0Dolores Osuna, [&hellip;]","og_url":"https:\/\/agenda.poscosecha.com\/en\/eventos\/jornada-tecnica-de-agricultura-digital-aplicada-a-la-malherbologia\/","og_site_name":"AGENDA","article_publisher":"https:\/\/www.facebook.com\/Poscosecha.Postharvest\/","og_image":[{"width":455,"height":256,"url":"https:\/\/agenda.poscosecha.com\/wp-content\/uploads\/2023\/04\/Jornada-Tecnica-de-Agricultura-Digital-Aplicada-a-la-Malherbologia-e1603734571874-fNDQjM.tmp_.jpg","type":"image\/jpeg"}],"twitter_card":"summary_large_image","twitter_site":"@poscosecha","schema":{"@context":"https:\/\/schema.org","@graph":[{"@type":"WebPage","@id":"https:\/\/agenda.poscosecha.com\/eventos\/jornada-tecnica-de-agricultura-digital-aplicada-a-la-malherbologia\/","url":"https:\/\/agenda.poscosecha.com\/eventos\/jornada-tecnica-de-agricultura-digital-aplicada-a-la-malherbologia\/","name":"Jornada T\u00e9cnica de Agricultura Digital Aplicada a la Malherbolog\u00eda - AGENDA","isPartOf":{"@id":"https:\/\/agenda.poscosecha.com\/#website"},"primaryImageOfPage":{"@id":"https:\/\/agenda.poscosecha.com\/eventos\/jornada-tecnica-de-agricultura-digital-aplicada-a-la-malherbologia\/#primaryimage"},"image":{"@id":"https:\/\/agenda.poscosecha.com\/eventos\/jornada-tecnica-de-agricultura-digital-aplicada-a-la-malherbologia\/#primaryimage"},"thumbnailUrl":"https:\/\/agenda.poscosecha.com\/wp-content\/uploads\/2023\/04\/Jornada-Tecnica-de-Agricultura-Digital-Aplicada-a-la-Malherbologia-e1603734571874-fNDQjM.tmp_.jpg","datePublished":"2023-05-01T09:45:15+00:00","breadcrumb":{"@id":"https:\/\/agenda.poscosecha.com\/eventos\/jornada-tecnica-de-agricultura-digital-aplicada-a-la-malherbologia\/#breadcrumb"},"inLanguage":"en-GB","potentialAction":[{"@type":"ReadAction","target":["https:\/\/agenda.poscosecha.com\/eventos\/jornada-tecnica-de-agricultura-digital-aplicada-a-la-malherbologia\/"]}]},{"@type":"ImageObject","inLanguage":"en-GB","@id":"https:\/\/agenda.poscosecha.com\/eventos\/jornada-tecnica-de-agricultura-digital-aplicada-a-la-malherbologia\/#primaryimage","url":"https:\/\/agenda.poscosecha.com\/wp-content\/uploads\/2023\/04\/Jornada-Tecnica-de-Agricultura-Digital-Aplicada-a-la-Malherbologia-e1603734571874-fNDQjM.tmp_.jpg","contentUrl":"https:\/\/agenda.poscosecha.com\/wp-content\/uploads\/2023\/04\/Jornada-Tecnica-de-Agricultura-Digital-Aplicada-a-la-Malherbologia-e1603734571874-fNDQjM.tmp_.jpg","width":455,"height":256},{"@type":"BreadcrumbList","@id":"https:\/\/agenda.poscosecha.com\/eventos\/jornada-tecnica-de-agricultura-digital-aplicada-a-la-malherbologia\/#breadcrumb","itemListElement":[{"@type":"ListItem","position":1,"name":"Portada","item":"https:\/\/agenda.poscosecha.com\/"},{"@type":"ListItem","position":2,"name":"Eventos","item":"https:\/\/agenda.poscosecha.com\/eventos\/"},{"@type":"ListItem","position":3,"name":"Jornada T\u00e9cnica de Agricultura Digital Aplicada a la Malherbolog\u00eda"}]},{"@type":"WebSite","@id":"https:\/\/agenda.poscosecha.com\/#website","url":"https:\/\/agenda.poscosecha.com\/","name":"Agenda de Eventos","description":"Conectando comunidades poscosecha globales","publisher":{"@id":"https:\/\/agenda.poscosecha.com\/#organization"},"potentialAction":[{"@type":"SearchAction","target":{"@type":"EntryPoint","urlTemplate":"https:\/\/agenda.poscosecha.com\/?s={search_term_string}"},"query-input":{"@type":"PropertyValueSpecification","valueRequired":true,"valueName":"search_term_string"}}],"inLanguage":"en-GB"},{"@type":"Organization","@id":"https:\/\/agenda.poscosecha.com\/#organization","name":"Agenda de Eventos","url":"https:\/\/agenda.poscosecha.com\/","logo":{"@type":"ImageObject","inLanguage":"en-GB","@id":"https:\/\/agenda.poscosecha.com\/#\/schema\/logo\/image\/","url":"https:\/\/agenda.poscosecha.com\/wp-content\/uploads\/2023\/06\/cropped-Agenda-logo-vs-1.png","contentUrl":"https:\/\/agenda.poscosecha.com\/wp-content\/uploads\/2023\/06\/cropped-Agenda-logo-vs-1.png","width":512,"height":512,"caption":"Agenda de Eventos"},"image":{"@id":"https:\/\/agenda.poscosecha.com\/#\/schema\/logo\/image\/"},"sameAs":["https:\/\/www.facebook.com\/Poscosecha.Postharvest\/","https:\/\/x.com\/poscosecha","https:\/\/www.linkedin.com\/company\/poscosecha.com\/"]}]}},"_links":{"self":[{"href":"https:\/\/agenda.poscosecha.com\/en\/wp-json\/wp\/v2\/mec-events\/2351","targetHints":{"allow":["GET"]}}],"collection":[{"href":"https:\/\/agenda.poscosecha.com\/en\/wp-json\/wp\/v2\/mec-events"}],"about":[{"href":"https:\/\/agenda.poscosecha.com\/en\/wp-json\/wp\/v2\/types\/mec-events"}],"author":[{"embeddable":true,"href":"https:\/\/agenda.poscosecha.com\/en\/wp-json\/wp\/v2\/users\/1"}],"wp:featuredmedia":[{"embeddable":true,"href":"https:\/\/agenda.poscosecha.com\/en\/wp-json\/wp\/v2\/media\/660"}],"wp:attachment":[{"href":"https:\/\/agenda.poscosecha.com\/en\/wp-json\/wp\/v2\/media?parent=2351"}],"wp:term":[{"taxonomy":"post_tag","embeddable":true,"href":"https:\/\/agenda.poscosecha.com\/en\/wp-json\/wp\/v2\/tags?post=2351"},{"taxonomy":"mec_category","embeddable":true,"href":"https:\/\/agenda.poscosecha.com\/en\/wp-json\/wp\/v2\/mec_category?post=2351"}],"curies":[{"name":"wp","href":"https:\/\/api.w.org\/{rel}","templated":true}]}}